{"id":1817,"date":"2019-07-10T09:47:00","date_gmt":"2019-07-10T08:47:00","guid":{"rendered":"https:\/\/gruasserrat.com\/actuaciones-simbolicas-camion-grua-y-otros\/"},"modified":"2026-01-28T16:49:55","modified_gmt":"2026-01-28T15:49:55","slug":"actuacions-simboliques-camio-grua-i-altres","status":"publish","type":"page","link":"https:\/\/gruasserrat.com\/ca\/actuacions-simboliques-camio-grua-i-altres\/","title":{"rendered":"Actuacions simb\u00f2liques"},"content":{"rendered":"\n<style type=\"text\/css\" data-created_by=\"avia_inline_auto\" id=\"style-css-av-bqpg9-ab0c59d69dd5c12d95a518e95f6463c0\">\n#top .av-special-heading.av-bqpg9-ab0c59d69dd5c12d95a518e95f6463c0{\npadding-bottom:10px;\n}\nbody .av-special-heading.av-bqpg9-ab0c59d69dd5c12d95a518e95f6463c0 .av-special-heading-tag .heading-char{\nfont-size:25px;\n}\n.av-special-heading.av-bqpg9-ab0c59d69dd5c12d95a518e95f6463c0 .av-subheading{\nfont-size:15px;\n}\n<\/style>\n<div  class='av-special-heading av-bqpg9-ab0c59d69dd5c12d95a518e95f6463c0 av-special-heading-h1 blockquote modern-quote modern-centered  avia-builder-el-0  el_before_av_hr  avia-builder-el-first '><h1 class='av-special-heading-tag '  itemprop=\"headline\"  >ACTUACIONS SIMB\u00d2LIQUES<\/h1><div class=\"special-heading-border\"><div class=\"special-heading-inner-border\"><\/div><\/div><\/div>\n\n<style type=\"text\/css\" data-created_by=\"avia_inline_auto\" id=\"style-css-av-12i1gv-7fe22f403a95c9cee1eb2387355dd63e\">\n#top .hr.av-12i1gv-7fe22f403a95c9cee1eb2387355dd63e{\nmargin-top:5px;\nmargin-bottom:35px;\n}\n.hr.av-12i1gv-7fe22f403a95c9cee1eb2387355dd63e .hr-inner{\nwidth:50px;\nborder-color:#efbb20;\n}\n<\/style>\n<div  class='hr av-12i1gv-7fe22f403a95c9cee1eb2387355dd63e hr-custom  avia-builder-el-1  el_after_av_heading  el_before_av_one_full  hr-center hr-icon-no'><span class='hr-inner inner-border-av-border-fat'><span class=\"hr-inner-style\"><\/span><\/span><\/div>\n\n<style type=\"text\/css\" data-created_by=\"avia_inline_auto\" id=\"style-css-av-bbjjj-32979a770571b70bc50d4734dd9f1ccc\">\n.flex_column.av-bbjjj-32979a770571b70bc50d4734dd9f1ccc{\nborder-radius:0px 0px 0px 0px;\npadding:0px 0px 0px 0px;\n}\n<\/style>\n<div  class='flex_column av-bbjjj-32979a770571b70bc50d4734dd9f1ccc av_one_full  avia-builder-el-2  el_after_av_hr  el_before_av_hr  first flex_column_div av-zero-column-padding  '     ><div class='portfolio_preview_container ' data-portfolio-id='1'>\n\t\t\t\t\t\t\t\t<div class='ajax_controlls iconfont'>\n\t\t\t\t\t\t\t\t\t<a href='#prev' class='ajax_previous' \taria-hidden='true' data-av_icon='\ue878' data-av_iconfont='entypo-fontello'><\/a>\n\t\t\t\t\t\t\t\t\t<a href='#next' class='ajax_next'\t\taria-hidden='true' data-av_icon='\ue879' data-av_iconfont='entypo-fontello'><\/a>\n\t\t\t\t\t\t\t\t\t<a class='avia_close' href='#close'\t\taria-hidden='true' data-av_icon='\ue814' data-av_iconfont='entypo-fontello'><\/a>\n\t\t\t\t\t\t\t\t<\/div>\n\t\t\t\t\t\t\t\t<div class='portfolio-details-inner'><\/div>\n\t\t\t\t\t\t\t<\/div><div  id=\"av-sc-portfolio-1\"  class=' grid-sort-container isotope   no_margin-container with-title-container grid-total-odd grid-col-3 grid-links-ajax' data-portfolio-id='1'><div data-ajax-id='2611' class=' grid-entry flex_column isotope-item all_sort no_margin post-entry post-entry-2611 grid-entry-overview grid-loop-1 grid-parity-odd  actuacions-simboliques_sort  av_one_third first default_av_fullwidth '><article class='main_color inner-entry'  itemscope=\"itemscope\" itemtype=\"https:\/\/schema.org\/CreativeWork\" ><a href=\"https:\/\/gruasserrat.com\/ca\/portfolio-item\/nou-heliport-a-lhospital-vall-dhebron\/\" title='Nou Heliport a l&#8217;Hospital Vall d&#8217;Hebron'  data-rel='grid-1' class='grid-image avia-hover-fx'> <img decoding=\"async\" fetchpriority=\"high\" width=\"705\" height=\"529\" src=\"https:\/\/gruasserrat.com\/wp-content\/uploads\/2021\/04\/Gruas-Serrat-Heliport-Hospital-Vall-dHebron-BCN-1-705x529.jpg\" class=\"wp-image-2630 avia-img-lazy-loading-not-2630 attachment-masonry size-masonry wp-post-image\" alt=\"\" srcset=\"https:\/\/gruasserrat.com\/wp-content\/uploads\/2021\/04\/Gruas-Serrat-Heliport-Hospital-Vall-dHebron-BCN-1-705x529.jpg 705w, https:\/\/gruasserrat.com\/wp-content\/uploads\/2021\/04\/Gruas-Serrat-Heliport-Hospital-Vall-dHebron-BCN-1-300x225.jpg 300w, https:\/\/gruasserrat.com\/wp-content\/uploads\/2021\/04\/Gruas-Serrat-Heliport-Hospital-Vall-dHebron-BCN-1-768x576.jpg 768w, https:\/\/gruasserrat.com\/wp-content\/uploads\/2021\/04\/Gruas-Serrat-Heliport-Hospital-Vall-dHebron-BCN-1-450x338.jpg 450w, https:\/\/gruasserrat.com\/wp-content\/uploads\/2021\/04\/Gruas-Serrat-Heliport-Hospital-Vall-dHebron-BCN-1.jpg 1030w\" sizes=\"(max-width: 705px) 100vw, 705px\" \/><\/a><div class='grid-content'><div class='avia-arrow'><\/div><header class=\"entry-content-header\" aria-label=\"Portfolio: Nou Heliport a l&#8217;Hospital Vall d&#8217;Hebron\"><h3 class='grid-entry-title entry-title '  itemprop=\"headline\" ><a href='https:\/\/gruasserrat.com\/ca\/portfolio-item\/nou-heliport-a-lhospital-vall-dhebron\/' title='Nou Heliport a l&#8217;Hospital Vall d&#8217;Hebron'>Nou Heliport a l&#8217;Hospital Vall d&#8217;Hebron<\/a><\/h3><\/header><\/div><footer class=\"entry-footer\"><\/footer><\/article><\/div><div data-ajax-id='1633' class=' grid-entry flex_column isotope-item all_sort no_margin post-entry post-entry-1633 grid-entry-overview grid-loop-2 grid-parity-even  actuacions-simboliques_sort  av_one_third  default_av_fullwidth '><article class='main_color inner-entry'  itemscope=\"itemscope\" itemtype=\"https:\/\/schema.org\/CreativeWork\" ><a href=\"https:\/\/gruasserrat.com\/ca\/portfolio-item\/manteniment-creuers-port-barcelona\/\" title='Manteniment Creuers al port de Barcelona'  data-rel='grid-1' class='grid-image avia-hover-fx'> <img decoding=\"async\" fetchpriority=\"high\" width=\"705\" height=\"529\" src=\"https:\/\/gruasserrat.com\/wp-content\/uploads\/2019\/11\/Creuer-al-Port-de-BCN-1-GSerrat-1200x900-705x529.jpg\" class=\"wp-image-1612 avia-img-lazy-loading-not-1612 attachment-masonry size-masonry wp-post-image\" alt=\"\" srcset=\"https:\/\/gruasserrat.com\/wp-content\/uploads\/2019\/11\/Creuer-al-Port-de-BCN-1-GSerrat-1200x900-705x529.jpg 705w, https:\/\/gruasserrat.com\/wp-content\/uploads\/2019\/11\/Creuer-al-Port-de-BCN-1-GSerrat-1200x900-300x225.jpg 300w, https:\/\/gruasserrat.com\/wp-content\/uploads\/2019\/11\/Creuer-al-Port-de-BCN-1-GSerrat-1200x900-768x576.jpg 768w, https:\/\/gruasserrat.com\/wp-content\/uploads\/2019\/11\/Creuer-al-Port-de-BCN-1-GSerrat-1200x900-1030x773.jpg 1030w, https:\/\/gruasserrat.com\/wp-content\/uploads\/2019\/11\/Creuer-al-Port-de-BCN-1-GSerrat-1200x900-1500x1125.jpg 1500w, https:\/\/gruasserrat.com\/wp-content\/uploads\/2019\/11\/Creuer-al-Port-de-BCN-1-GSerrat-1200x900-450x338.jpg 450w, https:\/\/gruasserrat.com\/wp-content\/uploads\/2019\/11\/Creuer-al-Port-de-BCN-1-GSerrat-1200x900-e1573212756926.jpg 1200w\" sizes=\"(max-width: 705px) 100vw, 705px\" \/><\/a><div class='grid-content'><div class='avia-arrow'><\/div><header class=\"entry-content-header\" aria-label=\"Portfolio: Manteniment Creuers al port de Barcelona\"><h3 class='grid-entry-title entry-title '  itemprop=\"headline\" ><a href='https:\/\/gruasserrat.com\/ca\/portfolio-item\/manteniment-creuers-port-barcelona\/' title='Manteniment Creuers al port de Barcelona'>Manteniment Creuers al port de Barcelona<\/a><\/h3><\/header><\/div><footer class=\"entry-footer\"><\/footer><\/article><\/div><div data-ajax-id='1686' class=' grid-entry flex_column isotope-item all_sort no_margin post-entry post-entry-1686 grid-entry-overview grid-loop-3 grid-parity-odd  post-entry-last  actuacions-simboliques_sort  av_one_third  default_av_fullwidth '><article class='main_color inner-entry'  itemscope=\"itemscope\" itemtype=\"https:\/\/schema.org\/CreativeWork\" ><a href=\"https:\/\/gruasserrat.com\/ca\/portfolio-item\/rescat-aeroport\/\" title='Rescat Aeroport'  data-rel='grid-1' class='grid-image avia-hover-fx'> <img decoding=\"async\" fetchpriority=\"high\" width=\"450\" height=\"337\" src=\"https:\/\/gruasserrat.com\/wp-content\/uploads\/2019\/07\/Rescate-Aeropuerto.jpg\" class=\"wp-image-1539 avia-img-lazy-loading-not-1539 attachment-masonry size-masonry wp-post-image\" alt=\"\" srcset=\"https:\/\/gruasserrat.com\/wp-content\/uploads\/2019\/07\/Rescate-Aeropuerto.jpg 450w, https:\/\/gruasserrat.com\/wp-content\/uploads\/2019\/07\/Rescate-Aeropuerto-300x225.jpg 300w\" sizes=\"(max-width: 450px) 100vw, 450px\" \/><\/a><div class='grid-content'><div class='avia-arrow'><\/div><header class=\"entry-content-header\" aria-label=\"Portfolio: Rescat Aeroport\"><h3 class='grid-entry-title entry-title '  itemprop=\"headline\" ><a href='https:\/\/gruasserrat.com\/ca\/portfolio-item\/rescat-aeroport\/' title='Rescat Aeroport'>Rescat Aeroport<\/a><\/h3><\/header><\/div><footer class=\"entry-footer\"><\/footer><\/article><\/div><\/div><\/div>\n\n<style type=\"text\/css\" data-created_by=\"avia_inline_auto\" id=\"style-css-av-mky77fxo-b28cddd1f04372336315f1379e03720b\">\n#top .hr.hr-invisible.av-mky77fxo-b28cddd1f04372336315f1379e03720b{\nheight:50px;\n}\n<\/style>\n<div  class='hr av-mky77fxo-b28cddd1f04372336315f1379e03720b hr-invisible  avia-builder-el-4  el_after_av_one_full  el_before_av_textblock '><span class='hr-inner '><span class=\"hr-inner-style\"><\/span><\/span><\/div>\n<section  class='av_textblock_section av-mky77urw-d4fa40952a59a898379a4489736e4240 '   itemscope=\"itemscope\" itemtype=\"https:\/\/schema.org\/CreativeWork\" ><div class='avia_textblock'  itemprop=\"text\" ><p>Al llarg dels nostres m\u00e9s de 55 anys d\u2019experi\u00e8ncia en el <strong>lloguer de grues a Catalunya<\/strong>, a <a href=\"https:\/\/gruasserrat.com\/ca\/\">Grues Serrat<\/a> hem participat en projectes de gran rellev\u00e0ncia, tant en el dia a dia de la ind\u00fastria i la construcci\u00f3, com en operacions que han tingut un impacte directe en la vida dels ciutadans.<\/p>\n<p>Aquestes actuacions requereixen una planificaci\u00f3 exhaustiva, precisi\u00f3 i coordinaci\u00f3, ja que es desenvolupen en entorns sensibles, on cada detall compta. Gr\u00e0cies a la nostra <strong>flota moderna<\/strong> i a un equip d\u2019<strong>operaris altament qualificats<\/strong>, podem executar projectes complexos complint els m\u00e9s alts est\u00e0ndards de seguretat i professionalitat.<\/p>\n<\/div><\/section>\n\n<style type=\"text\/css\" data-created_by=\"avia_inline_auto\" id=\"style-css-av-mky7a145-2cf5b5fd3f8bcbd82e6046cc1752d325\">\n#top .togglecontainer.av-mky7a145-2cf5b5fd3f8bcbd82e6046cc1752d325 p.toggler.activeTitle{\ncolor:#83a846;\nborder-color:#83a846;\n}\n#top .togglecontainer.av-mky7a145-2cf5b5fd3f8bcbd82e6046cc1752d325 p.toggler .toggle_icon{\ncolor:#83a846;\nborder-color:#83a846;\n}\n#top .togglecontainer.av-mky7a145-2cf5b5fd3f8bcbd82e6046cc1752d325 p.toggler .toggle_icon > span{\ncolor:#83a846;\nborder-color:#83a846;\n}\n<\/style>\n<div  class='togglecontainer av-mky7a145-2cf5b5fd3f8bcbd82e6046cc1752d325  avia-builder-el-6  el_after_av_textblock  el_before_av_promobox  toggle_close_all' >\n<section class='av_toggle_section av-mky78dwq-2e1b37d266af0cb802f4c623361501ab'  itemscope=\"itemscope\" itemtype=\"https:\/\/schema.org\/CreativeWork\" ><div role=\"tablist\" class=\"single_toggle\" data-tags=\"{All} \"  ><p id='toggle-toggle-id-1' data-fake-id='#toggle-id-1' class='toggler  av-title-above '  itemprop=\"headline\"  role='tab' tabindex='0' aria-controls='toggle-id-1' data-slide-speed=\"200\" data-title=\"Lloguer de grues a Catalunya\" data-title-open=\"\" data-aria_collapsed=\"Click to expand: Lloguer de grues a Catalunya\" data-aria_expanded=\"Click to collapse: Lloguer de grues a Catalunya\">Lloguer de grues a Catalunya<span class=\"toggle_icon\"><span class=\"vert_icon\"><\/span><span class=\"hor_icon\"><\/span><\/span><\/p><div id='toggle-id-1' aria-labelledby='toggle-toggle-id-1' role='region' class='toggle_wrap  av-title-above'  ><div class='toggle_content invers-color '  itemprop=\"text\" ><p>A Grues Serrat oferim serveis de <strong>lloguer de grues a tot Catalunya<\/strong>, amb solucions adaptades a cada projecte, ja sigui industrial, d\u2019obra civil o de car\u00e0cter simb\u00f2lic. El nostre enfocament combina assessorament t\u00e8cnic, planificaci\u00f3 detallada i execuci\u00f3 controlada, garantint que cada projecte es realitzi dins dels terminis establerts i complint estrictament les normes de seguretat.<\/p>\n<p>El nostre <strong>comprom\u00eds amb l\u2019excel\u00b7l\u00e8ncia<\/strong> implica que cada client rep una atenci\u00f3 personalitzada, des de l\u2019elecci\u00f3 de la grua fins a la supervisi\u00f3 de la maniobra, assegurant resultats \u00f2ptims independentment de la complexitat del projecte.<\/p>\n<\/div><\/div><\/div><\/section>\n<section class='av_toggle_section av-mky78ud6-1238e58962f2e4598374251fe3b25642'  itemscope=\"itemscope\" itemtype=\"https:\/\/schema.org\/CreativeWork\" ><div role=\"tablist\" class=\"single_toggle\" data-tags=\"{All} \"  ><p id='toggle-toggle-id-2' data-fake-id='#toggle-id-2' class='toggler  av-title-above '  itemprop=\"headline\"  role='tab' tabindex='0' aria-controls='toggle-id-2' data-slide-speed=\"200\" data-title=\"Lloguer de grues per a tot tipus de treballs i sectors\" data-title-open=\"\" data-aria_collapsed=\"Click to expand: Lloguer de grues per a tot tipus de treballs i sectors\" data-aria_expanded=\"Click to collapse: Lloguer de grues per a tot tipus de treballs i sectors\">Lloguer de grues per a tot tipus de treballs i sectors<span class=\"toggle_icon\"><span class=\"vert_icon\"><\/span><span class=\"hor_icon\"><\/span><\/span><\/p><div id='toggle-id-2' aria-labelledby='toggle-toggle-id-2' role='region' class='toggle_wrap  av-title-above'  ><div class='toggle_content invers-color '  itemprop=\"text\" ><p>A <strong>Grues Serrat<\/strong> comptem amb experi\u00e8ncia oferint solucions d\u2019elevaci\u00f3 per a una \u00e0mplia varietat de sectors, adaptant les nostres grues i serveis a les necessitats espec\u00edfiques de cada projecte.<\/p>\n<p><strong>Obra civil i infraestructures<\/strong><\/p>\n<p>Participem en la construcci\u00f3 i manteniment de ponts, t\u00fanels i edificacions complexes, assegurant la precisi\u00f3 en l\u2019elevaci\u00f3 de materials pesants i estructures prefabricades. Cada maniobra es planifica acuradament per complir els terminis i la normativa de seguretat vigent.<\/p>\n<p><strong>Ind\u00fastria<\/strong><\/p>\n<p>Oferim suport en la instal\u00b7laci\u00f3 i trasllat de maquin\u00e0ria industrial, el muntatge d\u2019estructures met\u00e0l\u00b7liques i equips de grans dimensions. La nostra flota permet elevar c\u00e0rregues pesants en entorns industrials, optimitzant els temps i garantint la seguretat dels operaris.<\/p>\n<p><strong>Energia e\u00f2lica i renovables<\/strong><\/p>\n<p>Els nostres equips especialitzats faciliten el muntatge de turbines, torres i components pesants, aix\u00ed com tasques de manteniment en parcs e\u00f2lics. La precisi\u00f3 en aquestes maniobres \u00e9s essencial per garantir l\u2019estabilitat i l\u2019efici\u00e8ncia dels aerogeneradors.<\/p>\n<p><strong>Projectes emblem\u00e0tics i actuacions simb\u00f2liques<\/strong><\/p>\n<p>Des de la instal\u00b7laci\u00f3 d\u2019heliports hospitalaris fins a elements urbans i monuments, treballem en projectes que requereixen m\u00e0xima coordinaci\u00f3 i sensibilitat, on cada maniobra pot tenir un impacte directe en la comunitat.<\/p>\n<p><strong>Log\u00edstica<\/strong><\/p>\n<p>Donem suport a la c\u00e0rrega, desc\u00e0rrega i trasllat de materials en magatzems, ports o centres log\u00edstics. La versatilitat de les nostres grues permet optimitzar processos interns, fins i tot en espais redu\u00efts o de dif\u00edcil acc\u00e9s.<\/p>\n<p><strong>Construcci\u00f3<\/strong><\/p>\n<p>Facilitem el muntatge d\u2019estructures, panells prefabricats i components pesants en projectes residencials, comercials o institucionals, garantint seguretat i efici\u00e8ncia en cada fase de l\u2019elevaci\u00f3.<\/p>\n<p><strong>Infraestructures<\/strong><\/p>\n<p>Les nostres grues tamb\u00e9 intervenen en operacions de construcci\u00f3 i manteniment d\u2019infraestructures existents, permetent retirar materials de manera segura, organitzada i r\u00e0pida, minimitzant riscos per als operaris i l\u2019entorn.<\/p>\n<p>Cada sector s\u2019avalua de manera personalitzada, considerant factors com el tipus de c\u00e0rrega, l\u2019espai disponible, l\u2019accessibilitat i la normativa aplicable, assegurant que la grua i la maniobra seleccionades siguin sempre les m\u00e9s adequades per al projecte.<\/p>\n<\/div><\/div><\/div><\/section>\n<section class='av_toggle_section av-mky79of7-00930b00012a550e3afc9c164be99d0e'  itemscope=\"itemscope\" itemtype=\"https:\/\/schema.org\/CreativeWork\" ><div role=\"tablist\" class=\"single_toggle\" data-tags=\"{All} \"  ><p id='toggle-toggle-id-3' data-fake-id='#toggle-id-3' class='toggler  av-title-above '  itemprop=\"headline\"  role='tab' tabindex='0' aria-controls='toggle-id-3' data-slide-speed=\"200\" data-title=\"Per qu\u00e8 escollir Grues Serrat per a actuacions simb\u00f2liques\" data-title-open=\"\" data-aria_collapsed=\"Click to expand: Per qu\u00e8 escollir Grues Serrat per a actuacions simb\u00f2liques\" data-aria_expanded=\"Click to collapse: Per qu\u00e8 escollir Grues Serrat per a actuacions simb\u00f2liques\">Per qu\u00e8 escollir Grues Serrat per a actuacions simb\u00f2liques<span class=\"toggle_icon\"><span class=\"vert_icon\"><\/span><span class=\"hor_icon\"><\/span><\/span><\/p><div id='toggle-id-3' aria-labelledby='toggle-toggle-id-3' role='region' class='toggle_wrap  av-title-above'  ><div class='toggle_content invers-color '  itemprop=\"text\" ><p>Els nostres <strong>m\u00e9s de 55 anys d\u2019experi\u00e8ncia<\/strong> ens han perm\u00e8s desenvolupar projectes emblem\u00e0tics que han marcat la difer\u00e8ncia, no nom\u00e9s per la seva complexitat t\u00e8cnica, sin\u00f3 tamb\u00e9 per la seva repercussi\u00f3 social.<\/p>\n<p>Treballar amb Grues Serrat significa comptar amb:<\/p>\n<ul>\n<li><strong>Experts altament qualificats<\/strong>, que planifiquen cada maniobra i en supervisen l\u2019execuci\u00f3 en tot moment.<\/li>\n<li><strong>Flota moderna i mantinguda al m\u00e0xim nivell<\/strong>, capa\u00e7 d\u2019afrontar qualsevol repte d\u2019elevaci\u00f3.<\/li>\n<li><strong>Seguretat i precisi\u00f3<\/strong>, garantint que cada operaci\u00f3 es realitzi sense riscos i complint les normatives m\u00e9s estrictes.<\/li>\n<\/ul>\n<p>Gr\u00e0cies a la nostra experi\u00e8ncia, els nostres clients poden confiar que fins i tot les operacions m\u00e9s delicades, simb\u00f2liques o de gran impacte social es duen a terme amb total <strong>seguretat i efici\u00e8ncia<\/strong>, optimitzant temps i recursos.<\/p>\n<p>Vols que el teu projecte simb\u00f2lic s\u2019executi amb seguretat i professionalitat? <a href=\"https:\/\/gruasserrat.com\/ca\/contacte-gruas-serrat\/\">Contacta amb Grues Serrat<\/a> i els nostres experts t\u2019assessoraran per escollir la grua m\u00e9s adequada per a la teva actuaci\u00f3.<\/p>\n<\/div><\/div><\/div><\/section>\n<\/div>\n\n<style type=\"text\/css\" data-created_by=\"avia_inline_auto\" id=\"style-css-av-juwcfg3y-1856d325be59656e249eea5c9cdd0407\">\n.av_promobox.av-juwcfg3y-1856d325be59656e249eea5c9cdd0407{\ncolor:#ffffff;\nbackground:#444444;\nborder-color:#333333;\n}\n<\/style>\n<div  class='av_promobox av-juwcfg3y-1856d325be59656e249eea5c9cdd0407 avia-button-yes  avia-builder-el-7  el_after_av_toggle_container  avia-builder-el-last '><div class='avia-promocontent'><p>\nNecessita els nostres serveis? Sol\u00b7liciti ara un pressupost<\/p>\n<\/div><div  class='avia-button-wrap av-juwcfg3y-db7950265f0f50320d68a3907614a170-wrap avia-button-right '><a href='https:\/\/gruasserrat.com\/ca\/contacte-gruas-serrat\/'  class='avia-button av-juwcfg3y-db7950265f0f50320d68a3907614a170 av-link-btn avia-icon_select-no avia-size-large avia-position-right avia-color-theme-color'   aria-label=\"CONTACTAR\"><span class='avia_iconbox_title' >CONTACTAR<\/span><\/a><\/div><\/div>\n","protected":false},"excerpt":{"rendered":"","protected":false},"author":4,"featured_media":0,"parent":0,"menu_order":0,"comment_status":"closed","ping_status":"closed","template":"","meta":{"footnotes":""},"class_list":["post-1817","page","type-page","status-publish","hentry"],"yoast_head":"<!-- This site is optimized with the Yoast SEO plugin v27.4 - https:\/\/yoast.com\/product\/yoast-seo-wordpress\/ -->\n<title>Actuacions simb\u00f2liques - Gruas Serrat<\/title>\n<meta name=\"description\" content=\"Grues Serrat, experts en realitzar actuacions simb\u00f2liques i projectes emblem\u00e0tics a Catalunya amb flota moderna i operaris especialitzats.\" \/>\n<meta name=\"robots\" content=\"index, follow, max-snippet:-1, max-image-preview:large, max-video-preview:-1\" \/>\n<link rel=\"canonical\" href=\"https:\/\/gruasserrat.com\/ca\/actuacions-simboliques-camio-grua-i-altres\/\" \/>\n<meta property=\"og:locale\" content=\"ca_ES\" \/>\n<meta property=\"og:type\" content=\"article\" \/>\n<meta property=\"og:title\" content=\"Actuacions simb\u00f2liques - Gruas Serrat\" \/>\n<meta property=\"og:description\" content=\"Grues Serrat, experts en realitzar actuacions simb\u00f2liques i projectes emblem\u00e0tics a Catalunya amb flota moderna i operaris especialitzats.\" \/>\n<meta property=\"og:url\" content=\"https:\/\/gruasserrat.com\/ca\/actuacions-simboliques-camio-grua-i-altres\/\" \/>\n<meta property=\"og:site_name\" content=\"Gruas Serrat\" \/>\n<meta property=\"article:modified_time\" content=\"2026-01-28T15:49:55+00:00\" \/>\n<meta name=\"twitter:card\" content=\"summary_large_image\" \/>\n<meta name=\"twitter:label1\" content=\"Temps estimat de lectura\" \/>\n\t<meta name=\"twitter:data1\" content=\"4 minuts\" \/>\n<script type=\"application\/ld+json\" class=\"yoast-schema-graph\">{\"@context\":\"https:\\\/\\\/schema.org\",\"@graph\":[{\"@type\":\"WebPage\",\"@id\":\"https:\\\/\\\/gruasserrat.com\\\/ca\\\/actuacions-simboliques-camio-grua-i-altres\\\/\",\"url\":\"https:\\\/\\\/gruasserrat.com\\\/ca\\\/actuacions-simboliques-camio-grua-i-altres\\\/\",\"name\":\"Actuacions simb\u00f2liques - Gruas Serrat\",\"isPartOf\":{\"@id\":\"https:\\\/\\\/gruasserrat.com\\\/#website\"},\"datePublished\":\"2019-07-10T08:47:00+00:00\",\"dateModified\":\"2026-01-28T15:49:55+00:00\",\"description\":\"Grues Serrat, experts en realitzar actuacions simb\u00f2liques i projectes emblem\u00e0tics a Catalunya amb flota moderna i operaris especialitzats.\",\"breadcrumb\":{\"@id\":\"https:\\\/\\\/gruasserrat.com\\\/ca\\\/actuacions-simboliques-camio-grua-i-altres\\\/#breadcrumb\"},\"inLanguage\":\"ca\",\"potentialAction\":[{\"@type\":\"ReadAction\",\"target\":[\"https:\\\/\\\/gruasserrat.com\\\/ca\\\/actuacions-simboliques-camio-grua-i-altres\\\/\"]}]},{\"@type\":\"BreadcrumbList\",\"@id\":\"https:\\\/\\\/gruasserrat.com\\\/ca\\\/actuacions-simboliques-camio-grua-i-altres\\\/#breadcrumb\",\"itemListElement\":[{\"@type\":\"ListItem\",\"position\":1,\"name\":\"Portada\",\"item\":\"https:\\\/\\\/gruasserrat.com\\\/ca\\\/gruas-serrat\\\/\"},{\"@type\":\"ListItem\",\"position\":2,\"name\":\"Actuacions simb\u00f2liques\"}]},{\"@type\":\"WebSite\",\"@id\":\"https:\\\/\\\/gruasserrat.com\\\/#website\",\"url\":\"https:\\\/\\\/gruasserrat.com\\\/\",\"name\":\"Gruas Serrat\",\"description\":\"Alquiler de gr\u00faas I Lloguer de grues\",\"publisher\":{\"@id\":\"https:\\\/\\\/gruasserrat.com\\\/#organization\"},\"potentialAction\":[{\"@type\":\"SearchAction\",\"target\":{\"@type\":\"EntryPoint\",\"urlTemplate\":\"https:\\\/\\\/gruasserrat.com\\\/?s={search_term_string}\"},\"query-input\":{\"@type\":\"PropertyValueSpecification\",\"valueRequired\":true,\"valueName\":\"search_term_string\"}}],\"inLanguage\":\"ca\"},{\"@type\":\"Organization\",\"@id\":\"https:\\\/\\\/gruasserrat.com\\\/#organization\",\"name\":\"Gruas Serrat\",\"url\":\"https:\\\/\\\/gruasserrat.com\\\/\",\"logo\":{\"@type\":\"ImageObject\",\"inLanguage\":\"ca\",\"@id\":\"https:\\\/\\\/gruasserrat.com\\\/#\\\/schema\\\/logo\\\/image\\\/\",\"url\":\"https:\\\/\\\/gruasserrat.com\\\/wp-content\\\/uploads\\\/2019\\\/04\\\/logo-1-GS.png\",\"contentUrl\":\"https:\\\/\\\/gruasserrat.com\\\/wp-content\\\/uploads\\\/2019\\\/04\\\/logo-1-GS.png\",\"width\":416,\"height\":148,\"caption\":\"Gruas Serrat\"},\"image\":{\"@id\":\"https:\\\/\\\/gruasserrat.com\\\/#\\\/schema\\\/logo\\\/image\\\/\"}}]}<\/script>\n<!-- \/ Yoast SEO plugin. -->","yoast_head_json":{"title":"Actuacions simb\u00f2liques - Gruas Serrat","description":"Grues Serrat, experts en realitzar actuacions simb\u00f2liques i projectes emblem\u00e0tics a Catalunya amb flota moderna i operaris especialitzats.","robots":{"index":"index","follow":"follow","max-snippet":"max-snippet:-1","max-image-preview":"max-image-preview:large","max-video-preview":"max-video-preview:-1"},"canonical":"https:\/\/gruasserrat.com\/ca\/actuacions-simboliques-camio-grua-i-altres\/","og_locale":"ca_ES","og_type":"article","og_title":"Actuacions simb\u00f2liques - Gruas Serrat","og_description":"Grues Serrat, experts en realitzar actuacions simb\u00f2liques i projectes emblem\u00e0tics a Catalunya amb flota moderna i operaris especialitzats.","og_url":"https:\/\/gruasserrat.com\/ca\/actuacions-simboliques-camio-grua-i-altres\/","og_site_name":"Gruas Serrat","article_modified_time":"2026-01-28T15:49:55+00:00","twitter_card":"summary_large_image","twitter_misc":{"Temps estimat de lectura":"4 minuts"},"schema":{"@context":"https:\/\/schema.org","@graph":[{"@type":"WebPage","@id":"https:\/\/gruasserrat.com\/ca\/actuacions-simboliques-camio-grua-i-altres\/","url":"https:\/\/gruasserrat.com\/ca\/actuacions-simboliques-camio-grua-i-altres\/","name":"Actuacions simb\u00f2liques - Gruas Serrat","isPartOf":{"@id":"https:\/\/gruasserrat.com\/#website"},"datePublished":"2019-07-10T08:47:00+00:00","dateModified":"2026-01-28T15:49:55+00:00","description":"Grues Serrat, experts en realitzar actuacions simb\u00f2liques i projectes emblem\u00e0tics a Catalunya amb flota moderna i operaris especialitzats.","breadcrumb":{"@id":"https:\/\/gruasserrat.com\/ca\/actuacions-simboliques-camio-grua-i-altres\/#breadcrumb"},"inLanguage":"ca","potentialAction":[{"@type":"ReadAction","target":["https:\/\/gruasserrat.com\/ca\/actuacions-simboliques-camio-grua-i-altres\/"]}]},{"@type":"BreadcrumbList","@id":"https:\/\/gruasserrat.com\/ca\/actuacions-simboliques-camio-grua-i-altres\/#breadcrumb","itemListElement":[{"@type":"ListItem","position":1,"name":"Portada","item":"https:\/\/gruasserrat.com\/ca\/gruas-serrat\/"},{"@type":"ListItem","position":2,"name":"Actuacions simb\u00f2liques"}]},{"@type":"WebSite","@id":"https:\/\/gruasserrat.com\/#website","url":"https:\/\/gruasserrat.com\/","name":"Gruas Serrat","description":"Alquiler de gr\u00faas I Lloguer de grues","publisher":{"@id":"https:\/\/gruasserrat.com\/#organization"},"potentialAction":[{"@type":"SearchAction","target":{"@type":"EntryPoint","urlTemplate":"https:\/\/gruasserrat.com\/?s={search_term_string}"},"query-input":{"@type":"PropertyValueSpecification","valueRequired":true,"valueName":"search_term_string"}}],"inLanguage":"ca"},{"@type":"Organization","@id":"https:\/\/gruasserrat.com\/#organization","name":"Gruas Serrat","url":"https:\/\/gruasserrat.com\/","logo":{"@type":"ImageObject","inLanguage":"ca","@id":"https:\/\/gruasserrat.com\/#\/schema\/logo\/image\/","url":"https:\/\/gruasserrat.com\/wp-content\/uploads\/2019\/04\/logo-1-GS.png","contentUrl":"https:\/\/gruasserrat.com\/wp-content\/uploads\/2019\/04\/logo-1-GS.png","width":416,"height":148,"caption":"Gruas Serrat"},"image":{"@id":"https:\/\/gruasserrat.com\/#\/schema\/logo\/image\/"}}]}},"_links":{"self":[{"href":"https:\/\/gruasserrat.com\/ca\/wp-json\/wp\/v2\/pages\/1817","targetHints":{"allow":["GET"]}}],"collection":[{"href":"https:\/\/gruasserrat.com\/ca\/wp-json\/wp\/v2\/pages"}],"about":[{"href":"https:\/\/gruasserrat.com\/ca\/wp-json\/wp\/v2\/types\/page"}],"author":[{"embeddable":true,"href":"https:\/\/gruasserrat.com\/ca\/wp-json\/wp\/v2\/users\/4"}],"replies":[{"embeddable":true,"href":"https:\/\/gruasserrat.com\/ca\/wp-json\/wp\/v2\/comments?post=1817"}],"version-history":[{"count":6,"href":"https:\/\/gruasserrat.com\/ca\/wp-json\/wp\/v2\/pages\/1817\/revisions"}],"predecessor-version":[{"id":3293,"href":"https:\/\/gruasserrat.com\/ca\/wp-json\/wp\/v2\/pages\/1817\/revisions\/3293"}],"wp:attachment":[{"href":"https:\/\/gruasserrat.com\/ca\/wp-json\/wp\/v2\/media?parent=1817"}],"curies":[{"name":"wp","href":"https:\/\/api.w.org\/{rel}","templated":true}]}}