{"id":1839,"date":"2019-05-29T17:08:14","date_gmt":"2019-05-29T16:08:14","guid":{"rendered":"https:\/\/gruasserrat.com\/delegaciones-taller-gruas\/"},"modified":"2026-03-09T09:44:47","modified_gmt":"2026-03-09T08:44:47","slug":"delegacions-taller-grues","status":"publish","type":"page","link":"https:\/\/gruasserrat.com\/ca\/delegacions-taller-grues\/","title":{"rendered":"Delegacions"},"content":{"rendered":"<div id='full_slider_1'  class='avia-fullwidth-slider main_color avia-shadow   avia-builder-el-0  el_before_av_layout_row  avia-builder-el-first   container_wrap sidebar_right'  ><div  class='avia-slideshow av-juwarlx0-602b641f5d88517b2a0e38da92ccf92d avia-slideshow-featured av_slideshow_full avia-slide-slider av-slideshow-ui av-control-hidden av-no-slider-navigation av-hide-nav-arrows av-slideshow-manual av-loop-once av-loop-manual-endless av-default-height-applied   avia-slideshow-1' data-slideshow-options=\"{&quot;animation&quot;:&quot;slide&quot;,&quot;autoplay&quot;:false,&quot;loop_autoplay&quot;:&quot;once&quot;,&quot;interval&quot;:5,&quot;loop_manual&quot;:&quot;manual-endless&quot;,&quot;autoplay_stopper&quot;:false,&quot;noNavigation&quot;:true,&quot;bg_slider&quot;:false,&quot;keep_padding&quot;:false,&quot;hoverpause&quot;:false,&quot;show_slide_delay&quot;:0}\"  itemprop=\"image\" itemscope=\"itemscope\" itemtype=\"https:\/\/schema.org\/ImageObject\" ><ul class='avia-slideshow-inner ' style='padding-bottom: 28.666666666667%;'><li  class='avia-slideshow-slide av-juwarlx0-602b641f5d88517b2a0e38da92ccf92d__0  av-single-slide slide-1 slide-odd'><div data-rel='slideshow-1' class='avia-slide-wrap '   ><div class='av-slideshow-caption av-juwarlx0-602b641f5d88517b2a0e38da92ccf92d__0 caption_fullwidth caption_bottom'><div class=\"container caption_container\"><div class=\"slideshow_caption\"><div class=\"slideshow_inner_caption\"><div class=\"slideshow_align_caption\"><h2 class='avia-caption-title '  itemprop=\"name\" >DELEGACIONS<\/h2><\/div><\/div><\/div><\/div><\/div><img decoding=\"async\" fetchpriority=\"high\" class=\"wp-image-1493 avia-img-lazy-loading-not-1493\"  src=\"https:\/\/gruasserrat.com\/wp-content\/uploads\/2019\/05\/Gruas-Serrat-delegacions-1500x430.png\" width=\"1500\" height=\"430\" title='Gruas-Serrat-gruas m\u00f3viles' alt=''  itemprop=\"thumbnailUrl\"  style='min-height:350px; min-width:1221px; ' \/><div class='av-section-color-overlay' style='opacity: 0.5; background-color: #000000; '><\/div><\/div><\/li><\/ul><\/div><\/div>\n<div id='av-layout-grid-1'  class='av-layout-grid-container av-av_layout_row-c44cf798658cb0f53c0de6369081d089 entry-content-wrapper main_color av-flex-cells  avia-builder-el-1  el_after_av_slideshow_full  avia-builder-el-last  grid-row-not-first  container_wrap sidebar_right'  >\n<div class='flex_cell av-av_cell_one_fifth-9049ca77cd381b8eb45853defb5676d4 av-gridrow-cell av_one_fifth no_margin  avia-builder-el-2  el_before_av_cell_one_fifth  avia-builder-el-first '  ><div class='flex_cell_inner'><p>\n<style type=\"text\/css\" data-created_by=\"avia_inline_auto\" id=\"style-css-av-whmsq-221c9bf1fe4af1764710d8ed653ef02a\">\n.avia-image-container.av-whmsq-221c9bf1fe4af1764710d8ed653ef02a img.avia_image{\nbox-shadow:none;\n}\n.avia-image-container.av-whmsq-221c9bf1fe4af1764710d8ed653ef02a .av-image-caption-overlay-center{\ncolor:#ffffff;\n}\n<\/style>\n<div  class='avia-image-container av-whmsq-221c9bf1fe4af1764710d8ed653ef02a av-styling- av-img-linked avia-align-center  avia-builder-el-3  el_before_av_textblock  avia-builder-el-first '   itemprop=\"image\" itemscope=\"itemscope\" itemtype=\"https:\/\/schema.org\/ImageObject\" ><div class=\"avia-image-container-inner\"><div class=\"avia-image-overlay-wrap\"><a href=\"https:\/\/maps.app.goo.gl\/AjKkdGCeYRExCLmP7\" class='avia_image ' target=\"_blank\" rel=\"noopener noreferrer\" aria-label='ubi serrat'><img decoding=\"async\" fetchpriority=\"high\" class='wp-image-3318 avia-img-lazy-loading-not-3318 avia_image ' src=\"https:\/\/gruasserrat.com\/wp-content\/uploads\/2026\/02\/ubi-serrat.png\" alt='Delegaci\u00f3n Sabadell' title='ubi serrat'  height=\"703\" width=\"1052\"  itemprop=\"thumbnailUrl\" srcset=\"https:\/\/gruasserrat.com\/wp-content\/uploads\/2026\/02\/ubi-serrat.png 1052w, https:\/\/gruasserrat.com\/wp-content\/uploads\/2026\/02\/ubi-serrat-300x200.png 300w, https:\/\/gruasserrat.com\/wp-content\/uploads\/2026\/02\/ubi-serrat-1030x688.png 1030w, https:\/\/gruasserrat.com\/wp-content\/uploads\/2026\/02\/ubi-serrat-768x513.png 768w, https:\/\/gruasserrat.com\/wp-content\/uploads\/2026\/02\/ubi-serrat-705x471.png 705w\" sizes=\"(max-width: 1052px) 100vw, 1052px\" \/><\/a><\/div><\/div><\/div><br \/>\n<section  class='av_textblock_section av-jw9fg3e1-6207faf498ecb91e37f2d8e53e6450c5 '   itemscope=\"itemscope\" itemtype=\"https:\/\/schema.org\/CreativeWork\" ><div class='avia_textblock'  itemprop=\"text\" ><p><strong><span class=\"nom\" style=\"color: #83a846;\">SABADELL<\/span><\/strong><\/p>\n<div class=\"descrip\">\n<div class=\"descrip\">Carrer Can Mag\u00ed, 8<br \/>\n08210 Barber\u00e0 del Vall\u00e8s<\/div>\n<div class=\"descrip\">tel: 937 10 64 16<br \/>\nserrat@gruasserrat.com<\/div>\n<\/div>\n<\/div><\/section><\/p>\n<\/div><\/div><div class='flex_cell av-av_cell_one_fifth-9049ca77cd381b8eb45853defb5676d4 av-gridrow-cell av_one_fifth no_margin  avia-builder-el-5  el_after_av_cell_one_fifth  el_before_av_cell_one_fifth '  ><div class='flex_cell_inner'><p>\n<style type=\"text\/css\" data-created_by=\"avia_inline_auto\" id=\"style-css-av-mmixlk6w-b6748df483ab183cef1ae2d1c02ed237\">\n.avia-image-container.av-mmixlk6w-b6748df483ab183cef1ae2d1c02ed237 img.avia_image{\nbox-shadow:none;\n}\n.avia-image-container.av-mmixlk6w-b6748df483ab183cef1ae2d1c02ed237 .av-image-caption-overlay-center{\ncolor:#ffffff;\n}\n<\/style>\n<div  class='avia-image-container av-mmixlk6w-b6748df483ab183cef1ae2d1c02ed237 av-styling- av-img-linked avia-align-center  avia-builder-el-6  el_before_av_textblock  avia-builder-el-first '   itemprop=\"image\" itemscope=\"itemscope\" itemtype=\"https:\/\/schema.org\/ImageObject\" ><div class=\"avia-image-container-inner\"><div class=\"avia-image-overlay-wrap\"><a href=\"https:\/\/maps.app.goo.gl\/xrF5PDbjDu8GWwaUA\" class='avia_image '  aria-label='ubi tarragona'><img decoding=\"async\" fetchpriority=\"high\" class='wp-image-3417 avia-img-lazy-loading-not-3417 avia_image ' src=\"https:\/\/gruasserrat.com\/wp-content\/uploads\/2026\/03\/ubi-tarragona-1.png\" alt='delegaci\u00f3n tarragona' title='ubi tarragona'  height=\"543\" width=\"790\"  itemprop=\"thumbnailUrl\" srcset=\"https:\/\/gruasserrat.com\/wp-content\/uploads\/2026\/03\/ubi-tarragona-1.png 790w, https:\/\/gruasserrat.com\/wp-content\/uploads\/2026\/03\/ubi-tarragona-1-300x206.png 300w, https:\/\/gruasserrat.com\/wp-content\/uploads\/2026\/03\/ubi-tarragona-1-768x528.png 768w, https:\/\/gruasserrat.com\/wp-content\/uploads\/2026\/03\/ubi-tarragona-1-705x485.png 705w\" sizes=\"(max-width: 790px) 100vw, 790px\" \/><\/a><\/div><\/div><\/div><br \/>\n<section  class='av_textblock_section av-mmixmdsu-18af5506dab7635b34330046f7f025d6 '   itemscope=\"itemscope\" itemtype=\"https:\/\/schema.org\/CreativeWork\" ><div class='avia_textblock'  itemprop=\"text\" ><p><strong><span class=\"nom\" style=\"color: #83a846;\">TARRAGONA<\/span><\/strong><\/p>\n<div class=\"descrip\">\n<div class=\"descrip\">\n<div class=\"descrip\">Carrer de Luxemburg, 12-14<\/div>\n<div class=\"descrip\">43120 Pol. ind. Constant\u00ed (Tarragona)<br \/>\nTel. 937 10 64 16<br \/>\nserrat@gruasserrat.com<\/div>\n<\/div>\n<\/div>\n<\/div><\/section><\/p>\n<\/div><\/div>\n<style type=\"text\/css\" data-created_by=\"avia_inline_auto\" id=\"style-css-av-av_cell_one_fifth-7b2dfb209afb870a55451575d23bd5b9\">\n.flex_cell.av-av_cell_one_fifth-7b2dfb209afb870a55451575d23bd5b9{\nvertical-align:top;\n}\n<\/style>\n<div class='flex_cell av-av_cell_one_fifth-7b2dfb209afb870a55451575d23bd5b9 av-gridrow-cell av_one_fifth no_margin  avia-builder-el-8  el_after_av_cell_one_fifth  el_before_av_cell_one_fifth '  ><div class='flex_cell_inner'><p>\n<style type=\"text\/css\" data-created_by=\"avia_inline_auto\" id=\"style-css-av-whmsq-5-334034a0e16fde70ba3a1b5716d5c355\">\n.avia-image-container.av-whmsq-5-334034a0e16fde70ba3a1b5716d5c355 img.avia_image{\nbox-shadow:none;\n}\n.avia-image-container.av-whmsq-5-334034a0e16fde70ba3a1b5716d5c355 .av-image-caption-overlay-center{\ncolor:#ffffff;\n}\n<\/style>\n<div  class='avia-image-container av-whmsq-5-334034a0e16fde70ba3a1b5716d5c355 av-styling- av-img-linked avia-align-center  avia-builder-el-9  el_before_av_textblock  avia-builder-el-first '   itemprop=\"image\" itemscope=\"itemscope\" itemtype=\"https:\/\/schema.org\/ImageObject\" ><div class=\"avia-image-container-inner\"><div class=\"avia-image-overlay-wrap\"><a href=\"https:\/\/goo.gl\/maps\/eXYFDJ7HuhTt13k19\" class='avia_image ' target=\"_blank\" rel=\"noopener noreferrer\" aria-label='ubi gr\u00faas penedes'><img decoding=\"async\" fetchpriority=\"high\" class='wp-image-3321 avia-img-lazy-loading-not-3321 avia_image ' src=\"https:\/\/gruasserrat.com\/wp-content\/uploads\/2026\/02\/ubi-gruas-penedes.png\" alt='Delegaci\u00f3n Pened\u00e8s' title='ubi gr\u00faas penedes'  height=\"543\" width=\"790\"  itemprop=\"thumbnailUrl\" srcset=\"https:\/\/gruasserrat.com\/wp-content\/uploads\/2026\/02\/ubi-gruas-penedes.png 790w, https:\/\/gruasserrat.com\/wp-content\/uploads\/2026\/02\/ubi-gruas-penedes-300x206.png 300w, https:\/\/gruasserrat.com\/wp-content\/uploads\/2026\/02\/ubi-gruas-penedes-768x528.png 768w, https:\/\/gruasserrat.com\/wp-content\/uploads\/2026\/02\/ubi-gruas-penedes-705x485.png 705w\" sizes=\"(max-width: 790px) 100vw, 790px\" \/><\/a><\/div><\/div><\/div><br \/>\n<section  class='av_textblock_section av-jw9fg3e1-4-29f6f596a85c213f727c3bb8fd809941 '   itemscope=\"itemscope\" itemtype=\"https:\/\/schema.org\/CreativeWork\" ><div class='avia_textblock'  itemprop=\"text\" ><p><strong><span class=\"nom\" style=\"color: #83a846;\">VILAFRANCA DEL PENEDES<\/span><\/strong><\/p>\n<div class=\"descrip\">Avinguda Vilafranca n 1,3<br \/>\nPol\u00edgon industrial San Pere<br \/>\n08720 Vilafranca del Penedes<\/p>\n<div class=\"descrip\">tel: 938 18 12 11<\/div>\n<div>gruaspenedes@gruaspenedes.com<\/div>\n<\/div>\n<\/div><\/section><\/p>\n<\/div><\/div>\n<style type=\"text\/css\" data-created_by=\"avia_inline_auto\" id=\"style-css-av-av_cell_one_fifth-7b2dfb209afb870a55451575d23bd5b9\">\n.flex_cell.av-av_cell_one_fifth-7b2dfb209afb870a55451575d23bd5b9{\nvertical-align:top;\n}\n<\/style>\n<div class='flex_cell av-av_cell_one_fifth-7b2dfb209afb870a55451575d23bd5b9 av-gridrow-cell av_one_fifth no_margin  avia-builder-el-11  el_after_av_cell_one_fifth  el_before_av_cell_one_fifth '  ><div class='flex_cell_inner'><p>\n<style type=\"text\/css\" data-created_by=\"avia_inline_auto\" id=\"style-css-av-whmsq-2-1e0892678eef5565741e916151689119\">\n.avia-image-container.av-whmsq-2-1e0892678eef5565741e916151689119 img.avia_image{\nbox-shadow:none;\n}\n.avia-image-container.av-whmsq-2-1e0892678eef5565741e916151689119 .av-image-caption-overlay-center{\ncolor:#ffffff;\n}\n<\/style>\n<div  class='avia-image-container av-whmsq-2-1e0892678eef5565741e916151689119 av-styling- av-img-linked avia-align-center  avia-builder-el-12  el_before_av_textblock  avia-builder-el-first '   itemprop=\"image\" itemscope=\"itemscope\" itemtype=\"https:\/\/schema.org\/ImageObject\" ><div class=\"avia-image-container-inner\"><div class=\"avia-image-overlay-wrap\"><a href=\"https:\/\/goo.gl\/maps\/uUTkrJeEQ9x2RAmGA\" class='avia_image ' target=\"_blank\" rel=\"noopener noreferrer\" aria-label='ubi gr\u00faas suarez'><img decoding=\"async\" fetchpriority=\"high\" class='wp-image-3323 avia-img-lazy-loading-not-3323 avia_image ' src=\"https:\/\/gruasserrat.com\/wp-content\/uploads\/2026\/02\/ubi-gruas-suarez.png\" alt='Delegaci\u00f3n igualada' title='ubi gr\u00faas suarez'  height=\"592\" width=\"888\"  itemprop=\"thumbnailUrl\" srcset=\"https:\/\/gruasserrat.com\/wp-content\/uploads\/2026\/02\/ubi-gruas-suarez.png 888w, https:\/\/gruasserrat.com\/wp-content\/uploads\/2026\/02\/ubi-gruas-suarez-300x200.png 300w, https:\/\/gruasserrat.com\/wp-content\/uploads\/2026\/02\/ubi-gruas-suarez-768x512.png 768w, https:\/\/gruasserrat.com\/wp-content\/uploads\/2026\/02\/ubi-gruas-suarez-705x470.png 705w\" sizes=\"(max-width: 888px) 100vw, 888px\" \/><\/a><\/div><\/div><\/div><br \/>\n<section  class='av_textblock_section av-jw9fg3e1-1-08f1f67cf081a5fb0b398e29d0f3060a '   itemscope=\"itemscope\" itemtype=\"https:\/\/schema.org\/CreativeWork\" ><div class='avia_textblock'  itemprop=\"text\" ><p><strong><span class=\"nom\" style=\"color: #83a846;\">IGUALADA<\/span><\/strong><\/p>\n<div class=\"descrip\">Avinguda Pa\u00efsos Catalans, 32 A<br \/>\n08700 Igualada (Barcelona)<\/p>\n<div class=\"descrip\">Tel. 938 03 06 74<\/div>\n<div>grues@grues-suarezisoler.com<\/div>\n<\/div>\n<\/div><\/section><\/p>\n<\/div><\/div>\n<style type=\"text\/css\" data-created_by=\"avia_inline_auto\" id=\"style-css-av-av_cell_one_fifth-7b2dfb209afb870a55451575d23bd5b9\">\n.flex_cell.av-av_cell_one_fifth-7b2dfb209afb870a55451575d23bd5b9{\nvertical-align:top;\n}\n<\/style>\n<div class='flex_cell av-av_cell_one_fifth-7b2dfb209afb870a55451575d23bd5b9 av-gridrow-cell av_one_fifth no_margin  avia-builder-el-14  el_after_av_cell_one_fifth  avia-builder-el-last '  ><div class='flex_cell_inner'><p>\n<style type=\"text\/css\" data-created_by=\"avia_inline_auto\" id=\"style-css-av-mmixn614-0b2ad8a820b974bfeb00f991a24b347b\">\n.avia-image-container.av-mmixn614-0b2ad8a820b974bfeb00f991a24b347b img.avia_image{\nbox-shadow:none;\n}\n.avia-image-container.av-mmixn614-0b2ad8a820b974bfeb00f991a24b347b .av-image-caption-overlay-center{\ncolor:#ffffff;\n}\n<\/style>\n<div  class='avia-image-container av-mmixn614-0b2ad8a820b974bfeb00f991a24b347b av-styling- avia-align-center  avia-builder-el-15  el_before_av_textblock  avia-builder-el-first '   itemprop=\"image\" itemscope=\"itemscope\" itemtype=\"https:\/\/schema.org\/ImageObject\" ><div class=\"avia-image-container-inner\"><div class=\"avia-image-overlay-wrap\"><img decoding=\"async\" fetchpriority=\"high\" class='wp-image-3419 avia-img-lazy-loading-not-3419 avia_image ' src=\"https:\/\/gruasserrat.com\/wp-content\/uploads\/2026\/03\/ubi-madrid.png\" alt='delegaci\u00f3n Madrid' title='ubi madrid'  height=\"543\" width=\"790\"  itemprop=\"thumbnailUrl\" srcset=\"https:\/\/gruasserrat.com\/wp-content\/uploads\/2026\/03\/ubi-madrid.png 790w, https:\/\/gruasserrat.com\/wp-content\/uploads\/2026\/03\/ubi-madrid-300x206.png 300w, https:\/\/gruasserrat.com\/wp-content\/uploads\/2026\/03\/ubi-madrid-768x528.png 768w, https:\/\/gruasserrat.com\/wp-content\/uploads\/2026\/03\/ubi-madrid-705x485.png 705w\" sizes=\"(max-width: 790px) 100vw, 790px\" \/><\/div><\/div><\/div><br \/>\n<section  class='av_textblock_section av-mmixo3o9-2d319beb29a21bc86d03afeabd89830b '   itemscope=\"itemscope\" itemtype=\"https:\/\/schema.org\/CreativeWork\" ><div class='avia_textblock'  itemprop=\"text\" ><p><strong><span class=\"nom\" style=\"color: #83a846;\">MADRID<\/span><\/strong><\/p>\n<div class=\"descrip\">\n<div class=\"descrip\">Camino San Mart\u00edn de la Vega, 41<\/div>\n<div class=\"descrip\">28500 Arganda del Rey (Madrid)<br \/>\nTel. 918 70 14 99<br \/>\naguilar@gruasaguilar.com<\/div>\n<\/div>\n<\/div><\/section><\/p>\n<\/div><\/div><\/div>\n","protected":false},"excerpt":{"rendered":"","protected":false},"author":4,"featured_media":0,"parent":0,"menu_order":0,"comment_status":"closed","ping_status":"closed","template":"","meta":{"footnotes":""},"class_list":["post-1839","page","type-page","status-publish","hentry"],"yoast_head":"<!-- This site is optimized with the Yoast SEO plugin v27.4 - https:\/\/yoast.com\/product\/yoast-seo-wordpress\/ -->\n<title>Delegacions - Gruas Serrat<\/title>\n<meta name=\"description\" content=\"Descobreix les nostres delegacions de Grues Serrat a Catalunya, des d\u2019on oferim solucions integrals d\u2019elevaci\u00f3 per a tot tipus de projectes.\" \/>\n<meta name=\"robots\" content=\"index, follow, max-snippet:-1, max-image-preview:large, max-video-preview:-1\" \/>\n<link rel=\"canonical\" href=\"https:\/\/gruasserrat.com\/ca\/delegacions-taller-grues\/\" \/>\n<meta property=\"og:locale\" content=\"ca_ES\" \/>\n<meta property=\"og:type\" content=\"article\" \/>\n<meta property=\"og:title\" content=\"Delegacions - Gruas Serrat\" \/>\n<meta property=\"og:description\" content=\"Descobreix les nostres delegacions de Grues Serrat a Catalunya, des d\u2019on oferim solucions integrals d\u2019elevaci\u00f3 per a tot tipus de projectes.\" \/>\n<meta property=\"og:url\" content=\"https:\/\/gruasserrat.com\/ca\/delegacions-taller-grues\/\" \/>\n<meta property=\"og:site_name\" content=\"Gruas Serrat\" \/>\n<meta property=\"article:modified_time\" content=\"2026-03-09T08:44:47+00:00\" \/>\n<meta name=\"twitter:card\" content=\"summary_large_image\" \/>\n<meta name=\"twitter:label1\" content=\"Temps estimat de lectura\" \/>\n\t<meta name=\"twitter:data1\" content=\"2 minuts\" \/>\n<script type=\"application\/ld+json\" class=\"yoast-schema-graph\">{\"@context\":\"https:\\\/\\\/schema.org\",\"@graph\":[{\"@type\":\"WebPage\",\"@id\":\"https:\\\/\\\/gruasserrat.com\\\/ca\\\/delegacions-taller-grues\\\/\",\"url\":\"https:\\\/\\\/gruasserrat.com\\\/ca\\\/delegacions-taller-grues\\\/\",\"name\":\"Delegacions - Gruas Serrat\",\"isPartOf\":{\"@id\":\"https:\\\/\\\/gruasserrat.com\\\/#website\"},\"datePublished\":\"2019-05-29T16:08:14+00:00\",\"dateModified\":\"2026-03-09T08:44:47+00:00\",\"description\":\"Descobreix les nostres delegacions de Grues Serrat a Catalunya, des d\u2019on oferim solucions integrals d\u2019elevaci\u00f3 per a tot tipus de projectes.\",\"breadcrumb\":{\"@id\":\"https:\\\/\\\/gruasserrat.com\\\/ca\\\/delegacions-taller-grues\\\/#breadcrumb\"},\"inLanguage\":\"ca\",\"potentialAction\":[{\"@type\":\"ReadAction\",\"target\":[\"https:\\\/\\\/gruasserrat.com\\\/ca\\\/delegacions-taller-grues\\\/\"]}]},{\"@type\":\"BreadcrumbList\",\"@id\":\"https:\\\/\\\/gruasserrat.com\\\/ca\\\/delegacions-taller-grues\\\/#breadcrumb\",\"itemListElement\":[{\"@type\":\"ListItem\",\"position\":1,\"name\":\"Portada\",\"item\":\"https:\\\/\\\/gruasserrat.com\\\/ca\\\/gruas-serrat\\\/\"},{\"@type\":\"ListItem\",\"position\":2,\"name\":\"Delegacions\"}]},{\"@type\":\"WebSite\",\"@id\":\"https:\\\/\\\/gruasserrat.com\\\/#website\",\"url\":\"https:\\\/\\\/gruasserrat.com\\\/\",\"name\":\"Gruas Serrat\",\"description\":\"Alquiler de gr\u00faas I Lloguer de grues\",\"publisher\":{\"@id\":\"https:\\\/\\\/gruasserrat.com\\\/#organization\"},\"potentialAction\":[{\"@type\":\"SearchAction\",\"target\":{\"@type\":\"EntryPoint\",\"urlTemplate\":\"https:\\\/\\\/gruasserrat.com\\\/?s={search_term_string}\"},\"query-input\":{\"@type\":\"PropertyValueSpecification\",\"valueRequired\":true,\"valueName\":\"search_term_string\"}}],\"inLanguage\":\"ca\"},{\"@type\":\"Organization\",\"@id\":\"https:\\\/\\\/gruasserrat.com\\\/#organization\",\"name\":\"Gruas Serrat\",\"url\":\"https:\\\/\\\/gruasserrat.com\\\/\",\"logo\":{\"@type\":\"ImageObject\",\"inLanguage\":\"ca\",\"@id\":\"https:\\\/\\\/gruasserrat.com\\\/#\\\/schema\\\/logo\\\/image\\\/\",\"url\":\"https:\\\/\\\/gruasserrat.com\\\/wp-content\\\/uploads\\\/2019\\\/04\\\/logo-1-GS.png\",\"contentUrl\":\"https:\\\/\\\/gruasserrat.com\\\/wp-content\\\/uploads\\\/2019\\\/04\\\/logo-1-GS.png\",\"width\":416,\"height\":148,\"caption\":\"Gruas Serrat\"},\"image\":{\"@id\":\"https:\\\/\\\/gruasserrat.com\\\/#\\\/schema\\\/logo\\\/image\\\/\"}}]}<\/script>\n<!-- \/ Yoast SEO plugin. -->","yoast_head_json":{"title":"Delegacions - Gruas Serrat","description":"Descobreix les nostres delegacions de Grues Serrat a Catalunya, des d\u2019on oferim solucions integrals d\u2019elevaci\u00f3 per a tot tipus de projectes.","robots":{"index":"index","follow":"follow","max-snippet":"max-snippet:-1","max-image-preview":"max-image-preview:large","max-video-preview":"max-video-preview:-1"},"canonical":"https:\/\/gruasserrat.com\/ca\/delegacions-taller-grues\/","og_locale":"ca_ES","og_type":"article","og_title":"Delegacions - Gruas Serrat","og_description":"Descobreix les nostres delegacions de Grues Serrat a Catalunya, des d\u2019on oferim solucions integrals d\u2019elevaci\u00f3 per a tot tipus de projectes.","og_url":"https:\/\/gruasserrat.com\/ca\/delegacions-taller-grues\/","og_site_name":"Gruas Serrat","article_modified_time":"2026-03-09T08:44:47+00:00","twitter_card":"summary_large_image","twitter_misc":{"Temps estimat de lectura":"2 minuts"},"schema":{"@context":"https:\/\/schema.org","@graph":[{"@type":"WebPage","@id":"https:\/\/gruasserrat.com\/ca\/delegacions-taller-grues\/","url":"https:\/\/gruasserrat.com\/ca\/delegacions-taller-grues\/","name":"Delegacions - Gruas Serrat","isPartOf":{"@id":"https:\/\/gruasserrat.com\/#website"},"datePublished":"2019-05-29T16:08:14+00:00","dateModified":"2026-03-09T08:44:47+00:00","description":"Descobreix les nostres delegacions de Grues Serrat a Catalunya, des d\u2019on oferim solucions integrals d\u2019elevaci\u00f3 per a tot tipus de projectes.","breadcrumb":{"@id":"https:\/\/gruasserrat.com\/ca\/delegacions-taller-grues\/#breadcrumb"},"inLanguage":"ca","potentialAction":[{"@type":"ReadAction","target":["https:\/\/gruasserrat.com\/ca\/delegacions-taller-grues\/"]}]},{"@type":"BreadcrumbList","@id":"https:\/\/gruasserrat.com\/ca\/delegacions-taller-grues\/#breadcrumb","itemListElement":[{"@type":"ListItem","position":1,"name":"Portada","item":"https:\/\/gruasserrat.com\/ca\/gruas-serrat\/"},{"@type":"ListItem","position":2,"name":"Delegacions"}]},{"@type":"WebSite","@id":"https:\/\/gruasserrat.com\/#website","url":"https:\/\/gruasserrat.com\/","name":"Gruas Serrat","description":"Alquiler de gr\u00faas I Lloguer de grues","publisher":{"@id":"https:\/\/gruasserrat.com\/#organization"},"potentialAction":[{"@type":"SearchAction","target":{"@type":"EntryPoint","urlTemplate":"https:\/\/gruasserrat.com\/?s={search_term_string}"},"query-input":{"@type":"PropertyValueSpecification","valueRequired":true,"valueName":"search_term_string"}}],"inLanguage":"ca"},{"@type":"Organization","@id":"https:\/\/gruasserrat.com\/#organization","name":"Gruas Serrat","url":"https:\/\/gruasserrat.com\/","logo":{"@type":"ImageObject","inLanguage":"ca","@id":"https:\/\/gruasserrat.com\/#\/schema\/logo\/image\/","url":"https:\/\/gruasserrat.com\/wp-content\/uploads\/2019\/04\/logo-1-GS.png","contentUrl":"https:\/\/gruasserrat.com\/wp-content\/uploads\/2019\/04\/logo-1-GS.png","width":416,"height":148,"caption":"Gruas Serrat"},"image":{"@id":"https:\/\/gruasserrat.com\/#\/schema\/logo\/image\/"}}]}},"_links":{"self":[{"href":"https:\/\/gruasserrat.com\/ca\/wp-json\/wp\/v2\/pages\/1839","targetHints":{"allow":["GET"]}}],"collection":[{"href":"https:\/\/gruasserrat.com\/ca\/wp-json\/wp\/v2\/pages"}],"about":[{"href":"https:\/\/gruasserrat.com\/ca\/wp-json\/wp\/v2\/types\/page"}],"author":[{"embeddable":true,"href":"https:\/\/gruasserrat.com\/ca\/wp-json\/wp\/v2\/users\/4"}],"replies":[{"embeddable":true,"href":"https:\/\/gruasserrat.com\/ca\/wp-json\/wp\/v2\/comments?post=1839"}],"version-history":[{"count":7,"href":"https:\/\/gruasserrat.com\/ca\/wp-json\/wp\/v2\/pages\/1839\/revisions"}],"predecessor-version":[{"id":3399,"href":"https:\/\/gruasserrat.com\/ca\/wp-json\/wp\/v2\/pages\/1839\/revisions\/3399"}],"wp:attachment":[{"href":"https:\/\/gruasserrat.com\/ca\/wp-json\/wp\/v2\/media?parent=1839"}],"curies":[{"name":"wp","href":"https:\/\/api.w.org\/{rel}","templated":true}]}}