{"id":1842,"date":"2019-07-10T09:50:37","date_gmt":"2019-07-10T08:50:37","guid":{"rendered":"https:\/\/gruasserrat.com\/edificios-simbolicos-grua-especial\/"},"modified":"2026-02-11T11:23:25","modified_gmt":"2026-02-11T10:23:25","slug":"edificis-simbolics-grua-especial","status":"publish","type":"page","link":"https:\/\/gruasserrat.com\/ca\/edificis-simbolics-grua-especial\/","title":{"rendered":"Edificis Singulars"},"content":{"rendered":"\n<style type=\"text\/css\" data-created_by=\"avia_inline_auto\" id=\"style-css-av-k2z3qhhb-9ee0bfb5cfb7b8bc84c6c660c14381bc\">\n#top .av-special-heading.av-k2z3qhhb-9ee0bfb5cfb7b8bc84c6c660c14381bc{\npadding-bottom:10px;\n}\nbody .av-special-heading.av-k2z3qhhb-9ee0bfb5cfb7b8bc84c6c660c14381bc .av-special-heading-tag .heading-char{\nfont-size:25px;\n}\n.av-special-heading.av-k2z3qhhb-9ee0bfb5cfb7b8bc84c6c660c14381bc .av-subheading{\nfont-size:15px;\n}\n<\/style>\n<div  class='av-special-heading av-k2z3qhhb-9ee0bfb5cfb7b8bc84c6c660c14381bc av-special-heading-h1 blockquote modern-quote modern-centered  avia-builder-el-0  el_before_av_hr  avia-builder-el-first '><h1 class='av-special-heading-tag '  itemprop=\"headline\"  >EDIFICIS SINGULARS<\/h1><div class=\"special-heading-border\"><div class=\"special-heading-inner-border\"><\/div><\/div><\/div>\n\n<style type=\"text\/css\" data-created_by=\"avia_inline_auto\" id=\"style-css-av-12i1gv-7fe22f403a95c9cee1eb2387355dd63e\">\n#top .hr.av-12i1gv-7fe22f403a95c9cee1eb2387355dd63e{\nmargin-top:5px;\nmargin-bottom:35px;\n}\n.hr.av-12i1gv-7fe22f403a95c9cee1eb2387355dd63e .hr-inner{\nwidth:50px;\nborder-color:#efbb20;\n}\n<\/style>\n<div  class='hr av-12i1gv-7fe22f403a95c9cee1eb2387355dd63e hr-custom  avia-builder-el-1  el_after_av_heading  el_before_av_one_full  hr-center hr-icon-no'><span class='hr-inner inner-border-av-border-fat'><span class=\"hr-inner-style\"><\/span><\/span><\/div>\n\n<style type=\"text\/css\" data-created_by=\"avia_inline_auto\" id=\"style-css-av-bbjjj-32979a770571b70bc50d4734dd9f1ccc\">\n.flex_column.av-bbjjj-32979a770571b70bc50d4734dd9f1ccc{\nborder-radius:0px 0px 0px 0px;\npadding:0px 0px 0px 0px;\n}\n<\/style>\n<div  class='flex_column av-bbjjj-32979a770571b70bc50d4734dd9f1ccc av_one_full  avia-builder-el-2  el_after_av_hr  el_before_av_hr  first flex_column_div av-zero-column-padding  '     ><div class='portfolio_preview_container ' data-portfolio-id='1'>\n\t\t\t\t\t\t\t\t<div class='ajax_controlls iconfont'>\n\t\t\t\t\t\t\t\t\t<a href='#prev' class='ajax_previous' \taria-hidden='true' data-av_icon='\ue878' data-av_iconfont='entypo-fontello'><\/a>\n\t\t\t\t\t\t\t\t\t<a href='#next' class='ajax_next'\t\taria-hidden='true' data-av_icon='\ue879' data-av_iconfont='entypo-fontello'><\/a>\n\t\t\t\t\t\t\t\t\t<a class='avia_close' href='#close'\t\taria-hidden='true' data-av_icon='\ue814' data-av_iconfont='entypo-fontello'><\/a>\n\t\t\t\t\t\t\t\t<\/div>\n\t\t\t\t\t\t\t\t<div class='portfolio-details-inner'><\/div>\n\t\t\t\t\t\t\t<\/div><div  id=\"av-sc-portfolio-1\"  class=' grid-sort-container isotope   no_margin-container with-title-container grid-total-even grid-col-3 grid-links-ajax' data-portfolio-id='1'><div data-ajax-id='2709' class=' grid-entry flex_column isotope-item all_sort no_margin post-entry post-entry-2709 grid-entry-overview grid-loop-1 grid-parity-odd  edificis-singulars_sort  av_one_third first default_av_fullwidth '><article class='main_color inner-entry'  itemscope=\"itemscope\" itemtype=\"https:\/\/schema.org\/CreativeWork\" ><a href=\"https:\/\/gruasserrat.com\/ca\/portfolio-item\/cupula-del-magic-badalona\/\" title='C\u00fapula del Magic Badalona'  data-rel='grid-1' class='grid-image avia-hover-fx'> <img decoding=\"async\" fetchpriority=\"high\" width=\"495\" height=\"400\" src=\"https:\/\/gruasserrat.com\/wp-content\/uploads\/2021\/06\/GSerrat-magic-Badalona-AC500-8-FD-495x400.jpg\" class=\"wp-image-2705 avia-img-lazy-loading-not-2705 attachment-portfolio size-portfolio wp-post-image\" alt=\"GSerrat - magic Badalona - AC500 -2008\" srcset=\"https:\/\/gruasserrat.com\/wp-content\/uploads\/2021\/06\/GSerrat-magic-Badalona-AC500-8-FD-495x400.jpg 495w, https:\/\/gruasserrat.com\/wp-content\/uploads\/2021\/06\/GSerrat-magic-Badalona-AC500-8-FD-845x684.jpg 845w\" sizes=\"(max-width: 495px) 100vw, 495px\" \/><\/a><div class='grid-content'><div class='avia-arrow'><\/div><header class=\"entry-content-header\" aria-label=\"Portfolio: C\u00fapula del Magic Badalona\"><h3 class='grid-entry-title entry-title '  itemprop=\"headline\" ><a href='https:\/\/gruasserrat.com\/ca\/portfolio-item\/cupula-del-magic-badalona\/' title='C\u00fapula del Magic Badalona'>C\u00fapula del Magic Badalona<\/a><\/h3><\/header><\/div><footer class=\"entry-footer\"><\/footer><\/article><\/div><div data-ajax-id='2605' class=' grid-entry flex_column isotope-item all_sort no_margin post-entry post-entry-2605 grid-entry-overview grid-loop-2 grid-parity-even  edificis-singulars_sort  av_one_third  default_av_fullwidth '><article class='main_color inner-entry'  itemscope=\"itemscope\" itemtype=\"https:\/\/schema.org\/CreativeWork\" ><a href=\"https:\/\/gruasserrat.com\/ca\/portfolio-item\/actuacion-en-las-cases-dels-canonges\/\" title='Actuaci\u00f3 a les &#8220;Cases dels Canonges&#8221;'  data-rel='grid-1' class='grid-image avia-hover-fx'> <img decoding=\"async\" fetchpriority=\"high\" width=\"495\" height=\"400\" src=\"https:\/\/gruasserrat.com\/wp-content\/uploads\/2021\/04\/Palau-GenCAt-4-495x400.jpg\" class=\"wp-image-2595 avia-img-lazy-loading-not-2595 attachment-portfolio size-portfolio wp-post-image\" alt=\"\" srcset=\"https:\/\/gruasserrat.com\/wp-content\/uploads\/2021\/04\/Palau-GenCAt-4-495x400.jpg 495w, https:\/\/gruasserrat.com\/wp-content\/uploads\/2021\/04\/Palau-GenCAt-4-845x684.jpg 845w\" sizes=\"(max-width: 495px) 100vw, 495px\" \/><\/a><div class='grid-content'><div class='avia-arrow'><\/div><header class=\"entry-content-header\" aria-label=\"Portfolio: Actuaci\u00f3 a les &#8220;Cases dels Canonges&#8221;\"><h3 class='grid-entry-title entry-title '  itemprop=\"headline\" ><a href='https:\/\/gruasserrat.com\/ca\/portfolio-item\/actuacion-en-las-cases-dels-canonges\/' title='Actuaci\u00f3 a les &#8220;Cases dels Canonges&#8221;'>Actuaci\u00f3 a les &#8220;Cases dels Canonges&#8221;<\/a><\/h3><\/header><\/div><footer class=\"entry-footer\"><\/footer><\/article><\/div><div data-ajax-id='1666' class=' grid-entry flex_column isotope-item all_sort no_margin post-entry post-entry-1666 grid-entry-overview grid-loop-3 grid-parity-odd  edificis-singulars_sort  av_one_third  default_av_fullwidth '><article class='main_color inner-entry'  itemscope=\"itemscope\" itemtype=\"https:\/\/schema.org\/CreativeWork\" ><a href=\"https:\/\/gruasserrat.com\/ca\/portfolio-item\/cupula-torre-agbar\/\" title='C\u00fapula Torre Agbar'  data-rel='grid-1' class='grid-image avia-hover-fx'> <img decoding=\"async\" fetchpriority=\"high\" width=\"495\" height=\"400\" src=\"https:\/\/gruasserrat.com\/wp-content\/uploads\/2019\/07\/Torre-Agbar-495x400.jpg\" class=\"wp-image-1548 avia-img-lazy-loading-not-1548 attachment-portfolio size-portfolio wp-post-image\" alt=\"\" \/><\/a><div class='grid-content'><div class='avia-arrow'><\/div><header class=\"entry-content-header\" aria-label=\"Portfolio: C\u00fapula Torre Agbar\"><h3 class='grid-entry-title entry-title '  itemprop=\"headline\" ><a href='https:\/\/gruasserrat.com\/ca\/portfolio-item\/cupula-torre-agbar\/' title='C\u00fapula Torre Agbar'>C\u00fapula Torre Agbar<\/a><\/h3><\/header><\/div><footer class=\"entry-footer\"><\/footer><\/article><\/div><div data-ajax-id='1684' class=' grid-entry flex_column isotope-item all_sort no_margin post-entry post-entry-1684 grid-entry-overview grid-loop-4 grid-parity-even  post-entry-last  edificis-singulars_sort  av_one_third first default_av_fullwidth '><article class='main_color inner-entry'  itemscope=\"itemscope\" itemtype=\"https:\/\/schema.org\/CreativeWork\" ><a href=\"https:\/\/gruasserrat.com\/ca\/portfolio-item\/estructura-edifici-forum\/\" title='Estructura Edifici F\u00f2rum'  data-rel='grid-1' class='grid-image avia-hover-fx'> <img decoding=\"async\" fetchpriority=\"high\" width=\"495\" height=\"400\" src=\"https:\/\/gruasserrat.com\/wp-content\/uploads\/2019\/07\/Edificio-Forum-f-495x400.jpg\" class=\"wp-image-1546 avia-img-lazy-loading-not-1546 attachment-portfolio size-portfolio wp-post-image\" alt=\"\" \/><\/a><div class='grid-content'><div class='avia-arrow'><\/div><header class=\"entry-content-header\" aria-label=\"Portfolio: Estructura Edifici F\u00f2rum\"><h3 class='grid-entry-title entry-title '  itemprop=\"headline\" ><a href='https:\/\/gruasserrat.com\/ca\/portfolio-item\/estructura-edifici-forum\/' title='Estructura Edifici F\u00f2rum'>Estructura Edifici F\u00f2rum<\/a><\/h3><\/header><\/div><footer class=\"entry-footer\"><\/footer><\/article><\/div><\/div><\/div>\n\n<style type=\"text\/css\" data-created_by=\"avia_inline_auto\" id=\"style-css-av-mlhvnk8g-7d1eed839658a25a36f67d84d253b979\">\n#top .hr.hr-invisible.av-mlhvnk8g-7d1eed839658a25a36f67d84d253b979{\nheight:30px;\n}\n<\/style>\n<div  class='hr av-mlhvnk8g-7d1eed839658a25a36f67d84d253b979 hr-invisible  avia-builder-el-4  el_after_av_one_full  el_before_av_textblock '><span class='hr-inner '><span class=\"hr-inner-style\"><\/span><\/span><\/div>\n<section  class='av_textblock_section av-mlhvpg3q-71148a68de25d2d07e1649cf4f10a757 '   itemscope=\"itemscope\" itemtype=\"https:\/\/schema.org\/CreativeWork\" ><div class='avia_textblock'  itemprop=\"text\" ><p>A <a href=\"https:\/\/gruasserrat.com\/ca\/\">Grues Serrat<\/a> comptem amb m\u00e9s de 55 anys d\u2019experi\u00e8ncia aportant solucions integrals d\u2019elevaci\u00f3. Aquesta traject\u00f2ria ens ha portat a participar en la construcci\u00f3 i el desenvolupament <strong>d\u2019edificis singulars d\u2019alta rellev\u00e0ncia<\/strong>, com ara la col\u00b7locaci\u00f3 de la c\u00fapula de la Torre Agbar, en projectes que han transformat el <em>skyline<\/em> de Barcelona i d\u2019altres comarques de Catalunya.<\/p>\n<p>La nostra <strong>\u00e0mplia flota<\/strong> de maquin\u00e0ria, un <strong>equip altament qualificat<\/strong> i una <strong>s\u00f2lida experi\u00e8ncia<\/strong> en maniobres de precisi\u00f3 ens posicionen com a empresa de refer\u00e8ncia a Catalunya en treballs d\u2019elevaci\u00f3 per a construccions singulars, estructures complexes i projectes arquitect\u00f2nics emblem\u00e0tics.<\/p>\n<\/div><\/section>\n\n<style type=\"text\/css\" data-created_by=\"avia_inline_auto\" id=\"style-css-av-mlhvt35c-f0a01dccdb731c307c3cad94b129bb08\">\n#top .togglecontainer.av-mlhvt35c-f0a01dccdb731c307c3cad94b129bb08 p.toggler.activeTitle{\ncolor:#83a846;\nborder-color:#83a846;\n}\n#top .togglecontainer.av-mlhvt35c-f0a01dccdb731c307c3cad94b129bb08 p.toggler .toggle_icon{\ncolor:#83a846;\nborder-color:#83a846;\n}\n#top .togglecontainer.av-mlhvt35c-f0a01dccdb731c307c3cad94b129bb08 p.toggler .toggle_icon > span{\ncolor:#83a846;\nborder-color:#83a846;\n}\n<\/style>\n<div  class='togglecontainer av-mlhvt35c-f0a01dccdb731c307c3cad94b129bb08  avia-builder-el-6  el_after_av_textblock  el_before_av_promobox  toggle_close_all' >\n<section class='av_toggle_section av-mlhvqa1n-7a534f2f73209e6c5d489078b9bb50d0'  itemscope=\"itemscope\" itemtype=\"https:\/\/schema.org\/CreativeWork\" ><div role=\"tablist\" class=\"single_toggle\" data-tags=\"{All} \"  ><p id='toggle-toggle-id-1' data-fake-id='#toggle-id-1' class='toggler  av-title-above '  itemprop=\"headline\"  role='tab' tabindex='0' aria-controls='toggle-id-1' data-slide-speed=\"200\" data-title=\"Lloguer de grues a Barcelona\" data-title-open=\"\" data-aria_collapsed=\"Click to expand: Lloguer de grues a Barcelona\" data-aria_expanded=\"Click to collapse: Lloguer de grues a Barcelona\">Lloguer de grues a Barcelona<span class=\"toggle_icon\"><span class=\"vert_icon\"><\/span><span class=\"hor_icon\"><\/span><\/span><\/p><div id='toggle-id-1' aria-labelledby='toggle-toggle-id-1' role='region' class='toggle_wrap  av-title-above'  ><div class='toggle_content invers-color '  itemprop=\"text\" ><p>A <strong>Grues Serrat<\/strong> oferim un servei de <strong>lloguer de grues a Barcelona<\/strong> especialitzat en diferents sectors i tipologies de treball, com els que es duen a terme en edificis singulars, on les maniobres requereixen una <strong>planificaci\u00f3 t\u00e8cnica exhaustiva<\/strong>.<\/p>\n<p>Moltes d\u2019aquestes operacions es desenvolupen en entorns complexos, com ara zones urbanes, espais redu\u00efts o \u00e0rees de dif\u00edcil acc\u00e9s, aportant sempre <strong>solucions d\u2019elevaci\u00f3 adaptades<\/strong> a les exig\u00e8ncies espec\u00edfiques de cada projecte.<\/p>\n<p>El nostre <strong>servei de lloguer de grues<\/strong> inclou assessorament t\u00e8cnic, estudi de c\u00e0rregues, planificaci\u00f3 detallada de maniobres i operadors especialitzats en tota mena d\u2019elevacions, garantint seguretat, precisi\u00f3 i efici\u00e8ncia en cada intervenci\u00f3.<\/p>\n<\/div><\/div><\/div><\/section>\n<section class='av_toggle_section av-mlhvrafq-bcc5d3284ac95a276a9938524625a725'  itemscope=\"itemscope\" itemtype=\"https:\/\/schema.org\/CreativeWork\" ><div role=\"tablist\" class=\"single_toggle\" data-tags=\"{All} \"  ><p id='toggle-toggle-id-2' data-fake-id='#toggle-id-2' class='toggler  av-title-above '  itemprop=\"headline\"  role='tab' tabindex='0' aria-controls='toggle-id-2' data-slide-speed=\"200\" data-title=\"Tipus de grues per a edificacions singulars\" data-title-open=\"\" data-aria_collapsed=\"Click to expand: Tipus de grues per a edificacions singulars\" data-aria_expanded=\"Click to collapse: Tipus de grues per a edificacions singulars\">Tipus de grues per a edificacions singulars<span class=\"toggle_icon\"><span class=\"vert_icon\"><\/span><span class=\"hor_icon\"><\/span><\/span><\/p><div id='toggle-id-2' aria-labelledby='toggle-toggle-id-2' role='region' class='toggle_wrap  av-title-above'  ><div class='toggle_content invers-color '  itemprop=\"text\" ><p>Amb el nostre servei de <strong>lloguer de grues a Barcelona<\/strong> posem a disposici\u00f3 dels clients una \u00e0mplia flota d\u2019equips amb diferents caracter\u00edstiques i capacitats d\u2019elevaci\u00f3, adaptats a tota mena de projectes, inclosos els edificis singulars.<\/p>\n<h3><strong>Grues m\u00f2bils autopropulsades<\/strong><\/h3>\n<p>Les <a href=\"https:\/\/gruasserrat.com\/ca\/grues-mobils\/\">grues m\u00f2bils<\/a> o autopropulsades disposen de mobilitat aut\u00f2noma, fet que permet despla\u00e7ar-les entre diferents punts, fins i tot dins de la mateixa obra, sense necessitat de desmuntatge complet. S\u00f3n ideals per a maniobres que requereixen rapidesa, versatilitat i precisi\u00f3.<\/p>\n<h3><strong>Camions grua o cami\u00f3 ploma<\/strong><\/h3>\n<p>Els <a href=\"https:\/\/gruasserrat.com\/ca\/lloguer-de-camions-i-trailers-ploma\/\">camions grua<\/a> permeten elevar i transportar c\u00e0rregues. Tot i que la seva capacitat d\u2019elevaci\u00f3 \u00e9s inferior a la de les grues m\u00f2bils, la mobilitat aut\u00f2noma facilita el trasllat entre obres, i la ploma telesc\u00f2pica permet posicionar les c\u00e0rregues amb gran exactitud.<\/p>\n<h3><strong>Grues torre m\u00f2bils<\/strong><\/h3>\n<p>Les <a href=\"https:\/\/gruasserrat.com\/ca\/grues-especials-telescopica\/\">grues torre m\u00f2bils<\/a> combinen els avantatges de les grues torre i les grues m\u00f2bils, aportant al\u00e7ada, abast i estabilitat. S\u00f3n una opci\u00f3 id\u00f2nia per a edificis singulars, on es requereixen maniobres verticals i el muntatge d\u2019estructures complexes. A m\u00e9s, gr\u00e0cies al seu sistema d\u2019automuntatge, optimitzen els temps de posada en marxa i la log\u00edstica de transport.<\/p>\n<h3><strong>Minigrues<\/strong><\/h3>\n<p>Les minigrues s\u00f3n compactes i lleugeres, capaces de treballar en espais redu\u00efts o interiors on altres tipus de grues no poden accedir. S\u00f3n essencials per a intervencions de precisi\u00f3 en fa\u00e7anes, cobertes o patis interiors.<\/p>\n<h3><strong>Altres equips<\/strong><\/h3>\n<p>A m\u00e9s dels diferents tipus de grues, tamb\u00e9 disposem <a href=\"https:\/\/gruasserrat.com\/ca\/altres-equips-grues-autopropulsades\/\">d\u2019altres equips<\/a> especialitzats d\u2019elevaci\u00f3 i de transport especial. Aix\u00f2 ens permet oferir solucions integrals en edificis singulars, garantint efici\u00e8ncia i seguretat en cada maniobra.<\/p>\n<p>Tots els nostres serveis s\u00f3n executats per <strong>operaris amb una \u00e0mplia experi\u00e8ncia i formaci\u00f3 cont\u00ednua<\/strong>, assegurant un treball professional, segur i adaptat a les exig\u00e8ncies de cada projecte.<\/p>\n<\/div><\/div><\/div><\/section>\n<section class='av_toggle_section av-mlhvrtxk-4889b575b1c92c25d81ec19f26454313'  itemscope=\"itemscope\" itemtype=\"https:\/\/schema.org\/CreativeWork\" ><div role=\"tablist\" class=\"single_toggle\" data-tags=\"{All} \"  ><p id='toggle-toggle-id-3' data-fake-id='#toggle-id-3' class='toggler  av-title-above '  itemprop=\"headline\"  role='tab' tabindex='0' aria-controls='toggle-id-3' data-slide-speed=\"200\" data-title=\"Avantatges de les nostres grues per a edificis singulars\" data-title-open=\"\" data-aria_collapsed=\"Click to expand: Avantatges de les nostres grues per a edificis singulars\" data-aria_expanded=\"Click to collapse: Avantatges de les nostres grues per a edificis singulars\">Avantatges de les nostres grues per a edificis singulars<span class=\"toggle_icon\"><span class=\"vert_icon\"><\/span><span class=\"hor_icon\"><\/span><\/span><\/p><div id='toggle-id-3' aria-labelledby='toggle-toggle-id-3' role='region' class='toggle_wrap  av-title-above'  ><div class='toggle_content invers-color '  itemprop=\"text\" ><p>En llogar grues amb Grues Serrat per a projectes d\u2019edificis singulars, disposar\u00e0s d\u2019avantatges clau per a la teva obra:<\/p>\n<p><strong>Grues adaptades a cada treball:<\/strong> la maquin\u00e0ria m\u00e9s id\u00f2nia per a cada maniobra, sempre a punt i amb manteniment constant. Possibilitat d\u2019utilitzar diferents tipus de grues dins d\u2019un mateix projecte segons cada fase.<\/p>\n<p><strong>Maquin\u00e0ria d\u2019\u00faltima generaci\u00f3:<\/strong> equips amb tecnologia avan\u00e7ada que garanteixen precisi\u00f3, control de c\u00e0rregues i m\u00e0xima seguretat en maniobres cr\u00edtiques.<\/p>\n<p><strong>Operadors especialitzats en maniobres complexes:<\/strong> professionals amb una \u00e0mplia experi\u00e8ncia en elevacions t\u00e8cniques en edificacions singulars i entorns complexos.<\/p>\n<p><strong>Planificaci\u00f3 t\u00e8cnica pr\u00e8via de cada elevaci\u00f3:<\/strong> tots els aixecaments estan avalats per estudis t\u00e8cnics del nostre equip d\u2019enginyeria.<\/p>\n<p><strong>M\u00e0xima seguretat en edificis singulars:<\/strong> seguim est\u00e0ndards estrictes de seguretat, protocols de prevenci\u00f3 i control de riscos en cada operaci\u00f3.<\/p>\n<p><strong>Capacitat per treballar en entorns urbans redu\u00efts:<\/strong> experi\u00e8ncia en centres urbans, carrers estrets i zones amb limitacions d\u2019espai.<\/p>\n<p><strong>Optimitzaci\u00f3 dels temps d\u2019obra:<\/strong> maniobres amb planificaci\u00f3 avan\u00e7ada que redueixen terminis i costos operatius.<\/p>\n<p><strong>Solucions integrals d\u2019elevaci\u00f3:<\/strong> assessorament t\u00e8cnic durant tot el projecte, m\u00e9s enll\u00e0 del simple lloguer de grues.<\/p>\n<p>Sempre amb l\u2019objectiu d\u2019oferir solucions ajustades amb precisi\u00f3 a les necessitats espec\u00edfiques de cada projecte.<\/p>\n<\/div><\/div><\/div><\/section>\n<section class='av_toggle_section av-mlhvscm8-f7a942148e55838a5fa5594f2c85193a'  itemscope=\"itemscope\" itemtype=\"https:\/\/schema.org\/CreativeWork\" ><div role=\"tablist\" class=\"single_toggle\" data-tags=\"{All} \"  ><p id='toggle-toggle-id-4' data-fake-id='#toggle-id-4' class='toggler  av-title-above '  itemprop=\"headline\"  role='tab' tabindex='0' aria-controls='toggle-id-4' data-slide-speed=\"200\" data-title=\"Solucions amb grues per a edificis singulars a Barcelona\" data-title-open=\"\" data-aria_collapsed=\"Click to expand: Solucions amb grues per a edificis singulars a Barcelona\" data-aria_expanded=\"Click to collapse: Solucions amb grues per a edificis singulars a Barcelona\">Solucions amb grues per a edificis singulars a Barcelona<span class=\"toggle_icon\"><span class=\"vert_icon\"><\/span><span class=\"hor_icon\"><\/span><\/span><\/p><div id='toggle-id-4' aria-labelledby='toggle-toggle-id-4' role='region' class='toggle_wrap  av-title-above'  ><div class='toggle_content invers-color '  itemprop=\"text\" ><p>Els projectes <strong>d\u2019edificis singulars a Barcelona<\/strong> representen reptes estructurals, log\u00edstics i t\u00e8cnics a causa de la complexitat i singularitat de molts dels seus elements constructius. El nostre <strong>equip t\u00e8cnic<\/strong> analitza cada fase de l\u2019obra per dissenyar solucions d\u2019elevaci\u00f3 personalitzades, com ara la col\u00b7locaci\u00f3 d\u2019elements estructurals, cobertes, peces arquitect\u00f2niques especials, maquin\u00e0ria industrial o components prefabricats.<\/p>\n<p>A <strong>Grues Serrat<\/strong> realitzem tota mena de treballs d\u2019elevaci\u00f3, tant en obra nova com en rehabilitacions i muntatges t\u00e8cnics en edificis emblem\u00e0tics, adaptant-nos sempre a la normativa local i a les restriccions pr\u00f2pies dels entorns urbans.<\/p>\n<\/div><\/div><\/div><\/section>\n<section class='av_toggle_section av-mlhvspr4-e491fd5e93ee11b5e885e4d7387df996'  itemscope=\"itemscope\" itemtype=\"https:\/\/schema.org\/CreativeWork\" ><div role=\"tablist\" class=\"single_toggle\" data-tags=\"{All} \"  ><p id='toggle-toggle-id-5' data-fake-id='#toggle-id-5' class='toggler  av-title-above '  itemprop=\"headline\"  role='tab' tabindex='0' aria-controls='toggle-id-5' data-slide-speed=\"200\" data-title=\"Grues Serrat i edificis singulars\" data-title-open=\"\" data-aria_collapsed=\"Click to expand: Grues Serrat i edificis singulars\" data-aria_expanded=\"Click to collapse: Grues Serrat i edificis singulars\">Grues Serrat i edificis singulars<span class=\"toggle_icon\"><span class=\"vert_icon\"><\/span><span class=\"hor_icon\"><\/span><\/span><\/p><div id='toggle-id-5' aria-labelledby='toggle-toggle-id-5' role='region' class='toggle_wrap  av-title-above'  ><div class='toggle_content invers-color '  itemprop=\"text\" ><p>La nostra experi\u00e8ncia en edificis singulars ens ha consolidat com a <strong>col\u00b7laborador de confian\u00e7a<\/strong>, participant en projectes que requereixen planificaci\u00f3 detallada, coordinaci\u00f3 t\u00e8cnica i una execuci\u00f3 segura de maniobres d\u2019alta complexitat.<\/p>\n<p>A <strong>Grues Serrat<\/strong> combinem experi\u00e8ncia, innovaci\u00f3 i seguretat per fer possibles els reptes d\u2019elevaci\u00f3 m\u00e9s exigents en edificacions singulars.<br \/>\nSi vols saber com et podem ajudar en el teu pr\u00f2xim projecte, posa\u2019t en <a href=\"https:\/\/gruasserrat.com\/ca\/contacte-gruas-serrat\/\">contacte amb nosaltres<\/a> i el nostre equip t\u2019oferir\u00e0 la soluci\u00f3 que millor s\u2019adapti a les teves necessitats.<\/p>\n<\/div><\/div><\/div><\/section>\n<\/div>\n\n<style type=\"text\/css\" data-created_by=\"avia_inline_auto\" id=\"style-css-av-juwcfg3y-1856d325be59656e249eea5c9cdd0407\">\n.av_promobox.av-juwcfg3y-1856d325be59656e249eea5c9cdd0407{\ncolor:#ffffff;\nbackground:#444444;\nborder-color:#333333;\n}\n<\/style>\n<div  class='av_promobox av-juwcfg3y-1856d325be59656e249eea5c9cdd0407 avia-button-yes  avia-builder-el-7  el_after_av_toggle_container  avia-builder-el-last '><div class='avia-promocontent'><p>\nNecessita els nostres serveis? Sol\u00b7liciti ara un pressupost<\/p>\n<\/div><div  class='avia-button-wrap av-juwcfg3y-db7950265f0f50320d68a3907614a170-wrap avia-button-right '><a href='https:\/\/gruasserrat.com\/ca\/contacte-gruas-serrat\/'  class='avia-button av-juwcfg3y-db7950265f0f50320d68a3907614a170 av-link-btn avia-icon_select-no avia-size-large avia-position-right avia-color-theme-color'   aria-label=\"CONTACTAR\"><span class='avia_iconbox_title' >CONTACTAR<\/span><\/a><\/div><\/div>\n","protected":false},"excerpt":{"rendered":"","protected":false},"author":4,"featured_media":0,"parent":0,"menu_order":0,"comment_status":"closed","ping_status":"closed","template":"","meta":{"footnotes":""},"class_list":["post-1842","page","type-page","status-publish","hentry"],"yoast_head":"<!-- This site is optimized with the Yoast SEO plugin v27.4 - https:\/\/yoast.com\/product\/yoast-seo-wordpress\/ -->\n<title>Edificis Singulars - Gruas Serrat<\/title>\n<meta name=\"description\" content=\"La C\u00fapula de la Torre Agbar, l\u2019estructura del F\u00f2rum o la Torre de la Sagrada fam\u00edlia s\u00f3n algunes de las construccions emblem\u00e0tiques en les que hem participat amb les nostres grues\" \/>\n<meta name=\"robots\" content=\"index, follow, max-snippet:-1, max-image-preview:large, max-video-preview:-1\" \/>\n<link rel=\"canonical\" href=\"https:\/\/gruasserrat.com\/ca\/edificis-simbolics-grua-especial\/\" \/>\n<meta property=\"og:locale\" content=\"ca_ES\" \/>\n<meta property=\"og:type\" content=\"article\" \/>\n<meta property=\"og:title\" content=\"Edificis Singulars - Gruas Serrat\" \/>\n<meta property=\"og:description\" content=\"La C\u00fapula de la Torre Agbar, l\u2019estructura del F\u00f2rum o la Torre de la Sagrada fam\u00edlia s\u00f3n algunes de las construccions emblem\u00e0tiques en les que hem participat amb les nostres grues\" \/>\n<meta property=\"og:url\" content=\"https:\/\/gruasserrat.com\/ca\/edificis-simbolics-grua-especial\/\" \/>\n<meta property=\"og:site_name\" content=\"Gruas Serrat\" \/>\n<meta property=\"article:modified_time\" content=\"2026-02-11T10:23:25+00:00\" \/>\n<meta name=\"twitter:card\" content=\"summary_large_image\" \/>\n<meta name=\"twitter:label1\" content=\"Temps estimat de lectura\" \/>\n\t<meta name=\"twitter:data1\" content=\"6 minuts\" \/>\n<script type=\"application\/ld+json\" class=\"yoast-schema-graph\">{\"@context\":\"https:\\\/\\\/schema.org\",\"@graph\":[{\"@type\":\"WebPage\",\"@id\":\"https:\\\/\\\/gruasserrat.com\\\/ca\\\/edificis-simbolics-grua-especial\\\/\",\"url\":\"https:\\\/\\\/gruasserrat.com\\\/ca\\\/edificis-simbolics-grua-especial\\\/\",\"name\":\"Edificis Singulars - Gruas Serrat\",\"isPartOf\":{\"@id\":\"https:\\\/\\\/gruasserrat.com\\\/#website\"},\"datePublished\":\"2019-07-10T08:50:37+00:00\",\"dateModified\":\"2026-02-11T10:23:25+00:00\",\"description\":\"La C\u00fapula de la Torre Agbar, l\u2019estructura del F\u00f2rum o la Torre de la Sagrada fam\u00edlia s\u00f3n algunes de las construccions emblem\u00e0tiques en les que hem participat amb les nostres grues\",\"breadcrumb\":{\"@id\":\"https:\\\/\\\/gruasserrat.com\\\/ca\\\/edificis-simbolics-grua-especial\\\/#breadcrumb\"},\"inLanguage\":\"ca\",\"potentialAction\":[{\"@type\":\"ReadAction\",\"target\":[\"https:\\\/\\\/gruasserrat.com\\\/ca\\\/edificis-simbolics-grua-especial\\\/\"]}]},{\"@type\":\"BreadcrumbList\",\"@id\":\"https:\\\/\\\/gruasserrat.com\\\/ca\\\/edificis-simbolics-grua-especial\\\/#breadcrumb\",\"itemListElement\":[{\"@type\":\"ListItem\",\"position\":1,\"name\":\"Portada\",\"item\":\"https:\\\/\\\/gruasserrat.com\\\/ca\\\/gruas-serrat\\\/\"},{\"@type\":\"ListItem\",\"position\":2,\"name\":\"Edificis Singulars\"}]},{\"@type\":\"WebSite\",\"@id\":\"https:\\\/\\\/gruasserrat.com\\\/#website\",\"url\":\"https:\\\/\\\/gruasserrat.com\\\/\",\"name\":\"Gruas Serrat\",\"description\":\"Alquiler de gr\u00faas I Lloguer de grues\",\"publisher\":{\"@id\":\"https:\\\/\\\/gruasserrat.com\\\/#organization\"},\"potentialAction\":[{\"@type\":\"SearchAction\",\"target\":{\"@type\":\"EntryPoint\",\"urlTemplate\":\"https:\\\/\\\/gruasserrat.com\\\/?s={search_term_string}\"},\"query-input\":{\"@type\":\"PropertyValueSpecification\",\"valueRequired\":true,\"valueName\":\"search_term_string\"}}],\"inLanguage\":\"ca\"},{\"@type\":\"Organization\",\"@id\":\"https:\\\/\\\/gruasserrat.com\\\/#organization\",\"name\":\"Gruas Serrat\",\"url\":\"https:\\\/\\\/gruasserrat.com\\\/\",\"logo\":{\"@type\":\"ImageObject\",\"inLanguage\":\"ca\",\"@id\":\"https:\\\/\\\/gruasserrat.com\\\/#\\\/schema\\\/logo\\\/image\\\/\",\"url\":\"https:\\\/\\\/gruasserrat.com\\\/wp-content\\\/uploads\\\/2019\\\/04\\\/logo-1-GS.png\",\"contentUrl\":\"https:\\\/\\\/gruasserrat.com\\\/wp-content\\\/uploads\\\/2019\\\/04\\\/logo-1-GS.png\",\"width\":416,\"height\":148,\"caption\":\"Gruas Serrat\"},\"image\":{\"@id\":\"https:\\\/\\\/gruasserrat.com\\\/#\\\/schema\\\/logo\\\/image\\\/\"}}]}<\/script>\n<!-- \/ Yoast SEO plugin. -->","yoast_head_json":{"title":"Edificis Singulars - Gruas Serrat","description":"La C\u00fapula de la Torre Agbar, l\u2019estructura del F\u00f2rum o la Torre de la Sagrada fam\u00edlia s\u00f3n algunes de las construccions emblem\u00e0tiques en les que hem participat amb les nostres grues","robots":{"index":"index","follow":"follow","max-snippet":"max-snippet:-1","max-image-preview":"max-image-preview:large","max-video-preview":"max-video-preview:-1"},"canonical":"https:\/\/gruasserrat.com\/ca\/edificis-simbolics-grua-especial\/","og_locale":"ca_ES","og_type":"article","og_title":"Edificis Singulars - Gruas Serrat","og_description":"La C\u00fapula de la Torre Agbar, l\u2019estructura del F\u00f2rum o la Torre de la Sagrada fam\u00edlia s\u00f3n algunes de las construccions emblem\u00e0tiques en les que hem participat amb les nostres grues","og_url":"https:\/\/gruasserrat.com\/ca\/edificis-simbolics-grua-especial\/","og_site_name":"Gruas Serrat","article_modified_time":"2026-02-11T10:23:25+00:00","twitter_card":"summary_large_image","twitter_misc":{"Temps estimat de lectura":"6 minuts"},"schema":{"@context":"https:\/\/schema.org","@graph":[{"@type":"WebPage","@id":"https:\/\/gruasserrat.com\/ca\/edificis-simbolics-grua-especial\/","url":"https:\/\/gruasserrat.com\/ca\/edificis-simbolics-grua-especial\/","name":"Edificis Singulars - Gruas Serrat","isPartOf":{"@id":"https:\/\/gruasserrat.com\/#website"},"datePublished":"2019-07-10T08:50:37+00:00","dateModified":"2026-02-11T10:23:25+00:00","description":"La C\u00fapula de la Torre Agbar, l\u2019estructura del F\u00f2rum o la Torre de la Sagrada fam\u00edlia s\u00f3n algunes de las construccions emblem\u00e0tiques en les que hem participat amb les nostres grues","breadcrumb":{"@id":"https:\/\/gruasserrat.com\/ca\/edificis-simbolics-grua-especial\/#breadcrumb"},"inLanguage":"ca","potentialAction":[{"@type":"ReadAction","target":["https:\/\/gruasserrat.com\/ca\/edificis-simbolics-grua-especial\/"]}]},{"@type":"BreadcrumbList","@id":"https:\/\/gruasserrat.com\/ca\/edificis-simbolics-grua-especial\/#breadcrumb","itemListElement":[{"@type":"ListItem","position":1,"name":"Portada","item":"https:\/\/gruasserrat.com\/ca\/gruas-serrat\/"},{"@type":"ListItem","position":2,"name":"Edificis Singulars"}]},{"@type":"WebSite","@id":"https:\/\/gruasserrat.com\/#website","url":"https:\/\/gruasserrat.com\/","name":"Gruas Serrat","description":"Alquiler de gr\u00faas I Lloguer de grues","publisher":{"@id":"https:\/\/gruasserrat.com\/#organization"},"potentialAction":[{"@type":"SearchAction","target":{"@type":"EntryPoint","urlTemplate":"https:\/\/gruasserrat.com\/?s={search_term_string}"},"query-input":{"@type":"PropertyValueSpecification","valueRequired":true,"valueName":"search_term_string"}}],"inLanguage":"ca"},{"@type":"Organization","@id":"https:\/\/gruasserrat.com\/#organization","name":"Gruas Serrat","url":"https:\/\/gruasserrat.com\/","logo":{"@type":"ImageObject","inLanguage":"ca","@id":"https:\/\/gruasserrat.com\/#\/schema\/logo\/image\/","url":"https:\/\/gruasserrat.com\/wp-content\/uploads\/2019\/04\/logo-1-GS.png","contentUrl":"https:\/\/gruasserrat.com\/wp-content\/uploads\/2019\/04\/logo-1-GS.png","width":416,"height":148,"caption":"Gruas Serrat"},"image":{"@id":"https:\/\/gruasserrat.com\/#\/schema\/logo\/image\/"}}]}},"_links":{"self":[{"href":"https:\/\/gruasserrat.com\/ca\/wp-json\/wp\/v2\/pages\/1842","targetHints":{"allow":["GET"]}}],"collection":[{"href":"https:\/\/gruasserrat.com\/ca\/wp-json\/wp\/v2\/pages"}],"about":[{"href":"https:\/\/gruasserrat.com\/ca\/wp-json\/wp\/v2\/types\/page"}],"author":[{"embeddable":true,"href":"https:\/\/gruasserrat.com\/ca\/wp-json\/wp\/v2\/users\/4"}],"replies":[{"embeddable":true,"href":"https:\/\/gruasserrat.com\/ca\/wp-json\/wp\/v2\/comments?post=1842"}],"version-history":[{"count":4,"href":"https:\/\/gruasserrat.com\/ca\/wp-json\/wp\/v2\/pages\/1842\/revisions"}],"predecessor-version":[{"id":3402,"href":"https:\/\/gruasserrat.com\/ca\/wp-json\/wp\/v2\/pages\/1842\/revisions\/3402"}],"wp:attachment":[{"href":"https:\/\/gruasserrat.com\/ca\/wp-json\/wp\/v2\/media?parent=1842"}],"curies":[{"name":"wp","href":"https:\/\/api.w.org\/{rel}","templated":true}]}}