{"id":1844,"date":"2019-07-09T15:39:04","date_gmt":"2019-07-09T14:39:04","guid":{"rendered":"https:\/\/gruasserrat.com\/servicio-de-gruas-sector-eolico\/"},"modified":"2026-01-28T16:05:31","modified_gmt":"2026-01-28T15:05:31","slug":"servei-de-grues-sector-eolic","status":"publish","type":"page","link":"https:\/\/gruasserrat.com\/ca\/servei-de-grues-sector-eolic\/","title":{"rendered":"E\u00f2lic"},"content":{"rendered":"\n<style type=\"text\/css\" data-created_by=\"avia_inline_auto\" id=\"style-css-av-k2z3rtdd-18d02e231323be6743c04b3a4f1189e1\">\n#top .av-special-heading.av-k2z3rtdd-18d02e231323be6743c04b3a4f1189e1{\npadding-bottom:10px;\n}\nbody .av-special-heading.av-k2z3rtdd-18d02e231323be6743c04b3a4f1189e1 .av-special-heading-tag .heading-char{\nfont-size:25px;\n}\n.av-special-heading.av-k2z3rtdd-18d02e231323be6743c04b3a4f1189e1 .av-subheading{\nfont-size:15px;\n}\n<\/style>\n<div  class='av-special-heading av-k2z3rtdd-18d02e231323be6743c04b3a4f1189e1 av-special-heading-h1 blockquote modern-quote modern-centered  avia-builder-el-0  el_before_av_hr  avia-builder-el-first '><h1 class='av-special-heading-tag '  itemprop=\"headline\"  >E\u00d2LIC<\/h1><div class=\"special-heading-border\"><div class=\"special-heading-inner-border\"><\/div><\/div><\/div>\n\n<style type=\"text\/css\" data-created_by=\"avia_inline_auto\" id=\"style-css-av-12i1gv-7fe22f403a95c9cee1eb2387355dd63e\">\n#top .hr.av-12i1gv-7fe22f403a95c9cee1eb2387355dd63e{\nmargin-top:5px;\nmargin-bottom:35px;\n}\n.hr.av-12i1gv-7fe22f403a95c9cee1eb2387355dd63e .hr-inner{\nwidth:50px;\nborder-color:#efbb20;\n}\n<\/style>\n<div  class='hr av-12i1gv-7fe22f403a95c9cee1eb2387355dd63e hr-custom  avia-builder-el-1  el_after_av_heading  el_before_av_one_full  hr-center hr-icon-no'><span class='hr-inner inner-border-av-border-fat'><span class=\"hr-inner-style\"><\/span><\/span><\/div>\n\n<style type=\"text\/css\" data-created_by=\"avia_inline_auto\" id=\"style-css-av-bbjjj-32979a770571b70bc50d4734dd9f1ccc\">\n.flex_column.av-bbjjj-32979a770571b70bc50d4734dd9f1ccc{\nborder-radius:0px 0px 0px 0px;\npadding:0px 0px 0px 0px;\n}\n<\/style>\n<div  class='flex_column av-bbjjj-32979a770571b70bc50d4734dd9f1ccc av_one_full  avia-builder-el-2  el_after_av_hr  el_before_av_hr  first flex_column_div av-zero-column-padding  '     ><div class='portfolio_preview_container ' data-portfolio-id='1'>\n\t\t\t\t\t\t\t\t<div class='ajax_controlls iconfont'>\n\t\t\t\t\t\t\t\t\t<a href='#prev' class='ajax_previous' \taria-hidden='true' data-av_icon='\ue878' data-av_iconfont='entypo-fontello'><\/a>\n\t\t\t\t\t\t\t\t\t<a href='#next' class='ajax_next'\t\taria-hidden='true' data-av_icon='\ue879' data-av_iconfont='entypo-fontello'><\/a>\n\t\t\t\t\t\t\t\t\t<a class='avia_close' href='#close'\t\taria-hidden='true' data-av_icon='\ue814' data-av_iconfont='entypo-fontello'><\/a>\n\t\t\t\t\t\t\t\t<\/div>\n\t\t\t\t\t\t\t\t<div class='portfolio-details-inner'><\/div>\n\t\t\t\t\t\t\t<\/div><div  id=\"av-sc-portfolio-1\"  class=' grid-sort-container isotope   no_margin-container with-title-container grid-total-odd grid-col-3 grid-links-ajax' data-portfolio-id='1'><div data-ajax-id='1640' class=' grid-entry flex_column isotope-item all_sort no_margin post-entry post-entry-1640 grid-entry-overview grid-loop-1 grid-parity-odd  eolic_sort  av_one_third first default_av_fullwidth '><article class='main_color inner-entry'  itemscope=\"itemscope\" itemtype=\"https:\/\/schema.org\/CreativeWork\" ><a href=\"https:\/\/gruasserrat.com\/ca\/portfolio-item\/muntatge-molins-rubio\/\" title='Muntatge Molins a Rubi\u00f3'  data-rel='grid-1' class='grid-image avia-hover-fx'> <img decoding=\"async\" fetchpriority=\"high\" width=\"1200\" height=\"900\" src=\"https:\/\/gruasserrat.com\/wp-content\/uploads\/2019\/09\/Parque-eolico-Rubio-montaje-molinos.jpg\" class=\"wp-image-1602 avia-img-lazy-loading-not-1602 attachment-no scaling size-no scaling wp-post-image\" alt=\"\" srcset=\"https:\/\/gruasserrat.com\/wp-content\/uploads\/2019\/09\/Parque-eolico-Rubio-montaje-molinos.jpg 1200w, https:\/\/gruasserrat.com\/wp-content\/uploads\/2019\/09\/Parque-eolico-Rubio-montaje-molinos-300x225.jpg 300w, https:\/\/gruasserrat.com\/wp-content\/uploads\/2019\/09\/Parque-eolico-Rubio-montaje-molinos-768x576.jpg 768w, https:\/\/gruasserrat.com\/wp-content\/uploads\/2019\/09\/Parque-eolico-Rubio-montaje-molinos-1030x773.jpg 1030w, https:\/\/gruasserrat.com\/wp-content\/uploads\/2019\/09\/Parque-eolico-Rubio-montaje-molinos-705x529.jpg 705w, https:\/\/gruasserrat.com\/wp-content\/uploads\/2019\/09\/Parque-eolico-Rubio-montaje-molinos-450x338.jpg 450w\" sizes=\"(max-width: 1200px) 100vw, 1200px\" \/><\/a><div class='grid-content'><div class='avia-arrow'><\/div><header class=\"entry-content-header\" aria-label=\"Portfolio: Muntatge Molins a Rubi\u00f3\"><h3 class='grid-entry-title entry-title '  itemprop=\"headline\" ><a href='https:\/\/gruasserrat.com\/ca\/portfolio-item\/muntatge-molins-rubio\/' title='Muntatge Molins a Rubi\u00f3'>Muntatge Molins a Rubi\u00f3<\/a><\/h3><\/header><\/div><footer class=\"entry-footer\"><\/footer><\/article><\/div><div data-ajax-id='1715' class=' grid-entry flex_column isotope-item all_sort no_margin post-entry post-entry-1715 grid-entry-overview grid-loop-2 grid-parity-even  eolic_sort  av_one_third  default_av_fullwidth '><article class='main_color inner-entry'  itemscope=\"itemscope\" itemtype=\"https:\/\/schema.org\/CreativeWork\" ><a href=\"http:\/\/\" title='Muntatge Parc E\u00f2lic Almatret'  data-rel='grid-1' class='grid-image avia-hover-fx'> <img decoding=\"async\" fetchpriority=\"high\" width=\"449\" height=\"337\" src=\"https:\/\/gruasserrat.com\/wp-content\/uploads\/2019\/07\/Parque-E\u00f3lico-Almatret-f.jpg\" class=\"wp-image-1529 avia-img-lazy-loading-not-1529 attachment-no scaling size-no scaling wp-post-image\" alt=\"\" srcset=\"https:\/\/gruasserrat.com\/wp-content\/uploads\/2019\/07\/Parque-E\u00f3lico-Almatret-f.jpg 449w, https:\/\/gruasserrat.com\/wp-content\/uploads\/2019\/07\/Parque-E\u00f3lico-Almatret-f-300x225.jpg 300w\" sizes=\"(max-width: 449px) 100vw, 449px\" \/><\/a><div class='grid-content'><div class='avia-arrow'><\/div><header class=\"entry-content-header\" aria-label=\"Portfolio: Muntatge Parc E\u00f2lic Almatret\"><h3 class='grid-entry-title entry-title '  itemprop=\"headline\" >Muntatge Parc E\u00f2lic Almatret<\/h3><\/header><\/div><footer class=\"entry-footer\"><\/footer><\/article><\/div><div data-ajax-id='1716' class=' grid-entry flex_column isotope-item all_sort no_margin post-entry post-entry-1716 grid-entry-overview grid-loop-3 grid-parity-odd  post-entry-last  eolic_sort  av_one_third  default_av_fullwidth '><article class='main_color inner-entry'  itemscope=\"itemscope\" itemtype=\"https:\/\/schema.org\/CreativeWork\" ><a href=\"https:\/\/gruasserrat.com\/ca\/portfolio-item\/reparacio-multiplicadora\/\" title='Reparaci\u00f3 Multiplicadora'  data-rel='grid-1' class='grid-image avia-hover-fx'> <img decoding=\"async\" fetchpriority=\"high\" width=\"450\" height=\"338\" src=\"https:\/\/gruasserrat.com\/wp-content\/uploads\/2019\/07\/Parque-E\u00f3lico-Falset-f.jpg\" class=\"wp-image-1530 avia-img-lazy-loading-not-1530 attachment-no scaling size-no scaling wp-post-image\" alt=\"\" srcset=\"https:\/\/gruasserrat.com\/wp-content\/uploads\/2019\/07\/Parque-E\u00f3lico-Falset-f.jpg 450w, https:\/\/gruasserrat.com\/wp-content\/uploads\/2019\/07\/Parque-E\u00f3lico-Falset-f-300x225.jpg 300w\" sizes=\"(max-width: 450px) 100vw, 450px\" \/><\/a><div class='grid-content'><div class='avia-arrow'><\/div><header class=\"entry-content-header\" aria-label=\"Portfolio: Reparaci\u00f3 Multiplicadora\"><h3 class='grid-entry-title entry-title '  itemprop=\"headline\" ><a href='https:\/\/gruasserrat.com\/ca\/portfolio-item\/reparacio-multiplicadora\/' title='Reparaci\u00f3 Multiplicadora'>Reparaci\u00f3 Multiplicadora<\/a><\/h3><\/header><\/div><footer class=\"entry-footer\"><\/footer><\/article><\/div><\/div><\/div>\n\n<style type=\"text\/css\" data-created_by=\"avia_inline_auto\" id=\"style-css-av-mky5kyla-73a15c0645a0efaa60c013714d0d5b25\">\n#top .hr.hr-invisible.av-mky5kyla-73a15c0645a0efaa60c013714d0d5b25{\nheight:50px;\n}\n<\/style>\n<div  class='hr av-mky5kyla-73a15c0645a0efaa60c013714d0d5b25 hr-invisible  avia-builder-el-4  el_after_av_one_full  el_before_av_textblock '><span class='hr-inner '><span class=\"hr-inner-style\"><\/span><\/span><\/div>\n<section  class='av_textblock_section av-mky5l6j4-966ec84934c45a35281859a7dcfa9c8d '   itemscope=\"itemscope\" itemtype=\"https:\/\/schema.org\/CreativeWork\" ><div class='avia_textblock'  itemprop=\"text\" ><p>A <a href=\"https:\/\/gruasserrat.com\/ca\/\">Grues Serrat<\/a> som especialistes a oferir solucions d\u2019elevaci\u00f3 segures i eficients per a tot tipus de projectes. Gr\u00e0cies al nostre equip altament qualificat i a una flota moderna de grues, podem afrontar els diferents reptes del sector e\u00f2lic amb precisi\u00f3 i seguretat.<\/p>\n<\/div><\/section>\n\n<style type=\"text\/css\" data-created_by=\"avia_inline_auto\" id=\"style-css-av-mky5n6wf-cc4f0de6c494ada467090a87fa188ca0\">\n#top .togglecontainer.av-mky5n6wf-cc4f0de6c494ada467090a87fa188ca0 p.toggler.activeTitle{\ncolor:#83a846;\nborder-color:#83a846;\n}\n#top .togglecontainer.av-mky5n6wf-cc4f0de6c494ada467090a87fa188ca0 p.toggler .toggle_icon{\ncolor:#83a846;\nborder-color:#83a846;\n}\n#top .togglecontainer.av-mky5n6wf-cc4f0de6c494ada467090a87fa188ca0 p.toggler .toggle_icon > span{\ncolor:#83a846;\nborder-color:#83a846;\n}\n<\/style>\n<div  class='togglecontainer av-mky5n6wf-cc4f0de6c494ada467090a87fa188ca0  avia-builder-el-6  el_after_av_textblock  el_before_av_promobox  toggle_close_all' >\n<section class='av_toggle_section av-mky5m1lr-342b4b9162d767f472d26e8284964f4b'  itemscope=\"itemscope\" itemtype=\"https:\/\/schema.org\/CreativeWork\" ><div role=\"tablist\" class=\"single_toggle\" data-tags=\"{All} \"  ><p id='toggle-toggle-id-1' data-fake-id='#toggle-id-1' class='toggler  av-title-above '  itemprop=\"headline\"  role='tab' tabindex='0' aria-controls='toggle-id-1' data-slide-speed=\"200\" data-title=\"Lloguer de grues en el sector e\u00f2lic\" data-title-open=\"\" data-aria_collapsed=\"Click to expand: Lloguer de grues en el sector e\u00f2lic\" data-aria_expanded=\"Click to collapse: Lloguer de grues en el sector e\u00f2lic\">Lloguer de grues en el sector e\u00f2lic<span class=\"toggle_icon\"><span class=\"vert_icon\"><\/span><span class=\"hor_icon\"><\/span><\/span><\/p><div id='toggle-id-1' aria-labelledby='toggle-toggle-id-1' role='region' class='toggle_wrap  av-title-above'  ><div class='toggle_content invers-color '  itemprop=\"text\" ><p>El <strong>lloguer de grues<\/strong> \u00e9s fonamental per garantir l\u2019efici\u00e8ncia i la seguretat en els projectes e\u00f2lics. A Grues Serrat proporcionem <a href=\"https:\/\/gruasserrat.com\/ca\/grues-mobils\/\">maquin\u00e0ria adaptada<\/a> a cada necessitat, facilitant la instal\u00b7laci\u00f3 de turbines, torres i components pesants de manera r\u00e0pida i precisa.<\/p>\n<h3><strong>Avantatges del nostre servei de lloguer<\/strong><\/h3>\n<ul>\n<li><strong>Flota vers\u00e0til:<\/strong> disposem de grues m\u00f2bils de gran capacitat i equips especialitzats per a espais redu\u00efts.<\/li>\n<li><strong>Seguretat total:<\/strong> personal qualificat i compliment estricte de totes les normatives vigents.<\/li>\n<li><strong>Optimitzaci\u00f3 de temps:<\/strong> operacions m\u00e9s r\u00e0pides, reduint riscos i costos.<\/li>\n<\/ul>\n<p>Totes les nostres grues s\u00f3n operades per <strong>professionals amb una \u00e0mplia experi\u00e8ncia i formaci\u00f3 cont\u00ednua<\/strong>, sempre al dia de les innovacions del sector e\u00f2lic, per oferir un servei segur i eficient.<\/p>\n<\/div><\/div><\/div><\/section>\n<section class='av_toggle_section av-mky5mgiu-e949291ccf77eac4bb66f2ba19b5b99f'  itemscope=\"itemscope\" itemtype=\"https:\/\/schema.org\/CreativeWork\" ><div role=\"tablist\" class=\"single_toggle\" data-tags=\"{All} \"  ><p id='toggle-toggle-id-2' data-fake-id='#toggle-id-2' class='toggler  av-title-above '  itemprop=\"headline\"  role='tab' tabindex='0' aria-controls='toggle-id-2' data-slide-speed=\"200\" data-title=\"Serveis de Grues Serrat per a l\u2019energia e\u00f3lica\" data-title-open=\"\" data-aria_collapsed=\"Click to expand: Serveis de Grues Serrat per a l\u2019energia e\u00f3lica\" data-aria_expanded=\"Click to collapse: Serveis de Grues Serrat per a l\u2019energia e\u00f3lica\">Serveis de Grues Serrat per a l\u2019energia e\u00f3lica<span class=\"toggle_icon\"><span class=\"vert_icon\"><\/span><span class=\"hor_icon\"><\/span><\/span><\/p><div id='toggle-id-2' aria-labelledby='toggle-toggle-id-2' role='region' class='toggle_wrap  av-title-above'  ><div class='toggle_content invers-color '  itemprop=\"text\" ><p>Oferim <strong>solucions d\u2019elevaci\u00f3 completes<\/strong> adaptades a cada fase dels projectes e\u00f2lics, seleccionant sempre la <strong>grua m\u00e9s adequada<\/strong> segons les caracter\u00edstiques de cada treball.<\/p>\n<p><strong>Muntatge de turbines e\u00f2liques:<\/strong> elevaci\u00f3 i col\u00b7locaci\u00f3 de tots els components, des de les seccions de la torre fins a les pales.<\/p>\n<p><strong>Manteniment de parcs e\u00f2lics:<\/strong> grues disponibles per al manteniment preventiu i correctiu dels aerogeneradors.<\/p>\n<p>Les nostres solucions s\u00f3n sempre personalitzades, analitzant cada projecte per garantir la m\u00e0xima seguretat i efici\u00e8ncia.<\/p>\n<\/div><\/div><\/div><\/section>\n<section class='av_toggle_section av-mky5mw2d-444e4101613ecfab02ab3c970b6f8354'  itemscope=\"itemscope\" itemtype=\"https:\/\/schema.org\/CreativeWork\" ><div role=\"tablist\" class=\"single_toggle\" data-tags=\"{All} \"  ><p id='toggle-toggle-id-3' data-fake-id='#toggle-id-3' class='toggler  av-title-above '  itemprop=\"headline\"  role='tab' tabindex='0' aria-controls='toggle-id-3' data-slide-speed=\"200\" data-title=\"Beneficis de treballar amb Grues Serrat\" data-title-open=\"\" data-aria_collapsed=\"Click to expand: Beneficis de treballar amb Grues Serrat\" data-aria_expanded=\"Click to collapse: Beneficis de treballar amb Grues Serrat\">Beneficis de treballar amb Grues Serrat<span class=\"toggle_icon\"><span class=\"vert_icon\"><\/span><span class=\"hor_icon\"><\/span><\/span><\/p><div id='toggle-id-3' aria-labelledby='toggle-toggle-id-3' role='region' class='toggle_wrap  av-title-above'  ><div class='toggle_content invers-color '  itemprop=\"text\" ><p>En <strong>llogar una grua amb Grues Serrat<\/strong>, no nom\u00e9s tindr\u00e0s acc\u00e9s a equips d\u2019alta qualitat, sin\u00f3 tamb\u00e9 a <strong>operaris especialitzats<\/strong> i a un <strong>equip d\u2019enginyeria<\/strong> que planifica cada maniobra amb detall. D\u2019aquesta manera, redu\u00efm riscos i optimitzem els temps, alhora que els nostres clients compten amb l\u2019acompanyament dels millors professionals durant tota la vida del projecte.<\/p>\n<p>Amb <strong>Grues Serrat<\/strong>, el teu projecte e\u00f2lic avan\u00e7a amb seguretat, efici\u00e8ncia i la tranquil\u00b7litat de comptar amb experts en solucions d\u2019elevaci\u00f3. <a href=\"https:\/\/gruasserrat.com\/ca\/contacte-gruas-serrat\/\">Contacta amb els nostres<\/a> especialistes per a m\u00e9s informaci\u00f3.<\/p>\n<\/div><\/div><\/div><\/section>\n<\/div>\n\n<style type=\"text\/css\" data-created_by=\"avia_inline_auto\" id=\"style-css-av-juwcfg3y-1856d325be59656e249eea5c9cdd0407\">\n.av_promobox.av-juwcfg3y-1856d325be59656e249eea5c9cdd0407{\ncolor:#ffffff;\nbackground:#444444;\nborder-color:#333333;\n}\n<\/style>\n<div  class='av_promobox av-juwcfg3y-1856d325be59656e249eea5c9cdd0407 avia-button-yes  avia-builder-el-7  el_after_av_toggle_container  avia-builder-el-last '><div class='avia-promocontent'><p>\nNecessita els nostres serveis? Sol\u00b7liciti ara un pressupost<\/p>\n<\/div><div  class='avia-button-wrap av-juwcfg3y-db7950265f0f50320d68a3907614a170-wrap avia-button-right '><a href='https:\/\/gruasserrat.com\/ca\/contacte-gruas-serrat\/'  class='avia-button av-juwcfg3y-db7950265f0f50320d68a3907614a170 av-link-btn avia-icon_select-no avia-size-large avia-position-right avia-color-theme-color'   aria-label=\"CONTACTAR\"><span class='avia_iconbox_title' >CONTACTAR<\/span><\/a><\/div><\/div>\n","protected":false},"excerpt":{"rendered":"","protected":false},"author":4,"featured_media":1517,"parent":0,"menu_order":0,"comment_status":"closed","ping_status":"closed","template":"","meta":{"footnotes":""},"class_list":["post-1844","page","type-page","status-publish","has-post-thumbnail","hentry"],"yoast_head":"<!-- This site is optimized with the Yoast SEO plugin v27.4 - https:\/\/yoast.com\/product\/yoast-seo-wordpress\/ -->\n<title>Sector E\u00f2lic , Servicio de Gr\u00faas - Gruas Serrat<\/title>\n<meta name=\"description\" content=\"Amb el nostre servei de grues oferim solucions d\u2019elevaci\u00f3 adaptades a les diferents necessitats del sector e\u00f2lic, des del muntatge fins al manteniment.\" \/>\n<meta name=\"robots\" content=\"index, follow, max-snippet:-1, max-image-preview:large, max-video-preview:-1\" \/>\n<link rel=\"canonical\" href=\"https:\/\/gruasserrat.com\/ca\/servei-de-grues-sector-eolic\/\" \/>\n<meta property=\"og:locale\" content=\"ca_ES\" \/>\n<meta property=\"og:type\" content=\"article\" \/>\n<meta property=\"og:title\" content=\"Sector E\u00f2lic , Servicio de Gr\u00faas - Gruas Serrat\" \/>\n<meta property=\"og:description\" content=\"Amb el nostre servei de grues oferim solucions d\u2019elevaci\u00f3 adaptades a les diferents necessitats del sector e\u00f2lic, des del muntatge fins al manteniment.\" \/>\n<meta property=\"og:url\" content=\"https:\/\/gruasserrat.com\/ca\/servei-de-grues-sector-eolic\/\" \/>\n<meta property=\"og:site_name\" content=\"Gruas Serrat\" \/>\n<meta property=\"article:modified_time\" content=\"2026-01-28T15:05:31+00:00\" \/>\n<meta property=\"og:image\" content=\"https:\/\/gruasserrat.com\/wp-content\/uploads\/2019\/07\/falset1-e1562522628958.jpg\" \/>\n\t<meta property=\"og:image:width\" content=\"490\" \/>\n\t<meta property=\"og:image:height\" content=\"407\" \/>\n\t<meta property=\"og:image:type\" content=\"image\/jpeg\" \/>\n<meta name=\"twitter:card\" content=\"summary_large_image\" \/>\n<meta name=\"twitter:label1\" content=\"Temps estimat de lectura\" \/>\n\t<meta name=\"twitter:data1\" content=\"3 minuts\" \/>\n<script type=\"application\/ld+json\" class=\"yoast-schema-graph\">{\"@context\":\"https:\\\/\\\/schema.org\",\"@graph\":[{\"@type\":\"WebPage\",\"@id\":\"https:\\\/\\\/gruasserrat.com\\\/ca\\\/servei-de-grues-sector-eolic\\\/\",\"url\":\"https:\\\/\\\/gruasserrat.com\\\/ca\\\/servei-de-grues-sector-eolic\\\/\",\"name\":\"Sector E\u00f2lic , Servicio de Gr\u00faas - Gruas Serrat\",\"isPartOf\":{\"@id\":\"https:\\\/\\\/gruasserrat.com\\\/#website\"},\"primaryImageOfPage\":{\"@id\":\"https:\\\/\\\/gruasserrat.com\\\/ca\\\/servei-de-grues-sector-eolic\\\/#primaryimage\"},\"image\":{\"@id\":\"https:\\\/\\\/gruasserrat.com\\\/ca\\\/servei-de-grues-sector-eolic\\\/#primaryimage\"},\"thumbnailUrl\":\"https:\\\/\\\/gruasserrat.com\\\/wp-content\\\/uploads\\\/2019\\\/07\\\/falset1-e1562522628958.jpg\",\"datePublished\":\"2019-07-09T14:39:04+00:00\",\"dateModified\":\"2026-01-28T15:05:31+00:00\",\"description\":\"Amb el nostre servei de grues oferim solucions d\u2019elevaci\u00f3 adaptades a les diferents necessitats del sector e\u00f2lic, des del muntatge fins al manteniment.\",\"breadcrumb\":{\"@id\":\"https:\\\/\\\/gruasserrat.com\\\/ca\\\/servei-de-grues-sector-eolic\\\/#breadcrumb\"},\"inLanguage\":\"ca\",\"potentialAction\":[{\"@type\":\"ReadAction\",\"target\":[\"https:\\\/\\\/gruasserrat.com\\\/ca\\\/servei-de-grues-sector-eolic\\\/\"]}]},{\"@type\":\"ImageObject\",\"inLanguage\":\"ca\",\"@id\":\"https:\\\/\\\/gruasserrat.com\\\/ca\\\/servei-de-grues-sector-eolic\\\/#primaryimage\",\"url\":\"https:\\\/\\\/gruasserrat.com\\\/wp-content\\\/uploads\\\/2019\\\/07\\\/falset1-e1562522628958.jpg\",\"contentUrl\":\"https:\\\/\\\/gruasserrat.com\\\/wp-content\\\/uploads\\\/2019\\\/07\\\/falset1-e1562522628958.jpg\",\"width\":490,\"height\":407},{\"@type\":\"BreadcrumbList\",\"@id\":\"https:\\\/\\\/gruasserrat.com\\\/ca\\\/servei-de-grues-sector-eolic\\\/#breadcrumb\",\"itemListElement\":[{\"@type\":\"ListItem\",\"position\":1,\"name\":\"Portada\",\"item\":\"https:\\\/\\\/gruasserrat.com\\\/ca\\\/gruas-serrat\\\/\"},{\"@type\":\"ListItem\",\"position\":2,\"name\":\"E\u00f2lic\"}]},{\"@type\":\"WebSite\",\"@id\":\"https:\\\/\\\/gruasserrat.com\\\/#website\",\"url\":\"https:\\\/\\\/gruasserrat.com\\\/\",\"name\":\"Gruas Serrat\",\"description\":\"Alquiler de gr\u00faas I Lloguer de grues\",\"publisher\":{\"@id\":\"https:\\\/\\\/gruasserrat.com\\\/#organization\"},\"potentialAction\":[{\"@type\":\"SearchAction\",\"target\":{\"@type\":\"EntryPoint\",\"urlTemplate\":\"https:\\\/\\\/gruasserrat.com\\\/?s={search_term_string}\"},\"query-input\":{\"@type\":\"PropertyValueSpecification\",\"valueRequired\":true,\"valueName\":\"search_term_string\"}}],\"inLanguage\":\"ca\"},{\"@type\":\"Organization\",\"@id\":\"https:\\\/\\\/gruasserrat.com\\\/#organization\",\"name\":\"Gruas Serrat\",\"url\":\"https:\\\/\\\/gruasserrat.com\\\/\",\"logo\":{\"@type\":\"ImageObject\",\"inLanguage\":\"ca\",\"@id\":\"https:\\\/\\\/gruasserrat.com\\\/#\\\/schema\\\/logo\\\/image\\\/\",\"url\":\"https:\\\/\\\/gruasserrat.com\\\/wp-content\\\/uploads\\\/2019\\\/04\\\/logo-1-GS.png\",\"contentUrl\":\"https:\\\/\\\/gruasserrat.com\\\/wp-content\\\/uploads\\\/2019\\\/04\\\/logo-1-GS.png\",\"width\":416,\"height\":148,\"caption\":\"Gruas Serrat\"},\"image\":{\"@id\":\"https:\\\/\\\/gruasserrat.com\\\/#\\\/schema\\\/logo\\\/image\\\/\"}}]}<\/script>\n<!-- \/ Yoast SEO plugin. -->","yoast_head_json":{"title":"Sector E\u00f2lic , Servicio de Gr\u00faas - Gruas Serrat","description":"Amb el nostre servei de grues oferim solucions d\u2019elevaci\u00f3 adaptades a les diferents necessitats del sector e\u00f2lic, des del muntatge fins al manteniment.","robots":{"index":"index","follow":"follow","max-snippet":"max-snippet:-1","max-image-preview":"max-image-preview:large","max-video-preview":"max-video-preview:-1"},"canonical":"https:\/\/gruasserrat.com\/ca\/servei-de-grues-sector-eolic\/","og_locale":"ca_ES","og_type":"article","og_title":"Sector E\u00f2lic , Servicio de Gr\u00faas - Gruas Serrat","og_description":"Amb el nostre servei de grues oferim solucions d\u2019elevaci\u00f3 adaptades a les diferents necessitats del sector e\u00f2lic, des del muntatge fins al manteniment.","og_url":"https:\/\/gruasserrat.com\/ca\/servei-de-grues-sector-eolic\/","og_site_name":"Gruas Serrat","article_modified_time":"2026-01-28T15:05:31+00:00","og_image":[{"width":490,"height":407,"url":"https:\/\/gruasserrat.com\/wp-content\/uploads\/2019\/07\/falset1-e1562522628958.jpg","type":"image\/jpeg"}],"twitter_card":"summary_large_image","twitter_misc":{"Temps estimat de lectura":"3 minuts"},"schema":{"@context":"https:\/\/schema.org","@graph":[{"@type":"WebPage","@id":"https:\/\/gruasserrat.com\/ca\/servei-de-grues-sector-eolic\/","url":"https:\/\/gruasserrat.com\/ca\/servei-de-grues-sector-eolic\/","name":"Sector E\u00f2lic , Servicio de Gr\u00faas - Gruas Serrat","isPartOf":{"@id":"https:\/\/gruasserrat.com\/#website"},"primaryImageOfPage":{"@id":"https:\/\/gruasserrat.com\/ca\/servei-de-grues-sector-eolic\/#primaryimage"},"image":{"@id":"https:\/\/gruasserrat.com\/ca\/servei-de-grues-sector-eolic\/#primaryimage"},"thumbnailUrl":"https:\/\/gruasserrat.com\/wp-content\/uploads\/2019\/07\/falset1-e1562522628958.jpg","datePublished":"2019-07-09T14:39:04+00:00","dateModified":"2026-01-28T15:05:31+00:00","description":"Amb el nostre servei de grues oferim solucions d\u2019elevaci\u00f3 adaptades a les diferents necessitats del sector e\u00f2lic, des del muntatge fins al manteniment.","breadcrumb":{"@id":"https:\/\/gruasserrat.com\/ca\/servei-de-grues-sector-eolic\/#breadcrumb"},"inLanguage":"ca","potentialAction":[{"@type":"ReadAction","target":["https:\/\/gruasserrat.com\/ca\/servei-de-grues-sector-eolic\/"]}]},{"@type":"ImageObject","inLanguage":"ca","@id":"https:\/\/gruasserrat.com\/ca\/servei-de-grues-sector-eolic\/#primaryimage","url":"https:\/\/gruasserrat.com\/wp-content\/uploads\/2019\/07\/falset1-e1562522628958.jpg","contentUrl":"https:\/\/gruasserrat.com\/wp-content\/uploads\/2019\/07\/falset1-e1562522628958.jpg","width":490,"height":407},{"@type":"BreadcrumbList","@id":"https:\/\/gruasserrat.com\/ca\/servei-de-grues-sector-eolic\/#breadcrumb","itemListElement":[{"@type":"ListItem","position":1,"name":"Portada","item":"https:\/\/gruasserrat.com\/ca\/gruas-serrat\/"},{"@type":"ListItem","position":2,"name":"E\u00f2lic"}]},{"@type":"WebSite","@id":"https:\/\/gruasserrat.com\/#website","url":"https:\/\/gruasserrat.com\/","name":"Gruas Serrat","description":"Alquiler de gr\u00faas I Lloguer de grues","publisher":{"@id":"https:\/\/gruasserrat.com\/#organization"},"potentialAction":[{"@type":"SearchAction","target":{"@type":"EntryPoint","urlTemplate":"https:\/\/gruasserrat.com\/?s={search_term_string}"},"query-input":{"@type":"PropertyValueSpecification","valueRequired":true,"valueName":"search_term_string"}}],"inLanguage":"ca"},{"@type":"Organization","@id":"https:\/\/gruasserrat.com\/#organization","name":"Gruas Serrat","url":"https:\/\/gruasserrat.com\/","logo":{"@type":"ImageObject","inLanguage":"ca","@id":"https:\/\/gruasserrat.com\/#\/schema\/logo\/image\/","url":"https:\/\/gruasserrat.com\/wp-content\/uploads\/2019\/04\/logo-1-GS.png","contentUrl":"https:\/\/gruasserrat.com\/wp-content\/uploads\/2019\/04\/logo-1-GS.png","width":416,"height":148,"caption":"Gruas Serrat"},"image":{"@id":"https:\/\/gruasserrat.com\/#\/schema\/logo\/image\/"}}]}},"_links":{"self":[{"href":"https:\/\/gruasserrat.com\/ca\/wp-json\/wp\/v2\/pages\/1844","targetHints":{"allow":["GET"]}}],"collection":[{"href":"https:\/\/gruasserrat.com\/ca\/wp-json\/wp\/v2\/pages"}],"about":[{"href":"https:\/\/gruasserrat.com\/ca\/wp-json\/wp\/v2\/types\/page"}],"author":[{"embeddable":true,"href":"https:\/\/gruasserrat.com\/ca\/wp-json\/wp\/v2\/users\/4"}],"replies":[{"embeddable":true,"href":"https:\/\/gruasserrat.com\/ca\/wp-json\/wp\/v2\/comments?post=1844"}],"version-history":[{"count":5,"href":"https:\/\/gruasserrat.com\/ca\/wp-json\/wp\/v2\/pages\/1844\/revisions"}],"predecessor-version":[{"id":3283,"href":"https:\/\/gruasserrat.com\/ca\/wp-json\/wp\/v2\/pages\/1844\/revisions\/3283"}],"wp:featuredmedia":[{"embeddable":true,"href":"https:\/\/gruasserrat.com\/ca\/wp-json\/wp\/v2\/media\/1517"}],"wp:attachment":[{"href":"https:\/\/gruasserrat.com\/ca\/wp-json\/wp\/v2\/media?parent=1844"}],"curies":[{"name":"wp","href":"https:\/\/api.w.org\/{rel}","templated":true}]}}