{"id":1846,"date":"2019-05-30T14:17:01","date_gmt":"2019-05-30T13:17:01","guid":{"rendered":"https:\/\/gruasserrat.com\/formacion-curso-de-gruistas\/"},"modified":"2026-02-23T08:28:50","modified_gmt":"2026-02-23T07:28:50","slug":"formacio-curs-de-gruistes","status":"publish","type":"page","link":"https:\/\/gruasserrat.com\/ca\/formacio-curs-de-gruistes\/","title":{"rendered":"Formaci\u00f3 de gruistes"},"content":{"rendered":"\n<style type=\"text\/css\" data-created_by=\"avia_inline_auto\" id=\"style-css-av-6j8tyu-b351f5192eecde7eb6be91c8a9b0b680\">\n#top .av-special-heading.av-6j8tyu-b351f5192eecde7eb6be91c8a9b0b680{\npadding-bottom:10px;\n}\nbody .av-special-heading.av-6j8tyu-b351f5192eecde7eb6be91c8a9b0b680 .av-special-heading-tag .heading-char{\nfont-size:25px;\n}\n.av-special-heading.av-6j8tyu-b351f5192eecde7eb6be91c8a9b0b680 .av-subheading{\nfont-size:15px;\n}\n<\/style>\n<div  class='av-special-heading av-6j8tyu-b351f5192eecde7eb6be91c8a9b0b680 av-special-heading-h1 blockquote modern-quote modern-centered  avia-builder-el-0  el_before_av_hr  avia-builder-el-first '><h1 class='av-special-heading-tag '  itemprop=\"headline\"  >ESCOLA DE FORMACI\u00d3 OPERADOR DE GRUA<\/h1><div class=\"special-heading-border\"><div class=\"special-heading-inner-border\"><\/div><\/div><\/div>\n\n<style type=\"text\/css\" data-created_by=\"avia_inline_auto\" id=\"style-css-av-12i1gv-7fe22f403a95c9cee1eb2387355dd63e\">\n#top .hr.av-12i1gv-7fe22f403a95c9cee1eb2387355dd63e{\nmargin-top:5px;\nmargin-bottom:35px;\n}\n.hr.av-12i1gv-7fe22f403a95c9cee1eb2387355dd63e .hr-inner{\nwidth:50px;\nborder-color:#efbb20;\n}\n<\/style>\n<div  class='hr av-12i1gv-7fe22f403a95c9cee1eb2387355dd63e hr-custom  avia-builder-el-1  el_after_av_heading  el_before_av_heading  hr-center hr-icon-no'><span class='hr-inner inner-border-av-border-fat'><span class=\"hr-inner-style\"><\/span><\/span><\/div>\n\n<style type=\"text\/css\" data-created_by=\"avia_inline_auto\" id=\"style-css-av-4tkbp2-f6c55f71449d8974b14c1ad4d47762e2\">\n#top .av-special-heading.av-4tkbp2-f6c55f71449d8974b14c1ad4d47762e2{\npadding-bottom:10px;\n}\nbody .av-special-heading.av-4tkbp2-f6c55f71449d8974b14c1ad4d47762e2 .av-special-heading-tag .heading-char{\nfont-size:25px;\n}\n.av-special-heading.av-4tkbp2-f6c55f71449d8974b14c1ad4d47762e2 .av-subheading{\nfont-size:15px;\n}\n<\/style>\n<div  class='av-special-heading av-4tkbp2-f6c55f71449d8974b14c1ad4d47762e2 av-special-heading-h3 blockquote modern-quote modern-centered  avia-builder-el-2  el_after_av_hr  el_before_av_hr  av-linked-heading'><h3 class='av-special-heading-tag '  itemprop=\"headline\"  >RASIC &#8211; ED0074-CF001<\/h3><div class=\"special-heading-border\"><div class=\"special-heading-inner-border\"><\/div><\/div><\/div>\n\n<style type=\"text\/css\" data-created_by=\"avia_inline_auto\" id=\"style-css-av-jzzvxf5c-dabb5c1c36eaa9e2dabbecb61865cb55\">\n#top .hr.hr-invisible.av-jzzvxf5c-dabb5c1c36eaa9e2dabbecb61865cb55{\nheight:45px;\n}\n<\/style>\n<div  class='hr av-jzzvxf5c-dabb5c1c36eaa9e2dabbecb61865cb55 hr-invisible  avia-builder-el-3  el_after_av_heading  el_before_av_one_full '><span class='hr-inner '><span class=\"hr-inner-style\"><\/span><\/span><\/div>\n\n<style type=\"text\/css\" data-created_by=\"avia_inline_auto\" id=\"style-css-av-vlahc-dcfcb4b92945384c73c6f4f39a371562\">\n.flex_column.av-vlahc-dcfcb4b92945384c73c6f4f39a371562{\nborder-radius:0px 0px 0px 0px;\npadding:0px 0px 0px 0px;\n}\n<\/style>\n<div  class='flex_column av-vlahc-dcfcb4b92945384c73c6f4f39a371562 av_one_full  avia-builder-el-4  el_after_av_hr  el_before_av_one_third  first flex_column_div av-zero-column-padding  '     ><section  class='av_textblock_section av-jwrze1nc-87229773a8ed70d39addb464abb138a2 '   itemscope=\"itemscope\" itemtype=\"https:\/\/schema.org\/CreativeWork\" ><div class='avia_textblock'  itemprop=\"text\" ><h2>DESTINATARIS<\/h2>\n<p>Els nostres cursos d\u2019operador de <a href=\"https:\/\/gruasserrat.com\/ca\/grues-mobils\/\">grua m\u00f2bil<\/a> s\u2019adrecen a persones del sector de la construcci\u00f3 o d\u2019altres sectors que volen millorar les seves oportunitats professionals i assumir m\u00e9s responsabilitat operant grues m\u00f2bils. Tamb\u00e9 estan orientats a joves majors de 18 anys que busquen una professi\u00f3 amb futur.<\/p>\n<p>Requisits m\u00ednims:<\/p>\n<ul>\n<li>Ser major de 18 anys.<\/li>\n<li>T\u00edtol d\u2019ESO (o equivalents a efectes laborals).<\/li>\n<li>Aptituds f\u00edsiques i ps\u00edquiques adequades per a la manipulaci\u00f3 de la grua.<\/li>\n<\/ul>\n<\/div><\/section><br \/>\n\n<style type=\"text\/css\" data-created_by=\"avia_inline_auto\" id=\"style-css-av-jzzvxf5c-3-d174a29f90ee1e33c6f7f1730b6f6c8a\">\n#top .hr.hr-invisible.av-jzzvxf5c-3-d174a29f90ee1e33c6f7f1730b6f6c8a{\nheight:30px;\n}\n<\/style>\n<div  class='hr av-jzzvxf5c-3-d174a29f90ee1e33c6f7f1730b6f6c8a hr-invisible  avia-builder-el-6  el_after_av_textblock  el_before_av_textblock '><span class='hr-inner '><span class=\"hr-inner-style\"><\/span><\/span><\/div><br \/>\n<section  class='av_textblock_section av-jwrze1nc-2-7d02682e6052ffa66de5e98388bf08b1 '   itemscope=\"itemscope\" itemtype=\"https:\/\/schema.org\/CreativeWork\" ><div class='avia_textblock'  itemprop=\"text\" ><h2>OBJECTIUS<\/h2>\n<p>Els nostres <strong>cursos d\u2019operador de grua m\u00f2bil<\/strong> tenen com a objectiu dotar els alumnes de <strong>coneixements te\u00f2rics i pr\u00e0ctics<\/strong> per a la correcta manipulaci\u00f3 de grues m\u00f2bils i per a la superaci\u00f3 de l\u2019examen establert pel Departament de Seguretat i Ind\u00fastria de la Generalitat de Catalunya.<\/p>\n<p>Per assolir aquests objectius, els cursos s\u00f3n <strong>impartits per professionals<\/strong> altament qualificats i disposen de <strong>maquin\u00e0ria d\u2019\u00faltima generaci\u00f3<\/strong>, equipada amb els sistemes de seguretat m\u00e9s avan\u00e7ats.<\/p>\n<p>A m\u00e9s, el manual de formaci\u00f3, elaborat i actualitzat pel nostre equip, garanteix un aprenentatge complet i segur. Tot plegat es complementa amb el nostre <strong>simulador<\/strong>, que permet als alumnes practicar a qualsevol hora del dia, refor\u00e7ant l\u2019experi\u00e8ncia pr\u00e0ctica i la preparaci\u00f3 per a l\u2019examen oficial.<\/p>\n<\/div><\/section><\/p><\/div>\n\n<style type=\"text\/css\" data-created_by=\"avia_inline_auto\" id=\"style-css-av-krdg0-e3af2a24f4ae397d85ee9a9b85cc4a53\">\n.flex_column.av-krdg0-e3af2a24f4ae397d85ee9a9b85cc4a53{\nborder-radius:0px 0px 0px 0px;\npadding:0px 0px 0px 0px;\n}\n<\/style>\n<div  class='flex_column av-krdg0-e3af2a24f4ae397d85ee9a9b85cc4a53 av_one_third  avia-builder-el-8  el_after_av_one_full  el_before_av_one_third  first flex_column_div av-zero-column-padding  column-top-margin'     ><p>\n<style type=\"text\/css\" data-created_by=\"avia_inline_auto\" id=\"style-css-av-jzzvo7lm-fe578c1ba42dfb62ef3ed162167f6621\">\n.avia-image-container.av-jzzvo7lm-fe578c1ba42dfb62ef3ed162167f6621 img.avia_image{\nbox-shadow:none;\n}\n.avia-image-container.av-jzzvo7lm-fe578c1ba42dfb62ef3ed162167f6621 .av-image-caption-overlay-center{\ncolor:#ffffff;\n}\n<\/style>\n<div  class='avia-image-container av-jzzvo7lm-fe578c1ba42dfb62ef3ed162167f6621 av-styling- avia-align-center  avia-builder-el-9  el_before_av_textblock  avia-builder-el-first '   itemprop=\"image\" itemscope=\"itemscope\" itemtype=\"https:\/\/schema.org\/ImageObject\" ><div class=\"avia-image-container-inner\"><div class=\"avia-image-overlay-wrap\"><img decoding=\"async\" fetchpriority=\"high\" class='wp-image-1605 avia-img-lazy-loading-not-1605 avia_image ' src=\"https:\/\/gruasserrat.com\/wp-content\/uploads\/2019\/10\/escuela-formacion-gruistas-OGMA.jpg\" alt='' title='escuela-formacion-gruistas-OGMA'  height=\"900\" width=\"1200\"  itemprop=\"thumbnailUrl\" srcset=\"https:\/\/gruasserrat.com\/wp-content\/uploads\/2019\/10\/escuela-formacion-gruistas-OGMA.jpg 1200w, https:\/\/gruasserrat.com\/wp-content\/uploads\/2019\/10\/escuela-formacion-gruistas-OGMA-300x225.jpg 300w, https:\/\/gruasserrat.com\/wp-content\/uploads\/2019\/10\/escuela-formacion-gruistas-OGMA-768x576.jpg 768w, https:\/\/gruasserrat.com\/wp-content\/uploads\/2019\/10\/escuela-formacion-gruistas-OGMA-1030x773.jpg 1030w, https:\/\/gruasserrat.com\/wp-content\/uploads\/2019\/10\/escuela-formacion-gruistas-OGMA-705x529.jpg 705w, https:\/\/gruasserrat.com\/wp-content\/uploads\/2019\/10\/escuela-formacion-gruistas-OGMA-450x338.jpg 450w\" sizes=\"(max-width: 1200px) 100vw, 1200px\" \/><\/div><\/div><\/div><br \/>\n<section  class='av_textblock_section av-jzzvu0rt-a47a64a6b851816ba5db23f585490681 '   itemscope=\"itemscope\" itemtype=\"https:\/\/schema.org\/CreativeWork\" ><div class='avia_textblock'  itemprop=\"text\" ><p>Centre de Formaci\u00f3 de Gruistes<\/p>\n<\/div><\/section><\/p><\/div>\n\n<style type=\"text\/css\" data-created_by=\"avia_inline_auto\" id=\"style-css-av-g6sag-6a5227edbcb38aba7a8e180aef685eb7\">\n.flex_column.av-g6sag-6a5227edbcb38aba7a8e180aef685eb7{\nborder-radius:0px 0px 0px 0px;\npadding:0px 0px 0px 0px;\n}\n<\/style>\n<div  class='flex_column av-g6sag-6a5227edbcb38aba7a8e180aef685eb7 av_one_third  avia-builder-el-11  el_after_av_one_third  el_before_av_one_third  flex_column_div av-zero-column-padding  column-top-margin'     ><p>\n<style type=\"text\/css\" data-created_by=\"avia_inline_auto\" id=\"style-css-av-jzzvoraq-7f5fc5ca8b05e4a252ced63c55b67937\">\n.avia-image-container.av-jzzvoraq-7f5fc5ca8b05e4a252ced63c55b67937 img.avia_image{\nbox-shadow:none;\n}\n.avia-image-container.av-jzzvoraq-7f5fc5ca8b05e4a252ced63c55b67937 .av-image-caption-overlay-center{\ncolor:#ffffff;\n}\n<\/style>\n<div  class='avia-image-container av-jzzvoraq-7f5fc5ca8b05e4a252ced63c55b67937 av-styling- avia-align-center  avia-builder-el-12  el_before_av_textblock  avia-builder-el-first '   itemprop=\"image\" itemscope=\"itemscope\" itemtype=\"https:\/\/schema.org\/ImageObject\" ><div class=\"avia-image-container-inner\"><div class=\"avia-image-overlay-wrap\"><img decoding=\"async\" fetchpriority=\"high\" class='wp-image-1604 avia-img-lazy-loading-not-1604 avia_image ' src=\"https:\/\/gruasserrat.com\/wp-content\/uploads\/2019\/10\/Alumnos-escuela-formacion-gruistas.jpg\" alt='' title='Alumnos-escuela-formacion-gruistas'  height=\"900\" width=\"1200\"  itemprop=\"thumbnailUrl\" srcset=\"https:\/\/gruasserrat.com\/wp-content\/uploads\/2019\/10\/Alumnos-escuela-formacion-gruistas.jpg 1200w, https:\/\/gruasserrat.com\/wp-content\/uploads\/2019\/10\/Alumnos-escuela-formacion-gruistas-300x225.jpg 300w, https:\/\/gruasserrat.com\/wp-content\/uploads\/2019\/10\/Alumnos-escuela-formacion-gruistas-768x576.jpg 768w, https:\/\/gruasserrat.com\/wp-content\/uploads\/2019\/10\/Alumnos-escuela-formacion-gruistas-1030x773.jpg 1030w, https:\/\/gruasserrat.com\/wp-content\/uploads\/2019\/10\/Alumnos-escuela-formacion-gruistas-705x529.jpg 705w, https:\/\/gruasserrat.com\/wp-content\/uploads\/2019\/10\/Alumnos-escuela-formacion-gruistas-450x338.jpg 450w\" sizes=\"(max-width: 1200px) 100vw, 1200px\" \/><\/div><\/div><\/div><br \/>\n<section  class='av_textblock_section av-jzzvtsdx-a5fa72bbb1b332c55f06a5742ccd7b6c '   itemscope=\"itemscope\" itemtype=\"https:\/\/schema.org\/CreativeWork\" ><div class='avia_textblock'  itemprop=\"text\" ><p>Alumnes curs OGMA<\/p>\n<\/div><\/section><\/p><\/div>\n\n<style type=\"text\/css\" data-created_by=\"avia_inline_auto\" id=\"style-css-av-9r4s8-9a259255ae3ceb7ca203daabf7ef2049\">\n.flex_column.av-9r4s8-9a259255ae3ceb7ca203daabf7ef2049{\nborder-radius:0px 0px 0px 0px;\npadding:0px 0px 0px 0px;\n}\n<\/style>\n<div  class='flex_column av-9r4s8-9a259255ae3ceb7ca203daabf7ef2049 av_one_third  avia-builder-el-14  el_after_av_one_third  el_before_av_hr  flex_column_div av-zero-column-padding  column-top-margin'     ><p>\n<style type=\"text\/css\" data-created_by=\"avia_inline_auto\" id=\"style-css-av-jzzvoraq-1-b53362b2c717c91874ccbcdc978d5b44\">\n.avia-image-container.av-jzzvoraq-1-b53362b2c717c91874ccbcdc978d5b44 img.avia_image{\nbox-shadow:none;\n}\n.avia-image-container.av-jzzvoraq-1-b53362b2c717c91874ccbcdc978d5b44 .av-image-caption-overlay-center{\ncolor:#ffffff;\n}\n<\/style>\n<div  class='avia-image-container av-jzzvoraq-1-b53362b2c717c91874ccbcdc978d5b44 av-styling- avia-align-center  avia-builder-el-15  el_before_av_textblock  avia-builder-el-first '   itemprop=\"image\" itemscope=\"itemscope\" itemtype=\"https:\/\/schema.org\/ImageObject\" ><div class=\"avia-image-container-inner\"><div class=\"avia-image-overlay-wrap\"><img decoding=\"async\" fetchpriority=\"high\" class='wp-image-1575 avia-img-lazy-loading-not-1575 avia_image ' src=\"https:\/\/gruasserrat.com\/wp-content\/uploads\/2019\/09\/image5.jpeg\" alt='' title='Simulador con mandos Liebherr para clases practicas de manejo de gruas'  height=\"3024\" width=\"4032\"  itemprop=\"thumbnailUrl\" srcset=\"https:\/\/gruasserrat.com\/wp-content\/uploads\/2019\/09\/image5.jpeg 4032w, https:\/\/gruasserrat.com\/wp-content\/uploads\/2019\/09\/image5-300x225.jpeg 300w, https:\/\/gruasserrat.com\/wp-content\/uploads\/2019\/09\/image5-768x576.jpeg 768w, https:\/\/gruasserrat.com\/wp-content\/uploads\/2019\/09\/image5-1030x773.jpeg 1030w, https:\/\/gruasserrat.com\/wp-content\/uploads\/2019\/09\/image5-1500x1125.jpeg 1500w, https:\/\/gruasserrat.com\/wp-content\/uploads\/2019\/09\/image5-705x529.jpeg 705w, https:\/\/gruasserrat.com\/wp-content\/uploads\/2019\/09\/image5-450x338.jpeg 450w\" sizes=\"(max-width: 4032px) 100vw, 4032px\" \/><\/div><\/div><\/div><br \/>\n<section  class='av_textblock_section av-jzzvtdiu-530bdb7b6cad4b1f203486ef8ab01140 '   itemscope=\"itemscope\" itemtype=\"https:\/\/schema.org\/CreativeWork\" ><div class='avia_textblock'  itemprop=\"text\" ><p>Simulador utilizat per la formaci\u00f3<\/p>\n<\/div><\/section><\/p><\/div>\n\n<style type=\"text\/css\" data-created_by=\"avia_inline_auto\" id=\"style-css-av-mlhwss5o-790316dba46352c4fa81b6bfb791b09d\">\n#top .hr.hr-invisible.av-mlhwss5o-790316dba46352c4fa81b6bfb791b09d{\nmargin-top:0px;\nheight:1px;\n}\n<\/style>\n<div  class='hr av-mlhwss5o-790316dba46352c4fa81b6bfb791b09d hr-invisible  avia-builder-el-17  el_after_av_one_third  el_before_av_toggle_container '><span class='hr-inner '><span class=\"hr-inner-style\"><\/span><\/span><\/div>\n\n<style type=\"text\/css\" data-created_by=\"avia_inline_auto\" id=\"style-css-av-mlhws4gt-c641eed57059fef1b5cad450e0bfafca\">\n#top .togglecontainer.av-mlhws4gt-c641eed57059fef1b5cad450e0bfafca p.toggler.activeTitle{\ncolor:#83a846;\nborder-color:#83a846;\n}\n#top .togglecontainer.av-mlhws4gt-c641eed57059fef1b5cad450e0bfafca p.toggler .toggle_icon{\ncolor:#83a846;\nborder-color:#83a846;\n}\n#top .togglecontainer.av-mlhws4gt-c641eed57059fef1b5cad450e0bfafca p.toggler .toggle_icon > span{\ncolor:#83a846;\nborder-color:#83a846;\n}\n<\/style>\n<div  class='togglecontainer av-mlhws4gt-c641eed57059fef1b5cad450e0bfafca  avia-builder-el-18  el_after_av_hr  el_before_av_section  avia-builder-el-last  mi-acordeon .mi-acordeon toggle_close_all' >\n<section class='av_toggle_section av-mlhwqfe2-dad8dc988af30e39478baf4ace804e91'  itemscope=\"itemscope\" itemtype=\"https:\/\/schema.org\/CreativeWork\" ><div role=\"tablist\" class=\"single_toggle\" data-tags=\"{All} \"  ><p id='toggle-toggle-id-1' data-fake-id='#toggle-id-1' class='toggler  av-title-above '  itemprop=\"headline\"  role='tab' tabindex='0' aria-controls='toggle-id-1' data-slide-speed=\"200\" data-title=\"Qu\u00e8 necessites per ser operador de gr\u00faa\" data-title-open=\"\" data-aria_collapsed=\"Click to expand: Qu\u00e8 necessites per ser operador de gr\u00faa\" data-aria_expanded=\"Click to collapse: Qu\u00e8 necessites per ser operador de gr\u00faa\">Qu\u00e8 necessites per ser operador de gr\u00faa<span class=\"toggle_icon\"><span class=\"vert_icon\"><\/span><span class=\"hor_icon\"><\/span><\/span><\/p><div id='toggle-id-1' aria-labelledby='toggle-toggle-id-1' role='region' class='toggle_wrap  av-title-above'  ><div class='toggle_content invers-color '  itemprop=\"text\" ><p>Per ser operador de grua m\u00f2bil a Espanya cal complir una s\u00e8rie de requisits, a m\u00e9s de disposar de compet\u00e8ncies espec\u00edfiques, com ara:<\/p>\n<ul>\n<li><strong>Edat m\u00ednima:<\/strong> ser major de 18 anys.<\/li>\n<li><strong>Formaci\u00f3 b\u00e0sica:<\/strong> haver completat estudis b\u00e0sics d\u2019educaci\u00f3 secund\u00e0ria (o equivalents a efectes laborals).<\/li>\n<li><strong>Salut i condicions f\u00edsiques:<\/strong> bon estat de salut i visi\u00f3 adequada per manipular maquin\u00e0ria pesada de manera segura.<\/li>\n<li><strong>Formaci\u00f3 especialitzada i reglada:<\/strong> realitzar un curs d\u2019operador de grua m\u00f2bil que inclogui teoria, pr\u00e0ctiques amb simulador i maneig de grues reals.<\/li>\n<li><strong>Habilitats clau:<\/strong> capacitat de concentraci\u00f3, coordinaci\u00f3, responsabilitat i compliment estricte de les normes de seguretat.<\/li>\n<\/ul>\n<p>El compliment d\u2019aquests requisits et permetr\u00e0 operar grues m\u00f2bils de manera segura i professional i preparar-te per obtenir el carnet oficial d\u2019operador de grua.<\/p>\n<\/div><\/div><\/div><\/section>\n<section class='av_toggle_section av-mlhwqtao-51059c5a796db5fb3cae8698e938459e'  itemscope=\"itemscope\" itemtype=\"https:\/\/schema.org\/CreativeWork\" ><div role=\"tablist\" class=\"single_toggle\" data-tags=\"{All} \"  ><p id='toggle-toggle-id-2' data-fake-id='#toggle-id-2' class='toggler  av-title-above '  itemprop=\"headline\"  role='tab' tabindex='0' aria-controls='toggle-id-2' data-slide-speed=\"200\" data-title=\"Tipus de carnets de grua m\u00f3vil\" data-title-open=\"\" data-aria_collapsed=\"Click to expand: Tipus de carnets de grua m\u00f3vil\" data-aria_expanded=\"Click to collapse: Tipus de carnets de grua m\u00f3vil\">Tipus de carnets de grua m\u00f3vil<span class=\"toggle_icon\"><span class=\"vert_icon\"><\/span><span class=\"hor_icon\"><\/span><\/span><\/p><div id='toggle-id-2' aria-labelledby='toggle-toggle-id-2' role='region' class='toggle_wrap  av-title-above'  ><div class='toggle_content invers-color '  itemprop=\"text\" ><p>A Espanya existeixen dos carnets d\u2019operador de grua m\u00f2bil, que es divideixen en Tipus A i Tipus B, segons la capacitat de c\u00e0rrega de la grua que es pot operar:<\/p>\n<p><strong>Carnet Tipus A<\/strong><\/p>\n<ul>\n<li>Permet operar grues m\u00f2bils autopropulsades amb una c\u00e0rrega m\u00e0xima de fins a 130 tones.<\/li>\n<li>\u00c9s l\u2019habilitaci\u00f3 b\u00e0sica per a la majoria d\u2019operadors que s\u2019inicien en la construcci\u00f3 o la ind\u00fastria.<\/li>\n<li>Requereix completar un curs de formaci\u00f3 teoricopr\u00e0ctic i superar l\u2019examen oficial regulat per la Generalitat de Catalunya.<\/li>\n<\/ul>\n<p><strong>Carnet Tipus B<\/strong><\/p>\n<ul>\n<li>Autoritza a manejar grues m\u00f2bils autopropulsades de m\u00e9s de 130 tones de c\u00e0rrega.<\/li>\n<li>Habitualment requereix experi\u00e8ncia pr\u00e8via o disposar del Carnet Tipus A.<\/li>\n<li>Inclou formaci\u00f3 avan\u00e7ada espec\u00edfica per a la manipulaci\u00f3 de maquin\u00e0ria de gran tonatge amb total seguretat i responsabilitat.<\/li>\n<\/ul>\n<p>Ambd\u00f3s carnets garanteixen que l\u2019operador compleixi la normativa vigent de seguretat industrial, assegurant una operaci\u00f3 professional i legal de la grua m\u00f2bil en obres i entorns industrials.<\/p>\n<\/div><\/div><\/div><\/section>\n<section class='av_toggle_section av-mlhwr88k-9a1884c65ce919c5cb28d242c149254f'  itemscope=\"itemscope\" itemtype=\"https:\/\/schema.org\/CreativeWork\" ><div role=\"tablist\" class=\"single_toggle\" data-tags=\"{All} \"  ><p id='toggle-toggle-id-3' data-fake-id='#toggle-id-3' class='toggler  av-title-above '  itemprop=\"headline\"  role='tab' tabindex='0' aria-controls='toggle-id-3' data-slide-speed=\"200\" data-title=\"Escola de gruistes Grues Serrat\" data-title-open=\"\" data-aria_collapsed=\"Click to expand: Escola de gruistes Grues Serrat\" data-aria_expanded=\"Click to collapse: Escola de gruistes Grues Serrat\">Escola de gruistes Grues Serrat<span class=\"toggle_icon\"><span class=\"vert_icon\"><\/span><span class=\"hor_icon\"><\/span><\/span><\/p><div id='toggle-id-3' aria-labelledby='toggle-toggle-id-3' role='region' class='toggle_wrap  av-title-above'  ><div class='toggle_content invers-color '  itemprop=\"text\" ><p>A <a href=\"https:\/\/gruasserrat.com\/ca\/\">Grues Serrat<\/a> comptem amb m\u00e9s de 55 anys d\u2019experi\u00e8ncia en el sector de l\u2019elevaci\u00f3, i som referents a Catalunya en solucions integrals d\u2019elevaci\u00f3. Els nostres cursos combinen:<\/p>\n<ul>\n<li><strong>Professorat expert<\/strong>, amb una \u00e0mplia experi\u00e8ncia en el sector de l\u2019elevaci\u00f3.<\/li>\n<li><strong>Maquin\u00e0ria d\u2019\u00faltima generaci\u00f3<\/strong>: les grues m\u00f2bils amb qu\u00e8 s\u2019imparteixen els cursos disposen de la tecnologia m\u00e9s moderna i segura.<\/li>\n<li><strong>Simulador<\/strong>: eina pr\u00e0ctica perqu\u00e8 els alumnes puguin utilitzar-la a qualsevol hora del dia i refor\u00e7ar les seves habilitats abans d\u2019operar la maquin\u00e0ria real.<\/li>\n<li><strong>Manuals propis i actualitzats<\/strong>: material did\u00e0ctic complet, alineat amb la normativa vigent i desenvolupat pel nostre equip segons les normatives oficials.<\/li>\n<\/ul>\n<p>Al llarg de l\u2019any <strong>impartim diversos cursos de capacitaci\u00f3<\/strong> per a operadors de grua, des de l\u2019obtenci\u00f3 de carnets fins a cursos de reciclatge per a gruistes amb experi\u00e8ncia.<\/p>\n<p>Formar-te amb nosaltres et permetr\u00e0 obtenir el carnet oficial d\u2019operador de grua, millorar les teves oportunitats professionals i desenvolupar una professi\u00f3 segura i amb futur dins el sector de la construcci\u00f3.<\/p>\n<\/div><\/div><\/div><\/section>\n<\/div>\n<\/div><\/div><\/div><!-- close content main div --><\/div><\/div>\n<style type=\"text\/css\" data-created_by=\"avia_inline_auto\" id=\"style-css-av-1yf1n-4f7644165be641c4c600b14773258a05\">\n.avia-section.av-1yf1n-4f7644165be641c4c600b14773258a05 .av-parallax .av-parallax-inner{\nbackground-repeat:no-repeat;\nbackground-image:url(https:\/\/gruasserrat.com\/wp-content\/uploads\/2019\/04\/IMG_2483.jpg);\nbackground-position:50% 100%;\nbackground-attachment:scroll;\n}\n.avia-section.av-1yf1n-4f7644165be641c4c600b14773258a05 .av-section-color-overlay{\nopacity:0.9;\nbackground-color:#991418;\n}\n<\/style>\n<div id='av_section_1'  class='avia-section av-1yf1n-4f7644165be641c4c600b14773258a05 alternate_color avia-section-large avia-no-border-styling  avia-builder-el-19  el_after_av_toggle_container  avia-builder-el-last  av-parallax-section avia-bg-style-parallax av-section-color-overlay-active container_wrap sidebar_right'  data-section-bg-repeat='no-repeat'><div class='av-parallax' data-avia-parallax-ratio='0.3' ><div class='av-parallax-inner alternate_color avia-full-stretch'><\/div><\/div><div class=\"av-section-color-overlay-wrap\"><div class=\"av-section-color-overlay\"><\/div><div class='container av-section-cont-open' ><div class='template-page content  av-content-small alpha units'><div class='post-entry post-entry-type-page post-entry-1846'><div class='entry-content-wrapper clearfix'>\n\n<style type=\"text\/css\" data-created_by=\"avia_inline_auto\" id=\"style-css-av-35p6ti-a854bfefd40d97832af906659ec5818a\">\n#top .av-special-heading.av-35p6ti-a854bfefd40d97832af906659ec5818a{\npadding-bottom:0;\ncolor:#ffffff;\n}\nbody .av-special-heading.av-35p6ti-a854bfefd40d97832af906659ec5818a .av-special-heading-tag .heading-char{\nfont-size:25px;\n}\n.av-special-heading.av-35p6ti-a854bfefd40d97832af906659ec5818a .special-heading-inner-border{\nborder-color:#ffffff;\n}\n.av-special-heading.av-35p6ti-a854bfefd40d97832af906659ec5818a .av-subheading{\nfont-size:15px;\n}\n<\/style>\n<div  class='av-special-heading av-35p6ti-a854bfefd40d97832af906659ec5818a av-special-heading-h2 custom-color-heading blockquote modern-quote modern-centered  avia-builder-el-20  el_before_av_hr  avia-builder-el-first '><h2 class='av-special-heading-tag '  itemprop=\"headline\"  >SOL\u00b7LICITUD D\u2019INFORMACI\u00d3<\/h2><div class=\"special-heading-border\"><div class=\"special-heading-inner-border\"><\/div><\/div><\/div>\n\n<style type=\"text\/css\" data-created_by=\"avia_inline_auto\" id=\"style-css-av-12i1gv-4-03ac2c6914b3640f4ea5b510f7103753\">\n#top .hr.av-12i1gv-4-03ac2c6914b3640f4ea5b510f7103753{\nmargin-top:5px;\nmargin-bottom:35px;\n}\n.hr.av-12i1gv-4-03ac2c6914b3640f4ea5b510f7103753 .hr-inner{\nwidth:50px;\nborder-color:#efbb20;\n}\n<\/style>\n<div  class='hr av-12i1gv-4-03ac2c6914b3640f4ea5b510f7103753 hr-custom  avia-builder-el-21  el_after_av_heading  el_before_av_textblock  hr-center hr-icon-no'><span class='hr-inner inner-border-av-border-fat'><span class=\"hr-inner-style\"><\/span><\/span><\/div>\n\n<style type=\"text\/css\" data-created_by=\"avia_inline_auto\" id=\"style-css-av-kmxmiejd-0598cc13eaa0a13f8c8b14afac76a3b1\">\n#top .av_textblock_section.av-kmxmiejd-0598cc13eaa0a13f8c8b14afac76a3b1 .avia_textblock{\nfont-size:17px;\ncolor:#ffffff;\n}\n<\/style>\n<section  class='av_textblock_section av-kmxmiejd-0598cc13eaa0a13f8c8b14afac76a3b1 '   itemscope=\"itemscope\" itemtype=\"https:\/\/schema.org\/CreativeWork\" ><div class='avia_textblock av_inherit_color'  itemprop=\"text\" ><p style=\"text-align: center;\">En omplir el formulari ser\u00e0s dirigit a una nova p\u00e0gina on et podr\u00e0s descarregar el nostre Fullet\u00f3 Informatiu.<\/p>\n<p style=\"text-align: center;\">Rebr\u00e0s actualitzacions via mail sobre nous cursos i activitats.<\/p>\n<\/div><\/section>\n\n<style type=\"text\/css\" data-created_by=\"avia_inline_auto\" id=\"style-css-av-kmxmgufj-56cdbed006aa8b911a7934ce759101e3\">\n#top .hr.hr-invisible.av-kmxmgufj-56cdbed006aa8b911a7934ce759101e3{\nheight:40px;\n}\n<\/style>\n<div  class='hr av-kmxmgufj-56cdbed006aa8b911a7934ce759101e3 hr-invisible  avia-builder-el-23  el_after_av_textblock  el_before_av_contact '><span class='hr-inner '><span class=\"hr-inner-style\"><\/span><\/span><\/div>\n<form action=\"https:\/\/gruasserrat.com\/ca\/formacio-curs-de-gruistes\/\" method=\"post\" data-fields-with-error=\"Found errors in the following field(s):\" class=\"avia_ajax_form av-form-labels-hidden   avia-builder-el-24  el_after_av_hr  avia-builder-el-last  av-custom-form-color av-light-form \" data-avia-form-id=\"1\" data-avia-redirect='https:\/\/gruasserrat.com\/ca\/actuacions-simboliques-camio-grua-i-altres\/' ><h3 class=''>Sol\u00b7licita informaci\u00f3 sobre els cursos d\u2019operador de grua m\u00f2bil <\/h3><fieldset><p class='  first_form  form_element form_element_half' id='element_avia_1_1'><label for=\"avia_1_1\">Nom <abbr class=\"required\" title=\"obligatori\">*<\/abbr><\/label> <input name=\"avia_1_1\" class=\"text_input is_empty\" type=\"text\" id=\"avia_1_1\" value=\"\"  placeholder='Nom*'\/><\/p><p class='  form_element form_element_half' id='element_avia_2_1'><label for=\"avia_2_1\">email <abbr class=\"required\" title=\"obligatori\">*<\/abbr><\/label> <input name=\"avia_2_1\" class=\"text_input is_email\" type=\"text\" id=\"avia_2_1\" value=\"\"  placeholder='email*'\/><\/p><p class='  first_form  form_element form_element_half' id='element_avia_3_1'><label for=\"avia_3_1\">Poblaci\u00f3 <abbr class=\"required\" title=\"obligatori\">*<\/abbr><\/label> <input name=\"avia_3_1\" class=\"text_input is_empty\" type=\"text\" id=\"avia_3_1\" value=\"\"  placeholder='Poblaci\u00f3*'\/><\/p><p class='  form_element form_element_half' id='element_avia_4_1'><label for=\"avia_4_1\">Tel\u00e8fon <abbr class=\"required\" title=\"obligatori\">*<\/abbr><\/label> <input name=\"avia_4_1\" class=\"text_input is_phone\" type=\"text\" id=\"avia_4_1\" value=\"\"  placeholder='Tel\u00e8fon*'\/><\/p><p class=\"hidden\"><input type=\"text\" name=\"avia_5_1\" class=\"hidden \" id=\"avia_5_1\" value=\"\" \/><\/p><p class='   form_element form_fullwidth av-last-visible-form-element' id='element_avia_6_1'><span class='value_verifier_label'>2 + 5 = ?<\/span><input name=\"avia_6_1_verifier\" type=\"hidden\" id=\"avia_6_1_verifier\" value=\"144425716\"\/><label for=\"avia_6_1\">Per a m\u00e9s seguretat, respon a la seg\u00fcent pregunta <abbr class=\"required\" title=\"obligatori\">*<\/abbr><\/label><input name=\"avia_6_1\" class=\"text_input captcha\" type=\"text\" id=\"avia_6_1\" value=\"\"\/><\/p><p class=' av_form_privacy_check av_contact_privacy_check first_form  form_element form_fullwidth' id='element_avia_7_1'><input  name=\"avia_7_1\" class=\"input_checkbox is_empty\" type=\"checkbox\" id=\"avia_7_1\" value=\"true\"\/><label class=\"input_checkbox_label\" for=\"avia_7_1\">He llegit i accepto la <a href='https:\/\/gruasserrat.com\/ca\/politica-de-privacidesa\/' target='_blank'>Pol\u00edtica de Privadesa<\/a> <abbr class=\"required\" title=\"obligatori\">*<\/abbr><\/label><\/p><p class=\"form_element \"><input type=\"hidden\" value=\"1\" name=\"avia_generated_form1\" \/><input type=\"submit\" value=\"Enviar\" class=\"button\"  data-sending-label=\"Enviant\"\/><\/p><\/fieldset><\/form><div id=\"ajaxresponse_1\" class=\"ajaxresponse ajaxresponse_1 hidden\"><\/div>\n<\/div><\/div><\/div><!-- close content main div --><\/div><\/div><\/div><div id='after_section_1'  class='main_color av_default_container_wrap container_wrap sidebar_right'  ><div class='container av-section-cont-open' ><div class='template-page content  av-content-small alpha units'><div class='post-entry post-entry-type-page post-entry-1846'><div class='entry-content-wrapper clearfix'>\n","protected":false},"excerpt":{"rendered":"","protected":false},"author":4,"featured_media":0,"parent":0,"menu_order":0,"comment_status":"closed","ping_status":"closed","template":"","meta":{"footnotes":""},"class_list":["post-1846","page","type-page","status-publish","hentry"],"yoast_head":"<!-- This site is optimized with the Yoast SEO plugin v27.4 - https:\/\/yoast.com\/product\/yoast-seo-wordpress\/ -->\n<title>Formaci\u00f3 de gruistes - Gruas Serrat<\/title>\n<meta name=\"description\" content=\"El curs d\u2019operador de grua m\u00f2bil o \u201cCurs de gruista\u201d, com es coneix popularment, est\u00e0 dirigit a persones del sector de la construcci\u00f3 que volen millorar les seves aspiracions professionals i incrementar la seva responsabilitat manipulant una grua m\u00f2bil.\" \/>\n<meta name=\"robots\" content=\"index, follow, max-snippet:-1, max-image-preview:large, max-video-preview:-1\" \/>\n<link rel=\"canonical\" href=\"https:\/\/gruasserrat.com\/ca\/formacio-curs-de-gruistes\/\" \/>\n<meta property=\"og:locale\" content=\"ca_ES\" \/>\n<meta property=\"og:type\" content=\"article\" \/>\n<meta property=\"og:title\" content=\"Formaci\u00f3 de gruistes - Gruas Serrat\" \/>\n<meta property=\"og:description\" content=\"El curs d\u2019operador de grua m\u00f2bil o \u201cCurs de gruista\u201d, com es coneix popularment, est\u00e0 dirigit a persones del sector de la construcci\u00f3 que volen millorar les seves aspiracions professionals i incrementar la seva responsabilitat manipulant una grua m\u00f2bil.\" \/>\n<meta property=\"og:url\" content=\"https:\/\/gruasserrat.com\/ca\/formacio-curs-de-gruistes\/\" \/>\n<meta property=\"og:site_name\" content=\"Gruas Serrat\" \/>\n<meta property=\"article:modified_time\" content=\"2026-02-23T07:28:50+00:00\" \/>\n<meta name=\"twitter:card\" content=\"summary_large_image\" \/>\n<meta name=\"twitter:label1\" content=\"Temps estimat de lectura\" \/>\n\t<meta name=\"twitter:data1\" content=\"4 minuts\" \/>\n<script type=\"application\/ld+json\" class=\"yoast-schema-graph\">{\"@context\":\"https:\\\/\\\/schema.org\",\"@graph\":[{\"@type\":\"WebPage\",\"@id\":\"https:\\\/\\\/gruasserrat.com\\\/ca\\\/formacio-curs-de-gruistes\\\/\",\"url\":\"https:\\\/\\\/gruasserrat.com\\\/ca\\\/formacio-curs-de-gruistes\\\/\",\"name\":\"Formaci\u00f3 de gruistes - Gruas Serrat\",\"isPartOf\":{\"@id\":\"https:\\\/\\\/gruasserrat.com\\\/#website\"},\"datePublished\":\"2019-05-30T13:17:01+00:00\",\"dateModified\":\"2026-02-23T07:28:50+00:00\",\"description\":\"El curs d\u2019operador de grua m\u00f2bil o \u201cCurs de gruista\u201d, com es coneix popularment, est\u00e0 dirigit a persones del sector de la construcci\u00f3 que volen millorar les seves aspiracions professionals i incrementar la seva responsabilitat manipulant una grua m\u00f2bil.\",\"breadcrumb\":{\"@id\":\"https:\\\/\\\/gruasserrat.com\\\/ca\\\/formacio-curs-de-gruistes\\\/#breadcrumb\"},\"inLanguage\":\"ca\",\"potentialAction\":[{\"@type\":\"ReadAction\",\"target\":[\"https:\\\/\\\/gruasserrat.com\\\/ca\\\/formacio-curs-de-gruistes\\\/\"]}]},{\"@type\":\"BreadcrumbList\",\"@id\":\"https:\\\/\\\/gruasserrat.com\\\/ca\\\/formacio-curs-de-gruistes\\\/#breadcrumb\",\"itemListElement\":[{\"@type\":\"ListItem\",\"position\":1,\"name\":\"Portada\",\"item\":\"https:\\\/\\\/gruasserrat.com\\\/ca\\\/gruas-serrat\\\/\"},{\"@type\":\"ListItem\",\"position\":2,\"name\":\"Formaci\u00f3 de gruistes\"}]},{\"@type\":\"WebSite\",\"@id\":\"https:\\\/\\\/gruasserrat.com\\\/#website\",\"url\":\"https:\\\/\\\/gruasserrat.com\\\/\",\"name\":\"Gruas Serrat\",\"description\":\"Alquiler de gr\u00faas I Lloguer de grues\",\"publisher\":{\"@id\":\"https:\\\/\\\/gruasserrat.com\\\/#organization\"},\"potentialAction\":[{\"@type\":\"SearchAction\",\"target\":{\"@type\":\"EntryPoint\",\"urlTemplate\":\"https:\\\/\\\/gruasserrat.com\\\/?s={search_term_string}\"},\"query-input\":{\"@type\":\"PropertyValueSpecification\",\"valueRequired\":true,\"valueName\":\"search_term_string\"}}],\"inLanguage\":\"ca\"},{\"@type\":\"Organization\",\"@id\":\"https:\\\/\\\/gruasserrat.com\\\/#organization\",\"name\":\"Gruas Serrat\",\"url\":\"https:\\\/\\\/gruasserrat.com\\\/\",\"logo\":{\"@type\":\"ImageObject\",\"inLanguage\":\"ca\",\"@id\":\"https:\\\/\\\/gruasserrat.com\\\/#\\\/schema\\\/logo\\\/image\\\/\",\"url\":\"https:\\\/\\\/gruasserrat.com\\\/wp-content\\\/uploads\\\/2019\\\/04\\\/logo-1-GS.png\",\"contentUrl\":\"https:\\\/\\\/gruasserrat.com\\\/wp-content\\\/uploads\\\/2019\\\/04\\\/logo-1-GS.png\",\"width\":416,\"height\":148,\"caption\":\"Gruas Serrat\"},\"image\":{\"@id\":\"https:\\\/\\\/gruasserrat.com\\\/#\\\/schema\\\/logo\\\/image\\\/\"}}]}<\/script>\n<!-- \/ Yoast SEO plugin. -->","yoast_head_json":{"title":"Formaci\u00f3 de gruistes - Gruas Serrat","description":"El curs d\u2019operador de grua m\u00f2bil o \u201cCurs de gruista\u201d, com es coneix popularment, est\u00e0 dirigit a persones del sector de la construcci\u00f3 que volen millorar les seves aspiracions professionals i incrementar la seva responsabilitat manipulant una grua m\u00f2bil.","robots":{"index":"index","follow":"follow","max-snippet":"max-snippet:-1","max-image-preview":"max-image-preview:large","max-video-preview":"max-video-preview:-1"},"canonical":"https:\/\/gruasserrat.com\/ca\/formacio-curs-de-gruistes\/","og_locale":"ca_ES","og_type":"article","og_title":"Formaci\u00f3 de gruistes - Gruas Serrat","og_description":"El curs d\u2019operador de grua m\u00f2bil o \u201cCurs de gruista\u201d, com es coneix popularment, est\u00e0 dirigit a persones del sector de la construcci\u00f3 que volen millorar les seves aspiracions professionals i incrementar la seva responsabilitat manipulant una grua m\u00f2bil.","og_url":"https:\/\/gruasserrat.com\/ca\/formacio-curs-de-gruistes\/","og_site_name":"Gruas Serrat","article_modified_time":"2026-02-23T07:28:50+00:00","twitter_card":"summary_large_image","twitter_misc":{"Temps estimat de lectura":"4 minuts"},"schema":{"@context":"https:\/\/schema.org","@graph":[{"@type":"WebPage","@id":"https:\/\/gruasserrat.com\/ca\/formacio-curs-de-gruistes\/","url":"https:\/\/gruasserrat.com\/ca\/formacio-curs-de-gruistes\/","name":"Formaci\u00f3 de gruistes - Gruas Serrat","isPartOf":{"@id":"https:\/\/gruasserrat.com\/#website"},"datePublished":"2019-05-30T13:17:01+00:00","dateModified":"2026-02-23T07:28:50+00:00","description":"El curs d\u2019operador de grua m\u00f2bil o \u201cCurs de gruista\u201d, com es coneix popularment, est\u00e0 dirigit a persones del sector de la construcci\u00f3 que volen millorar les seves aspiracions professionals i incrementar la seva responsabilitat manipulant una grua m\u00f2bil.","breadcrumb":{"@id":"https:\/\/gruasserrat.com\/ca\/formacio-curs-de-gruistes\/#breadcrumb"},"inLanguage":"ca","potentialAction":[{"@type":"ReadAction","target":["https:\/\/gruasserrat.com\/ca\/formacio-curs-de-gruistes\/"]}]},{"@type":"BreadcrumbList","@id":"https:\/\/gruasserrat.com\/ca\/formacio-curs-de-gruistes\/#breadcrumb","itemListElement":[{"@type":"ListItem","position":1,"name":"Portada","item":"https:\/\/gruasserrat.com\/ca\/gruas-serrat\/"},{"@type":"ListItem","position":2,"name":"Formaci\u00f3 de gruistes"}]},{"@type":"WebSite","@id":"https:\/\/gruasserrat.com\/#website","url":"https:\/\/gruasserrat.com\/","name":"Gruas Serrat","description":"Alquiler de gr\u00faas I Lloguer de grues","publisher":{"@id":"https:\/\/gruasserrat.com\/#organization"},"potentialAction":[{"@type":"SearchAction","target":{"@type":"EntryPoint","urlTemplate":"https:\/\/gruasserrat.com\/?s={search_term_string}"},"query-input":{"@type":"PropertyValueSpecification","valueRequired":true,"valueName":"search_term_string"}}],"inLanguage":"ca"},{"@type":"Organization","@id":"https:\/\/gruasserrat.com\/#organization","name":"Gruas Serrat","url":"https:\/\/gruasserrat.com\/","logo":{"@type":"ImageObject","inLanguage":"ca","@id":"https:\/\/gruasserrat.com\/#\/schema\/logo\/image\/","url":"https:\/\/gruasserrat.com\/wp-content\/uploads\/2019\/04\/logo-1-GS.png","contentUrl":"https:\/\/gruasserrat.com\/wp-content\/uploads\/2019\/04\/logo-1-GS.png","width":416,"height":148,"caption":"Gruas Serrat"},"image":{"@id":"https:\/\/gruasserrat.com\/#\/schema\/logo\/image\/"}}]}},"_links":{"self":[{"href":"https:\/\/gruasserrat.com\/ca\/wp-json\/wp\/v2\/pages\/1846","targetHints":{"allow":["GET"]}}],"collection":[{"href":"https:\/\/gruasserrat.com\/ca\/wp-json\/wp\/v2\/pages"}],"about":[{"href":"https:\/\/gruasserrat.com\/ca\/wp-json\/wp\/v2\/types\/page"}],"author":[{"embeddable":true,"href":"https:\/\/gruasserrat.com\/ca\/wp-json\/wp\/v2\/users\/4"}],"replies":[{"embeddable":true,"href":"https:\/\/gruasserrat.com\/ca\/wp-json\/wp\/v2\/comments?post=1846"}],"version-history":[{"count":19,"href":"https:\/\/gruasserrat.com\/ca\/wp-json\/wp\/v2\/pages\/1846\/revisions"}],"predecessor-version":[{"id":3411,"href":"https:\/\/gruasserrat.com\/ca\/wp-json\/wp\/v2\/pages\/1846\/revisions\/3411"}],"wp:attachment":[{"href":"https:\/\/gruasserrat.com\/ca\/wp-json\/wp\/v2\/media?parent=1846"}],"curies":[{"name":"wp","href":"https:\/\/api.w.org\/{rel}","templated":true}]}}