{"id":1868,"date":"2019-07-18T11:55:49","date_gmt":"2019-07-18T10:55:49","guid":{"rendered":"https:\/\/gruasserrat.com\/gruas-especiales-telescopica\/"},"modified":"2026-02-03T16:45:49","modified_gmt":"2026-02-03T15:45:49","slug":"grues-especials-telescopica","status":"publish","type":"page","link":"https:\/\/gruasserrat.com\/ca\/grues-especials-telescopica\/","title":{"rendered":"Grues Especials"},"content":{"rendered":"\n<style type=\"text\/css\" data-created_by=\"avia_inline_auto\" id=\"style-css-av-k2z3lway-154e92d2c2fc44c5fb65bc86d9d0d505\">\n#top .av-special-heading.av-k2z3lway-154e92d2c2fc44c5fb65bc86d9d0d505{\npadding-bottom:10px;\n}\nbody .av-special-heading.av-k2z3lway-154e92d2c2fc44c5fb65bc86d9d0d505 .av-special-heading-tag .heading-char{\nfont-size:25px;\n}\n.av-special-heading.av-k2z3lway-154e92d2c2fc44c5fb65bc86d9d0d505 .av-subheading{\nfont-size:15px;\n}\n<\/style>\n<div  class='av-special-heading av-k2z3lway-154e92d2c2fc44c5fb65bc86d9d0d505 av-special-heading-h2 blockquote modern-quote modern-centered  avia-builder-el-0  el_before_av_hr  avia-builder-el-first '><h2 class='av-special-heading-tag '  itemprop=\"headline\"  >GRUES ESPECIALS<\/h2><div class=\"special-heading-border\"><div class=\"special-heading-inner-border\"><\/div><\/div><\/div>\n\n<style type=\"text\/css\" data-created_by=\"avia_inline_auto\" id=\"style-css-av-12i1gv-7fe22f403a95c9cee1eb2387355dd63e\">\n#top .hr.av-12i1gv-7fe22f403a95c9cee1eb2387355dd63e{\nmargin-top:5px;\nmargin-bottom:35px;\n}\n.hr.av-12i1gv-7fe22f403a95c9cee1eb2387355dd63e .hr-inner{\nwidth:50px;\nborder-color:#efbb20;\n}\n<\/style>\n<div  class='hr av-12i1gv-7fe22f403a95c9cee1eb2387355dd63e hr-custom  avia-builder-el-1  el_after_av_heading  el_before_av_one_full  hr-center hr-icon-no'><span class='hr-inner inner-border-av-border-fat'><span class=\"hr-inner-style\"><\/span><\/span><\/div>\n\n<style type=\"text\/css\" data-created_by=\"avia_inline_auto\" id=\"style-css-av-bbjjj-32979a770571b70bc50d4734dd9f1ccc\">\n.flex_column.av-bbjjj-32979a770571b70bc50d4734dd9f1ccc{\nborder-radius:0px 0px 0px 0px;\npadding:0px 0px 0px 0px;\n}\n<\/style>\n<div  class='flex_column av-bbjjj-32979a770571b70bc50d4734dd9f1ccc av_one_full  avia-builder-el-2  el_after_av_hr  el_before_av_hr  first flex_column_div av-zero-column-padding  '     ><div  id=\"av-sc-portfolio-1\"  class=\"av-portfolio-grid-sorting-container\"><div class='sort_width_container  av-sort-yes' data-portfolio-id='1' ><div id='js_sort_items' ><div class='sort_by_cat hidden'><a href=\"#\" data-filter=\"all_sort\" class=\"all_sort_button active_sort\"><span class=\"inner_sort_button\"><span>All<\/span><small class=\"av-cat-count\"> 4 <\/small><\/span><\/a><span class=\"text-sep grues-especials-ca_sort_sep\">\/<\/span><a href=\"#\" data-filter=\"grues-especials-ca_sort\" class=\"grues-especials-ca_sort_button\" ><span class=\"inner_sort_button\"><span>Grues Especials<\/span><small class=\"av-cat-count\"> 4 <\/small><\/span><\/a><\/div><\/div><\/div><div  class=' grid-sort-container isotope   no_margin-container with-title-container grid-total-even grid-col-4 grid-links-' data-portfolio-id='1'><div data-ajax-id='1664' class=' grid-entry flex_column isotope-item all_sort no_margin post-entry post-entry-1664 grid-entry-overview grid-loop-1 grid-parity-odd  grues-especials-ca_sort  av_one_fourth first default_av_fullwidth '><article class='main_color inner-entry'  itemscope=\"itemscope\" itemtype=\"https:\/\/schema.org\/CreativeWork\" ><a href=\"https:\/\/gruasserrat.com\/ca\/portfolio-item\/grua-liebherr-mk-88-grua-de-construccio-mobil\/\" title='GRUA LIEBHERR MK 88 &#8211; GRUA DE CONSTRUCCI\u00d3 M\u00d2BIL'  data-rel='grid-1' class='grid-image avia-hover-fx'> <img decoding=\"async\" fetchpriority=\"high\" width=\"260\" height=\"185\" src=\"https:\/\/gruasserrat.com\/wp-content\/uploads\/2019\/07\/gruas-gran-tonaje-260x185.jpg\" class=\"wp-image-1554 avia-img-lazy-loading-not-1554 attachment-portfolio_small size-portfolio_small wp-post-image\" alt=\"\" \/><\/a><div class='grid-content'><div class='avia-arrow'><\/div><header class=\"entry-content-header\" aria-label=\"Portfolio: GRUA LIEBHERR MK 88 &#8211; GRUA DE CONSTRUCCI\u00d3 M\u00d2BIL\"><h3 class='grid-entry-title entry-title '  itemprop=\"headline\" ><a href='https:\/\/gruasserrat.com\/ca\/portfolio-item\/grua-liebherr-mk-88-grua-de-construccio-mobil\/' title='GRUA LIEBHERR MK 88 &#8211; GRUA DE CONSTRUCCI\u00d3 M\u00d2BIL'>GRUA LIEBHERR MK 88 &#8211; GRUA DE CONSTRUCCI\u00d3 M\u00d2BIL<\/a><\/h3><\/header><\/div><footer class=\"entry-footer\"><\/footer><\/article><\/div><div data-ajax-id='1660' class=' grid-entry flex_column isotope-item all_sort no_margin post-entry post-entry-1660 grid-entry-overview grid-loop-2 grid-parity-even  grues-especials-ca_sort  av_one_fourth  default_av_fullwidth '><article class='main_color inner-entry'  itemscope=\"itemscope\" itemtype=\"https:\/\/schema.org\/CreativeWork\" ><a href=\"https:\/\/gruasserrat.com\/ca\/portfolio-item\/grua-derrick-jaso-j1920-dc\/\" title='Grua Derrick Jasso per a treballs fins a 250 m al\u00e7ada'  data-rel='grid-1' class='grid-image avia-hover-fx'> <img decoding=\"async\" fetchpriority=\"high\" width=\"260\" height=\"185\" src=\"https:\/\/gruasserrat.com\/wp-content\/uploads\/2019\/08\/DERRICK-a-la-torre-Maphre-260x185.jpg\" class=\"wp-image-1568 avia-img-lazy-loading-not-1568 attachment-portfolio_small size-portfolio_small wp-post-image\" alt=\"\" \/><\/a><div class='grid-content'><div class='avia-arrow'><\/div><header class=\"entry-content-header\" aria-label=\"Portfolio: Grua Derrick Jasso per a treballs fins a 250 m al\u00e7ada\"><h3 class='grid-entry-title entry-title '  itemprop=\"headline\" ><a href='https:\/\/gruasserrat.com\/ca\/portfolio-item\/grua-derrick-jaso-j1920-dc\/' title='Grua Derrick Jasso per a treballs fins a 250 m al\u00e7ada'>Grua Derrick Jasso per a treballs fins a 250 m al\u00e7ada<\/a><\/h3><\/header><\/div><footer class=\"entry-footer\"><\/footer><\/article><\/div><div data-ajax-id='2833' class=' grid-entry flex_column isotope-item all_sort no_margin post-entry post-entry-2833 grid-entry-overview grid-loop-3 grid-parity-odd  grues-especials-ca_sort  av_one_fourth  default_av_fullwidth '><article class='main_color inner-entry'  itemscope=\"itemscope\" itemtype=\"https:\/\/schema.org\/CreativeWork\" ><a href=\"https:\/\/gruasserrat.com\/ca\/portfolio-item\/mk-140\/\" title='Liebherr MK 140 Plus &#8211; Grua de construcci\u00f3 m\u00f2bil'  data-rel='grid-1' class='grid-image avia-hover-fx'> <img decoding=\"async\" fetchpriority=\"high\" width=\"260\" height=\"185\" src=\"https:\/\/gruasserrat.com\/wp-content\/uploads\/2022\/03\/GRUA-MK-140-GSERRAT-13-260x185.jpg\" class=\"wp-image-2812 avia-img-lazy-loading-not-2812 attachment-portfolio_small size-portfolio_small wp-post-image\" alt=\"GRUA MK140 PLUS - GRUAS SERRAT SAU\" \/><\/a><div class='grid-content'><div class='avia-arrow'><\/div><header class=\"entry-content-header\" aria-label=\"Portfolio: Liebherr MK 140 Plus &#8211; Grua de construcci\u00f3 m\u00f2bil\"><h3 class='grid-entry-title entry-title '  itemprop=\"headline\" ><a href='https:\/\/gruasserrat.com\/ca\/portfolio-item\/mk-140\/' title='Liebherr MK 140 Plus &#8211; Grua de construcci\u00f3 m\u00f2bil'>Liebherr MK 140 Plus &#8211; Grua de construcci\u00f3 m\u00f2bil<\/a><\/h3><\/header><\/div><footer class=\"entry-footer\"><\/footer><\/article><\/div><div data-ajax-id='3164' class=' grid-entry flex_column isotope-item all_sort no_margin post-entry post-entry-3164 grid-entry-overview grid-loop-4 grid-parity-even  post-entry-last  grues-especials-ca_sort  av_one_fourth  default_av_fullwidth '><article class='main_color inner-entry'  itemscope=\"itemscope\" itemtype=\"https:\/\/schema.org\/CreativeWork\" ><a href=\"https:\/\/gruasserrat.com\/ca\/portfolio-item\/mini-grua-spx532\/\" title='Mini Grua SPX532'  data-rel='grid-1' class='grid-image avia-hover-fx'> <img decoding=\"async\" fetchpriority=\"high\" width=\"260\" height=\"185\" src=\"https:\/\/gruasserrat.com\/wp-content\/uploads\/2024\/10\/jekko-SPX532-260x185.jpeg\" class=\"wp-image-3165 avia-img-lazy-loading-not-3165 attachment-portfolio_small size-portfolio_small wp-post-image\" alt=\"\" \/><\/a><div class='grid-content'><div class='avia-arrow'><\/div><header class=\"entry-content-header\" aria-label=\"Portfolio: Mini Grua SPX532\"><h3 class='grid-entry-title entry-title '  itemprop=\"headline\" ><a href='https:\/\/gruasserrat.com\/ca\/portfolio-item\/mini-grua-spx532\/' title='Mini Grua SPX532'>Mini Grua SPX532<\/a><\/h3><\/header><\/div><footer class=\"entry-footer\"><\/footer><\/article><\/div><\/div><\/div>   <!--   class=\"av-portfolio-grid-sorting-container\"  --><\/div>\n\n<style type=\"text\/css\" data-created_by=\"avia_inline_auto\" id=\"style-css-av-2czo1o-b97a7040ffc750b000b76ae359428599\">\n#top .hr.hr-invisible.av-2czo1o-b97a7040ffc750b000b76ae359428599{\nheight:50px;\n}\n<\/style>\n<div  class='hr av-2czo1o-b97a7040ffc750b000b76ae359428599 hr-invisible  avia-builder-el-4  el_after_av_one_full  el_before_av_toggle_container '><span class='hr-inner '><span class=\"hr-inner-style\"><\/span><\/span><\/div>\n\n<style type=\"text\/css\" data-created_by=\"avia_inline_auto\" id=\"style-css-av-mkxqa9sk-65737ac2a49d490063cefe8263262d1e\">\n#top .togglecontainer.av-mkxqa9sk-65737ac2a49d490063cefe8263262d1e p.toggler.activeTitle{\ncolor:#83a846;\nborder-color:#83a846;\n}\n#top .togglecontainer.av-mkxqa9sk-65737ac2a49d490063cefe8263262d1e p.toggler .toggle_icon{\ncolor:#83a846;\nborder-color:#83a846;\n}\n#top .togglecontainer.av-mkxqa9sk-65737ac2a49d490063cefe8263262d1e p.toggler .toggle_icon > span{\ncolor:#83a846;\nborder-color:#83a846;\n}\n<\/style>\n<div  class='togglecontainer av-mkxqa9sk-65737ac2a49d490063cefe8263262d1e  avia-builder-el-5  el_after_av_hr  el_before_av_promobox  mi-acordeon .mi-acordeon toggle_close_all' >\n<section class='av_toggle_section av-mkxq43px-8bab4bc1d12ec9103debde41c49754a4'  itemscope=\"itemscope\" itemtype=\"https:\/\/schema.org\/CreativeWork\" ><div role=\"tablist\" class=\"single_toggle\" data-tags=\"{All} \"  ><p id='toggle-toggle-id-1' data-fake-id='#toggle-id-1' class='toggler  av-title-above '  itemprop=\"headline\"  role='tab' tabindex='0' aria-controls='toggle-id-1' data-slide-speed=\"200\" data-title=\"Lloguer de grues especials a Barcelona\" data-title-open=\"\" data-aria_collapsed=\"Click to expand: Lloguer de grues especials a Barcelona\" data-aria_expanded=\"Click to collapse: Lloguer de grues especials a Barcelona\">Lloguer de grues especials a Barcelona<span class=\"toggle_icon\"><span class=\"vert_icon\"><\/span><span class=\"hor_icon\"><\/span><\/span><\/p><div id='toggle-id-1' aria-labelledby='toggle-toggle-id-1' role='region' class='toggle_wrap  av-title-above'  ><div class='toggle_content invers-color '  itemprop=\"text\" ><p>A <strong>Grues Serrat<\/strong> disposem d\u2019una \u00e0mplia flota de grues, entre les quals trobem <a href=\"https:\/\/gruasserrat.com\/ca\/grues-mobils\/\">grues m\u00f2bils<\/a>, <a href=\"https:\/\/gruasserrat.com\/ca\/lloguer-de-camions-i-trailers-ploma\/\">camions grua o ploma<\/a> i <a href=\"https:\/\/gruasserrat.com\/ca\/altres-equips-grues-autopropulsades\/\">altres tipus<\/a> de grues especials, com ara les grues torre m\u00f2bils o les minigrues.<\/p>\n<p>El nostre extens cat\u00e0leg ens permet oferir solucions integrals d\u2019elevaci\u00f3 adaptades a les necessitats dels projectes dels nostres clients.<\/p>\n<p>El <strong>lloguer de grues especials a Barcelona amb <\/strong><a href=\"https:\/\/gruasserrat.com\/ca\/\">Grues Serrat<\/a> no nom\u00e9s garanteix maquin\u00e0ria d\u2019\u00faltima generaci\u00f3, sin\u00f3 tamb\u00e9 operaris altament qualificats, assegurant maniobres segures i eficients.<\/p>\n<\/div><\/div><\/div><\/section>\n<section class='av_toggle_section av-mkxq51xu-cab32062c89bd33bd15d1a75d146a954'  itemscope=\"itemscope\" itemtype=\"https:\/\/schema.org\/CreativeWork\" ><div role=\"tablist\" class=\"single_toggle\" data-tags=\"{All} \"  ><p id='toggle-toggle-id-2' data-fake-id='#toggle-id-2' class='toggler  av-title-above '  itemprop=\"headline\"  role='tab' tabindex='0' aria-controls='toggle-id-2' data-slide-speed=\"200\" data-title=\"Tipus de grues especials\" data-title-open=\"\" data-aria_collapsed=\"Click to expand: Tipus de grues especials\" data-aria_expanded=\"Click to collapse: Tipus de grues especials\">Tipus de grues especials<span class=\"toggle_icon\"><span class=\"vert_icon\"><\/span><span class=\"hor_icon\"><\/span><\/span><\/p><div id='toggle-id-2' aria-labelledby='toggle-toggle-id-2' role='region' class='toggle_wrap  av-title-above'  ><div class='toggle_content invers-color '  itemprop=\"text\" ><p>A Grues Serrat comptem amb una \u00e0mplia varietat de grues especials disponibles per al lloguer. Cada tipus de grua est\u00e0 dissenyat per respondre a necessitats espec\u00edfiques en construcci\u00f3, ind\u00fastria i tota mena de projectes d\u2019elevaci\u00f3. Entre les grues especials que oferim hi trobem:<\/p>\n<h3><strong>Grues torre m\u00f2bils<\/strong><\/h3>\n<p>Les <strong>grues torre m\u00f2bils<\/strong>, o grues taxi, combinen la pot\u00e8ncia d\u2019una grua torre tradicional amb la mobilitat d\u2019una grua sobre rodes. Aix\u00f2 permet realitzar maniobres precises en espais redu\u00efts on altres grues no podrien accedir.<\/p>\n<p>A m\u00e9s, gr\u00e0cies a la seva r\u00e0pida posada en marxa i automuntatge, ajuden a optimitzar els temps d\u2019execuci\u00f3. S\u00f3n ideals per a projectes urbans, obres en al\u00e7ada i muntatges que requereixen flexibilitat i rapidesa.<\/p>\n<h3><strong>Minigrues<\/strong><\/h3>\n<p>Les<strong> minigrues<\/strong> s\u00f3n equips compactes dissenyats per accedir a espais extremadament redu\u00efts, on altres grues no poden arribar, fins i tot passant pel buit d\u2019una porta convencional.<\/p>\n<p>Gr\u00e0cies a la seva mida i versatilitat, s\u00f3n perfectes per a interiors, jardins, terrats, obres residencials i treballs en zones amb acc\u00e9s limitat. La seva pot\u00e8ncia i precisi\u00f3 permeten realitzar tasques complexes de manera eficient i segura.<\/p>\n<\/div><\/div><\/div><\/section>\n<section class='av_toggle_section av-mkxq5oy5-43a21144f814a73e1f135d8813f5059c'  itemscope=\"itemscope\" itemtype=\"https:\/\/schema.org\/CreativeWork\" ><div role=\"tablist\" class=\"single_toggle\" data-tags=\"{All} \"  ><p id='toggle-toggle-id-3' data-fake-id='#toggle-id-3' class='toggler  av-title-above '  itemprop=\"headline\"  role='tab' tabindex='0' aria-controls='toggle-id-3' data-slide-speed=\"200\" data-title=\"Aplicacions de les grues torre m\u00f2bils\" data-title-open=\"\" data-aria_collapsed=\"Click to expand: Aplicacions de les grues torre m\u00f2bils\" data-aria_expanded=\"Click to collapse: Aplicacions de les grues torre m\u00f2bils\">Aplicacions de les grues torre m\u00f2bils<span class=\"toggle_icon\"><span class=\"vert_icon\"><\/span><span class=\"hor_icon\"><\/span><\/span><\/p><div id='toggle-id-3' aria-labelledby='toggle-toggle-id-3' role='region' class='toggle_wrap  av-title-above'  ><div class='toggle_content invers-color '  itemprop=\"text\" ><p>Les <strong>grues torre m\u00f2bils<\/strong> s\u00f3n extremadament vers\u00e0tils i s\u2019adapten a m\u00faltiples situacions dins del sector de la construcci\u00f3 i la ind\u00fastria. Gr\u00e0cies a la seva capacitat de combinar al\u00e7ada i mobilitat, resulten <strong>ideals per a projectes urbans<\/strong> on l\u2019espai \u00e9s limitat, permetent maniobrar c\u00e0rregues pesants sense interferir en l\u2019activitat de l\u2019entorn.<\/p>\n<p>Aquestes grues s\u2019utilitzen molt en la construcci\u00f3 d\u2019edificis alts, on el muntatge r\u00e0pid de materials \u00e9s clau per complir terminis, aix\u00ed com en obres que requereixen precisi\u00f3 mil\u00b7lim\u00e8trica, com la instal\u00b7laci\u00f3 d\u2019estructures met\u00e0l\u00b7liques o equips industrials de grans dimensions.<\/p>\n<p>La seva facilitat per despla\u00e7ar-se entre diferents zones de l\u2019obra i la seva r\u00e0pida posada en marxa les converteixen en una eina imprescindible per <strong>optimitzar temps i recursos.<\/strong><\/p>\n<\/div><\/div><\/div><\/section>\n<section class='av_toggle_section av-mkxq64w8-216abe49da60c94a3439147bfd54bf70'  itemscope=\"itemscope\" itemtype=\"https:\/\/schema.org\/CreativeWork\" ><div role=\"tablist\" class=\"single_toggle\" data-tags=\"{All} \"  ><p id='toggle-toggle-id-4' data-fake-id='#toggle-id-4' class='toggler  av-title-above '  itemprop=\"headline\"  role='tab' tabindex='0' aria-controls='toggle-id-4' data-slide-speed=\"200\" data-title=\"Aplicacions de les minigrues\" data-title-open=\"\" data-aria_collapsed=\"Click to expand: Aplicacions de les minigrues\" data-aria_expanded=\"Click to collapse: Aplicacions de les minigrues\">Aplicacions de les minigrues<span class=\"toggle_icon\"><span class=\"vert_icon\"><\/span><span class=\"hor_icon\"><\/span><\/span><\/p><div id='toggle-id-4' aria-labelledby='toggle-toggle-id-4' role='region' class='toggle_wrap  av-title-above'  ><div class='toggle_content invers-color '  itemprop=\"text\" ><p>Les <strong>minigrues<\/strong> destaquen per la seva <strong>mida compacta<\/strong> i la seva capacitat per accedir a llocs on les grues tradicionals no poden operar. S\u00f3n ideals per a interiors, reformes o instal\u00b7lacions delicades, com la col\u00b7locaci\u00f3 de vidres, panells o maquin\u00e0ria en espais redu\u00efts. A m\u00e9s, s\u00f3n molt \u00fatils en jardins o zones amb superf\u00edcies sensibles, ja que permeten moure materials pesants sense malmetre l\u2019entorn.<\/p>\n<p>Aquestes grues <strong>combinen for\u00e7a i precisi\u00f3<\/strong>, fet que les fa adequades tant per a obres residencials com per a projectes industrials que requereixen maniobres curoses i controlades. La seva <strong>versatilitat<\/strong> els permet adaptar-se a una gran varietat de necessitats, oferint sempre efici\u00e8ncia i seguretat.<\/p>\n<\/div><\/div><\/div><\/section>\n<section class='av_toggle_section av-mkxq9gku-f23fb7af5fd332e71f6174a42ec85a6b'  itemscope=\"itemscope\" itemtype=\"https:\/\/schema.org\/CreativeWork\" ><div role=\"tablist\" class=\"single_toggle\" data-tags=\"{All} \"  ><p id='toggle-toggle-id-5' data-fake-id='#toggle-id-5' class='toggler  av-title-above '  itemprop=\"headline\"  role='tab' tabindex='0' aria-controls='toggle-id-5' data-slide-speed=\"200\" data-title=\"Sectors d\u2019aplicaci\u00f3\" data-title-open=\"\" data-aria_collapsed=\"Click to expand: Sectors d\u2019aplicaci\u00f3\" data-aria_expanded=\"Click to collapse: Sectors d\u2019aplicaci\u00f3\">Sectors d\u2019aplicaci\u00f3<span class=\"toggle_icon\"><span class=\"vert_icon\"><\/span><span class=\"hor_icon\"><\/span><\/span><\/p><div id='toggle-id-5' aria-labelledby='toggle-toggle-id-5' role='region' class='toggle_wrap  av-title-above'  ><div class='toggle_content invers-color '  itemprop=\"text\" ><p>Les <strong>grues especials<\/strong> que oferim a Grues Serrat s\u2019adapten a les necessitats d\u2019una <strong>gran varietat de sectors<\/strong>, gr\u00e0cies a la seva versatilitat i capacitat d\u2019adaptaci\u00f3 a diferents requeriments.<\/p>\n<p><strong>Construcci\u00f3<\/strong><\/p>\n<p>En el sector de la construcci\u00f3 permeten aixecar materials pesants, muntar estructures met\u00e0l\u00b7liques i treballar en entorns urbans redu\u00efts sense comprometre la seguretat. S\u00f3n fonamentals en el manteniment i la construcci\u00f3 d\u2019edificis, complexos residencials i projectes d\u2019infraestructura, aix\u00ed com en la col\u00b7locaci\u00f3 d\u2019equips d\u2019aerot\u00e8rmia, entre d\u2019altres, on la precisi\u00f3 i la rapidesa s\u00f3n essencials.<\/p>\n<p><strong>Industrial<\/strong><\/p>\n<p>En l\u2019\u00e0mbit industrial, aquestes grues faciliten el muntatge de maquin\u00e0ria, el transport de components pesants i la instal\u00b7laci\u00f3 d\u2019equips en espais interiors o en plantes amb acc\u00e9s limitat. La seva capacitat per maniobrar amb exactitud i efici\u00e8ncia redueix el risc de danys a la maquin\u00e0ria o a les instal\u00b7lacions existents.<\/p>\n<p><strong>Log\u00edstica i transport<\/strong><\/p>\n<p>En ports, magatzems i centres de distribuci\u00f3, aquest tipus de grues permet la c\u00e0rrega i desc\u00e0rrega de materials voluminosos o pesants, optimitzant els temps d\u2019operaci\u00f3 i millorant la seguretat dels treballadors.<\/p>\n<p><strong>Reformes<\/strong><\/p>\n<p>En el sector de les reformes, per exemple, les minigrues s\u00f3n fonamentals per a treballs delicats en interiors o jardins, com la instal\u00b7laci\u00f3 de vidres, panells, elements de paisatgisme o mobiliari pesant, on altres grues no podrien accedir.<\/p>\n<p><strong>Sector p\u00fablic i infraestructures<\/strong><\/p>\n<p>Aquestes grues tamb\u00e9 s\u00f3n molt demandades en projectes del sector p\u00fablic i d\u2019infraestructures, com parcs, instal\u00b7lacions esportives i obres urbanes, on es requereix equip especialitzat que combini pot\u00e8ncia, maniobrabilitat, seguretat i optimitzaci\u00f3 del temps.<\/p>\n<p>En resum, el nostre servei de <strong>lloguer de grues a Catalunya<\/strong> ofereix <strong>solucions adaptades a cada sector<\/strong>, garantint efici\u00e8ncia, seguretat i resultats professionals en qualsevol tipus de projecte.<\/p>\n<\/div><\/div><\/div><\/section>\n<section class='av_toggle_section av-mkxq9w4r-2cb4c29d6c5928649a0c472cc59f9f53'  itemscope=\"itemscope\" itemtype=\"https:\/\/schema.org\/CreativeWork\" ><div role=\"tablist\" class=\"single_toggle\" data-tags=\"{All} \"  ><p id='toggle-toggle-id-6' data-fake-id='#toggle-id-6' class='toggler  av-title-above '  itemprop=\"headline\"  role='tab' tabindex='0' aria-controls='toggle-id-6' data-slide-speed=\"200\" data-title=\"Lloguer de grues a Catalunya\" data-title-open=\"\" data-aria_collapsed=\"Click to expand: Lloguer de grues a Catalunya\" data-aria_expanded=\"Click to collapse: Lloguer de grues a Catalunya\">Lloguer de grues a Catalunya<span class=\"toggle_icon\"><span class=\"vert_icon\"><\/span><span class=\"hor_icon\"><\/span><\/span><\/p><div id='toggle-id-6' aria-labelledby='toggle-toggle-id-6' role='region' class='toggle_wrap  av-title-above'  ><div class='toggle_content invers-color '  itemprop=\"text\" ><p>Amb m\u00e9s de 55 anys d\u2019experi\u00e8ncia en el sector, a <strong>Grues Serrat<\/strong> sabem com \u00e9s d\u2019important comptar amb un <em>soci<\/em> de confian\u00e7a. Per aix\u00f2 mantenim alts est\u00e0ndards de qualitat de servei, perqu\u00e8 els nostres clients nom\u00e9s s\u2019hagin de centrar en all\u00f2 que \u00e9s realment important.<\/p>\n<p>Oferim un servei complet de <strong>lloguer de grues<\/strong> pensat per cobrir qualsevol tipus de projecte, des d\u2019obres residencials fins a grans construccions industrials. Disposem d\u2019un parc de <strong>grues modernes<\/strong>, mantingudes sota estrictes criteris de seguretat, i <strong>operadors altament especialitzats<\/strong> que garanteixen un maneig eficient i segur de cada equip.<\/p>\n<p>Ens adaptem a les caracter\u00edstiques de cada obra, oferint <strong>solucions personalitzades<\/strong> que optimitzen els temps de treball i redueixen riscos. En escollir el nostre <a href=\"https:\/\/gruasserrat.com\/ca\/contacte-gruas-serrat\/\">servei de lloguer de grues a Catalunya<\/a>, no nom\u00e9s accedeixes a equips d\u2019\u00faltima generaci\u00f3, sin\u00f3 tamb\u00e9 a un equip professional comprom\u00e8s amb l\u2019excel\u00b7l\u00e8ncia i la satisfacci\u00f3 del client.<\/p>\n<\/div><\/div><\/div><\/section>\n<\/div>\n\n<style type=\"text\/css\" data-created_by=\"avia_inline_auto\" id=\"style-css-av-juwcfg3y-1856d325be59656e249eea5c9cdd0407\">\n.av_promobox.av-juwcfg3y-1856d325be59656e249eea5c9cdd0407{\ncolor:#ffffff;\nbackground:#444444;\nborder-color:#333333;\n}\n<\/style>\n<div  class='av_promobox av-juwcfg3y-1856d325be59656e249eea5c9cdd0407 avia-button-yes  avia-builder-el-6  el_after_av_toggle_container  avia-builder-el-last '><div class='avia-promocontent'><p>\nNecessita els nostres serveis? Sol\u00b7liciti ara un pressupost<\/p>\n<\/div><div  class='avia-button-wrap av-juwcfg3y-db7950265f0f50320d68a3907614a170-wrap avia-button-right '><a href='https:\/\/gruasserrat.com\/ca\/contacte-gruas-serrat\/'  class='avia-button av-juwcfg3y-db7950265f0f50320d68a3907614a170 av-link-btn avia-icon_select-no avia-size-large avia-position-right avia-color-theme-color'   aria-label=\"CONTACTAR\"><span class='avia_iconbox_title' >CONTACTAR<\/span><\/a><\/div><\/div>\n","protected":false},"excerpt":{"rendered":"","protected":false},"author":4,"featured_media":0,"parent":0,"menu_order":0,"comment_status":"closed","ping_status":"closed","template":"","meta":{"footnotes":""},"class_list":["post-1868","page","type-page","status-publish","hentry"],"yoast_head":"<!-- This site is optimized with the Yoast SEO plugin v27.4 - https:\/\/yoast.com\/product\/yoast-seo-wordpress\/ -->\n<title>Grues Especials - Gruas Serrat<\/title>\n<meta name=\"description\" content=\"Amb m\u00e9s de 55 anys d\u2019experi\u00e8ncia, oferim lloguer de grues especials per a tot tipus de projectes d\u2019elevaci\u00f3.\" \/>\n<meta name=\"robots\" content=\"index, follow, max-snippet:-1, max-image-preview:large, max-video-preview:-1\" \/>\n<link rel=\"canonical\" href=\"https:\/\/gruasserrat.com\/ca\/grues-especials-telescopica\/\" \/>\n<meta property=\"og:locale\" content=\"ca_ES\" \/>\n<meta property=\"og:type\" content=\"article\" \/>\n<meta property=\"og:title\" content=\"Grues Especials - Gruas Serrat\" \/>\n<meta property=\"og:description\" content=\"Amb m\u00e9s de 55 anys d\u2019experi\u00e8ncia, oferim lloguer de grues especials per a tot tipus de projectes d\u2019elevaci\u00f3.\" \/>\n<meta property=\"og:url\" content=\"https:\/\/gruasserrat.com\/ca\/grues-especials-telescopica\/\" \/>\n<meta property=\"og:site_name\" content=\"Gruas Serrat\" \/>\n<meta property=\"article:modified_time\" content=\"2026-02-03T15:45:49+00:00\" \/>\n<meta name=\"twitter:card\" content=\"summary_large_image\" \/>\n<meta name=\"twitter:label1\" content=\"Temps estimat de lectura\" \/>\n\t<meta name=\"twitter:data1\" content=\"6 minuts\" \/>\n<script type=\"application\/ld+json\" class=\"yoast-schema-graph\">{\"@context\":\"https:\\\/\\\/schema.org\",\"@graph\":[{\"@type\":\"WebPage\",\"@id\":\"https:\\\/\\\/gruasserrat.com\\\/ca\\\/grues-especials-telescopica\\\/\",\"url\":\"https:\\\/\\\/gruasserrat.com\\\/ca\\\/grues-especials-telescopica\\\/\",\"name\":\"Grues Especials - Gruas Serrat\",\"isPartOf\":{\"@id\":\"https:\\\/\\\/gruasserrat.com\\\/#website\"},\"datePublished\":\"2019-07-18T10:55:49+00:00\",\"dateModified\":\"2026-02-03T15:45:49+00:00\",\"description\":\"Amb m\u00e9s de 55 anys d\u2019experi\u00e8ncia, oferim lloguer de grues especials per a tot tipus de projectes d\u2019elevaci\u00f3.\",\"breadcrumb\":{\"@id\":\"https:\\\/\\\/gruasserrat.com\\\/ca\\\/grues-especials-telescopica\\\/#breadcrumb\"},\"inLanguage\":\"ca\",\"potentialAction\":[{\"@type\":\"ReadAction\",\"target\":[\"https:\\\/\\\/gruasserrat.com\\\/ca\\\/grues-especials-telescopica\\\/\"]}]},{\"@type\":\"BreadcrumbList\",\"@id\":\"https:\\\/\\\/gruasserrat.com\\\/ca\\\/grues-especials-telescopica\\\/#breadcrumb\",\"itemListElement\":[{\"@type\":\"ListItem\",\"position\":1,\"name\":\"Portada\",\"item\":\"https:\\\/\\\/gruasserrat.com\\\/ca\\\/gruas-serrat\\\/\"},{\"@type\":\"ListItem\",\"position\":2,\"name\":\"Grues Especials\"}]},{\"@type\":\"WebSite\",\"@id\":\"https:\\\/\\\/gruasserrat.com\\\/#website\",\"url\":\"https:\\\/\\\/gruasserrat.com\\\/\",\"name\":\"Gruas Serrat\",\"description\":\"Alquiler de gr\u00faas I Lloguer de grues\",\"publisher\":{\"@id\":\"https:\\\/\\\/gruasserrat.com\\\/#organization\"},\"potentialAction\":[{\"@type\":\"SearchAction\",\"target\":{\"@type\":\"EntryPoint\",\"urlTemplate\":\"https:\\\/\\\/gruasserrat.com\\\/?s={search_term_string}\"},\"query-input\":{\"@type\":\"PropertyValueSpecification\",\"valueRequired\":true,\"valueName\":\"search_term_string\"}}],\"inLanguage\":\"ca\"},{\"@type\":\"Organization\",\"@id\":\"https:\\\/\\\/gruasserrat.com\\\/#organization\",\"name\":\"Gruas Serrat\",\"url\":\"https:\\\/\\\/gruasserrat.com\\\/\",\"logo\":{\"@type\":\"ImageObject\",\"inLanguage\":\"ca\",\"@id\":\"https:\\\/\\\/gruasserrat.com\\\/#\\\/schema\\\/logo\\\/image\\\/\",\"url\":\"https:\\\/\\\/gruasserrat.com\\\/wp-content\\\/uploads\\\/2019\\\/04\\\/logo-1-GS.png\",\"contentUrl\":\"https:\\\/\\\/gruasserrat.com\\\/wp-content\\\/uploads\\\/2019\\\/04\\\/logo-1-GS.png\",\"width\":416,\"height\":148,\"caption\":\"Gruas Serrat\"},\"image\":{\"@id\":\"https:\\\/\\\/gruasserrat.com\\\/#\\\/schema\\\/logo\\\/image\\\/\"}}]}<\/script>\n<!-- \/ Yoast SEO plugin. -->","yoast_head_json":{"title":"Grues Especials - Gruas Serrat","description":"Amb m\u00e9s de 55 anys d\u2019experi\u00e8ncia, oferim lloguer de grues especials per a tot tipus de projectes d\u2019elevaci\u00f3.","robots":{"index":"index","follow":"follow","max-snippet":"max-snippet:-1","max-image-preview":"max-image-preview:large","max-video-preview":"max-video-preview:-1"},"canonical":"https:\/\/gruasserrat.com\/ca\/grues-especials-telescopica\/","og_locale":"ca_ES","og_type":"article","og_title":"Grues Especials - Gruas Serrat","og_description":"Amb m\u00e9s de 55 anys d\u2019experi\u00e8ncia, oferim lloguer de grues especials per a tot tipus de projectes d\u2019elevaci\u00f3.","og_url":"https:\/\/gruasserrat.com\/ca\/grues-especials-telescopica\/","og_site_name":"Gruas Serrat","article_modified_time":"2026-02-03T15:45:49+00:00","twitter_card":"summary_large_image","twitter_misc":{"Temps estimat de lectura":"6 minuts"},"schema":{"@context":"https:\/\/schema.org","@graph":[{"@type":"WebPage","@id":"https:\/\/gruasserrat.com\/ca\/grues-especials-telescopica\/","url":"https:\/\/gruasserrat.com\/ca\/grues-especials-telescopica\/","name":"Grues Especials - Gruas Serrat","isPartOf":{"@id":"https:\/\/gruasserrat.com\/#website"},"datePublished":"2019-07-18T10:55:49+00:00","dateModified":"2026-02-03T15:45:49+00:00","description":"Amb m\u00e9s de 55 anys d\u2019experi\u00e8ncia, oferim lloguer de grues especials per a tot tipus de projectes d\u2019elevaci\u00f3.","breadcrumb":{"@id":"https:\/\/gruasserrat.com\/ca\/grues-especials-telescopica\/#breadcrumb"},"inLanguage":"ca","potentialAction":[{"@type":"ReadAction","target":["https:\/\/gruasserrat.com\/ca\/grues-especials-telescopica\/"]}]},{"@type":"BreadcrumbList","@id":"https:\/\/gruasserrat.com\/ca\/grues-especials-telescopica\/#breadcrumb","itemListElement":[{"@type":"ListItem","position":1,"name":"Portada","item":"https:\/\/gruasserrat.com\/ca\/gruas-serrat\/"},{"@type":"ListItem","position":2,"name":"Grues Especials"}]},{"@type":"WebSite","@id":"https:\/\/gruasserrat.com\/#website","url":"https:\/\/gruasserrat.com\/","name":"Gruas Serrat","description":"Alquiler de gr\u00faas I Lloguer de grues","publisher":{"@id":"https:\/\/gruasserrat.com\/#organization"},"potentialAction":[{"@type":"SearchAction","target":{"@type":"EntryPoint","urlTemplate":"https:\/\/gruasserrat.com\/?s={search_term_string}"},"query-input":{"@type":"PropertyValueSpecification","valueRequired":true,"valueName":"search_term_string"}}],"inLanguage":"ca"},{"@type":"Organization","@id":"https:\/\/gruasserrat.com\/#organization","name":"Gruas Serrat","url":"https:\/\/gruasserrat.com\/","logo":{"@type":"ImageObject","inLanguage":"ca","@id":"https:\/\/gruasserrat.com\/#\/schema\/logo\/image\/","url":"https:\/\/gruasserrat.com\/wp-content\/uploads\/2019\/04\/logo-1-GS.png","contentUrl":"https:\/\/gruasserrat.com\/wp-content\/uploads\/2019\/04\/logo-1-GS.png","width":416,"height":148,"caption":"Gruas Serrat"},"image":{"@id":"https:\/\/gruasserrat.com\/#\/schema\/logo\/image\/"}}]}},"_links":{"self":[{"href":"https:\/\/gruasserrat.com\/ca\/wp-json\/wp\/v2\/pages\/1868","targetHints":{"allow":["GET"]}}],"collection":[{"href":"https:\/\/gruasserrat.com\/ca\/wp-json\/wp\/v2\/pages"}],"about":[{"href":"https:\/\/gruasserrat.com\/ca\/wp-json\/wp\/v2\/types\/page"}],"author":[{"embeddable":true,"href":"https:\/\/gruasserrat.com\/ca\/wp-json\/wp\/v2\/users\/4"}],"replies":[{"embeddable":true,"href":"https:\/\/gruasserrat.com\/ca\/wp-json\/wp\/v2\/comments?post=1868"}],"version-history":[{"count":7,"href":"https:\/\/gruasserrat.com\/ca\/wp-json\/wp\/v2\/pages\/1868\/revisions"}],"predecessor-version":[{"id":3276,"href":"https:\/\/gruasserrat.com\/ca\/wp-json\/wp\/v2\/pages\/1868\/revisions\/3276"}],"wp:attachment":[{"href":"https:\/\/gruasserrat.com\/ca\/wp-json\/wp\/v2\/media?parent=1868"}],"curies":[{"name":"wp","href":"https:\/\/api.w.org\/{rel}","templated":true}]}}