{"id":1870,"date":"2019-05-08T12:56:27","date_gmt":"2019-05-08T11:56:27","guid":{"rendered":"https:\/\/gruasserrat.com\/gruas-moviles\/"},"modified":"2026-02-03T16:38:20","modified_gmt":"2026-02-03T15:38:20","slug":"grues-mobils","status":"publish","type":"page","link":"https:\/\/gruasserrat.com\/ca\/grues-mobils\/","title":{"rendered":"Grues M\u00f2bils"},"content":{"rendered":"\n<style type=\"text\/css\" data-created_by=\"avia_inline_auto\" id=\"style-css-av-39058u-4daa37ab6a5de949a2b2198de0818a79\">\n#top .av-special-heading.av-39058u-4daa37ab6a5de949a2b2198de0818a79{\npadding-bottom:10px;\n}\nbody .av-special-heading.av-39058u-4daa37ab6a5de949a2b2198de0818a79 .av-special-heading-tag .heading-char{\nfont-size:25px;\n}\n.av-special-heading.av-39058u-4daa37ab6a5de949a2b2198de0818a79 .av-subheading{\nfont-size:15px;\n}\n<\/style>\n<div  class='av-special-heading av-39058u-4daa37ab6a5de949a2b2198de0818a79 av-special-heading-h1 blockquote modern-quote modern-centered  avia-builder-el-0  el_before_av_hr  avia-builder-el-first '><h1 class='av-special-heading-tag '  itemprop=\"headline\"  >GRUES M\u00d2BILS<\/h1><div class=\"special-heading-border\"><div class=\"special-heading-inner-border\"><\/div><\/div><\/div>\n\n<style type=\"text\/css\" data-created_by=\"avia_inline_auto\" id=\"style-css-av-12i1gv-7fe22f403a95c9cee1eb2387355dd63e\">\n#top .hr.av-12i1gv-7fe22f403a95c9cee1eb2387355dd63e{\nmargin-top:5px;\nmargin-bottom:35px;\n}\n.hr.av-12i1gv-7fe22f403a95c9cee1eb2387355dd63e .hr-inner{\nwidth:50px;\nborder-color:#efbb20;\n}\n<\/style>\n<div  class='hr av-12i1gv-7fe22f403a95c9cee1eb2387355dd63e hr-custom  avia-builder-el-1  el_after_av_heading  el_before_av_one_full  hr-center hr-icon-no'><span class='hr-inner inner-border-av-border-fat'><span class=\"hr-inner-style\"><\/span><\/span><\/div>\n\n<style type=\"text\/css\" data-created_by=\"avia_inline_auto\" id=\"style-css-av-bbjjj-32979a770571b70bc50d4734dd9f1ccc\">\n.flex_column.av-bbjjj-32979a770571b70bc50d4734dd9f1ccc{\nborder-radius:0px 0px 0px 0px;\npadding:0px 0px 0px 0px;\n}\n<\/style>\n<div  class='flex_column av-bbjjj-32979a770571b70bc50d4734dd9f1ccc av_one_full  avia-builder-el-2  el_after_av_hr  el_before_av_hr  first flex_column_div av-zero-column-padding  '     ><div  id=\"av-sc-portfolio-1\"  class=\"av-portfolio-grid-sorting-container\"><div class='sort_width_container  av-sort-yes' data-portfolio-id='1' ><div id='js_sort_items' ><div class='sort_by_cat hidden'><a href=\"#\" data-filter=\"all_sort\" class=\"all_sort_button active_sort\"><span class=\"inner_sort_button\"><span>All<\/span><small class=\"av-cat-count\"> 11 <\/small><\/span><\/a><span class=\"text-sep grues-mobils_sort_sep\">\/<\/span><a href=\"#\" data-filter=\"grues-mobils_sort\" class=\"grues-mobils_sort_button\" ><span class=\"inner_sort_button\"><span>Grues M\u00f2bils<\/span><small class=\"av-cat-count\"> 11 <\/small><\/span><\/a><\/div><\/div><\/div><div  class=' grid-sort-container isotope   no_margin-container with-title-container grid-total-odd grid-col-4 grid-links-' data-portfolio-id='1'><div data-ajax-id='1782' class=' grid-entry flex_column isotope-item all_sort no_margin post-entry post-entry-1782 grid-entry-overview grid-loop-1 grid-parity-odd  grues-mobils_sort  av_one_fourth first default_av_fullwidth '><article class='main_color inner-entry'  itemscope=\"itemscope\" itemtype=\"https:\/\/schema.org\/CreativeWork\" ><a href=\"https:\/\/gruasserrat.com\/portfolio-item\/liebherr-ltm-1025\/\" title='LIEBHERR-LTM-1025'  data-rel='grid-1' class='grid-image avia-hover-fx'> <img decoding=\"async\" fetchpriority=\"high\" width=\"260\" height=\"185\" src=\"https:\/\/gruasserrat.com\/wp-content\/uploads\/2019\/05\/LIEBHERR-LTM-1025-260x185.jpg\" class=\"wp-image-1487 avia-img-lazy-loading-not-1487 attachment-portfolio_small size-portfolio_small wp-post-image\" alt=\"Liebherr LTM 1025\" \/><\/a><div class='grid-content'><div class='avia-arrow'><\/div><header class=\"entry-content-header\" aria-label=\"Portfolio: LIEBHERR-LTM-1025\"><h3 class='grid-entry-title entry-title '  itemprop=\"headline\" >LIEBHERR-LTM-1025<\/h3><\/header><\/div><footer class=\"entry-footer\"><\/footer><\/article><\/div><div data-ajax-id='2436' class=' grid-entry flex_column isotope-item all_sort no_margin post-entry post-entry-2436 grid-entry-overview grid-loop-2 grid-parity-even  grues-mobils_sort  av_one_fourth  default_av_fullwidth '><article class='main_color inner-entry'  itemscope=\"itemscope\" itemtype=\"https:\/\/schema.org\/CreativeWork\" ><a href=\"https:\/\/gruasserrat.com\/ca\/portfolio-item\/luna-at-35-32\/\" title='LUNA AT 35\/32'  data-rel='grid-1' class='grid-image avia-hover-fx'> <img decoding=\"async\" fetchpriority=\"high\" width=\"260\" height=\"185\" src=\"https:\/\/gruasserrat.com\/wp-content\/uploads\/2020\/06\/Luna-AT-35-12-1-FOTO-DESTACADA-260x185.jpg\" class=\"wp-image-2443 avia-img-lazy-loading-not-2443 attachment-portfolio_small size-portfolio_small wp-post-image\" alt=\"GRUAS SERRAT - LUNA AT 35\/32\" \/><\/a><div class='grid-content'><div class='avia-arrow'><\/div><header class=\"entry-content-header\" aria-label=\"Portfolio: LUNA AT 35\/32\"><h3 class='grid-entry-title entry-title '  itemprop=\"headline\" ><a href='https:\/\/gruasserrat.com\/ca\/portfolio-item\/luna-at-35-32\/' title='LUNA AT 35\/32'>LUNA AT 35\/32<\/a><\/h3><\/header><\/div><footer class=\"entry-footer\"><\/footer><\/article><\/div><div data-ajax-id='1780' class=' grid-entry flex_column isotope-item all_sort no_margin post-entry post-entry-1780 grid-entry-overview grid-loop-3 grid-parity-odd  grues-mobils_sort  av_one_fourth  default_av_fullwidth '><article class='main_color inner-entry'  itemscope=\"itemscope\" itemtype=\"https:\/\/schema.org\/CreativeWork\" ><a href=\"https:\/\/gruasserrat.com\/ca\/portfolio-item\/liebherr-ltm-1030-2\/\" title='LIEBHERR LTM 1030\/2'  data-rel='grid-1' class='grid-image avia-hover-fx'> <img decoding=\"async\" fetchpriority=\"high\" width=\"260\" height=\"185\" src=\"https:\/\/gruasserrat.com\/wp-content\/uploads\/2019\/05\/LIEBHERR-LTM-1030-2-260x185.jpg\" class=\"wp-image-1488 avia-img-lazy-loading-not-1488 attachment-portfolio_small size-portfolio_small wp-post-image\" alt=\"\" \/><\/a><div class='grid-content'><div class='avia-arrow'><\/div><header class=\"entry-content-header\" aria-label=\"Portfolio: LIEBHERR LTM 1030\/2\"><h3 class='grid-entry-title entry-title '  itemprop=\"headline\" ><a href='https:\/\/gruasserrat.com\/ca\/portfolio-item\/liebherr-ltm-1030-2\/' title='LIEBHERR LTM 1030\/2'>LIEBHERR LTM 1030\/2<\/a><\/h3><\/header><\/div><footer class=\"entry-footer\"><\/footer><\/article><\/div><div data-ajax-id='2417' class=' grid-entry flex_column isotope-item all_sort no_margin post-entry post-entry-2417 grid-entry-overview grid-loop-4 grid-parity-even  grues-mobils_sort  av_one_fourth  default_av_fullwidth '><article class='main_color inner-entry'  itemscope=\"itemscope\" itemtype=\"https:\/\/schema.org\/CreativeWork\" ><a href=\"https:\/\/gruasserrat.com\/ca\/portfolio-item\/grove-gmk2035\/\" title='GROVE GMK2035'  data-rel='grid-1' class='grid-image avia-hover-fx'> <img decoding=\"async\" fetchpriority=\"high\" width=\"260\" height=\"185\" src=\"https:\/\/gruasserrat.com\/wp-content\/uploads\/2020\/06\/Gr\u00faa-Movil-GROVE-GMK-2035-2--260x185.jpg\" class=\"wp-image-2420 avia-img-lazy-loading-not-2420 attachment-portfolio_small size-portfolio_small wp-post-image\" alt=\"G Serrat - Gr\u00faa Movil GROVE GMK 2035 -2-\" \/><\/a><div class='grid-content'><div class='avia-arrow'><\/div><header class=\"entry-content-header\" aria-label=\"Portfolio: GROVE GMK2035\"><h3 class='grid-entry-title entry-title '  itemprop=\"headline\" ><a href='https:\/\/gruasserrat.com\/ca\/portfolio-item\/grove-gmk2035\/' title='GROVE GMK2035'>GROVE GMK2035<\/a><\/h3><\/header><\/div><footer class=\"entry-footer\"><\/footer><\/article><\/div><div data-ajax-id='1662' class=' grid-entry flex_column isotope-item all_sort no_margin post-entry post-entry-1662 grid-entry-overview grid-loop-5 grid-parity-odd  grues-mobils_sort  av_one_fourth first default_av_fullwidth '><article class='main_color inner-entry'  itemscope=\"itemscope\" itemtype=\"https:\/\/schema.org\/CreativeWork\" ><a href=\"https:\/\/gruasserrat.com\/ca\/portfolio-item\/demag-city-40\/\" title='Demag CITY AC 40'  data-rel='grid-1' class='grid-image avia-hover-fx'> <img decoding=\"async\" fetchpriority=\"high\" width=\"260\" height=\"185\" src=\"https:\/\/gruasserrat.com\/wp-content\/uploads\/2019\/08\/Grua-Movil-DEMAG-CITY-AC40-260x185.jpg\" class=\"wp-image-1566 avia-img-lazy-loading-not-1566 attachment-portfolio_small size-portfolio_small wp-post-image\" alt=\"\" \/><\/a><div class='grid-content'><div class='avia-arrow'><\/div><header class=\"entry-content-header\" aria-label=\"Portfolio: Demag CITY AC 40\"><h3 class='grid-entry-title entry-title '  itemprop=\"headline\" ><a href='https:\/\/gruasserrat.com\/ca\/portfolio-item\/demag-city-40\/' title='Demag CITY AC 40'>Demag CITY AC 40<\/a><\/h3><\/header><\/div><footer class=\"entry-footer\"><\/footer><\/article><\/div><div data-ajax-id='2723' class=' grid-entry flex_column isotope-item all_sort no_margin post-entry post-entry-2723 grid-entry-overview grid-loop-6 grid-parity-even  grues-mobils_sort  av_one_fourth  default_av_fullwidth '><article class='main_color inner-entry'  itemscope=\"itemscope\" itemtype=\"https:\/\/schema.org\/CreativeWork\" ><a href=\"https:\/\/gruasserrat.com\/ca\/portfolio-item\/tadano-faun-atf-65g-4\/\" title='Tadano Faun ATF 65G-4'  data-rel='grid-1' class='grid-image avia-hover-fx'> <img decoding=\"async\" fetchpriority=\"high\" width=\"260\" height=\"185\" src=\"https:\/\/gruasserrat.com\/wp-content\/uploads\/2021\/07\/19-TADANO-FAUNAATF65G-GRUAS-SERRAT-SA-260x185.jpg\" class=\"wp-image-2724 avia-img-lazy-loading-not-2724 attachment-portfolio_small size-portfolio_small wp-post-image\" alt=\"\" \/><\/a><div class='grid-content'><div class='avia-arrow'><\/div><header class=\"entry-content-header\" aria-label=\"Portfolio: Tadano Faun ATF 65G-4\"><h3 class='grid-entry-title entry-title '  itemprop=\"headline\" ><a href='https:\/\/gruasserrat.com\/ca\/portfolio-item\/tadano-faun-atf-65g-4\/' title='Tadano Faun ATF 65G-4'>Tadano Faun ATF 65G-4<\/a><\/h3><\/header><\/div><footer class=\"entry-footer\"><\/footer><\/article><\/div><div data-ajax-id='1717' class=' grid-entry flex_column isotope-item all_sort no_margin post-entry post-entry-1717 grid-entry-overview grid-loop-7 grid-parity-odd  grues-mobils_sort  av_one_fourth  default_av_fullwidth '><article class='main_color inner-entry'  itemscope=\"itemscope\" itemtype=\"https:\/\/schema.org\/CreativeWork\" ><a href=\"https:\/\/gruasserrat.com\/ca\/portfolio-item\/anna-taulats\/\" title='Liebherr LTM 1070-4.1'  data-rel='grid-1' class='grid-image avia-hover-fx'> <img decoding=\"async\" fetchpriority=\"high\" width=\"260\" height=\"185\" src=\"https:\/\/gruasserrat.com\/wp-content\/uploads\/2019\/05\/n\u00ba25-a-260x185.jpg\" class=\"wp-image-1567 avia-img-lazy-loading-not-1567 attachment-portfolio_small size-portfolio_small wp-post-image\" alt=\"\" \/><\/a><div class='grid-content'><div class='avia-arrow'><\/div><header class=\"entry-content-header\" aria-label=\"Portfolio: Liebherr LTM 1070-4.1\"><h3 class='grid-entry-title entry-title '  itemprop=\"headline\" ><a href='https:\/\/gruasserrat.com\/ca\/portfolio-item\/anna-taulats\/' title='Liebherr LTM 1070-4.1'>Liebherr LTM 1070-4.1<\/a><\/h3><\/header><\/div><footer class=\"entry-footer\"><\/footer><\/article><\/div><div data-ajax-id='2768' class=' grid-entry flex_column isotope-item all_sort no_margin post-entry post-entry-2768 grid-entry-overview grid-loop-8 grid-parity-even  grues-mobils_sort  av_one_fourth  default_av_fullwidth '><article class='main_color inner-entry'  itemscope=\"itemscope\" itemtype=\"https:\/\/schema.org\/CreativeWork\" ><a href=\"https:\/\/gruasserrat.com\/ca\/portfolio-item\/liebherr-ltm-1095-5-1\/\" title='LIEBHERR LTM 1095-5.1'  data-rel='grid-1' class='grid-image avia-hover-fx'> <img decoding=\"async\" fetchpriority=\"high\" width=\"260\" height=\"185\" src=\"https:\/\/gruasserrat.com\/wp-content\/uploads\/2021\/07\/Gruas-Serrat-LIEBHERR-LTM-1095-5.1-a-260x185.jpg\" class=\"wp-image-2755 avia-img-lazy-loading-not-2755 attachment-portfolio_small size-portfolio_small wp-post-image\" alt=\"GSerrat - Liebherr LTM1095-5.1\" \/><\/a><div class='grid-content'><div class='avia-arrow'><\/div><header class=\"entry-content-header\" aria-label=\"Portfolio: LIEBHERR LTM 1095-5.1\"><h3 class='grid-entry-title entry-title '  itemprop=\"headline\" ><a href='https:\/\/gruasserrat.com\/ca\/portfolio-item\/liebherr-ltm-1095-5-1\/' title='LIEBHERR LTM 1095-5.1'>LIEBHERR LTM 1095-5.1<\/a><\/h3><\/header><\/div><footer class=\"entry-footer\"><\/footer><\/article><\/div><div data-ajax-id='2331' class=' grid-entry flex_column isotope-item all_sort no_margin post-entry post-entry-2331 grid-entry-overview grid-loop-9 grid-parity-odd  grues-mobils_sort  av_one_fourth first default_av_fullwidth '><article class='main_color inner-entry'  itemscope=\"itemscope\" itemtype=\"https:\/\/schema.org\/CreativeWork\" ><a href=\"https:\/\/gruasserrat.com\/ca\/portfolio-item\/liebherr-ltm1130-5-1\/\" title='Liebherr LTM1130-5.1'  data-rel='grid-1' class='grid-image avia-hover-fx'> <img decoding=\"async\" fetchpriority=\"high\" width=\"260\" height=\"185\" src=\"https:\/\/gruasserrat.com\/wp-content\/uploads\/2019\/11\/LTM-1130-260x185.jpg\" class=\"wp-image-2049 avia-img-lazy-loading-not-2049 attachment-portfolio_small size-portfolio_small wp-post-image\" alt=\"Gruas Serrat - Liebherr LTM1130-5.1 \u20accodrive - \u20accomode\" \/><\/a><div class='grid-content'><div class='avia-arrow'><\/div><header class=\"entry-content-header\" aria-label=\"Portfolio: Liebherr LTM1130-5.1\"><h3 class='grid-entry-title entry-title '  itemprop=\"headline\" ><a href='https:\/\/gruasserrat.com\/ca\/portfolio-item\/liebherr-ltm1130-5-1\/' title='Liebherr LTM1130-5.1'>Liebherr LTM1130-5.1<\/a><\/h3><\/header><\/div><footer class=\"entry-footer\"><\/footer><\/article><\/div><div data-ajax-id='2337' class=' grid-entry flex_column isotope-item all_sort no_margin post-entry post-entry-2337 grid-entry-overview grid-loop-10 grid-parity-even  grues-mobils_sort  av_one_fourth  default_av_fullwidth '><article class='main_color inner-entry'  itemscope=\"itemscope\" itemtype=\"https:\/\/schema.org\/CreativeWork\" ><a href=\"https:\/\/gruasserrat.com\/ca\/portfolio-item\/liebherr-ltm1300-6-2\/\" title='Liebherr LTM1300-6.2'  data-rel='grid-1' class='grid-image avia-hover-fx'> <img decoding=\"async\" fetchpriority=\"high\" width=\"260\" height=\"185\" src=\"https:\/\/gruasserrat.com\/wp-content\/uploads\/2019\/11\/LTM1300-1-1030x773-260x185.jpg\" class=\"wp-image-2028 avia-img-lazy-loading-not-2028 attachment-portfolio_small size-portfolio_small wp-post-image\" alt=\"Gruas Serrat - LTM1300-6\" \/><\/a><div class='grid-content'><div class='avia-arrow'><\/div><header class=\"entry-content-header\" aria-label=\"Portfolio: Liebherr LTM1300-6.2\"><h3 class='grid-entry-title entry-title '  itemprop=\"headline\" ><a href='https:\/\/gruasserrat.com\/ca\/portfolio-item\/liebherr-ltm1300-6-2\/' title='Liebherr LTM1300-6.2'>Liebherr LTM1300-6.2<\/a><\/h3><\/header><\/div><footer class=\"entry-footer\"><\/footer><\/article><\/div><div data-ajax-id='2344' class=' grid-entry flex_column isotope-item all_sort no_margin post-entry post-entry-2344 grid-entry-overview grid-loop-11 grid-parity-odd  post-entry-last  grues-mobils_sort  av_one_fourth  default_av_fullwidth '><article class='main_color inner-entry'  itemscope=\"itemscope\" itemtype=\"https:\/\/schema.org\/CreativeWork\" ><a href=\"https:\/\/gruasserrat.com\/ca\/portfolio-item\/liebherr-ltm1500-8-1\/\" title='Liebherr LTM1500-8.1'  data-rel='grid-1' class='grid-image avia-hover-fx'> <img decoding=\"async\" fetchpriority=\"high\" width=\"260\" height=\"185\" src=\"https:\/\/gruasserrat.com\/wp-content\/uploads\/2020\/06\/ltm1500-8.1-2-GSerrat-260x185.jpg\" class=\"wp-image-2322 avia-img-lazy-loading-not-2322 attachment-portfolio_small size-portfolio_small wp-post-image\" alt=\"GSerrat-LTM1500-8.1\" \/><\/a><div class='grid-content'><div class='avia-arrow'><\/div><header class=\"entry-content-header\" aria-label=\"Portfolio: Liebherr LTM1500-8.1\"><h3 class='grid-entry-title entry-title '  itemprop=\"headline\" ><a href='https:\/\/gruasserrat.com\/ca\/portfolio-item\/liebherr-ltm1500-8-1\/' title='Liebherr LTM1500-8.1'>Liebherr LTM1500-8.1<\/a><\/h3><\/header><\/div><footer class=\"entry-footer\"><\/footer><\/article><\/div><\/div><\/div>   <!--   class=\"av-portfolio-grid-sorting-container\"  --><\/div>\n\n<style type=\"text\/css\" data-created_by=\"avia_inline_auto\" id=\"style-css-av-3922ou-551565cb61c0060004149f16e7ac8de9\">\n#top .hr.hr-invisible.av-3922ou-551565cb61c0060004149f16e7ac8de9{\nheight:50px;\n}\n<\/style>\n<div  class='hr av-3922ou-551565cb61c0060004149f16e7ac8de9 hr-invisible  avia-builder-el-4  el_after_av_one_full  el_before_av_toggle_container '><span class='hr-inner '><span class=\"hr-inner-style\"><\/span><\/span><\/div>\n\n<style type=\"text\/css\" data-created_by=\"avia_inline_auto\" id=\"style-css-av-mkmptxdy-baac86b1c1434048523d3c502477ef36\">\n#top .togglecontainer.av-mkmptxdy-baac86b1c1434048523d3c502477ef36 p.toggler.activeTitle{\ncolor:#83a846;\nborder-color:#83a846;\n}\n#top .togglecontainer.av-mkmptxdy-baac86b1c1434048523d3c502477ef36 p.toggler .toggle_icon{\ncolor:#83a846;\nborder-color:#83a846;\n}\n#top .togglecontainer.av-mkmptxdy-baac86b1c1434048523d3c502477ef36 p.toggler .toggle_icon > span{\ncolor:#83a846;\nborder-color:#83a846;\n}\n<\/style>\n<div  class='togglecontainer av-mkmptxdy-baac86b1c1434048523d3c502477ef36  avia-builder-el-5  el_after_av_hr  el_before_av_promobox  mi-acordeon .mi-acordeon toggle_close_all' >\n<section class='av_toggle_section av-mkmpsc8e-3514209f7f50c0fd40c2ebbe84e17497'  itemscope=\"itemscope\" itemtype=\"https:\/\/schema.org\/CreativeWork\" ><div role=\"tablist\" class=\"single_toggle\" data-tags=\"{All} \"  ><p id='toggle-toggle-id-1' data-fake-id='#toggle-id-1' class='toggler  av-title-above '  itemprop=\"headline\"  role='tab' tabindex='0' aria-controls='toggle-id-1' data-slide-speed=\"200\" data-title=\"Lloguer de grues m\u00f2bils a Catalunya \" data-title-open=\"\" data-aria_collapsed=\"Click to expand: Lloguer de grues m\u00f2bils a Catalunya \" data-aria_expanded=\"Click to collapse: Lloguer de grues m\u00f2bils a Catalunya \">Lloguer de grues m\u00f2bils a Catalunya <span class=\"toggle_icon\"><span class=\"vert_icon\"><\/span><span class=\"hor_icon\"><\/span><\/span><\/p><div id='toggle-id-1' aria-labelledby='toggle-toggle-id-1' role='region' class='toggle_wrap  av-title-above'  ><div class='toggle_content invers-color '  itemprop=\"text\" ><p>A <a href=\"https:\/\/gruasserrat.com\/ca\/\">Grues Serrat<\/a> oferim un servei professional de <strong>lloguer de grues m\u00f2bils a Catalunya,<\/strong> amb una \u00e0mplia flota dissenyada per cobrir tot tipus de necessitats d\u2019elevaci\u00f3. Treballem per a sectors com la construcci\u00f3, les infraestructures, la ind\u00fastria, el manteniment, l\u2019energia i els projectes p\u00fablics, entre d\u2019altres.<\/p>\n<p>Les nostres grues destaquen per la seva <strong>alta capacitat d\u2019elevaci\u00f3<\/strong> i per la seva capacitat de <strong>despla\u00e7ament aut\u00f2nom<\/strong>, que els permet moure\u2019s sense necessitat de transport addicional. Aquesta caracter\u00edstica aporta una gran versatilitat operativa, facilitant el treball en diferents entorns i tipus de terreny.<\/p>\n<p>Gr\u00e0cies a la seva mobilitat, ajuden a optimitzar els temps de treball i permeten realitzar operacions d\u2019elevaci\u00f3 eficients i segures, reduint costos i millorant la productivitat del projecte.<\/p>\n<p>Oferim servei de lloguer de grues m\u00f2bils a tot Catalunya i rodalia, amb tres seus estrat\u00e8gicament ubicades a <a href=\"https:\/\/gruasserrat.com\/ca\/delegacions-taller-grues\/\">Sabadell, Igualada i Vilafranca del Pened\u00e8s<\/a>, des d\u2019on donem una resposta r\u00e0pida i efica\u00e7 a les necessitats dels nostres clients.<\/p>\n<p>A m\u00e9s, totes les nostres m\u00e0quines s\u00f3n <strong>operades per personal altament qualificat<\/strong> i amb una \u00e0mplia experi\u00e8ncia, garantint en tot moment la seguretat, la precisi\u00f3 i el compliment de la normativa vigent.<\/p>\n<\/div><\/div><\/div><\/section>\n<section class='av_toggle_section av-mkmpt7x1-5d7ab8f554d2c2658fab972d5f594bb3'  itemscope=\"itemscope\" itemtype=\"https:\/\/schema.org\/CreativeWork\" ><div role=\"tablist\" class=\"single_toggle\" data-tags=\"{All} \"  ><p id='toggle-toggle-id-2' data-fake-id='#toggle-id-2' class='toggler  av-title-above '  itemprop=\"headline\"  role='tab' tabindex='0' aria-controls='toggle-id-2' data-slide-speed=\"200\" data-title=\"Aplicacions de les grues m\u00f2bils\" data-title-open=\"\" data-aria_collapsed=\"Click to expand: Aplicacions de les grues m\u00f2bils\" data-aria_expanded=\"Click to collapse: Aplicacions de les grues m\u00f2bils\">Aplicacions de les grues m\u00f2bils<span class=\"toggle_icon\"><span class=\"vert_icon\"><\/span><span class=\"hor_icon\"><\/span><\/span><\/p><div id='toggle-id-2' aria-labelledby='toggle-toggle-id-2' role='region' class='toggle_wrap  av-title-above'  ><div class='toggle_content invers-color '  itemprop=\"text\" ><p>Les grues m\u00f2bils disposen d\u2019un ampli ventall d\u2019aplicacions gr\u00e0cies a la <strong>varietat de models i capacitats disponibles<\/strong>. A Grues Serrat comptem amb equips amb capacitats d\u2019elevaci\u00f3 superiors a les 650 tones, cosa que ens permet afrontar projectes de gran complexitat.<\/p>\n<p><strong>Construcci\u00f3 i infraestructures<\/strong><\/p>\n<p>\u00c9s el sector on s\u2019utilitzen m\u00e9s. La seva mobilitat permet optimitzar temps, ja que poden treballar en diverses ubicacions en una mateixa jornada. Tamb\u00e9 s\u00f3n habituals en noves construccions modulars.<\/p>\n<p><strong>Sector energ\u00e8tic<\/strong><\/p>\n<p>Fonamentals en treballs com el muntatge i manteniment d\u2019aerogeneradors, torres d\u2019alta tensi\u00f3 i altres infraestructures energ\u00e8tiques.<\/p>\n<p><strong>Ind\u00fastria i manteniment<\/strong><\/p>\n<p>En entorns industrials i de manteniment, el lloguer de grues m\u00f2bils \u00e9s clau per realitzar treballs puntuals en zones d\u2019alt tr\u00e0nsit, com la instal\u00b7laci\u00f3 de maquin\u00e0ria pesant o equips de climatitzaci\u00f3 en edificis comercials, sense aturar l\u2019activitat de l\u2019entorn.<\/p>\n<p><strong>Log\u00edstica, ports i sector naval<\/strong><\/p>\n<p>Tot i que existeixen grues espec\u00edfiques, les grues m\u00f2bils aporten una flexibilitat addicional en operacions com botadures d\u2019embarcacions o treballs vinculats a l\u2019energia <em>offshore<\/em>.<\/p>\n<p><strong>Esdeveniments i entreteniment<\/strong><\/p>\n<p>En aquest sector, l\u2019\u00fas de grues m\u00f2bils \u00e9s molt habitual per a maniobres com el muntatge d\u2019escenaris o la instal\u00b7laci\u00f3 d\u2019il\u00b7luminaci\u00f3.<\/p>\n<p><strong>Rescat i emerg\u00e8ncies<\/strong><\/p>\n<p>Les grues m\u00f2bils s\u00f3n essencials en situacions de desastres naturals o accidents de gran magnitud, encarregant-se de retirar runa, alliberar accessos o realitzar encarrilaments ferroviaris, entre d\u2019altres.<\/p>\n<p><strong>Telecomunicacions<\/strong><\/p>\n<p>Permeten la instal\u00b7laci\u00f3 i el manteniment d\u2019antenes i sistemes de comunicaci\u00f3, fins i tot en zones muntanyoses o de dif\u00edcil acc\u00e9s, gr\u00e0cies a la seva tracci\u00f3 i autonomia.<\/p>\n<p><strong>Treballs ferroviaris<\/strong><\/p>\n<p>Gr\u00e0cies a la seva mobilitat, s\u00f3n ideals per al moviment d\u2019elements pesants en obres de noves vies o en el manteniment d\u2019infraestructures ferrovi\u00e0ries existents, podent treballar en diverses ubicacions de manera gaireb\u00e9 consecutiva.<\/p>\n<p><strong>Maniobres urbanes<\/strong><\/p>\n<p>En entorns urbans, permeten realitzar treballs r\u00e0pids i precisos, minimitzant l\u2019impacte en la vida quotidiana de la poblaci\u00f3 i facilitant intervencions puntuals en centres urbans.<\/p>\n<\/div><\/div><\/div><\/section>\n<section class='av_toggle_section av-mkmptvys-45b7b235851cc01fc55a0e4b83034414'  itemscope=\"itemscope\" itemtype=\"https:\/\/schema.org\/CreativeWork\" ><div role=\"tablist\" class=\"single_toggle\" data-tags=\"{All} \"  ><p id='toggle-toggle-id-3' data-fake-id='#toggle-id-3' class='toggler  av-title-above '  itemprop=\"headline\"  role='tab' tabindex='0' aria-controls='toggle-id-3' data-slide-speed=\"200\" data-title=\"Lloguer de grues m\u00f2bils a Barcelona\" data-title-open=\"\" data-aria_collapsed=\"Click to expand: Lloguer de grues m\u00f2bils a Barcelona\" data-aria_expanded=\"Click to collapse: Lloguer de grues m\u00f2bils a Barcelona\">Lloguer de grues m\u00f2bils a Barcelona<span class=\"toggle_icon\"><span class=\"vert_icon\"><\/span><span class=\"hor_icon\"><\/span><\/span><\/p><div id='toggle-id-3' aria-labelledby='toggle-toggle-id-3' role='region' class='toggle_wrap  av-title-above'  ><div class='toggle_content invers-color '  itemprop=\"text\" ><p>El lloguer de grues m\u00f2bils a Barcelona ofereix nombrosos avantatges per a qualsevol tipus de projecte:<\/p>\n<ul>\n<li><strong>Flexibilitat:<\/strong> acc\u00e9s a una \u00e0mplia flota, amb la possibilitat de seleccionar el model m\u00e9s adequat en cada fase del projecte.<\/li>\n<li><strong>Reducci\u00f3 de costos:<\/strong> evita la inversi\u00f3 en la compra de maquin\u00e0ria i les despeses associades, com l\u2019emmagatzematge, el manteniment o la formaci\u00f3 especialitzada.<\/li>\n<li><strong>Maquin\u00e0ria d\u2019\u00faltima generaci\u00f3:<\/strong> acc\u00e9s a grues amb els darrers aven\u00e7os tecnol\u00f2gics sense necessitat de grans inversions.<\/li>\n<li><strong>Menor responsabilitat de manteniment:<\/strong> ens encarreguem del manteniment i la posada a punt de les grues, garantint-ne la disponibilitat i el correcte funcionament.<\/li>\n<li><strong>Operaris especialitzats:<\/strong> el servei inclou operadors de grua amb una \u00e0mplia experi\u00e8ncia i un equip t\u00e8cnic d\u2019enginyeria que assegura la seguretat i l\u2019efici\u00e8ncia de cada maniobra.<\/li>\n<\/ul>\n<p>Si vols comptar amb un equip de professionals altament qualificats i amb grues m\u00f2bils d\u2019alt rendiment, el lloguer de grues m\u00f2bils \u00e9s una de les millors opcions. Descobreix m\u00e9s avantatges del lloguer de grues m\u00f2bils a Barcelona amb Grues Serrat. <a href=\"https:\/\/gruasserrat.com\/ca\/contacte-gruas-serrat\/\">Contacta amb nosaltres<\/a> i el nostre equip estar\u00e0 encantat d\u2019oferir-te la soluci\u00f3 d\u2019elevaci\u00f3 que millor s\u2019adapti al teu projecte.<\/p>\n<\/div><\/div><\/div><\/section>\n<\/div>\n\n<style type=\"text\/css\" data-created_by=\"avia_inline_auto\" id=\"style-css-av-juwcfg3y-1856d325be59656e249eea5c9cdd0407\">\n.av_promobox.av-juwcfg3y-1856d325be59656e249eea5c9cdd0407{\ncolor:#ffffff;\nbackground:#444444;\nborder-color:#333333;\n}\n<\/style>\n<div  class='av_promobox av-juwcfg3y-1856d325be59656e249eea5c9cdd0407 avia-button-yes  avia-builder-el-6  el_after_av_toggle_container  avia-builder-el-last '><div class='avia-promocontent'><p>\nNecessita els nostres serveis? Sol\u00b7liciti ara un pressupost<\/p>\n<\/div><div  class='avia-button-wrap av-juwcfg3y-db7950265f0f50320d68a3907614a170-wrap avia-button-right '><a href='https:\/\/gruasserrat.com\/ca\/contacte-gruas-serrat\/'  class='avia-button av-juwcfg3y-db7950265f0f50320d68a3907614a170 av-link-btn avia-icon_select-no avia-size-large avia-position-right avia-color-theme-color'   aria-label=\"CONTACTAR\"><span class='avia_iconbox_title' >CONTACTAR<\/span><\/a><\/div><\/div>\n","protected":false},"excerpt":{"rendered":"","protected":false},"author":4,"featured_media":0,"parent":0,"menu_order":0,"comment_status":"closed","ping_status":"closed","template":"","meta":{"footnotes":""},"class_list":["post-1870","page","type-page","status-publish","hentry"],"yoast_head":"<!-- This site is optimized with the Yoast SEO plugin v27.4 - https:\/\/yoast.com\/product\/yoast-seo-wordpress\/ -->\n<title>Grues M\u00f2bils - Gruas Serrat<\/title>\n<meta name=\"description\" content=\"A Grues Serrat oferim un excel\u00b7lent servei de lloguer de grues m\u00f2bils a Barcelona, amb operaris experts i maquin\u00e0ria moderna.\" \/>\n<meta name=\"robots\" content=\"index, follow, max-snippet:-1, max-image-preview:large, max-video-preview:-1\" \/>\n<link rel=\"canonical\" href=\"https:\/\/gruasserrat.com\/ca\/grues-mobils\/\" \/>\n<meta property=\"og:locale\" content=\"ca_ES\" \/>\n<meta property=\"og:type\" content=\"article\" \/>\n<meta property=\"og:title\" content=\"Grues M\u00f2bils - Gruas Serrat\" \/>\n<meta property=\"og:description\" content=\"A Grues Serrat oferim un excel\u00b7lent servei de lloguer de grues m\u00f2bils a Barcelona, amb operaris experts i maquin\u00e0ria moderna.\" \/>\n<meta property=\"og:url\" content=\"https:\/\/gruasserrat.com\/ca\/grues-mobils\/\" \/>\n<meta property=\"og:site_name\" content=\"Gruas Serrat\" \/>\n<meta property=\"article:modified_time\" content=\"2026-02-03T15:38:20+00:00\" \/>\n<meta name=\"twitter:card\" content=\"summary_large_image\" \/>\n<meta name=\"twitter:label1\" content=\"Temps estimat de lectura\" \/>\n\t<meta name=\"twitter:data1\" content=\"6 minuts\" \/>\n<script type=\"application\/ld+json\" class=\"yoast-schema-graph\">{\"@context\":\"https:\\\/\\\/schema.org\",\"@graph\":[{\"@type\":\"WebPage\",\"@id\":\"https:\\\/\\\/gruasserrat.com\\\/ca\\\/grues-mobils\\\/\",\"url\":\"https:\\\/\\\/gruasserrat.com\\\/ca\\\/grues-mobils\\\/\",\"name\":\"Grues M\u00f2bils - Gruas Serrat\",\"isPartOf\":{\"@id\":\"https:\\\/\\\/gruasserrat.com\\\/#website\"},\"datePublished\":\"2019-05-08T11:56:27+00:00\",\"dateModified\":\"2026-02-03T15:38:20+00:00\",\"description\":\"A Grues Serrat oferim un excel\u00b7lent servei de lloguer de grues m\u00f2bils a Barcelona, amb operaris experts i maquin\u00e0ria moderna.\",\"breadcrumb\":{\"@id\":\"https:\\\/\\\/gruasserrat.com\\\/ca\\\/grues-mobils\\\/#breadcrumb\"},\"inLanguage\":\"ca\",\"potentialAction\":[{\"@type\":\"ReadAction\",\"target\":[\"https:\\\/\\\/gruasserrat.com\\\/ca\\\/grues-mobils\\\/\"]}]},{\"@type\":\"BreadcrumbList\",\"@id\":\"https:\\\/\\\/gruasserrat.com\\\/ca\\\/grues-mobils\\\/#breadcrumb\",\"itemListElement\":[{\"@type\":\"ListItem\",\"position\":1,\"name\":\"Portada\",\"item\":\"https:\\\/\\\/gruasserrat.com\\\/ca\\\/gruas-serrat\\\/\"},{\"@type\":\"ListItem\",\"position\":2,\"name\":\"Grues M\u00f2bils\"}]},{\"@type\":\"WebSite\",\"@id\":\"https:\\\/\\\/gruasserrat.com\\\/#website\",\"url\":\"https:\\\/\\\/gruasserrat.com\\\/\",\"name\":\"Gruas Serrat\",\"description\":\"Alquiler de gr\u00faas I Lloguer de grues\",\"publisher\":{\"@id\":\"https:\\\/\\\/gruasserrat.com\\\/#organization\"},\"potentialAction\":[{\"@type\":\"SearchAction\",\"target\":{\"@type\":\"EntryPoint\",\"urlTemplate\":\"https:\\\/\\\/gruasserrat.com\\\/?s={search_term_string}\"},\"query-input\":{\"@type\":\"PropertyValueSpecification\",\"valueRequired\":true,\"valueName\":\"search_term_string\"}}],\"inLanguage\":\"ca\"},{\"@type\":\"Organization\",\"@id\":\"https:\\\/\\\/gruasserrat.com\\\/#organization\",\"name\":\"Gruas Serrat\",\"url\":\"https:\\\/\\\/gruasserrat.com\\\/\",\"logo\":{\"@type\":\"ImageObject\",\"inLanguage\":\"ca\",\"@id\":\"https:\\\/\\\/gruasserrat.com\\\/#\\\/schema\\\/logo\\\/image\\\/\",\"url\":\"https:\\\/\\\/gruasserrat.com\\\/wp-content\\\/uploads\\\/2019\\\/04\\\/logo-1-GS.png\",\"contentUrl\":\"https:\\\/\\\/gruasserrat.com\\\/wp-content\\\/uploads\\\/2019\\\/04\\\/logo-1-GS.png\",\"width\":416,\"height\":148,\"caption\":\"Gruas Serrat\"},\"image\":{\"@id\":\"https:\\\/\\\/gruasserrat.com\\\/#\\\/schema\\\/logo\\\/image\\\/\"}}]}<\/script>\n<!-- \/ Yoast SEO plugin. -->","yoast_head_json":{"title":"Grues M\u00f2bils - Gruas Serrat","description":"A Grues Serrat oferim un excel\u00b7lent servei de lloguer de grues m\u00f2bils a Barcelona, amb operaris experts i maquin\u00e0ria moderna.","robots":{"index":"index","follow":"follow","max-snippet":"max-snippet:-1","max-image-preview":"max-image-preview:large","max-video-preview":"max-video-preview:-1"},"canonical":"https:\/\/gruasserrat.com\/ca\/grues-mobils\/","og_locale":"ca_ES","og_type":"article","og_title":"Grues M\u00f2bils - Gruas Serrat","og_description":"A Grues Serrat oferim un excel\u00b7lent servei de lloguer de grues m\u00f2bils a Barcelona, amb operaris experts i maquin\u00e0ria moderna.","og_url":"https:\/\/gruasserrat.com\/ca\/grues-mobils\/","og_site_name":"Gruas Serrat","article_modified_time":"2026-02-03T15:38:20+00:00","twitter_card":"summary_large_image","twitter_misc":{"Temps estimat de lectura":"6 minuts"},"schema":{"@context":"https:\/\/schema.org","@graph":[{"@type":"WebPage","@id":"https:\/\/gruasserrat.com\/ca\/grues-mobils\/","url":"https:\/\/gruasserrat.com\/ca\/grues-mobils\/","name":"Grues M\u00f2bils - Gruas Serrat","isPartOf":{"@id":"https:\/\/gruasserrat.com\/#website"},"datePublished":"2019-05-08T11:56:27+00:00","dateModified":"2026-02-03T15:38:20+00:00","description":"A Grues Serrat oferim un excel\u00b7lent servei de lloguer de grues m\u00f2bils a Barcelona, amb operaris experts i maquin\u00e0ria moderna.","breadcrumb":{"@id":"https:\/\/gruasserrat.com\/ca\/grues-mobils\/#breadcrumb"},"inLanguage":"ca","potentialAction":[{"@type":"ReadAction","target":["https:\/\/gruasserrat.com\/ca\/grues-mobils\/"]}]},{"@type":"BreadcrumbList","@id":"https:\/\/gruasserrat.com\/ca\/grues-mobils\/#breadcrumb","itemListElement":[{"@type":"ListItem","position":1,"name":"Portada","item":"https:\/\/gruasserrat.com\/ca\/gruas-serrat\/"},{"@type":"ListItem","position":2,"name":"Grues M\u00f2bils"}]},{"@type":"WebSite","@id":"https:\/\/gruasserrat.com\/#website","url":"https:\/\/gruasserrat.com\/","name":"Gruas Serrat","description":"Alquiler de gr\u00faas I Lloguer de grues","publisher":{"@id":"https:\/\/gruasserrat.com\/#organization"},"potentialAction":[{"@type":"SearchAction","target":{"@type":"EntryPoint","urlTemplate":"https:\/\/gruasserrat.com\/?s={search_term_string}"},"query-input":{"@type":"PropertyValueSpecification","valueRequired":true,"valueName":"search_term_string"}}],"inLanguage":"ca"},{"@type":"Organization","@id":"https:\/\/gruasserrat.com\/#organization","name":"Gruas Serrat","url":"https:\/\/gruasserrat.com\/","logo":{"@type":"ImageObject","inLanguage":"ca","@id":"https:\/\/gruasserrat.com\/#\/schema\/logo\/image\/","url":"https:\/\/gruasserrat.com\/wp-content\/uploads\/2019\/04\/logo-1-GS.png","contentUrl":"https:\/\/gruasserrat.com\/wp-content\/uploads\/2019\/04\/logo-1-GS.png","width":416,"height":148,"caption":"Gruas Serrat"},"image":{"@id":"https:\/\/gruasserrat.com\/#\/schema\/logo\/image\/"}}]}},"_links":{"self":[{"href":"https:\/\/gruasserrat.com\/ca\/wp-json\/wp\/v2\/pages\/1870","targetHints":{"allow":["GET"]}}],"collection":[{"href":"https:\/\/gruasserrat.com\/ca\/wp-json\/wp\/v2\/pages"}],"about":[{"href":"https:\/\/gruasserrat.com\/ca\/wp-json\/wp\/v2\/types\/page"}],"author":[{"embeddable":true,"href":"https:\/\/gruasserrat.com\/ca\/wp-json\/wp\/v2\/users\/4"}],"replies":[{"embeddable":true,"href":"https:\/\/gruasserrat.com\/ca\/wp-json\/wp\/v2\/comments?post=1870"}],"version-history":[{"count":9,"href":"https:\/\/gruasserrat.com\/ca\/wp-json\/wp\/v2\/pages\/1870\/revisions"}],"predecessor-version":[{"id":3307,"href":"https:\/\/gruasserrat.com\/ca\/wp-json\/wp\/v2\/pages\/1870\/revisions\/3307"}],"wp:attachment":[{"href":"https:\/\/gruasserrat.com\/ca\/wp-json\/wp\/v2\/media?parent=1870"}],"curies":[{"name":"wp","href":"https:\/\/api.w.org\/{rel}","templated":true}]}}