{"id":1888,"date":"2019-07-09T16:27:25","date_gmt":"2019-07-09T15:27:25","guid":{"rendered":"https:\/\/gruasserrat.com\/industria-transportes-especiales-gruas-2\/"},"modified":"2026-01-28T16:37:26","modified_gmt":"2026-01-28T15:37:26","slug":"industria-transports-especials-grues","status":"publish","type":"page","link":"https:\/\/gruasserrat.com\/ca\/industria-transports-especials-grues\/","title":{"rendered":"Ind\u00fastria"},"content":{"rendered":"\n<style type=\"text\/css\" data-created_by=\"avia_inline_auto\" id=\"style-css-av-k2z3scjd-b434c933d704f1db418d8c5666c73dd8\">\n#top .av-special-heading.av-k2z3scjd-b434c933d704f1db418d8c5666c73dd8{\npadding-bottom:10px;\n}\nbody .av-special-heading.av-k2z3scjd-b434c933d704f1db418d8c5666c73dd8 .av-special-heading-tag .heading-char{\nfont-size:25px;\n}\n.av-special-heading.av-k2z3scjd-b434c933d704f1db418d8c5666c73dd8 .av-subheading{\nfont-size:15px;\n}\n<\/style>\n<div  class='av-special-heading av-k2z3scjd-b434c933d704f1db418d8c5666c73dd8 av-special-heading-h2 blockquote modern-quote modern-centered  avia-builder-el-0  el_before_av_hr  avia-builder-el-first '><h2 class='av-special-heading-tag '  itemprop=\"headline\"  >IND\u00daSTRIA<\/h2><div class=\"special-heading-border\"><div class=\"special-heading-inner-border\"><\/div><\/div><\/div>\n\n<style type=\"text\/css\" data-created_by=\"avia_inline_auto\" id=\"style-css-av-12i1gv-7fe22f403a95c9cee1eb2387355dd63e\">\n#top .hr.av-12i1gv-7fe22f403a95c9cee1eb2387355dd63e{\nmargin-top:5px;\nmargin-bottom:35px;\n}\n.hr.av-12i1gv-7fe22f403a95c9cee1eb2387355dd63e .hr-inner{\nwidth:50px;\nborder-color:#efbb20;\n}\n<\/style>\n<div  class='hr av-12i1gv-7fe22f403a95c9cee1eb2387355dd63e hr-custom  avia-builder-el-1  el_after_av_heading  el_before_av_one_full  hr-center hr-icon-no'><span class='hr-inner inner-border-av-border-fat'><span class=\"hr-inner-style\"><\/span><\/span><\/div>\n\n<style type=\"text\/css\" data-created_by=\"avia_inline_auto\" id=\"style-css-av-bbjjj-32979a770571b70bc50d4734dd9f1ccc\">\n.flex_column.av-bbjjj-32979a770571b70bc50d4734dd9f1ccc{\nborder-radius:0px 0px 0px 0px;\npadding:0px 0px 0px 0px;\n}\n<\/style>\n<div  class='flex_column av-bbjjj-32979a770571b70bc50d4734dd9f1ccc av_one_full  avia-builder-el-2  el_after_av_hr  el_before_av_hr  first flex_column_div av-zero-column-padding  '     ><div class='portfolio_preview_container ' data-portfolio-id='1'>\n\t\t\t\t\t\t\t\t<div class='ajax_controlls iconfont'>\n\t\t\t\t\t\t\t\t\t<a href='#prev' class='ajax_previous' \taria-hidden='true' data-av_icon='\ue878' data-av_iconfont='entypo-fontello'><\/a>\n\t\t\t\t\t\t\t\t\t<a href='#next' class='ajax_next'\t\taria-hidden='true' data-av_icon='\ue879' data-av_iconfont='entypo-fontello'><\/a>\n\t\t\t\t\t\t\t\t\t<a class='avia_close' href='#close'\t\taria-hidden='true' data-av_icon='\ue814' data-av_iconfont='entypo-fontello'><\/a>\n\t\t\t\t\t\t\t\t<\/div>\n\t\t\t\t\t\t\t\t<div class='portfolio-details-inner'><\/div>\n\t\t\t\t\t\t\t<\/div><div  id=\"av-sc-portfolio-1\"  class=' grid-sort-container isotope   no_margin-container with-title-container grid-total-odd grid-col-3 grid-links-ajax' data-portfolio-id='1'><div data-ajax-id='2657' class=' grid-entry flex_column isotope-item all_sort no_margin post-entry post-entry-2657 grid-entry-overview grid-loop-1 grid-parity-odd  industria-ca_sort  av_one_third first default_av_fullwidth '><article class='main_color inner-entry'  itemscope=\"itemscope\" itemtype=\"https:\/\/schema.org\/CreativeWork\" ><a href=\"https:\/\/gruasserrat.com\/ca\/portfolio-item\/cambio-equipo-de-climatizacion\/\" title='Canvi d&#8217;un equip de climatitzaci\u00f3 a BCN'  data-rel='grid-1' class='grid-image avia-hover-fx'> <img decoding=\"async\" fetchpriority=\"high\" width=\"495\" height=\"400\" src=\"https:\/\/gruasserrat.com\/wp-content\/uploads\/2021\/04\/foto-destacada1-495x400.jpeg\" class=\"wp-image-2654 avia-img-lazy-loading-not-2654 attachment-portfolio size-portfolio wp-post-image\" alt=\"\" srcset=\"https:\/\/gruasserrat.com\/wp-content\/uploads\/2021\/04\/foto-destacada1-495x400.jpeg 495w, https:\/\/gruasserrat.com\/wp-content\/uploads\/2021\/04\/foto-destacada1-845x684.jpeg 845w\" sizes=\"(max-width: 495px) 100vw, 495px\" \/><\/a><div class='grid-content'><div class='avia-arrow'><\/div><header class=\"entry-content-header\" aria-label=\"Portfolio: Canvi d&#8217;un equip de climatitzaci\u00f3 a BCN\"><h3 class='grid-entry-title entry-title '  itemprop=\"headline\" ><a href='https:\/\/gruasserrat.com\/ca\/portfolio-item\/cambio-equipo-de-climatizacion\/' title='Canvi d&#8217;un equip de climatitzaci\u00f3 a BCN'>Canvi d&#8217;un equip de climatitzaci\u00f3 a BCN<\/a><\/h3><\/header><\/div><footer class=\"entry-footer\"><\/footer><\/article><\/div><div data-ajax-id='1646' class=' grid-entry flex_column isotope-item all_sort no_margin post-entry post-entry-1646 grid-entry-overview grid-loop-2 grid-parity-even  industria-ca_sort  av_one_third  default_av_fullwidth '><article class='main_color inner-entry'  itemscope=\"itemscope\" itemtype=\"https:\/\/schema.org\/CreativeWork\" ><a href=\"https:\/\/gruasserrat.com\/ca\/portfolio-item\/recanvi-compressor-penedes\/\" title='Recanvi compressor al Pened\u00e9s'  data-rel='grid-1' class='grid-image avia-hover-fx'> <img decoding=\"async\" fetchpriority=\"high\" width=\"495\" height=\"400\" src=\"https:\/\/gruasserrat.com\/wp-content\/uploads\/2019\/09\/20180616_114204-495x400.jpg\" class=\"wp-image-1587 avia-img-lazy-loading-not-1587 attachment-portfolio size-portfolio wp-post-image\" alt=\"\" srcset=\"https:\/\/gruasserrat.com\/wp-content\/uploads\/2019\/09\/20180616_114204-495x400.jpg 495w, https:\/\/gruasserrat.com\/wp-content\/uploads\/2019\/09\/20180616_114204-845x684.jpg 845w\" sizes=\"(max-width: 495px) 100vw, 495px\" \/><\/a><div class='grid-content'><div class='avia-arrow'><\/div><header class=\"entry-content-header\" aria-label=\"Portfolio: Recanvi compressor al Pened\u00e9s\"><h3 class='grid-entry-title entry-title '  itemprop=\"headline\" ><a href='https:\/\/gruasserrat.com\/ca\/portfolio-item\/recanvi-compressor-penedes\/' title='Recanvi compressor al Pened\u00e9s'>Recanvi compressor al Pened\u00e9s<\/a><\/h3><\/header><\/div><footer class=\"entry-footer\"><\/footer><\/article><\/div><div data-ajax-id='1687' class=' grid-entry flex_column isotope-item all_sort no_margin post-entry post-entry-1687 grid-entry-overview grid-loop-3 grid-parity-odd  industria-ca_sort  av_one_third  default_av_fullwidth '><article class='main_color inner-entry'  itemscope=\"itemscope\" itemtype=\"https:\/\/schema.org\/CreativeWork\" ><a href=\"https:\/\/gruasserrat.com\/ca\/portfolio-item\/capcal-premsa-fagor\/\" title='Cap\u00e7al d&#8217;una premsa Fagor'  data-rel='grid-1' class='grid-image avia-hover-fx'> <img decoding=\"async\" fetchpriority=\"high\" width=\"495\" height=\"400\" src=\"https:\/\/gruasserrat.com\/wp-content\/uploads\/2019\/07\/Fagor-f-495x400.jpg\" class=\"wp-image-1536 avia-img-lazy-loading-not-1536 attachment-portfolio size-portfolio wp-post-image\" alt=\"\" \/><\/a><div class='grid-content'><div class='avia-arrow'><\/div><header class=\"entry-content-header\" aria-label=\"Portfolio: Cap\u00e7al d&#8217;una premsa Fagor\"><h3 class='grid-entry-title entry-title '  itemprop=\"headline\" ><a href='https:\/\/gruasserrat.com\/ca\/portfolio-item\/capcal-premsa-fagor\/' title='Cap\u00e7al d&#8217;una premsa Fagor'>Cap\u00e7al d&#8217;una premsa Fagor<\/a><\/h3><\/header><\/div><footer class=\"entry-footer\"><\/footer><\/article><\/div><div data-ajax-id='1688' class=' grid-entry flex_column isotope-item all_sort no_margin post-entry post-entry-1688 grid-entry-overview grid-loop-4 grid-parity-even  industria-ca_sort  av_one_third first default_av_fullwidth '><article class='main_color inner-entry'  itemscope=\"itemscope\" itemtype=\"https:\/\/schema.org\/CreativeWork\" ><a href=\"https:\/\/gruasserrat.com\/ca\/portfolio-item\/premsa-a-fiberpacs\/\" title='Premsa a FIBERPACS'  data-rel='grid-1' class='grid-image avia-hover-fx'> <img decoding=\"async\" fetchpriority=\"high\" width=\"495\" height=\"400\" src=\"https:\/\/gruasserrat.com\/wp-content\/uploads\/2019\/07\/Fiberpacs1-495x400.jpg\" class=\"wp-image-1537 avia-img-lazy-loading-not-1537 attachment-portfolio size-portfolio wp-post-image\" alt=\"\" \/><\/a><div class='grid-content'><div class='avia-arrow'><\/div><header class=\"entry-content-header\" aria-label=\"Portfolio: Premsa a FIBERPACS\"><h3 class='grid-entry-title entry-title '  itemprop=\"headline\" ><a href='https:\/\/gruasserrat.com\/ca\/portfolio-item\/premsa-a-fiberpacs\/' title='Premsa a FIBERPACS'>Premsa a FIBERPACS<\/a><\/h3><\/header><\/div><footer class=\"entry-footer\"><\/footer><\/article><\/div><div data-ajax-id='1689' class=' grid-entry flex_column isotope-item all_sort no_margin post-entry post-entry-1689 grid-entry-overview grid-loop-5 grid-parity-odd  post-entry-last  industria-ca_sort  av_one_third  default_av_fullwidth '><article class='main_color inner-entry'  itemscope=\"itemscope\" itemtype=\"https:\/\/schema.org\/CreativeWork\" ><a href=\"https:\/\/gruasserrat.com\/ca\/portfolio-item\/cicle-combinat-a-enagas\/\" title='Cicle combinat a ENAGAS'  data-rel='grid-1' class='grid-image avia-hover-fx'> <img decoding=\"async\" fetchpriority=\"high\" width=\"495\" height=\"400\" src=\"https:\/\/gruasserrat.com\/wp-content\/uploads\/2019\/07\/Enagas-f-495x400.jpg\" class=\"wp-image-1535 avia-img-lazy-loading-not-1535 attachment-portfolio size-portfolio wp-post-image\" alt=\"\" \/><\/a><div class='grid-content'><div class='avia-arrow'><\/div><header class=\"entry-content-header\" aria-label=\"Portfolio: Cicle combinat a ENAGAS\"><h3 class='grid-entry-title entry-title '  itemprop=\"headline\" ><a href='https:\/\/gruasserrat.com\/ca\/portfolio-item\/cicle-combinat-a-enagas\/' title='Cicle combinat a ENAGAS'>Cicle combinat a ENAGAS<\/a><\/h3><\/header><\/div><footer class=\"entry-footer\"><\/footer><\/article><\/div><\/div><\/div>\n\n<style type=\"text\/css\" data-created_by=\"avia_inline_auto\" id=\"style-css-av-mky6qpku-12a97a919cb9e3b5974bce501b5c0369\">\n#top .hr.hr-invisible.av-mky6qpku-12a97a919cb9e3b5974bce501b5c0369{\nheight:50px;\n}\n<\/style>\n<div  class='hr av-mky6qpku-12a97a919cb9e3b5974bce501b5c0369 hr-invisible  avia-builder-el-4  el_after_av_one_full  el_before_av_textblock '><span class='hr-inner '><span class=\"hr-inner-style\"><\/span><\/span><\/div>\n<section  class='av_textblock_section av-mky6qzr6-ea5a49296ac82620541d9a3e9b2a7f51 '   itemscope=\"itemscope\" itemtype=\"https:\/\/schema.org\/CreativeWork\" ><div class='avia_textblock'  itemprop=\"text\" ><p>A <a href=\"https:\/\/gruasserrat.com\/ca\/\">Grues Serrat<\/a> som especialistes a oferir solucions d\u2019elevaci\u00f3 segures i eficients per al sector industrial. Disposem d\u2019una <strong>flota moderna<\/strong> de grues i d\u2019un equip d\u2019<strong>operaris altament qualificats<\/strong>, capa\u00e7os d\u2019afrontar els reptes de qualsevol projecte industrial, des de f\u00e0briques i magatzems fins a instal\u00b7lacions complexes de log\u00edstica o manufactura.<\/p>\n<p>Realitzem estudis previs a cada izatge, seleccionant la grua m\u00e9s adequada segons la c\u00e0rrega, l\u2019espai disponible i els requisits espec\u00edfics del projecte, assegurant resultats precisos i segurs en cada operaci\u00f3.<\/p>\n<\/div><\/section>\n\n<style type=\"text\/css\" data-created_by=\"avia_inline_auto\" id=\"style-css-av-mky6tifu-02fdc952418b6c537984f7f55846e40c\">\n#top .togglecontainer.av-mky6tifu-02fdc952418b6c537984f7f55846e40c p.toggler.activeTitle{\ncolor:#83a846;\nborder-color:#83a846;\n}\n#top .togglecontainer.av-mky6tifu-02fdc952418b6c537984f7f55846e40c p.toggler .toggle_icon{\ncolor:#83a846;\nborder-color:#83a846;\n}\n#top .togglecontainer.av-mky6tifu-02fdc952418b6c537984f7f55846e40c p.toggler .toggle_icon > span{\ncolor:#83a846;\nborder-color:#83a846;\n}\n<\/style>\n<div  class='togglecontainer av-mky6tifu-02fdc952418b6c537984f7f55846e40c  avia-builder-el-6  el_after_av_textblock  el_before_av_promobox  toggle_close_all' >\n<section class='av_toggle_section av-mky6sbnh-278d31e562e782dd99fd4ab67c0115e8'  itemscope=\"itemscope\" itemtype=\"https:\/\/schema.org\/CreativeWork\" ><div role=\"tablist\" class=\"single_toggle\" data-tags=\"{All} \"  ><p id='toggle-toggle-id-1' data-fake-id='#toggle-id-1' class='toggler  av-title-above '  itemprop=\"headline\"  role='tab' tabindex='0' aria-controls='toggle-id-1' data-slide-speed=\"200\" data-title=\"Lloguer de grues per a la industria\" data-title-open=\"\" data-aria_collapsed=\"Click to expand: Lloguer de grues per a la industria\" data-aria_expanded=\"Click to collapse: Lloguer de grues per a la industria\">Lloguer de grues per a la industria<span class=\"toggle_icon\"><span class=\"vert_icon\"><\/span><span class=\"hor_icon\"><\/span><\/span><\/p><div id='toggle-id-1' aria-labelledby='toggle-toggle-id-1' role='region' class='toggle_wrap  av-title-above'  ><div class='toggle_content invers-color '  itemprop=\"text\" ><p>El <strong>lloguer de grues per a la ind\u00fastria<\/strong> \u00e9s clau per mantenir la productivitat i la seguretat de les operacions. A Grues Serrat oferim grues adaptades a cada necessitat industrial, des del moviment de maquin\u00e0ria pesada fins al muntatge d\u2019estructures met\u00e0l\u00b7liques i equips de grans dimensions.<\/p>\n<p>El nostre servei inclou <strong>assessorament t\u00e8cnic personalitzat<\/strong>, perqu\u00e8 el client pugui seleccionar la grua que millor s\u2019ajusti als requisits de la seva instal\u00b7laci\u00f3 industrial, optimitzant temps i reduint riscos.<\/p>\n<h3><strong>Avantatges del nostre servei de lloguer<\/strong><\/h3>\n<ul>\n<li><strong>Flota vers\u00e0til:<\/strong> <a href=\"https:\/\/gruasserrat.com\/ca\/grues-mobils\/\">grues m\u00f2bils<\/a> i especialitzades per a espais industrials redu\u00efts o de dif\u00edcil acc\u00e9s.<\/li>\n<li><strong>Seguretat total:<\/strong> operadors certificats i compliment estricte de totes les normatives de seguretat.<\/li>\n<li><strong>Efici\u00e8ncia i rapidesa:<\/strong> operacions planificades que optimitzen els temps i redueixen els costos operatius.<\/li>\n<li><strong>Assessorament t\u00e8cnic:<\/strong> suport en l\u2019elecci\u00f3 de la grua i en la planificaci\u00f3 de les maniobres.<\/li>\n<\/ul>\n<p>Totes les nostres grues s\u00f3n operades per professionals amb formaci\u00f3 cont\u00ednua, garantint que cada maniobra es realitzi amb precisi\u00f3 i complint els est\u00e0ndards de seguretat m\u00e9s elevats.<\/p>\n<\/div><\/div><\/div><\/section>\n<section class='av_toggle_section av-mky6t098-c796e03e0c6deccc41694575ab7ae84e'  itemscope=\"itemscope\" itemtype=\"https:\/\/schema.org\/CreativeWork\" ><div role=\"tablist\" class=\"single_toggle\" data-tags=\"{All} \"  ><p id='toggle-toggle-id-2' data-fake-id='#toggle-id-2' class='toggler  av-title-above '  itemprop=\"headline\"  role='tab' tabindex='0' aria-controls='toggle-id-2' data-slide-speed=\"200\" data-title=\"Serveis de Grues Serrat per a la industria\" data-title-open=\"\" data-aria_collapsed=\"Click to expand: Serveis de Grues Serrat per a la industria\" data-aria_expanded=\"Click to collapse: Serveis de Grues Serrat per a la industria\">Serveis de Grues Serrat per a la industria<span class=\"toggle_icon\"><span class=\"vert_icon\"><\/span><span class=\"hor_icon\"><\/span><\/span><\/p><div id='toggle-id-2' aria-labelledby='toggle-toggle-id-2' role='region' class='toggle_wrap  av-title-above'  ><div class='toggle_content invers-color '  itemprop=\"text\" ><p>A <strong>Grues Serrat<\/strong> oferim solucions d\u2019elevaci\u00f3 completes per a la ind\u00fastria, adaptades a cada tipus d\u2019instal\u00b7laci\u00f3:<\/p>\n<ul>\n<li><strong>Muntatge i trasllat de maquin\u00e0ria industrial:<\/strong> elevaci\u00f3 segura d\u2019equips pesants i delicats.<\/li>\n<li><strong>Muntatge d\u2019estructures met\u00e0l\u00b7liques i prefabricades:<\/strong> precisi\u00f3 en espais redu\u00efts o entorns complexos.<\/li>\n<li><strong>Manteniment industrial:<\/strong> suport en revisions, substitucions o reparacions de components pesants.<\/li>\n<li><strong>Log\u00edstica interna i c\u00e0rrega\/desc\u00e0rrega de materials:<\/strong> optimitzaci\u00f3 de processos dins de magatzems o plantes de producci\u00f3.<\/li>\n<\/ul>\n<p>Cada projecte s\u2019analitza de manera personalitzada, avaluant el terreny, la c\u00e0rrega i l\u2019espai disponible, per garantir efici\u00e8ncia, seguretat i compliment dels terminis.<\/p>\n<\/div><\/div><\/div><\/section>\n<section class='av_toggle_section av-mky6td78-085d684d281ca6b328b4e44e9d2148c3'  itemscope=\"itemscope\" itemtype=\"https:\/\/schema.org\/CreativeWork\" ><div role=\"tablist\" class=\"single_toggle\" data-tags=\"{All} \"  ><p id='toggle-toggle-id-3' data-fake-id='#toggle-id-3' class='toggler  av-title-above '  itemprop=\"headline\"  role='tab' tabindex='0' aria-controls='toggle-id-3' data-slide-speed=\"200\" data-title=\"Beneficis de treballar amb Grues Serrat\" data-title-open=\"\" data-aria_collapsed=\"Click to expand: Beneficis de treballar amb Grues Serrat\" data-aria_expanded=\"Click to collapse: Beneficis de treballar amb Grues Serrat\">Beneficis de treballar amb Grues Serrat<span class=\"toggle_icon\"><span class=\"vert_icon\"><\/span><span class=\"hor_icon\"><\/span><\/span><\/p><div id='toggle-id-3' aria-labelledby='toggle-toggle-id-3' role='region' class='toggle_wrap  av-title-above'  ><div class='toggle_content invers-color '  itemprop=\"text\" ><p>En escollir <strong>Grues Serrat<\/strong> per als teus projectes industrials, obtens molt m\u00e9s que una grua:<\/p>\n<ul>\n<li><strong>Professionals especialitzats<\/strong> que planifiquen i executen cada maniobra amb precisi\u00f3.<\/li>\n<li><strong>Optimitzaci\u00f3 de temps i recursos<\/strong>, reduint riscos i costos operatius.<\/li>\n<li><strong>Flota moderna i mantinguda al m\u00e0xim nivell<\/strong>, preparada per a qualsevol repte industrial.<\/li>\n<li><strong>Assessorament integral<\/strong>, des de la selecci\u00f3 de la grua fins a l\u2019execuci\u00f3 final del projecte.<\/li>\n<\/ul>\n<p>Amb Grues Serrat, el teu projecte industrial avan\u00e7a amb seguretat, efici\u00e8ncia i la garantia de comptar amb experts en solucions d\u2019elevaci\u00f3.<\/p>\n<p>Vols comptar amb la grua ideal per al teu projecte? <a href=\"https:\/\/gruasserrat.com\/ca\/contacte-gruas-serrat\/\">Contacta amb nosaltres<\/a> i els nostres experts t\u2019ajudaran a escollir la m\u00e0quina m\u00e9s adequada per a cada fase.<\/p>\n<\/div><\/div><\/div><\/section>\n<\/div>\n\n<style type=\"text\/css\" data-created_by=\"avia_inline_auto\" id=\"style-css-av-juwcfg3y-1856d325be59656e249eea5c9cdd0407\">\n.av_promobox.av-juwcfg3y-1856d325be59656e249eea5c9cdd0407{\ncolor:#ffffff;\nbackground:#444444;\nborder-color:#333333;\n}\n<\/style>\n<div  class='av_promobox av-juwcfg3y-1856d325be59656e249eea5c9cdd0407 avia-button-yes  avia-builder-el-7  el_after_av_toggle_container  avia-builder-el-last '><div class='avia-promocontent'><p>\nNecessita els nostres serveis? Sol\u00b7liciti ara un pressupost<\/p>\n<\/div><div  class='avia-button-wrap av-juwcfg3y-db7950265f0f50320d68a3907614a170-wrap avia-button-right '><a href='https:\/\/gruasserrat.com\/ca\/contacte-gruas-serrat\/'  class='avia-button av-juwcfg3y-db7950265f0f50320d68a3907614a170 av-link-btn avia-icon_select-no avia-size-large avia-position-right avia-color-theme-color'   aria-label=\"CONTACTAR\"><span class='avia_iconbox_title' >CONTACTAR<\/span><\/a><\/div><\/div>\n","protected":false},"excerpt":{"rendered":"","protected":false},"author":4,"featured_media":0,"parent":0,"menu_order":0,"comment_status":"closed","ping_status":"closed","template":"","meta":{"footnotes":""},"class_list":["post-1888","page","type-page","status-publish","hentry"],"yoast_head":"<!-- This site is optimized with the Yoast SEO plugin v27.4 - https:\/\/yoast.com\/product\/yoast-seo-wordpress\/ -->\n<title>Ind\u00fastria - Gruas Serrat<\/title>\n<meta name=\"description\" content=\"A Grues Serrat oferim lloguer de grues per a la ind\u00fastria, amb solucions adaptades a projectes industrials de qualsevol mida.\" \/>\n<meta name=\"robots\" content=\"index, follow, max-snippet:-1, max-image-preview:large, max-video-preview:-1\" \/>\n<link rel=\"canonical\" href=\"https:\/\/gruasserrat.com\/ca\/industria-transports-especials-grues\/\" \/>\n<meta property=\"og:locale\" content=\"ca_ES\" \/>\n<meta property=\"og:type\" content=\"article\" \/>\n<meta property=\"og:title\" content=\"Ind\u00fastria - Gruas Serrat\" \/>\n<meta property=\"og:description\" content=\"A Grues Serrat oferim lloguer de grues per a la ind\u00fastria, amb solucions adaptades a projectes industrials de qualsevol mida.\" \/>\n<meta property=\"og:url\" content=\"https:\/\/gruasserrat.com\/ca\/industria-transports-especials-grues\/\" \/>\n<meta property=\"og:site_name\" content=\"Gruas Serrat\" \/>\n<meta property=\"article:modified_time\" content=\"2026-01-28T15:37:26+00:00\" \/>\n<meta name=\"twitter:card\" content=\"summary_large_image\" \/>\n<meta name=\"twitter:label1\" content=\"Temps estimat de lectura\" \/>\n\t<meta name=\"twitter:data1\" content=\"4 minuts\" \/>\n<script type=\"application\/ld+json\" class=\"yoast-schema-graph\">{\"@context\":\"https:\\\/\\\/schema.org\",\"@graph\":[{\"@type\":\"WebPage\",\"@id\":\"https:\\\/\\\/gruasserrat.com\\\/ca\\\/industria-transports-especials-grues\\\/\",\"url\":\"https:\\\/\\\/gruasserrat.com\\\/ca\\\/industria-transports-especials-grues\\\/\",\"name\":\"Ind\u00fastria - Gruas Serrat\",\"isPartOf\":{\"@id\":\"https:\\\/\\\/gruasserrat.com\\\/#website\"},\"datePublished\":\"2019-07-09T15:27:25+00:00\",\"dateModified\":\"2026-01-28T15:37:26+00:00\",\"description\":\"A Grues Serrat oferim lloguer de grues per a la ind\u00fastria, amb solucions adaptades a projectes industrials de qualsevol mida.\",\"breadcrumb\":{\"@id\":\"https:\\\/\\\/gruasserrat.com\\\/ca\\\/industria-transports-especials-grues\\\/#breadcrumb\"},\"inLanguage\":\"ca\",\"potentialAction\":[{\"@type\":\"ReadAction\",\"target\":[\"https:\\\/\\\/gruasserrat.com\\\/ca\\\/industria-transports-especials-grues\\\/\"]}]},{\"@type\":\"BreadcrumbList\",\"@id\":\"https:\\\/\\\/gruasserrat.com\\\/ca\\\/industria-transports-especials-grues\\\/#breadcrumb\",\"itemListElement\":[{\"@type\":\"ListItem\",\"position\":1,\"name\":\"Portada\",\"item\":\"https:\\\/\\\/gruasserrat.com\\\/ca\\\/gruas-serrat\\\/\"},{\"@type\":\"ListItem\",\"position\":2,\"name\":\"Ind\u00fastria\"}]},{\"@type\":\"WebSite\",\"@id\":\"https:\\\/\\\/gruasserrat.com\\\/#website\",\"url\":\"https:\\\/\\\/gruasserrat.com\\\/\",\"name\":\"Gruas Serrat\",\"description\":\"Alquiler de gr\u00faas I Lloguer de grues\",\"publisher\":{\"@id\":\"https:\\\/\\\/gruasserrat.com\\\/#organization\"},\"potentialAction\":[{\"@type\":\"SearchAction\",\"target\":{\"@type\":\"EntryPoint\",\"urlTemplate\":\"https:\\\/\\\/gruasserrat.com\\\/?s={search_term_string}\"},\"query-input\":{\"@type\":\"PropertyValueSpecification\",\"valueRequired\":true,\"valueName\":\"search_term_string\"}}],\"inLanguage\":\"ca\"},{\"@type\":\"Organization\",\"@id\":\"https:\\\/\\\/gruasserrat.com\\\/#organization\",\"name\":\"Gruas Serrat\",\"url\":\"https:\\\/\\\/gruasserrat.com\\\/\",\"logo\":{\"@type\":\"ImageObject\",\"inLanguage\":\"ca\",\"@id\":\"https:\\\/\\\/gruasserrat.com\\\/#\\\/schema\\\/logo\\\/image\\\/\",\"url\":\"https:\\\/\\\/gruasserrat.com\\\/wp-content\\\/uploads\\\/2019\\\/04\\\/logo-1-GS.png\",\"contentUrl\":\"https:\\\/\\\/gruasserrat.com\\\/wp-content\\\/uploads\\\/2019\\\/04\\\/logo-1-GS.png\",\"width\":416,\"height\":148,\"caption\":\"Gruas Serrat\"},\"image\":{\"@id\":\"https:\\\/\\\/gruasserrat.com\\\/#\\\/schema\\\/logo\\\/image\\\/\"}}]}<\/script>\n<!-- \/ Yoast SEO plugin. -->","yoast_head_json":{"title":"Ind\u00fastria - Gruas Serrat","description":"A Grues Serrat oferim lloguer de grues per a la ind\u00fastria, amb solucions adaptades a projectes industrials de qualsevol mida.","robots":{"index":"index","follow":"follow","max-snippet":"max-snippet:-1","max-image-preview":"max-image-preview:large","max-video-preview":"max-video-preview:-1"},"canonical":"https:\/\/gruasserrat.com\/ca\/industria-transports-especials-grues\/","og_locale":"ca_ES","og_type":"article","og_title":"Ind\u00fastria - Gruas Serrat","og_description":"A Grues Serrat oferim lloguer de grues per a la ind\u00fastria, amb solucions adaptades a projectes industrials de qualsevol mida.","og_url":"https:\/\/gruasserrat.com\/ca\/industria-transports-especials-grues\/","og_site_name":"Gruas Serrat","article_modified_time":"2026-01-28T15:37:26+00:00","twitter_card":"summary_large_image","twitter_misc":{"Temps estimat de lectura":"4 minuts"},"schema":{"@context":"https:\/\/schema.org","@graph":[{"@type":"WebPage","@id":"https:\/\/gruasserrat.com\/ca\/industria-transports-especials-grues\/","url":"https:\/\/gruasserrat.com\/ca\/industria-transports-especials-grues\/","name":"Ind\u00fastria - Gruas Serrat","isPartOf":{"@id":"https:\/\/gruasserrat.com\/#website"},"datePublished":"2019-07-09T15:27:25+00:00","dateModified":"2026-01-28T15:37:26+00:00","description":"A Grues Serrat oferim lloguer de grues per a la ind\u00fastria, amb solucions adaptades a projectes industrials de qualsevol mida.","breadcrumb":{"@id":"https:\/\/gruasserrat.com\/ca\/industria-transports-especials-grues\/#breadcrumb"},"inLanguage":"ca","potentialAction":[{"@type":"ReadAction","target":["https:\/\/gruasserrat.com\/ca\/industria-transports-especials-grues\/"]}]},{"@type":"BreadcrumbList","@id":"https:\/\/gruasserrat.com\/ca\/industria-transports-especials-grues\/#breadcrumb","itemListElement":[{"@type":"ListItem","position":1,"name":"Portada","item":"https:\/\/gruasserrat.com\/ca\/gruas-serrat\/"},{"@type":"ListItem","position":2,"name":"Ind\u00fastria"}]},{"@type":"WebSite","@id":"https:\/\/gruasserrat.com\/#website","url":"https:\/\/gruasserrat.com\/","name":"Gruas Serrat","description":"Alquiler de gr\u00faas I Lloguer de grues","publisher":{"@id":"https:\/\/gruasserrat.com\/#organization"},"potentialAction":[{"@type":"SearchAction","target":{"@type":"EntryPoint","urlTemplate":"https:\/\/gruasserrat.com\/?s={search_term_string}"},"query-input":{"@type":"PropertyValueSpecification","valueRequired":true,"valueName":"search_term_string"}}],"inLanguage":"ca"},{"@type":"Organization","@id":"https:\/\/gruasserrat.com\/#organization","name":"Gruas Serrat","url":"https:\/\/gruasserrat.com\/","logo":{"@type":"ImageObject","inLanguage":"ca","@id":"https:\/\/gruasserrat.com\/#\/schema\/logo\/image\/","url":"https:\/\/gruasserrat.com\/wp-content\/uploads\/2019\/04\/logo-1-GS.png","contentUrl":"https:\/\/gruasserrat.com\/wp-content\/uploads\/2019\/04\/logo-1-GS.png","width":416,"height":148,"caption":"Gruas Serrat"},"image":{"@id":"https:\/\/gruasserrat.com\/#\/schema\/logo\/image\/"}}]}},"_links":{"self":[{"href":"https:\/\/gruasserrat.com\/ca\/wp-json\/wp\/v2\/pages\/1888","targetHints":{"allow":["GET"]}}],"collection":[{"href":"https:\/\/gruasserrat.com\/ca\/wp-json\/wp\/v2\/pages"}],"about":[{"href":"https:\/\/gruasserrat.com\/ca\/wp-json\/wp\/v2\/types\/page"}],"author":[{"embeddable":true,"href":"https:\/\/gruasserrat.com\/ca\/wp-json\/wp\/v2\/users\/4"}],"replies":[{"embeddable":true,"href":"https:\/\/gruasserrat.com\/ca\/wp-json\/wp\/v2\/comments?post=1888"}],"version-history":[{"count":5,"href":"https:\/\/gruasserrat.com\/ca\/wp-json\/wp\/v2\/pages\/1888\/revisions"}],"predecessor-version":[{"id":3290,"href":"https:\/\/gruasserrat.com\/ca\/wp-json\/wp\/v2\/pages\/1888\/revisions\/3290"}],"wp:attachment":[{"href":"https:\/\/gruasserrat.com\/ca\/wp-json\/wp\/v2\/media?parent=1888"}],"curies":[{"name":"wp","href":"https:\/\/api.w.org\/{rel}","templated":true}]}}