{"id":1907,"date":"2019-07-09T16:05:15","date_gmt":"2019-07-09T15:05:15","guid":{"rendered":"https:\/\/gruasserrat.com\/obra-civil-gruas-hidraulicas\/"},"modified":"2026-01-28T16:17:19","modified_gmt":"2026-01-28T15:17:19","slug":"obra-civil-grues-hidrauliques","status":"publish","type":"page","link":"https:\/\/gruasserrat.com\/ca\/obra-civil-grues-hidrauliques\/","title":{"rendered":"Obra Civil"},"content":{"rendered":"\n<style type=\"text\/css\" data-created_by=\"avia_inline_auto\" id=\"style-css-av-23aqcj-e17ac0bce1bd86bcc337b09673516251\">\n#top .av-special-heading.av-23aqcj-e17ac0bce1bd86bcc337b09673516251{\npadding-bottom:10px;\n}\nbody .av-special-heading.av-23aqcj-e17ac0bce1bd86bcc337b09673516251 .av-special-heading-tag .heading-char{\nfont-size:25px;\n}\n.av-special-heading.av-23aqcj-e17ac0bce1bd86bcc337b09673516251 .av-subheading{\nfont-size:15px;\n}\n<\/style>\n<div  class='av-special-heading av-23aqcj-e17ac0bce1bd86bcc337b09673516251 av-special-heading-h1 blockquote modern-quote modern-centered  avia-builder-el-0  el_before_av_hr  avia-builder-el-first '><h1 class='av-special-heading-tag '  itemprop=\"headline\"  >OBRA CIVIL<\/h1><div class=\"special-heading-border\"><div class=\"special-heading-inner-border\"><\/div><\/div><\/div>\n\n<style type=\"text\/css\" data-created_by=\"avia_inline_auto\" id=\"style-css-av-12i1gv-7fe22f403a95c9cee1eb2387355dd63e\">\n#top .hr.av-12i1gv-7fe22f403a95c9cee1eb2387355dd63e{\nmargin-top:5px;\nmargin-bottom:35px;\n}\n.hr.av-12i1gv-7fe22f403a95c9cee1eb2387355dd63e .hr-inner{\nwidth:50px;\nborder-color:#efbb20;\n}\n<\/style>\n<div  class='hr av-12i1gv-7fe22f403a95c9cee1eb2387355dd63e hr-custom  avia-builder-el-1  el_after_av_heading  el_before_av_one_full  hr-center hr-icon-no'><span class='hr-inner inner-border-av-border-fat'><span class=\"hr-inner-style\"><\/span><\/span><\/div>\n\n<style type=\"text\/css\" data-created_by=\"avia_inline_auto\" id=\"style-css-av-bbjjj-32979a770571b70bc50d4734dd9f1ccc\">\n.flex_column.av-bbjjj-32979a770571b70bc50d4734dd9f1ccc{\nborder-radius:0px 0px 0px 0px;\npadding:0px 0px 0px 0px;\n}\n<\/style>\n<div  class='flex_column av-bbjjj-32979a770571b70bc50d4734dd9f1ccc av_one_full  avia-builder-el-2  el_after_av_hr  el_before_av_hr  first flex_column_div av-zero-column-padding  '     ><div class='portfolio_preview_container ' data-portfolio-id='1'>\n\t\t\t\t\t\t\t\t<div class='ajax_controlls iconfont'>\n\t\t\t\t\t\t\t\t\t<a href='#prev' class='ajax_previous' \taria-hidden='true' data-av_icon='\ue878' data-av_iconfont='entypo-fontello'><\/a>\n\t\t\t\t\t\t\t\t\t<a href='#next' class='ajax_next'\t\taria-hidden='true' data-av_icon='\ue879' data-av_iconfont='entypo-fontello'><\/a>\n\t\t\t\t\t\t\t\t\t<a class='avia_close' href='#close'\t\taria-hidden='true' data-av_icon='\ue814' data-av_iconfont='entypo-fontello'><\/a>\n\t\t\t\t\t\t\t\t<\/div>\n\t\t\t\t\t\t\t\t<div class='portfolio-details-inner'><\/div>\n\t\t\t\t\t\t\t<\/div><div  id=\"av-sc-portfolio-1\"  class=' grid-sort-container isotope   no_margin-container with-title-container grid-total-even grid-col-3 grid-links-ajax' data-portfolio-id='1'><div data-ajax-id='2798' class=' grid-entry flex_column isotope-item all_sort no_margin post-entry post-entry-2798 grid-entry-overview grid-loop-1 grid-parity-odd  obra-civil-ca_sort  av_one_third first default_av_fullwidth '><article class='main_color inner-entry'  itemscope=\"itemscope\" itemtype=\"https:\/\/schema.org\/CreativeWork\" ><a href=\"https:\/\/gruasserrat.com\/ca\/portfolio-item\/colocacion-de-pasarela-en-la-vall-de-bianya\/\" title='Col\u00b7locaci\u00f3 de pasarel\u00b7la a la Vall de Bianya'  data-rel='grid-1' class='grid-image avia-hover-fx'> <img decoding=\"async\" fetchpriority=\"high\" width=\"495\" height=\"400\" src=\"https:\/\/gruasserrat.com\/wp-content\/uploads\/2021\/08\/3-La-Vall-de-Bianya-pasarela-Gruas-Serrat-495x400.jpeg\" class=\"wp-image-2783 avia-img-lazy-loading-not-2783 attachment-portfolio size-portfolio wp-post-image\" alt=\"\" srcset=\"https:\/\/gruasserrat.com\/wp-content\/uploads\/2021\/08\/3-La-Vall-de-Bianya-pasarela-Gruas-Serrat-495x400.jpeg 495w, https:\/\/gruasserrat.com\/wp-content\/uploads\/2021\/08\/3-La-Vall-de-Bianya-pasarela-Gruas-Serrat-845x684.jpeg 845w\" sizes=\"(max-width: 495px) 100vw, 495px\" \/><\/a><div class='grid-content'><div class='avia-arrow'><\/div><header class=\"entry-content-header\" aria-label=\"Portfolio: Col\u00b7locaci\u00f3 de pasarel\u00b7la a la Vall de Bianya\"><h3 class='grid-entry-title entry-title '  itemprop=\"headline\" ><a href='https:\/\/gruasserrat.com\/ca\/portfolio-item\/colocacion-de-pasarela-en-la-vall-de-bianya\/' title='Col\u00b7locaci\u00f3 de pasarel\u00b7la a la Vall de Bianya'>Col\u00b7locaci\u00f3 de pasarel\u00b7la a la Vall de Bianya<\/a><\/h3><\/header><\/div><footer class=\"entry-footer\"><\/footer><\/article><\/div><div data-ajax-id='1647' class=' grid-entry flex_column isotope-item all_sort no_margin post-entry post-entry-1647 grid-entry-overview grid-loop-2 grid-parity-even  obra-civil-ca_sort  av_one_third  default_av_fullwidth '><article class='main_color inner-entry'  itemscope=\"itemscope\" itemtype=\"https:\/\/schema.org\/CreativeWork\" ><a href=\"https:\/\/gruasserrat.com\/ca\/portfolio-item\/colocacio-pont-martinet-pirineu-lleida\/\" title='Col\u00b7locaci\u00f3 de Pont a Martinet (Pirineu de LLeida)'  data-rel='grid-1' class='grid-image avia-hover-fx'> <img decoding=\"async\" fetchpriority=\"high\" width=\"495\" height=\"400\" src=\"https:\/\/gruasserrat.com\/wp-content\/uploads\/2019\/09\/copremesal-006-pont-martinet-OC-495x400.jpg\" class=\"wp-image-1574 avia-img-lazy-loading-not-1574 attachment-portfolio size-portfolio wp-post-image\" alt=\"\" srcset=\"https:\/\/gruasserrat.com\/wp-content\/uploads\/2019\/09\/copremesal-006-pont-martinet-OC-495x400.jpg 495w, https:\/\/gruasserrat.com\/wp-content\/uploads\/2019\/09\/copremesal-006-pont-martinet-OC-845x684.jpg 845w\" sizes=\"(max-width: 495px) 100vw, 495px\" \/><\/a><div class='grid-content'><div class='avia-arrow'><\/div><header class=\"entry-content-header\" aria-label=\"Portfolio: Col\u00b7locaci\u00f3 de Pont a Martinet (Pirineu de LLeida)\"><h3 class='grid-entry-title entry-title '  itemprop=\"headline\" ><a href='https:\/\/gruasserrat.com\/ca\/portfolio-item\/colocacio-pont-martinet-pirineu-lleida\/' title='Col\u00b7locaci\u00f3 de Pont a Martinet (Pirineu de LLeida)'>Col\u00b7locaci\u00f3 de Pont a Martinet (Pirineu de LLeida)<\/a><\/h3><\/header><\/div><footer class=\"entry-footer\"><\/footer><\/article><\/div><div data-ajax-id='1659' class=' grid-entry flex_column isotope-item all_sort no_margin post-entry post-entry-1659 grid-entry-overview grid-loop-3 grid-parity-odd  obra-civil-ca_sort  av_one_third  default_av_fullwidth '><article class='main_color inner-entry'  itemscope=\"itemscope\" itemtype=\"https:\/\/schema.org\/CreativeWork\" ><a href=\"https:\/\/gruasserrat.com\/ca\/portfolio-item\/manteniment-a-laeroport-josep-tarradellas-de-barcelona\/\" title='Manteniment a l&#8217;Aeroport Josep Tarradellas de Barcelona'  data-rel='grid-1' class='grid-image avia-hover-fx'> <img decoding=\"async\" fetchpriority=\"high\" width=\"495\" height=\"400\" src=\"https:\/\/gruasserrat.com\/wp-content\/uploads\/2019\/09\/Aeropuerto-del-Prat-proba-1-495x400.jpg\" class=\"wp-image-1572 avia-img-lazy-loading-not-1572 attachment-portfolio size-portfolio wp-post-image\" alt=\"traballalls a l&#039;eroport de BCN\" srcset=\"https:\/\/gruasserrat.com\/wp-content\/uploads\/2019\/09\/Aeropuerto-del-Prat-proba-1-495x400.jpg 495w, https:\/\/gruasserrat.com\/wp-content\/uploads\/2019\/09\/Aeropuerto-del-Prat-proba-1-845x684.jpg 845w\" sizes=\"(max-width: 495px) 100vw, 495px\" \/><\/a><div class='grid-content'><div class='avia-arrow'><\/div><header class=\"entry-content-header\" aria-label=\"Portfolio: Manteniment a l&#8217;Aeroport Josep Tarradellas de Barcelona\"><h3 class='grid-entry-title entry-title '  itemprop=\"headline\" ><a href='https:\/\/gruasserrat.com\/ca\/portfolio-item\/manteniment-a-laeroport-josep-tarradellas-de-barcelona\/' title='Manteniment a l&#8217;Aeroport Josep Tarradellas de Barcelona'>Manteniment a l&#8217;Aeroport Josep Tarradellas de Barcelona<\/a><\/h3><\/header><\/div><footer class=\"entry-footer\"><\/footer><\/article><\/div><div data-ajax-id='1719' class=' grid-entry flex_column isotope-item all_sort no_margin post-entry post-entry-1719 grid-entry-overview grid-loop-4 grid-parity-even  obra-civil-ca_sort  av_one_third first default_av_fullwidth '><article class='main_color inner-entry'  itemscope=\"itemscope\" itemtype=\"https:\/\/schema.org\/CreativeWork\" ><a href=\"https:\/\/gruasserrat.com\/ca\/portfolio-item\/muntatge-pont-metalic-c-15\/\" title='Muntatge Pont Met\u00e0l\u00b7lic C-15'  data-rel='grid-1' class='grid-image avia-hover-fx'> <img decoding=\"async\" fetchpriority=\"high\" width=\"495\" height=\"400\" src=\"https:\/\/gruasserrat.com\/wp-content\/uploads\/2019\/07\/Obra-Civil-C15-f-495x400.jpg\" class=\"wp-image-1531 avia-img-lazy-loading-not-1531 attachment-portfolio size-portfolio wp-post-image\" alt=\"\" \/><\/a><div class='grid-content'><div class='avia-arrow'><\/div><header class=\"entry-content-header\" aria-label=\"Portfolio: Muntatge Pont Met\u00e0l\u00b7lic C-15\"><h3 class='grid-entry-title entry-title '  itemprop=\"headline\" ><a href='https:\/\/gruasserrat.com\/ca\/portfolio-item\/muntatge-pont-metalic-c-15\/' title='Muntatge Pont Met\u00e0l\u00b7lic C-15'>Muntatge Pont Met\u00e0l\u00b7lic C-15<\/a><\/h3><\/header><\/div><footer class=\"entry-footer\"><\/footer><\/article><\/div><div data-ajax-id='1713' class=' grid-entry flex_column isotope-item all_sort no_margin post-entry post-entry-1713 grid-entry-overview grid-loop-5 grid-parity-odd  obra-civil-ca_sort  av_one_third  default_av_fullwidth '><article class='main_color inner-entry'  itemscope=\"itemscope\" itemtype=\"https:\/\/schema.org\/CreativeWork\" ><a href=\"https:\/\/gruasserrat.com\/ca\/portfolio-item\/viaducte-metalic-tunel-de-bracons\/\" title='Viaducte met\u00e0l\u00b7lic al T\u00fanel de Bracons'  data-rel='grid-1' class='grid-image avia-hover-fx'> <img decoding=\"async\" fetchpriority=\"high\" width=\"495\" height=\"400\" src=\"https:\/\/gruasserrat.com\/wp-content\/uploads\/2019\/07\/Bracons1-495x400.jpg\" class=\"wp-image-1532 avia-img-lazy-loading-not-1532 attachment-portfolio size-portfolio wp-post-image\" alt=\"\" \/><\/a><div class='grid-content'><div class='avia-arrow'><\/div><header class=\"entry-content-header\" aria-label=\"Portfolio: Viaducte met\u00e0l\u00b7lic al T\u00fanel de Bracons\"><h3 class='grid-entry-title entry-title '  itemprop=\"headline\" ><a href='https:\/\/gruasserrat.com\/ca\/portfolio-item\/viaducte-metalic-tunel-de-bracons\/' title='Viaducte met\u00e0l\u00b7lic al T\u00fanel de Bracons'>Viaducte met\u00e0l\u00b7lic al T\u00fanel de Bracons<\/a><\/h3><\/header><\/div><footer class=\"entry-footer\"><\/footer><\/article><\/div><div data-ajax-id='1714' class=' grid-entry flex_column isotope-item all_sort no_margin post-entry post-entry-1714 grid-entry-overview grid-loop-6 grid-parity-even  post-entry-last  obra-civil-ca_sort  av_one_third  default_av_fullwidth '><article class='main_color inner-entry'  itemscope=\"itemscope\" itemtype=\"https:\/\/schema.org\/CreativeWork\" ><a href=\"https:\/\/gruasserrat.com\/ca\/portfolio-item\/tuneladora-epb-ute-gorg\/\" title='Tuneladora EPB UTE Gorg'  data-rel='grid-1' class='grid-image avia-hover-fx'> <img decoding=\"async\" fetchpriority=\"high\" width=\"495\" height=\"400\" src=\"https:\/\/gruasserrat.com\/wp-content\/uploads\/2019\/07\/Gorg-1-f-495x400.jpg\" class=\"wp-image-1533 avia-img-lazy-loading-not-1533 attachment-portfolio size-portfolio wp-post-image\" alt=\"\" \/><\/a><div class='grid-content'><div class='avia-arrow'><\/div><header class=\"entry-content-header\" aria-label=\"Portfolio: Tuneladora EPB UTE Gorg\"><h3 class='grid-entry-title entry-title '  itemprop=\"headline\" ><a href='https:\/\/gruasserrat.com\/ca\/portfolio-item\/tuneladora-epb-ute-gorg\/' title='Tuneladora EPB UTE Gorg'>Tuneladora EPB UTE Gorg<\/a><\/h3><\/header><\/div><footer class=\"entry-footer\"><\/footer><\/article><\/div><\/div><\/div>\n\n<style type=\"text\/css\" data-created_by=\"avia_inline_auto\" id=\"style-css-av-mky61lsg-b5f93e74a0b4ad2d7e35fc76ac6607da\">\n#top .hr.hr-invisible.av-mky61lsg-b5f93e74a0b4ad2d7e35fc76ac6607da{\nheight:50px;\n}\n<\/style>\n<div  class='hr av-mky61lsg-b5f93e74a0b4ad2d7e35fc76ac6607da hr-invisible  avia-builder-el-4  el_after_av_one_full  el_before_av_textblock '><span class='hr-inner '><span class=\"hr-inner-style\"><\/span><\/span><\/div>\n<section  class='av_textblock_section av-mky62lc9-0f8c4a99ef5abaf9a390c1e97868bae6 '   itemscope=\"itemscope\" itemtype=\"https:\/\/schema.org\/CreativeWork\" ><div class='avia_textblock'  itemprop=\"text\" ><p>A <a href=\"https:\/\/gruasserrat.com\/ca\/\">Grues Serrat<\/a> disposem d\u2019una \u00e0mplia flota de grues especialitzades per a projectes d\u2019obra civil, garantint seguretat, efici\u00e8ncia i precisi\u00f3 en cada maniobra. Realitzem estudis previs a cada izatge, seleccionant l\u2019equip m\u00e9s adequat segons el tipus de projecte, la c\u00e0rrega i l\u2019espai disponible, assegurant resultats \u00f2ptims en totes les operacions.<\/p>\n<\/div><\/section>\n\n<style type=\"text\/css\" data-created_by=\"avia_inline_auto\" id=\"style-css-av-mky64fsy-cecd4332ce16009d2a33632a9886cbef\">\n#top .togglecontainer.av-mky64fsy-cecd4332ce16009d2a33632a9886cbef p.toggler.activeTitle{\ncolor:#83a846;\nborder-color:#83a846;\n}\n#top .togglecontainer.av-mky64fsy-cecd4332ce16009d2a33632a9886cbef p.toggler .toggle_icon{\ncolor:#83a846;\nborder-color:#83a846;\n}\n#top .togglecontainer.av-mky64fsy-cecd4332ce16009d2a33632a9886cbef p.toggler .toggle_icon > span{\ncolor:#83a846;\nborder-color:#83a846;\n}\n<\/style>\n<div  class='togglecontainer av-mky64fsy-cecd4332ce16009d2a33632a9886cbef  avia-builder-el-6  el_after_av_textblock  el_before_av_promobox  toggle_close_all' >\n<section class='av_toggle_section av-mky632ye-b005641d78fb96e2e26456bfe491b75f'  itemscope=\"itemscope\" itemtype=\"https:\/\/schema.org\/CreativeWork\" ><div role=\"tablist\" class=\"single_toggle\" data-tags=\"{All} \"  ><p id='toggle-toggle-id-1' data-fake-id='#toggle-id-1' class='toggler  av-title-above '  itemprop=\"headline\"  role='tab' tabindex='0' aria-controls='toggle-id-1' data-slide-speed=\"200\" data-title=\"Lloguer de grues per a obra civil\" data-title-open=\"\" data-aria_collapsed=\"Click to expand: Lloguer de grues per a obra civil\" data-aria_expanded=\"Click to collapse: Lloguer de grues per a obra civil\">Lloguer de grues per a obra civil<span class=\"toggle_icon\"><span class=\"vert_icon\"><\/span><span class=\"hor_icon\"><\/span><\/span><\/p><div id='toggle-id-1' aria-labelledby='toggle-toggle-id-1' role='region' class='toggle_wrap  av-title-above'  ><div class='toggle_content invers-color '  itemprop=\"text\" ><p>Oferim <strong>lloguer de grues<\/strong> per a obra civil a tot Catalunya, adaptades a tota mena de projectes, des de la construcci\u00f3 de ponts i carreteres fins a edificacions complexes.<\/p>\n<p>Les nostres grues s\u00f3n operades per <strong>personal altament qualificat<\/strong>, que compleix estrictament totes les normatives de seguretat, garantint un servei fiable i eficient.<\/p>\n<p>En <strong>llogar amb Grues Serrat<\/strong>, els clients reben assessorament t\u00e8cnic personalitzat, ajudant-los a escollir la grua m\u00e9s adequada segons les necessitats espec\u00edfiques de cada obra.<\/p>\n<\/div><\/div><\/div><\/section>\n<section class='av_toggle_section av-mky63i32-2e08e7eb14364c71b4927e751349a7a2'  itemscope=\"itemscope\" itemtype=\"https:\/\/schema.org\/CreativeWork\" ><div role=\"tablist\" class=\"single_toggle\" data-tags=\"{All} \"  ><p id='toggle-toggle-id-2' data-fake-id='#toggle-id-2' class='toggler  av-title-above '  itemprop=\"headline\"  role='tab' tabindex='0' aria-controls='toggle-id-2' data-slide-speed=\"200\" data-title=\"Serveis de Grues Serrat per a obra civil\" data-title-open=\"\" data-aria_collapsed=\"Click to expand: Serveis de Grues Serrat per a obra civil\" data-aria_expanded=\"Click to collapse: Serveis de Grues Serrat per a obra civil\">Serveis de Grues Serrat per a obra civil<span class=\"toggle_icon\"><span class=\"vert_icon\"><\/span><span class=\"hor_icon\"><\/span><\/span><\/p><div id='toggle-id-2' aria-labelledby='toggle-toggle-id-2' role='region' class='toggle_wrap  av-title-above'  ><div class='toggle_content invers-color '  itemprop=\"text\" ><p>A Grues Serrat oferim <strong>solucions integrals d\u2019elevaci\u00f3<\/strong> per a cada fase dels projectes d\u2019obra civil. Realitzem estudis t\u00e8cnics previs a cada izatge, avaluant variables com el terreny, la c\u00e0rrega i l\u2019espai de maniobra, per seleccionar la grua m\u00e9s adequada i garantir efici\u00e8ncia i seguretat des del primer moment.<\/p>\n<p>El nostre personal certificat supervisa i opera cada maniobra, assegurant precisi\u00f3 i un compliment estricte de totes les normes de seguretat. A m\u00e9s, duem a terme <strong>manteniment preventiu<\/strong> de les nostres grues, garantint que cada m\u00e0quina funcioni en condicions \u00f2ptimes durant tot el projecte.<\/p>\n<\/div><\/div><\/div><\/section>\n<section class='av_toggle_section av-mky640ii-46d9ff33dfaa32ed53e28e69823bdedd'  itemscope=\"itemscope\" itemtype=\"https:\/\/schema.org\/CreativeWork\" ><div role=\"tablist\" class=\"single_toggle\" data-tags=\"{All} \"  ><p id='toggle-toggle-id-3' data-fake-id='#toggle-id-3' class='toggler  av-title-above '  itemprop=\"headline\"  role='tab' tabindex='0' aria-controls='toggle-id-3' data-slide-speed=\"200\" data-title=\"Aplicacions de les grues en obra civil\" data-title-open=\"\" data-aria_collapsed=\"Click to expand: Aplicacions de les grues en obra civil\" data-aria_expanded=\"Click to collapse: Aplicacions de les grues en obra civil\">Aplicacions de les grues en obra civil<span class=\"toggle_icon\"><span class=\"vert_icon\"><\/span><span class=\"hor_icon\"><\/span><\/span><\/p><div id='toggle-id-3' aria-labelledby='toggle-toggle-id-3' role='region' class='toggle_wrap  av-title-above'  ><div class='toggle_content invers-color '  itemprop=\"text\" ><p>Les <strong>grues per a obra civil<\/strong> de Grues Serrat s\u00f3n vers\u00e0tils i s\u2019adapten a m\u00faltiples aplicacions:<\/p>\n<ul>\n<li><strong>Muntatge d\u2019estructures met\u00e0l\u00b7liques i prefabricades:<\/strong> precisi\u00f3 total per garantir l\u2019estabilitat i la seguretat de la construcci\u00f3.<\/li>\n<li><strong>Elevaci\u00f3 de materials pesants:<\/strong> indispensable en carreteres, ponts, t\u00fanels i altres infraestructures, fins i tot en espais redu\u00efts o de dif\u00edcil acc\u00e9s.<\/li>\n<li><strong>C\u00e0rrega i desc\u00e0rrega de maquin\u00e0ria i equips:<\/strong> agilitzant els processos log\u00edstics dins de l\u2019obra.<\/li>\n<li><strong>Projectes de demolici\u00f3 controlada:<\/strong> retirada d\u2019elements de manera segura i ordenada, protegint els operaris i minimitzant riscos.<\/li>\n<\/ul>\n<p>Gr\u00e0cies a aquestes capacitats, les nostres grues contribueixen a que cada projecte d\u2019obra civil s\u2019executi amb m\u00e0xima seguretat, efici\u00e8ncia i compliment dels terminis establerts.<\/p>\n<p>Vols comptar amb la millor grua per al teu projecte d\u2019obra civil? <a href=\"https:\/\/gruasserrat.com\/ca\/contacte-gruas-serrat\/\">Contacta amb nosaltres<\/a> i els nostres experts t\u2019assessoraran per escollir la m\u00e0quina m\u00e9s adequada.<\/p>\n<\/div><\/div><\/div><\/section>\n<\/div>\n\n<style type=\"text\/css\" data-created_by=\"avia_inline_auto\" id=\"style-css-av-juwcfg3y-1856d325be59656e249eea5c9cdd0407\">\n.av_promobox.av-juwcfg3y-1856d325be59656e249eea5c9cdd0407{\ncolor:#ffffff;\nbackground:#444444;\nborder-color:#333333;\n}\n<\/style>\n<div  class='av_promobox av-juwcfg3y-1856d325be59656e249eea5c9cdd0407 avia-button-yes  avia-builder-el-7  el_after_av_toggle_container  avia-builder-el-last '><div class='avia-promocontent'><p>\nNecessita els nostres serveis? Sol\u00b7liciti ara un pressupost<\/p>\n<\/div><div  class='avia-button-wrap av-juwcfg3y-db7950265f0f50320d68a3907614a170-wrap avia-button-right '><a href='https:\/\/gruasserrat.com\/ca\/contacte-gruas-serrat\/'  class='avia-button av-juwcfg3y-db7950265f0f50320d68a3907614a170 av-link-btn avia-icon_select-no avia-size-large avia-position-right avia-color-theme-color'   aria-label=\"CONTACTAR\"><span class='avia_iconbox_title' >CONTACTAR<\/span><\/a><\/div><\/div>\n","protected":false},"excerpt":{"rendered":"","protected":false},"author":4,"featured_media":1563,"parent":0,"menu_order":0,"comment_status":"closed","ping_status":"closed","template":"","meta":{"footnotes":""},"class_list":["post-1907","page","type-page","status-publish","has-post-thumbnail","hentry"],"yoast_head":"<!-- This site is optimized with the Yoast SEO plugin v27.4 - https:\/\/yoast.com\/product\/yoast-seo-wordpress\/ -->\n<title>Obra Civil - Gruas Serrat<\/title>\n<meta name=\"description\" content=\"Lloguer de grues per a tot tipus de projectes d\u2019obra civil a Catalunya, amb solucions adaptades a les necessitats de cada projecte.\" \/>\n<meta name=\"robots\" content=\"index, follow, max-snippet:-1, max-image-preview:large, max-video-preview:-1\" \/>\n<link rel=\"canonical\" href=\"https:\/\/gruasserrat.com\/ca\/obra-civil-grues-hidrauliques\/\" \/>\n<meta property=\"og:locale\" content=\"ca_ES\" \/>\n<meta property=\"og:type\" content=\"article\" \/>\n<meta property=\"og:title\" content=\"Obra Civil - Gruas Serrat\" \/>\n<meta property=\"og:description\" content=\"Lloguer de grues per a tot tipus de projectes d\u2019obra civil a Catalunya, amb solucions adaptades a les necessitats de cada projecte.\" \/>\n<meta property=\"og:url\" content=\"https:\/\/gruasserrat.com\/ca\/obra-civil-grues-hidrauliques\/\" \/>\n<meta property=\"og:site_name\" content=\"Gruas Serrat\" \/>\n<meta property=\"article:modified_time\" content=\"2026-01-28T15:17:19+00:00\" \/>\n<meta property=\"og:image\" content=\"https:\/\/gruasserrat.com\/wp-content\/uploads\/2019\/08\/Pont-a-Martinet-Copremesal-GSerrat.jpg\" \/>\n\t<meta property=\"og:image:width\" content=\"800\" \/>\n\t<meta property=\"og:image:height\" content=\"600\" \/>\n\t<meta property=\"og:image:type\" content=\"image\/jpeg\" \/>\n<meta name=\"twitter:card\" content=\"summary_large_image\" \/>\n<meta name=\"twitter:label1\" content=\"Temps estimat de lectura\" \/>\n\t<meta name=\"twitter:data1\" content=\"4 minuts\" \/>\n<script type=\"application\/ld+json\" class=\"yoast-schema-graph\">{\"@context\":\"https:\\\/\\\/schema.org\",\"@graph\":[{\"@type\":\"WebPage\",\"@id\":\"https:\\\/\\\/gruasserrat.com\\\/ca\\\/obra-civil-grues-hidrauliques\\\/\",\"url\":\"https:\\\/\\\/gruasserrat.com\\\/ca\\\/obra-civil-grues-hidrauliques\\\/\",\"name\":\"Obra Civil - Gruas Serrat\",\"isPartOf\":{\"@id\":\"https:\\\/\\\/gruasserrat.com\\\/#website\"},\"primaryImageOfPage\":{\"@id\":\"https:\\\/\\\/gruasserrat.com\\\/ca\\\/obra-civil-grues-hidrauliques\\\/#primaryimage\"},\"image\":{\"@id\":\"https:\\\/\\\/gruasserrat.com\\\/ca\\\/obra-civil-grues-hidrauliques\\\/#primaryimage\"},\"thumbnailUrl\":\"https:\\\/\\\/gruasserrat.com\\\/wp-content\\\/uploads\\\/2019\\\/08\\\/Pont-a-Martinet-Copremesal-GSerrat.jpg\",\"datePublished\":\"2019-07-09T15:05:15+00:00\",\"dateModified\":\"2026-01-28T15:17:19+00:00\",\"description\":\"Lloguer de grues per a tot tipus de projectes d\u2019obra civil a Catalunya, amb solucions adaptades a les necessitats de cada projecte.\",\"breadcrumb\":{\"@id\":\"https:\\\/\\\/gruasserrat.com\\\/ca\\\/obra-civil-grues-hidrauliques\\\/#breadcrumb\"},\"inLanguage\":\"ca\",\"potentialAction\":[{\"@type\":\"ReadAction\",\"target\":[\"https:\\\/\\\/gruasserrat.com\\\/ca\\\/obra-civil-grues-hidrauliques\\\/\"]}]},{\"@type\":\"ImageObject\",\"inLanguage\":\"ca\",\"@id\":\"https:\\\/\\\/gruasserrat.com\\\/ca\\\/obra-civil-grues-hidrauliques\\\/#primaryimage\",\"url\":\"https:\\\/\\\/gruasserrat.com\\\/wp-content\\\/uploads\\\/2019\\\/08\\\/Pont-a-Martinet-Copremesal-GSerrat.jpg\",\"contentUrl\":\"https:\\\/\\\/gruasserrat.com\\\/wp-content\\\/uploads\\\/2019\\\/08\\\/Pont-a-Martinet-Copremesal-GSerrat.jpg\",\"width\":800,\"height\":600},{\"@type\":\"BreadcrumbList\",\"@id\":\"https:\\\/\\\/gruasserrat.com\\\/ca\\\/obra-civil-grues-hidrauliques\\\/#breadcrumb\",\"itemListElement\":[{\"@type\":\"ListItem\",\"position\":1,\"name\":\"Portada\",\"item\":\"https:\\\/\\\/gruasserrat.com\\\/ca\\\/gruas-serrat\\\/\"},{\"@type\":\"ListItem\",\"position\":2,\"name\":\"Obra Civil\"}]},{\"@type\":\"WebSite\",\"@id\":\"https:\\\/\\\/gruasserrat.com\\\/#website\",\"url\":\"https:\\\/\\\/gruasserrat.com\\\/\",\"name\":\"Gruas Serrat\",\"description\":\"Alquiler de gr\u00faas I Lloguer de grues\",\"publisher\":{\"@id\":\"https:\\\/\\\/gruasserrat.com\\\/#organization\"},\"potentialAction\":[{\"@type\":\"SearchAction\",\"target\":{\"@type\":\"EntryPoint\",\"urlTemplate\":\"https:\\\/\\\/gruasserrat.com\\\/?s={search_term_string}\"},\"query-input\":{\"@type\":\"PropertyValueSpecification\",\"valueRequired\":true,\"valueName\":\"search_term_string\"}}],\"inLanguage\":\"ca\"},{\"@type\":\"Organization\",\"@id\":\"https:\\\/\\\/gruasserrat.com\\\/#organization\",\"name\":\"Gruas Serrat\",\"url\":\"https:\\\/\\\/gruasserrat.com\\\/\",\"logo\":{\"@type\":\"ImageObject\",\"inLanguage\":\"ca\",\"@id\":\"https:\\\/\\\/gruasserrat.com\\\/#\\\/schema\\\/logo\\\/image\\\/\",\"url\":\"https:\\\/\\\/gruasserrat.com\\\/wp-content\\\/uploads\\\/2019\\\/04\\\/logo-1-GS.png\",\"contentUrl\":\"https:\\\/\\\/gruasserrat.com\\\/wp-content\\\/uploads\\\/2019\\\/04\\\/logo-1-GS.png\",\"width\":416,\"height\":148,\"caption\":\"Gruas Serrat\"},\"image\":{\"@id\":\"https:\\\/\\\/gruasserrat.com\\\/#\\\/schema\\\/logo\\\/image\\\/\"}}]}<\/script>\n<!-- \/ Yoast SEO plugin. -->","yoast_head_json":{"title":"Obra Civil - Gruas Serrat","description":"Lloguer de grues per a tot tipus de projectes d\u2019obra civil a Catalunya, amb solucions adaptades a les necessitats de cada projecte.","robots":{"index":"index","follow":"follow","max-snippet":"max-snippet:-1","max-image-preview":"max-image-preview:large","max-video-preview":"max-video-preview:-1"},"canonical":"https:\/\/gruasserrat.com\/ca\/obra-civil-grues-hidrauliques\/","og_locale":"ca_ES","og_type":"article","og_title":"Obra Civil - Gruas Serrat","og_description":"Lloguer de grues per a tot tipus de projectes d\u2019obra civil a Catalunya, amb solucions adaptades a les necessitats de cada projecte.","og_url":"https:\/\/gruasserrat.com\/ca\/obra-civil-grues-hidrauliques\/","og_site_name":"Gruas Serrat","article_modified_time":"2026-01-28T15:17:19+00:00","og_image":[{"width":800,"height":600,"url":"https:\/\/gruasserrat.com\/wp-content\/uploads\/2019\/08\/Pont-a-Martinet-Copremesal-GSerrat.jpg","type":"image\/jpeg"}],"twitter_card":"summary_large_image","twitter_misc":{"Temps estimat de lectura":"4 minuts"},"schema":{"@context":"https:\/\/schema.org","@graph":[{"@type":"WebPage","@id":"https:\/\/gruasserrat.com\/ca\/obra-civil-grues-hidrauliques\/","url":"https:\/\/gruasserrat.com\/ca\/obra-civil-grues-hidrauliques\/","name":"Obra Civil - Gruas Serrat","isPartOf":{"@id":"https:\/\/gruasserrat.com\/#website"},"primaryImageOfPage":{"@id":"https:\/\/gruasserrat.com\/ca\/obra-civil-grues-hidrauliques\/#primaryimage"},"image":{"@id":"https:\/\/gruasserrat.com\/ca\/obra-civil-grues-hidrauliques\/#primaryimage"},"thumbnailUrl":"https:\/\/gruasserrat.com\/wp-content\/uploads\/2019\/08\/Pont-a-Martinet-Copremesal-GSerrat.jpg","datePublished":"2019-07-09T15:05:15+00:00","dateModified":"2026-01-28T15:17:19+00:00","description":"Lloguer de grues per a tot tipus de projectes d\u2019obra civil a Catalunya, amb solucions adaptades a les necessitats de cada projecte.","breadcrumb":{"@id":"https:\/\/gruasserrat.com\/ca\/obra-civil-grues-hidrauliques\/#breadcrumb"},"inLanguage":"ca","potentialAction":[{"@type":"ReadAction","target":["https:\/\/gruasserrat.com\/ca\/obra-civil-grues-hidrauliques\/"]}]},{"@type":"ImageObject","inLanguage":"ca","@id":"https:\/\/gruasserrat.com\/ca\/obra-civil-grues-hidrauliques\/#primaryimage","url":"https:\/\/gruasserrat.com\/wp-content\/uploads\/2019\/08\/Pont-a-Martinet-Copremesal-GSerrat.jpg","contentUrl":"https:\/\/gruasserrat.com\/wp-content\/uploads\/2019\/08\/Pont-a-Martinet-Copremesal-GSerrat.jpg","width":800,"height":600},{"@type":"BreadcrumbList","@id":"https:\/\/gruasserrat.com\/ca\/obra-civil-grues-hidrauliques\/#breadcrumb","itemListElement":[{"@type":"ListItem","position":1,"name":"Portada","item":"https:\/\/gruasserrat.com\/ca\/gruas-serrat\/"},{"@type":"ListItem","position":2,"name":"Obra Civil"}]},{"@type":"WebSite","@id":"https:\/\/gruasserrat.com\/#website","url":"https:\/\/gruasserrat.com\/","name":"Gruas Serrat","description":"Alquiler de gr\u00faas I Lloguer de grues","publisher":{"@id":"https:\/\/gruasserrat.com\/#organization"},"potentialAction":[{"@type":"SearchAction","target":{"@type":"EntryPoint","urlTemplate":"https:\/\/gruasserrat.com\/?s={search_term_string}"},"query-input":{"@type":"PropertyValueSpecification","valueRequired":true,"valueName":"search_term_string"}}],"inLanguage":"ca"},{"@type":"Organization","@id":"https:\/\/gruasserrat.com\/#organization","name":"Gruas Serrat","url":"https:\/\/gruasserrat.com\/","logo":{"@type":"ImageObject","inLanguage":"ca","@id":"https:\/\/gruasserrat.com\/#\/schema\/logo\/image\/","url":"https:\/\/gruasserrat.com\/wp-content\/uploads\/2019\/04\/logo-1-GS.png","contentUrl":"https:\/\/gruasserrat.com\/wp-content\/uploads\/2019\/04\/logo-1-GS.png","width":416,"height":148,"caption":"Gruas Serrat"},"image":{"@id":"https:\/\/gruasserrat.com\/#\/schema\/logo\/image\/"}}]}},"_links":{"self":[{"href":"https:\/\/gruasserrat.com\/ca\/wp-json\/wp\/v2\/pages\/1907","targetHints":{"allow":["GET"]}}],"collection":[{"href":"https:\/\/gruasserrat.com\/ca\/wp-json\/wp\/v2\/pages"}],"about":[{"href":"https:\/\/gruasserrat.com\/ca\/wp-json\/wp\/v2\/types\/page"}],"author":[{"embeddable":true,"href":"https:\/\/gruasserrat.com\/ca\/wp-json\/wp\/v2\/users\/4"}],"replies":[{"embeddable":true,"href":"https:\/\/gruasserrat.com\/ca\/wp-json\/wp\/v2\/comments?post=1907"}],"version-history":[{"count":5,"href":"https:\/\/gruasserrat.com\/ca\/wp-json\/wp\/v2\/pages\/1907\/revisions"}],"predecessor-version":[{"id":3287,"href":"https:\/\/gruasserrat.com\/ca\/wp-json\/wp\/v2\/pages\/1907\/revisions\/3287"}],"wp:featuredmedia":[{"embeddable":true,"href":"https:\/\/gruasserrat.com\/ca\/wp-json\/wp\/v2\/media\/1563"}],"wp:attachment":[{"href":"https:\/\/gruasserrat.com\/ca\/wp-json\/wp\/v2\/media?parent=1907"}],"curies":[{"name":"wp","href":"https:\/\/api.w.org\/{rel}","templated":true}]}}