{"id":1913,"date":"2019-04-03T11:25:02","date_gmt":"2019-04-03T10:25:02","guid":{"rendered":"https:\/\/gruasserrat.com\/politica-de-privacidad\/"},"modified":"2019-11-30T18:13:15","modified_gmt":"2019-11-30T17:13:15","slug":"politica-de-privacidesa","status":"publish","type":"page","link":"https:\/\/gruasserrat.com\/ca\/politica-de-privacidesa\/","title":{"rendered":"Pol\u00edtica de Privadesa"},"content":{"rendered":"<p><strong>ACCEPTACI\u00d3 D&#8217;USUARI<\/strong><\/p>\n<p>Aquest document (a partir d\u2019aqu\u00ed anomenat \u201cPOL\u00cdTICA DE PRIVADESA\u201d) t\u00e9 per objectiu regular l\u2019\u00fas de l\u2019espai web que GRUAS SERRAT, S.A. pone a disposici\u00f3 del p\u00fablic www.gruasserrat.com)<\/p>\n<p>Els drets de propietat intel\u00b7lectual d\u2019aquest espai web, el seu codi font, les bases de dades i els diferents elements que contenen la propietat titular de GRUAS SERRAT, SA, que correspon a l\u2019exercici exclusiu d\u2019explotaci\u00f3 dels drets de la pr\u00f2pia web i, en especial, els de reproducci\u00f3, distribuci\u00f3, comunicaci\u00f3 p\u00fablica, manteniment i transformaci\u00f3.<\/p>\n<p>L\u2019\u00fas de l\u2019espai web per a un tercero atribu\u00eft a la condici\u00f3 d\u2019usuari i suposa l\u2019acceptaci\u00f3 completa d\u2019aquest usuari de totes i cada una de les condicions que estableix aquesta pol\u00edtica de privacitat.<\/p>\n<p>&nbsp;<\/p>\n<p><strong>\u00daS CORRECTE DE L&#8217; ESPAI WEB <\/strong><\/p>\n<p>L\u2019usuari es compromet a utilitzar l\u2019espai web, els continguts i els serveis d\u2019acord amb la llei, aquesta Pol\u00edtica de privacitat, les bones pr\u00e0ctiques i l\u2019ordre p\u00fablic. De la mateixa manera, l\u2019\u00fas obligatori no utilitzar\u00e0 l\u2019espai web o els serveis que es presten a trav\u00e9s d\u2019ell amb finalitats o efectes il\u00b7l\u00edcits o contraris al contingut d\u2019aquesta pol\u00edtica pol\u00edtica de privacitat, que afecten els interessos o drets de tercer, o que qualsevol forma que es pugui donar, usar\u00e0 el deteriorament del propi espai web o els seus serveis o impedeix un \u00fas satisfactorio de l\u2019espai web als altres usuaris.<\/p>\n<p>Aix\u00ed mateix, l\u2019usuari es compromet expressament a no destruir, alterar, inutilitzar o, qualsevol altra forma, donar dades, els programes o els documents electr\u00f2nics i altres que es troben en l\u2019actual espai web.<\/p>\n<p>L\u2019usuari no compromet cap obstacle a l\u2019acc\u00e9s d\u2019altres usuaris al servei mitjan\u00e7ant el consum masiu dels recursos inform\u00e0tics a trav\u00e9s dels continguts GRUAS SERRAT, SA prestar\u00e0 el servei, de manera que no es realitzaran accions que es puguin produir, que s\u2019impliquen o generen errors en els sistemes citats.<\/p>\n<p>L\u2019usuari es compromet a no introduir programes, virus, macroinstruccions, mini aplicacions, controls de qualsevol tipus o qualsevol altre proc\u00e9s l\u00f2gic o seq\u00fc\u00e8ncia de car\u00e0cters que cedeixin o puedan provocar qualsevol tipus d\u2019alteraci\u00f3 en els sistemes inform\u00e0tics de GRUAS SERRAT, SA o de terceros o, si escau, violen els drets de la propietat intel\u00b7lectual o industrial.<\/p>\n<p>L\u2019usuari es compromet a no fer un mal \u00fas de les informacions, missatges, imatges, dibuixos, arxius de so i \/ o imatge, fotografies, programes i, en general, qualsevol classe de material accessible a trav\u00e9s del present espai web o dels serveis que ofereix.<\/p>\n<p>GRUAS SERRAT, SA conseq\u00fcentment, declina igualment tota la seva responsabilitat derivada dels danys i els perjudicis que pot presentar qualsevol visitant d\u2019aquest espai web en els seus recursos tecnol\u00f2gics (inform\u00e0tics o telem\u00e0tics) una conseq\u00fc\u00e8ncia de la producci\u00f3 de la qualificaci\u00f3 de les circumst\u00e0ncies o els fen\u00f2mens mencionats al p\u00e1rrafo anterior . Igualment GRUAS SERRAT, S.A. no es garanteix que l\u2019espai web i el servidor estiguin lliures de virus i no es faci responsable dels danys causats per l\u2019acc\u00e9s a la web o per la imposibilitat d\u2019acc\u00e9s.<\/p>\n<p>GRUAS SERRAT, S.A. no \u00e9s responsable de la informaci\u00f3 que es pot obtenir a trav\u00e9s d\u2019enlla\u00e7os a sistemes externs d\u2019aquest espai web.<\/p>\n<p>&nbsp;<\/p>\n<p><strong>PROPIETAT INTEL\u00b7LECTUAL I INDUSTRIAL<\/strong><\/p>\n<p>Aquest espai web i tots els seus continguts, inclou els textos, els documents, les fotografies, els dibuixos, les representacions gr\u00e0fiques, les bases de dades, els programes inform\u00e0tics, aix\u00ed com els logotips, les marques, els nombres comercials i altres signes distintius del seu fill propietat de GRUAS SERRAT, SA o de tercers que ha autoritzat per al seu \u00fas.<\/p>\n<p>Tots els drets estan reservats.<\/p>\n<p>&nbsp;<\/p>\n<p><strong>R\u00c8GIM DE RESPONSABILITAT<\/strong><\/p>\n<p>Responsabilitat de GRUAS SERRAT, S.A. <u>per a l\u2019\u00fas del web<\/u><\/p>\n<p style=\"padding-left: 40px;\">L\u2019usuari \u00e9s l\u2019\u00fanic responsable de les infraccions en qu\u00e8 es pot inc\u00f3rrer i els perjudicis que puguin causar o causar per a l\u2019\u00fas de l\u2019actual espai web per la seva part GRUAS SERRAT, SA, aquesta exonera de qualsevol responsabilitat que es pugui establir per les accions de l\u2019usuari. .<\/p>\n<p style=\"padding-left: 40px;\">L\u2019usuari ser\u00e0 l\u2019\u00fanic responsable de qualsevol reclamaci\u00f3 o acci\u00f3 legal, iniciada judicialment o extrajudicial per a terceres persones contra GRUAS SERRAT, S. A. basada en l\u2019\u00fas de l\u2019espai web per l\u2019usuari. \u00c9s el cas, l\u2019usuari assumir\u00e0 tots els gastos, les despeses i les indemnitzacions que es reclamen a GRUAS SERRAT, S. A. amb motiu de reclamacions o accions legals que s\u2019imparteixen.<\/p>\n<p>Responsabilitat de GRUAS SERRAT, S. A. <u>pel funcionament del web<\/u><\/p>\n<p style=\"padding-left: 40px;\">GRUAS SERRAT, S.A. exclueix qualsevol responsabilitat que es pugui confiar derivat per transfer\u00e8ncies, omissions, interrupcions, intromissions insonoritzables, defici\u00e8ncies de telecomunicacions, virus inform\u00e0tics, assegurances telef\u00f2niques o connexions en el funcionament operatiu del sistema electr\u00f2nic, motivades per causes alienes a GRUAS SERRAT, S.A.<\/p>\n<p>Responsabilitat de GRUAS SERRAT, S.A. <u>pels enlla\u00e7os des del web<\/u><\/p>\n<p style=\"padding-left: 40px;\">GRUAS SERRAT, S. A. declar\u00e0 tota responsabilitat respecte a la informaci\u00f3 (continguts) o rics (perjuicis t\u00e8cnics, morals o econ\u00f2mics) que tingu\u00e9s fora de l\u2019espai web i al que es pugui accedir per enlla\u00e7 des d\u2019esta; ja que la funci\u00f3 d\u2019enlla\u00e7os que apareix \u00e9s \u00fanicament d\u2019informaci\u00f3 sobre un tema concret.<\/p>\n<p>&nbsp;<\/p>\n<p><strong>COMPROM\u00cdS DE PROTECCI\u00d3 DE DADES I DE COMPLIMENT LSSICE <\/strong><\/p>\n<p>En compliment de la Llei org\u00e0nica de protecci\u00f3 de dades de car\u00e0cter personal LOPD, GRUAS SERRAT, SA informaci\u00f3 sobre els usuaris que tinguin dades de car\u00e0cter personal que puguin proporcionar als empleats els formularis o requeriments de contracte, que es recullen en fitxers de la propietat de GRUAS SERRAT, SA i seran tractats amb la finalitat de poder prestar i informar sobre els serveis o sobre els productes que GRUAS SERRAT, SA ofereix. No hi ha previsi\u00f3 de la cesi\u00f3 ni comunicaci\u00f3 de les dades citades a tercers. El fet d\u2019executar un formulari d\u2019aquest espai web implica que l\u2019usuari reconeix la informaci\u00f3 i les dades personals que indiquen els seus aspectes, exactes i oberts.<\/p>\n<p>L&#8217;usuari registrar\u00e0 la conservaci\u00f3 en tot moment la possibilitat d&#8217;exercir els seus drets d&#8217;acc\u00e9s, rectificaci\u00f3, oposici\u00f3, supressi\u00f3, tractament limitat, portabilitat i oposici\u00f3 al tractament de les seves dades. Aix\u00ed mateix, i de conformitat amb la Llei 34\/2002, el 1 de juliol, els serveis de la societat de la informaci\u00f3 i el comer\u00e7 electr\u00f2nic, poden revocar-se en qualsevol moment del consentiment prestat a la recepci\u00f3 de comunicacions comercials. En cas de dubte, aix\u00ed com per exercitar els drets mencionats, es pot dirigirse a GRUAS SERRAT, S. A. mitjan\u00e7ant correu electr\u00f2nic serrat@gruasserrat.com o correu postal a Direcci\u00f3: Can Mag\u00ed, 8 Pol. Ind. Santiga 08210 BARBER\u00c0 DEL VALL\u00c8S (Barcelona)<\/p>\n<p>&nbsp;<\/p>\n<p><strong>LEGISLACI\u00d3 APLICABLE I COMPET\u00c8NCIA JUDICIAL <\/strong><\/p>\n<p>Qualsevol pol\u00e8mica sorgida en la interpretaci\u00f3 o l\u2019execuci\u00f3 d\u2019aquesta pol\u00edtica de privacitat que s\u2019interpreta a partir de la legislaci\u00f3 espanyola. Aix\u00ed mateix, GRUAS SERRAT, S.A., a trav\u00e9s de la seva representaci\u00f3 legal i l&#8217; usuari,\u00a0 renuncien a qualsevol altra jurisdicci\u00f3 i es seotmeten a la dels jutjats i tribunals del domicili de l&#8217;usuari per a qualsevol altra controv\u00e8rsia que pogu\u00e9s succeir.\u00a0 El cas que el seu usuari tinguiel seu domicili fora d\u2019Espanya GRUAS SERRAT, S.A. i l\u2019usuari es stometen als jutjats\u00a0 i tribunals de la ciutat de Sabadell.<\/p>\n<p>&nbsp;<\/p>\n","protected":false},"excerpt":{"rendered":"<p>ACCEPTACI\u00d3 D&#8217;USUARI Aquest document (a partir d\u2019aqu\u00ed anomenat \u201cPOL\u00cdTICA DE PRIVADESA\u201d) t\u00e9 per objectiu regular l\u2019\u00fas de l\u2019espai web que GRUAS SERRAT, S.A. pone a disposici\u00f3 del p\u00fablic www.gruasserrat.com) Els drets de propietat intel\u00b7lectual d\u2019aquest espai web, el seu codi font, les bases de dades i els diferents elements que contenen la propietat titular de [&hellip;]<\/p>\n","protected":false},"author":4,"featured_media":0,"parent":0,"menu_order":0,"comment_status":"closed","ping_status":"closed","template":"","meta":{"footnotes":""},"class_list":["post-1913","page","type-page","status-publish","hentry"],"yoast_head":"<!-- This site is optimized with the Yoast SEO plugin v27.4 - https:\/\/yoast.com\/product\/yoast-seo-wordpress\/ -->\n<title>Pol\u00edtica de Privadesa - Gruas Serrat<\/title>\n<meta name=\"robots\" content=\"index, follow, max-snippet:-1, max-image-preview:large, max-video-preview:-1\" \/>\n<link rel=\"canonical\" href=\"https:\/\/gruasserrat.com\/ca\/politica-de-privacidesa\/\" \/>\n<meta property=\"og:locale\" content=\"ca_ES\" \/>\n<meta property=\"og:type\" content=\"article\" \/>\n<meta property=\"og:title\" content=\"Pol\u00edtica de Privadesa - Gruas Serrat\" \/>\n<meta property=\"og:description\" content=\"ACCEPTACI\u00d3 D&#8217;USUARI Aquest document (a partir d\u2019aqu\u00ed anomenat \u201cPOL\u00cdTICA DE PRIVADESA\u201d) t\u00e9 per objectiu regular l\u2019\u00fas de l\u2019espai web que GRUAS SERRAT, S.A. pone a disposici\u00f3 del p\u00fablic www.gruasserrat.com) Els drets de propietat intel\u00b7lectual d\u2019aquest espai web, el seu codi font, les bases de dades i els diferents elements que contenen la propietat titular de [&hellip;]\" \/>\n<meta property=\"og:url\" content=\"https:\/\/gruasserrat.com\/ca\/politica-de-privacidesa\/\" \/>\n<meta property=\"og:site_name\" content=\"Gruas Serrat\" \/>\n<meta property=\"article:modified_time\" content=\"2019-11-30T17:13:15+00:00\" \/>\n<meta name=\"twitter:card\" content=\"summary_large_image\" \/>\n<meta name=\"twitter:label1\" content=\"Temps estimat de lectura\" \/>\n\t<meta name=\"twitter:data1\" content=\"6 minuts\" \/>\n<script type=\"application\/ld+json\" class=\"yoast-schema-graph\">{\"@context\":\"https:\\\/\\\/schema.org\",\"@graph\":[{\"@type\":\"WebPage\",\"@id\":\"https:\\\/\\\/gruasserrat.com\\\/ca\\\/politica-de-privacidesa\\\/\",\"url\":\"https:\\\/\\\/gruasserrat.com\\\/ca\\\/politica-de-privacidesa\\\/\",\"name\":\"Pol\u00edtica de Privadesa - Gruas Serrat\",\"isPartOf\":{\"@id\":\"https:\\\/\\\/gruasserrat.com\\\/#website\"},\"datePublished\":\"2019-04-03T10:25:02+00:00\",\"dateModified\":\"2019-11-30T17:13:15+00:00\",\"breadcrumb\":{\"@id\":\"https:\\\/\\\/gruasserrat.com\\\/ca\\\/politica-de-privacidesa\\\/#breadcrumb\"},\"inLanguage\":\"ca\",\"potentialAction\":[{\"@type\":\"ReadAction\",\"target\":[\"https:\\\/\\\/gruasserrat.com\\\/ca\\\/politica-de-privacidesa\\\/\"]}]},{\"@type\":\"BreadcrumbList\",\"@id\":\"https:\\\/\\\/gruasserrat.com\\\/ca\\\/politica-de-privacidesa\\\/#breadcrumb\",\"itemListElement\":[{\"@type\":\"ListItem\",\"position\":1,\"name\":\"Portada\",\"item\":\"https:\\\/\\\/gruasserrat.com\\\/ca\\\/gruas-serrat\\\/\"},{\"@type\":\"ListItem\",\"position\":2,\"name\":\"Pol\u00edtica de Privadesa\"}]},{\"@type\":\"WebSite\",\"@id\":\"https:\\\/\\\/gruasserrat.com\\\/#website\",\"url\":\"https:\\\/\\\/gruasserrat.com\\\/\",\"name\":\"Gruas Serrat\",\"description\":\"Alquiler de gr\u00faas I Lloguer de grues\",\"publisher\":{\"@id\":\"https:\\\/\\\/gruasserrat.com\\\/#organization\"},\"potentialAction\":[{\"@type\":\"SearchAction\",\"target\":{\"@type\":\"EntryPoint\",\"urlTemplate\":\"https:\\\/\\\/gruasserrat.com\\\/?s={search_term_string}\"},\"query-input\":{\"@type\":\"PropertyValueSpecification\",\"valueRequired\":true,\"valueName\":\"search_term_string\"}}],\"inLanguage\":\"ca\"},{\"@type\":\"Organization\",\"@id\":\"https:\\\/\\\/gruasserrat.com\\\/#organization\",\"name\":\"Gruas Serrat\",\"url\":\"https:\\\/\\\/gruasserrat.com\\\/\",\"logo\":{\"@type\":\"ImageObject\",\"inLanguage\":\"ca\",\"@id\":\"https:\\\/\\\/gruasserrat.com\\\/#\\\/schema\\\/logo\\\/image\\\/\",\"url\":\"https:\\\/\\\/gruasserrat.com\\\/wp-content\\\/uploads\\\/2019\\\/04\\\/logo-1-GS.png\",\"contentUrl\":\"https:\\\/\\\/gruasserrat.com\\\/wp-content\\\/uploads\\\/2019\\\/04\\\/logo-1-GS.png\",\"width\":416,\"height\":148,\"caption\":\"Gruas Serrat\"},\"image\":{\"@id\":\"https:\\\/\\\/gruasserrat.com\\\/#\\\/schema\\\/logo\\\/image\\\/\"}}]}<\/script>\n<!-- \/ Yoast SEO plugin. -->","yoast_head_json":{"title":"Pol\u00edtica de Privadesa - Gruas Serrat","robots":{"index":"index","follow":"follow","max-snippet":"max-snippet:-1","max-image-preview":"max-image-preview:large","max-video-preview":"max-video-preview:-1"},"canonical":"https:\/\/gruasserrat.com\/ca\/politica-de-privacidesa\/","og_locale":"ca_ES","og_type":"article","og_title":"Pol\u00edtica de Privadesa - Gruas Serrat","og_description":"ACCEPTACI\u00d3 D&#8217;USUARI Aquest document (a partir d\u2019aqu\u00ed anomenat \u201cPOL\u00cdTICA DE PRIVADESA\u201d) t\u00e9 per objectiu regular l\u2019\u00fas de l\u2019espai web que GRUAS SERRAT, S.A. pone a disposici\u00f3 del p\u00fablic www.gruasserrat.com) Els drets de propietat intel\u00b7lectual d\u2019aquest espai web, el seu codi font, les bases de dades i els diferents elements que contenen la propietat titular de [&hellip;]","og_url":"https:\/\/gruasserrat.com\/ca\/politica-de-privacidesa\/","og_site_name":"Gruas Serrat","article_modified_time":"2019-11-30T17:13:15+00:00","twitter_card":"summary_large_image","twitter_misc":{"Temps estimat de lectura":"6 minuts"},"schema":{"@context":"https:\/\/schema.org","@graph":[{"@type":"WebPage","@id":"https:\/\/gruasserrat.com\/ca\/politica-de-privacidesa\/","url":"https:\/\/gruasserrat.com\/ca\/politica-de-privacidesa\/","name":"Pol\u00edtica de Privadesa - Gruas Serrat","isPartOf":{"@id":"https:\/\/gruasserrat.com\/#website"},"datePublished":"2019-04-03T10:25:02+00:00","dateModified":"2019-11-30T17:13:15+00:00","breadcrumb":{"@id":"https:\/\/gruasserrat.com\/ca\/politica-de-privacidesa\/#breadcrumb"},"inLanguage":"ca","potentialAction":[{"@type":"ReadAction","target":["https:\/\/gruasserrat.com\/ca\/politica-de-privacidesa\/"]}]},{"@type":"BreadcrumbList","@id":"https:\/\/gruasserrat.com\/ca\/politica-de-privacidesa\/#breadcrumb","itemListElement":[{"@type":"ListItem","position":1,"name":"Portada","item":"https:\/\/gruasserrat.com\/ca\/gruas-serrat\/"},{"@type":"ListItem","position":2,"name":"Pol\u00edtica de Privadesa"}]},{"@type":"WebSite","@id":"https:\/\/gruasserrat.com\/#website","url":"https:\/\/gruasserrat.com\/","name":"Gruas Serrat","description":"Alquiler de gr\u00faas I Lloguer de grues","publisher":{"@id":"https:\/\/gruasserrat.com\/#organization"},"potentialAction":[{"@type":"SearchAction","target":{"@type":"EntryPoint","urlTemplate":"https:\/\/gruasserrat.com\/?s={search_term_string}"},"query-input":{"@type":"PropertyValueSpecification","valueRequired":true,"valueName":"search_term_string"}}],"inLanguage":"ca"},{"@type":"Organization","@id":"https:\/\/gruasserrat.com\/#organization","name":"Gruas Serrat","url":"https:\/\/gruasserrat.com\/","logo":{"@type":"ImageObject","inLanguage":"ca","@id":"https:\/\/gruasserrat.com\/#\/schema\/logo\/image\/","url":"https:\/\/gruasserrat.com\/wp-content\/uploads\/2019\/04\/logo-1-GS.png","contentUrl":"https:\/\/gruasserrat.com\/wp-content\/uploads\/2019\/04\/logo-1-GS.png","width":416,"height":148,"caption":"Gruas Serrat"},"image":{"@id":"https:\/\/gruasserrat.com\/#\/schema\/logo\/image\/"}}]}},"_links":{"self":[{"href":"https:\/\/gruasserrat.com\/ca\/wp-json\/wp\/v2\/pages\/1913","targetHints":{"allow":["GET"]}}],"collection":[{"href":"https:\/\/gruasserrat.com\/ca\/wp-json\/wp\/v2\/pages"}],"about":[{"href":"https:\/\/gruasserrat.com\/ca\/wp-json\/wp\/v2\/types\/page"}],"author":[{"embeddable":true,"href":"https:\/\/gruasserrat.com\/ca\/wp-json\/wp\/v2\/users\/4"}],"replies":[{"embeddable":true,"href":"https:\/\/gruasserrat.com\/ca\/wp-json\/wp\/v2\/comments?post=1913"}],"version-history":[{"count":6,"href":"https:\/\/gruasserrat.com\/ca\/wp-json\/wp\/v2\/pages\/1913\/revisions"}],"predecessor-version":[{"id":2160,"href":"https:\/\/gruasserrat.com\/ca\/wp-json\/wp\/v2\/pages\/1913\/revisions\/2160"}],"wp:attachment":[{"href":"https:\/\/gruasserrat.com\/ca\/wp-json\/wp\/v2\/media?parent=1913"}],"curies":[{"name":"wp","href":"https:\/\/api.w.org\/{rel}","templated":true}]}}