{"id":1927,"date":"2015-10-21T12:34:01","date_gmt":"2015-10-21T11:34:01","guid":{"rendered":"https:\/\/gruasserrat.com\/quienes-somos\/"},"modified":"2025-09-10T14:21:25","modified_gmt":"2025-09-10T13:21:25","slug":"qui-som-transports-especials","status":"publish","type":"page","link":"https:\/\/gruasserrat.com\/ca\/qui-som-transports-especials\/","title":{"rendered":"Qui som"},"content":{"rendered":"<div id='full_slider_1'  class='avia-fullwidth-slider main_color avia-shadow   avia-builder-el-0  el_before_av_section  avia-builder-el-first   container_wrap sidebar_right'  ><div  class='avia-slideshow av-o83gz-c1db8e9ffce4508ee3e22b35353d1ff4 avia-slideshow-featured av_slideshow_full avia-fade-slider av-slideshow-ui av-control-hidden av-no-slider-navigation av-hide-nav-arrows av-slideshow-autoplay av-loop-endless av-loop-manual-endless av-default-height-applied   avia-slideshow-1' data-slideshow-options=\"{&quot;animation&quot;:&quot;fade&quot;,&quot;autoplay&quot;:true,&quot;loop_autoplay&quot;:&quot;endless&quot;,&quot;interval&quot;:3,&quot;loop_manual&quot;:&quot;manual-endless&quot;,&quot;autoplay_stopper&quot;:false,&quot;noNavigation&quot;:true,&quot;bg_slider&quot;:false,&quot;keep_padding&quot;:false,&quot;hoverpause&quot;:false,&quot;show_slide_delay&quot;:0}\"  itemprop=\"image\" itemscope=\"itemscope\" itemtype=\"https:\/\/schema.org\/ImageObject\" ><ul class='avia-slideshow-inner ' style='padding-bottom: 28.666666666667%;'><li  class='avia-slideshow-slide av-o83gz-c1db8e9ffce4508ee3e22b35353d1ff4__0  slide-1 slide-odd'><div data-rel='slideshow-1' class='avia-slide-wrap '   ><img decoding=\"async\" fetchpriority=\"high\" class=\"wp-image-1481 avia-img-lazy-loading-not-1481\"  src=\"https:\/\/gruasserrat.com\/wp-content\/uploads\/2019\/04\/equipo-gr\u00faas-palau-1500x430.png\" width=\"1500\" height=\"430\" title='equipo-gr\u00faas-palau' alt=''  itemprop=\"thumbnailUrl\"  style='min-height:350px; min-width:1221px; ' \/><\/div><\/li><li  class='avia-slideshow-slide av-o83gz-c1db8e9ffce4508ee3e22b35353d1ff4__1  slide-2 slide-even'><div data-rel='slideshow-1' class='avia-slide-wrap '   ><img decoding=\"async\" fetchpriority=\"high\" class=\"wp-image-1482 avia-img-lazy-loading-not-1482\"  src=\"https:\/\/gruasserrat.com\/wp-content\/uploads\/2019\/04\/quienes-somos-2-1500x430.png\" width=\"1500\" height=\"430\" title='quienes-somos-2' alt=''  itemprop=\"thumbnailUrl\"  style='min-height:350px; min-width:1221px; ' \/><div class='av-section-color-overlay' style='opacity: 0.4; background-color: #991418; '><\/div><\/div><\/li><li  class='avia-slideshow-slide av-o83gz-c1db8e9ffce4508ee3e22b35353d1ff4__2  slide-3 slide-odd'><div data-rel='slideshow-1' class='avia-slide-wrap '   ><img decoding=\"async\" fetchpriority=\"high\" class=\"wp-image-1483 avia-img-lazy-loading-not-1483\"  src=\"https:\/\/gruasserrat.com\/wp-content\/uploads\/2019\/04\/quienes-somos-3-1500x430.png\" width=\"1500\" height=\"430\" title='quienes-somos-3' alt=''  itemprop=\"thumbnailUrl\"  style='min-height:350px; min-width:1221px; ' \/><div class='av-section-color-overlay' style='opacity: 0.4; background-color: #991418; '><\/div><\/div><\/li><\/ul><div class='avia-slideshow-arrows avia-slideshow-controls' ><a href='#prev' class='prev-slide ' aria-hidden='true' data-av_icon='\ue87c' data-av_iconfont='entypo-fontello'  tabindex='-1'>Anterior<\/a><a href='#next' class='next-slide ' aria-hidden='true' data-av_icon='\ue87d' data-av_iconfont='entypo-fontello'  tabindex='-1'>Seg\u00fcent<\/a><\/div><\/div><\/div>\n<div id='av_section_1'  class='avia-section av-1yf1n-6dcb1a68626a42c3b3b8b09780942d9e alternate_color avia-section-large avia-no-border-styling  avia-builder-el-1  el_after_av_slideshow_full  el_before_av_section  avia-bg-style-parallax container_wrap sidebar_right'  ><div class='container av-section-cont-open' ><div class='template-page content  av-content-small alpha units'><div class='post-entry post-entry-type-page post-entry-1927'><div class='entry-content-wrapper clearfix'>\n\n<style type=\"text\/css\" data-created_by=\"avia_inline_auto\" id=\"style-css-av-5z4lhz-36a6ac0586ed58ebfd2b9deec0eb9ac0\">\n#top .av-special-heading.av-5z4lhz-36a6ac0586ed58ebfd2b9deec0eb9ac0{\npadding-bottom:0;\n}\nbody .av-special-heading.av-5z4lhz-36a6ac0586ed58ebfd2b9deec0eb9ac0 .av-special-heading-tag .heading-char{\nfont-size:25px;\n}\n.av-special-heading.av-5z4lhz-36a6ac0586ed58ebfd2b9deec0eb9ac0 .av-subheading{\nfont-size:15px;\n}\n<\/style>\n<div  class='av-special-heading av-5z4lhz-36a6ac0586ed58ebfd2b9deec0eb9ac0 av-special-heading-h1 blockquote modern-quote modern-centered  avia-builder-el-2  el_before_av_hr  avia-builder-el-first  av-linked-heading'><h1 class='av-special-heading-tag '  itemprop=\"headline\"  >El nostre comprom\u00eds: solucions \u00f2ptimes per cada cas<\/h1><div class=\"special-heading-border\"><div class=\"special-heading-inner-border\"><\/div><\/div><\/div>\n\n<style type=\"text\/css\" data-created_by=\"avia_inline_auto\" id=\"style-css-av-i890j-c5ddd49174ee6681359580be3d99e083\">\n#top .hr.av-i890j-c5ddd49174ee6681359580be3d99e083{\nmargin-top:5px;\nmargin-bottom:35px;\n}\n.hr.av-i890j-c5ddd49174ee6681359580be3d99e083 .hr-inner{\nwidth:50px;\nborder-color:#efbb20;\n}\n<\/style>\n<div  class='hr av-i890j-c5ddd49174ee6681359580be3d99e083 hr-custom  avia-builder-el-3  el_after_av_heading  el_before_av_one_third  hr-center hr-icon-no'><span class='hr-inner inner-border-av-border-fat'><span class=\"hr-inner-style\"><\/span><\/span><\/div>\n\n<style type=\"text\/css\" data-created_by=\"avia_inline_auto\" id=\"style-css-av-htrhj-46e21b0221e8203b0beb70fd94a9a5a3\">\n.flex_column.av-htrhj-46e21b0221e8203b0beb70fd94a9a5a3{\nborder-radius:0px 0px 0px 0px;\npadding:0px 0px 0px 0px;\n}\n<\/style>\n<div  class='flex_column av-htrhj-46e21b0221e8203b0beb70fd94a9a5a3 av_one_third  avia-builder-el-4  el_after_av_hr  el_before_av_one_third  first flex_column_div av-animated-generic bottom-to-top av-zero-column-padding  '     ><style type=\"text\/css\" data-created_by=\"avia_inline_auto\" id=\"style-css-av-1otlj-673e4c7474c223cf4da5a03c017f4417\">\n.iconbox.av-1otlj-673e4c7474c223cf4da5a03c017f4417 .iconbox_icon{\nbackground-color:#ffffff;\ncolor:#991418;\n}\n<\/style>\n<article  class='iconbox iconbox_left_content av-1otlj-673e4c7474c223cf4da5a03c017f4417  avia-builder-el-5  avia-builder-el-no-sibling '  itemscope=\"itemscope\" itemtype=\"https:\/\/schema.org\/CreativeWork\" ><div class=\"iconbox_icon heading-color\" aria-hidden='true' data-av_icon='\ue805' data-av_iconfont='fontello'><\/div><div class=\"iconbox_content\"><header class=\"entry-content-header\" aria-label=\"Icon: Maquin\u00e0ria Especial\"><h3 class='iconbox_content_title '  itemprop=\"headline\" >Maquin\u00e0ria Especial<\/h3><\/header><div class='iconbox_content_container '  itemprop=\"text\" ><p>Maquin\u00e0ria especialitzada per treballs especials<\/p>\n<\/div><\/div><footer class=\"entry-footer\"><\/footer><\/article><\/div>\n<style type=\"text\/css\" data-created_by=\"avia_inline_auto\" id=\"style-css-av-1mudn-16ccf01634247f58a9753669c6df907e\">\n.flex_column.av-1mudn-16ccf01634247f58a9753669c6df907e{\nborder-radius:0px 0px 0px 0px;\npadding:0px 0px 0px 0px;\n}\n<\/style>\n<div  class='flex_column av-1mudn-16ccf01634247f58a9753669c6df907e av_one_third  avia-builder-el-6  el_after_av_one_third  el_before_av_one_third  flex_column_div av-animated-generic bottom-to-top av-zero-column-padding  '     ><style type=\"text\/css\" data-created_by=\"avia_inline_auto\" id=\"style-css-av-c0jgr-aef49dcbe2ea4e9339d0cffdd7a0692a\">\n.iconbox.av-c0jgr-aef49dcbe2ea4e9339d0cffdd7a0692a .iconbox_icon{\nbackground-color:#ffffff;\ncolor:#991418;\n}\n<\/style>\n<article  class='iconbox iconbox_left_content av-c0jgr-aef49dcbe2ea4e9339d0cffdd7a0692a  avia-builder-el-7  avia-builder-el-no-sibling '  itemscope=\"itemscope\" itemtype=\"https:\/\/schema.org\/CreativeWork\" ><div class=\"iconbox_icon heading-color\" aria-hidden='true' data-av_icon='\ue862' data-av_iconfont='entypo-fontello'><\/div><div class=\"iconbox_content\"><header class=\"entry-content-header\" aria-label=\"Icon: 50 Anys d\u2019Experi\u00e8ncia\"><h3 class='iconbox_content_title '  itemprop=\"headline\" >50 Anys d\u2019Experi\u00e8ncia<\/h3><\/header><div class='iconbox_content_container '  itemprop=\"text\" ><p>Pioners en el lloguer de grues autopropulsades, des de la nostra creaci\u00f3 l&#8217;any 1967<\/p>\n<\/div><\/div><footer class=\"entry-footer\"><\/footer><\/article><\/div>\n<style type=\"text\/css\" data-created_by=\"avia_inline_auto\" id=\"style-css-av-f8i03-6b9bad4a2b824f74ff3fa0a39962a162\">\n.flex_column.av-f8i03-6b9bad4a2b824f74ff3fa0a39962a162{\nborder-radius:0px 0px 0px 0px;\npadding:0px 0px 0px 0px;\n}\n<\/style>\n<div  class='flex_column av-f8i03-6b9bad4a2b824f74ff3fa0a39962a162 av_one_third  avia-builder-el-8  el_after_av_one_third  el_before_av_one_third  flex_column_div av-animated-generic bottom-to-top av-zero-column-padding  '     ><style type=\"text\/css\" data-created_by=\"avia_inline_auto\" id=\"style-css-av-b0pcb-371702f5cd9eb7018abcd7bfc6db2e11\">\n.iconbox.av-b0pcb-371702f5cd9eb7018abcd7bfc6db2e11 .iconbox_icon{\nbackground-color:#ffffff;\ncolor:#991418;\n}\n<\/style>\n<article  class='iconbox iconbox_left_content av-b0pcb-371702f5cd9eb7018abcd7bfc6db2e11  avia-builder-el-9  avia-builder-el-no-sibling '  itemscope=\"itemscope\" itemtype=\"https:\/\/schema.org\/CreativeWork\" ><div class=\"iconbox_icon heading-color\" aria-hidden='true' data-av_icon='\ue856' data-av_iconfont='entypo-fontello'><\/div><div class=\"iconbox_content\"><header class=\"entry-content-header\" aria-label=\"Icon: Taller mec\u00e0nic propi\"><h3 class='iconbox_content_title '  itemprop=\"headline\" >Taller mec\u00e0nic propi<\/h3><\/header><div class='iconbox_content_container '  itemprop=\"text\" ><p>M\u00e9s de 30 anys dedicats al manteniment i reparaci\u00f3 de tot tipus de vehicles industrials<\/p>\n<\/div><\/div><footer class=\"entry-footer\"><\/footer><\/article><\/div>\n<style type=\"text\/css\" data-created_by=\"avia_inline_auto\" id=\"style-css-av-e5s0r-e508e9080ef1791d244aa8e82f244d4e\">\n.flex_column.av-e5s0r-e508e9080ef1791d244aa8e82f244d4e{\nborder-radius:0px 0px 0px 0px;\npadding:0px 0px 0px 0px;\n}\n<\/style>\n<div  class='flex_column av-e5s0r-e508e9080ef1791d244aa8e82f244d4e av_one_third  avia-builder-el-10  el_after_av_one_third  el_before_av_one_third  first flex_column_div av-animated-generic bottom-to-top av-zero-column-padding  column-top-margin'     ><style type=\"text\/css\" data-created_by=\"avia_inline_auto\" id=\"style-css-av-dg2mv-8911c53e030268a5b9e012f9dd194c98\">\n.iconbox.av-dg2mv-8911c53e030268a5b9e012f9dd194c98 .iconbox_icon{\nbackground-color:#ffffff;\ncolor:#991418;\n}\n<\/style>\n<article  class='iconbox iconbox_left_content av-dg2mv-8911c53e030268a5b9e012f9dd194c98  avia-builder-el-11  avia-builder-el-no-sibling '  itemscope=\"itemscope\" itemtype=\"https:\/\/schema.org\/CreativeWork\" ><div class=\"iconbox_icon heading-color\" aria-hidden='true' data-av_icon='\ue808' data-av_iconfont='fontello'><\/div><div class=\"iconbox_content\"><header class=\"entry-content-header\" aria-label=\"Icon: Departament T\u00e8cnic\"><h3 class='iconbox_content_title '  itemprop=\"headline\" >Departament T\u00e8cnic<\/h3><\/header><div class='iconbox_content_container '  itemprop=\"text\" ><p>Optimitzaci\u00f3 de recursos i la seguretat en una operaci\u00f3 d&#8217;elevaci\u00f3 de c\u00e0rregues, determinar\u00e0 en gran emsura l&#8217;\u00e8xit d&#8217;aquesta.<\/p>\n<\/div><\/div><footer class=\"entry-footer\"><\/footer><\/article><\/div>\n<style type=\"text\/css\" data-created_by=\"avia_inline_auto\" id=\"style-css-av-1ais7-21c5554db7202b23a2b8bf41c52f4268\">\n.flex_column.av-1ais7-21c5554db7202b23a2b8bf41c52f4268{\nborder-radius:0px 0px 0px 0px;\npadding:0px 0px 0px 0px;\n}\n<\/style>\n<div  class='flex_column av-1ais7-21c5554db7202b23a2b8bf41c52f4268 av_one_third  avia-builder-el-12  el_after_av_one_third  el_before_av_one_third  flex_column_div av-animated-generic bottom-to-top av-zero-column-padding  column-top-margin'     ><style type=\"text\/css\" data-created_by=\"avia_inline_auto\" id=\"style-css-av-1krj7-2232c1f40a7f3679011140af1e5d2284\">\n.iconbox.av-1krj7-2232c1f40a7f3679011140af1e5d2284 .iconbox_icon{\nbackground-color:#ffffff;\ncolor:#991418;\n}\n<\/style>\n<article  class='iconbox iconbox_left_content av-1krj7-2232c1f40a7f3679011140af1e5d2284  avia-builder-el-13  avia-builder-el-no-sibling '  itemscope=\"itemscope\" itemtype=\"https:\/\/schema.org\/CreativeWork\" ><div class=\"iconbox_icon heading-color\" aria-hidden='true' data-av_icon='\ue800' data-av_iconfont='fontello'><\/div><div class=\"iconbox_content\"><header class=\"entry-content-header\" aria-label=\"Icon: Formaci\u00f3 continuada del personal\"><h3 class='iconbox_content_title '  itemprop=\"headline\" >Formaci\u00f3 continuada del personal<\/h3><\/header><div class='iconbox_content_container '  itemprop=\"text\" ><p>La formaci\u00f3 contribueix en la millora de productivitat, competitivitat i seguretat de l&#8217;empresa i els seus empleats.<\/p>\n<\/div><\/div><footer class=\"entry-footer\"><\/footer><\/article><\/div>\n<style type=\"text\/css\" data-created_by=\"avia_inline_auto\" id=\"style-css-av-bp2cj-be98e69e368610204a9df464bbf16057\">\n.flex_column.av-bp2cj-be98e69e368610204a9df464bbf16057{\nborder-radius:0px 0px 0px 0px;\npadding:0px 0px 0px 0px;\n}\n<\/style>\n<div  class='flex_column av-bp2cj-be98e69e368610204a9df464bbf16057 av_one_third  avia-builder-el-14  el_after_av_one_third  avia-builder-el-last  flex_column_div av-animated-generic bottom-to-top av-zero-column-padding  column-top-margin'     ><style type=\"text\/css\" data-created_by=\"avia_inline_auto\" id=\"style-css-av-eflc7-bda3aa129d345aa2f846db73f6261c29\">\n.iconbox.av-eflc7-bda3aa129d345aa2f846db73f6261c29 .iconbox_icon{\nbackground-color:#ffffff;\ncolor:#991418;\n}\n<\/style>\n<article  class='iconbox iconbox_left_content av-eflc7-bda3aa129d345aa2f846db73f6261c29  avia-builder-el-15  avia-builder-el-no-sibling '  itemscope=\"itemscope\" itemtype=\"https:\/\/schema.org\/CreativeWork\" ><div class=\"iconbox_icon heading-color\" aria-hidden='true' data-av_icon='\ue807' data-av_iconfont='fontello'><\/div><div class=\"iconbox_content\"><header class=\"entry-content-header\" aria-label=\"Icon: Garanties de servei\"><h3 class='iconbox_content_title '  itemprop=\"headline\" >Garanties de servei<\/h3><\/header><div class='iconbox_content_container '  itemprop=\"text\" ><p>Adaptabilitat, evoluci\u00f3, optimitzaci\u00f3 de recursos, seguretat i capacitat d&#8217;elevaci\u00f3.<\/p>\n<\/div><\/div><footer class=\"entry-footer\"><\/footer><\/article><\/div><\/div><\/div><\/div><!-- close content main div --><\/div><\/div>\n<style type=\"text\/css\" data-created_by=\"avia_inline_auto\" id=\"style-css-av-1c09j-cc84bc1e0d37bdba6e3d9d0d7d03e8d7\">\n.avia-section.av-1c09j-cc84bc1e0d37bdba6e3d9d0d7d03e8d7{\nbackground-color:#fcfcfc;\nbackground-image:unset;\n}\n<\/style>\n<div id='av_section_2'  class='avia-section av-1c09j-cc84bc1e0d37bdba6e3d9d0d7d03e8d7 main_color avia-section-large avia-no-shadow  avia-builder-el-16  el_after_av_section  el_before_av_promobox  avia-bg-style-scroll container_wrap sidebar_right'  ><div class='container av-section-cont-open' ><div class='template-page content  av-content-small alpha units'><div class='post-entry post-entry-type-page post-entry-1927'><div class='entry-content-wrapper clearfix'>\n\n<style type=\"text\/css\" data-created_by=\"avia_inline_auto\" id=\"style-css-av-cu2tn-debf7dad760a43f5aecc6791834670bb\">\n.flex_column.av-cu2tn-debf7dad760a43f5aecc6791834670bb{\nborder-width:1px;\nborder-color:#e1e1e1;\nborder-style:solid;\nborder-radius:0px 0px 0px 0px;\npadding:20px 20px 20px 20px;\nbackground-color:#ffffff;\n}\n<\/style>\n<div  class='flex_column av-cu2tn-debf7dad760a43f5aecc6791834670bb av_one_full  avia-builder-el-17  el_before_av_one_third  avia-builder-el-first  first flex_column_div av-animated-generic bottom-to-top  '     ><p><section  class='av_textblock_section av-cax8n-5c70cf4fee456085309779555364c4a3 '   itemscope=\"itemscope\" itemtype=\"https:\/\/schema.org\/CreativeWork\" ><div class='avia_textblock'  itemprop=\"text\" ><p>Gruas Serrat fundada el 1967 s&#8217;ha convertit en una empresa l\u00edder en el lloguer de grues m\u00f2bils, camions grua i transports especials a Catalunya.<br \/>\nGr\u00e0cies a aquesta experi\u00e8ncia acumulada dia rere dia, la nostra empresa s&#8217;ha situat en un lloc privilegiat entre les empreses de el sector. Ens hem sabut adaptar a l&#8217;evoluci\u00f3 i necessitats dels nostres clients, amb la incorporaci\u00f3 de la maquin\u00e0ria m\u00e9s moderna i hem participat activament en alguns dels principals projectes tant d&#8217;enginyeria civil com d&#8217;obra p\u00fablica que s&#8217;han dut a terme a Catalunya.<\/p>\n<\/div><\/section><br \/>\n\n<style type=\"text\/css\" data-created_by=\"avia_inline_auto\" id=\"style-css-av-k1j7oww7-facb2a1c3f55dac57f37da989fe72744\">\n.avia-image-container.av-k1j7oww7-facb2a1c3f55dac57f37da989fe72744 img.avia_image{\nbox-shadow:none;\n}\n.avia-image-container.av-k1j7oww7-facb2a1c3f55dac57f37da989fe72744 .av-image-caption-overlay-center{\ncolor:#ffffff;\n}\n<\/style>\n<div  class='avia-image-container av-k1j7oww7-facb2a1c3f55dac57f37da989fe72744 av-styling- avia-align-center  avia-builder-el-19  el_after_av_textblock  avia-builder-el-last '   itemprop=\"image\" itemscope=\"itemscope\" itemtype=\"https:\/\/schema.org\/ImageObject\" ><div class=\"avia-image-container-inner\"><div class=\"avia-image-overlay-wrap\"><img decoding=\"async\" fetchpriority=\"high\" class='wp-image-1603 avia-img-lazy-loading-not-1603 avia_image ' src=\"https:\/\/gruasserrat.com\/wp-content\/uploads\/2019\/10\/Gruas-Serrat-fundada-1967.gif\" alt='' title='Gruas-Serrat-fundada 1967'  height=\"525\" width=\"700\"  itemprop=\"thumbnailUrl\"  \/><\/div><\/div><\/div><\/p><\/div>\n<style type=\"text\/css\" data-created_by=\"avia_inline_auto\" id=\"style-css-av-bgfsb-fe9c8acbd706d6488f44c7ea1549628d\">\n.flex_column.av-bgfsb-fe9c8acbd706d6488f44c7ea1549628d{\nborder-radius:0px 0px 0px 0px;\npadding:0px 0px 0px 0px;\n}\n<\/style>\n<div  class='flex_column av-bgfsb-fe9c8acbd706d6488f44c7ea1549628d av_one_third  avia-builder-el-20  el_after_av_one_full  el_before_av_one_third  first flex_column_div av-animated-generic bottom-to-top av-zero-column-padding  column-top-margin'     ><p>\n<style type=\"text\/css\" data-created_by=\"avia_inline_auto\" id=\"style-css-av-b484j-cccfebc23e8d4d8fa73bcd6278cea82d\">\n.avia-image-container.av-b484j-cccfebc23e8d4d8fa73bcd6278cea82d img.avia_image{\nbox-shadow:none;\n}\n.avia-image-container.av-b484j-cccfebc23e8d4d8fa73bcd6278cea82d .av-image-caption-overlay-center{\ncolor:#ffffff;\n}\n<\/style>\n<div  class='avia-image-container av-b484j-cccfebc23e8d4d8fa73bcd6278cea82d av-styling-no-styling avia-align-center  avia-builder-el-21  el_before_av_heading  avia-builder-el-first '   itemprop=\"image\" itemscope=\"itemscope\" itemtype=\"https:\/\/schema.org\/ImageObject\" ><div class=\"avia-image-container-inner\"><div class=\"avia-image-overlay-wrap\"><img decoding=\"async\" fetchpriority=\"high\" class='wp-image-1485 avia-img-lazy-loading-not-1485 avia_image ' src=\"https:\/\/gruasserrat.com\/wp-content\/uploads\/2019\/04\/037-845x684.jpg\" alt='' title='037'  height=\"684\" width=\"845\"  itemprop=\"thumbnailUrl\" srcset=\"https:\/\/gruasserrat.com\/wp-content\/uploads\/2019\/04\/037-845x684.jpg 845w, https:\/\/gruasserrat.com\/wp-content\/uploads\/2019\/04\/037-495x400.jpg 495w\" sizes=\"(max-width: 845px) 100vw, 845px\" \/><\/div><\/div><\/div><br \/>\n\n<style type=\"text\/css\" data-created_by=\"avia_inline_auto\" id=\"style-css-av-4uou3b-79aa01d3bd0b4e362f2ce5768b18ed7d\">\n#top .av-special-heading.av-4uou3b-79aa01d3bd0b4e362f2ce5768b18ed7d{\npadding-bottom:0;\n}\nbody .av-special-heading.av-4uou3b-79aa01d3bd0b4e362f2ce5768b18ed7d .av-special-heading-tag .heading-char{\nfont-size:25px;\n}\n.av-special-heading.av-4uou3b-79aa01d3bd0b4e362f2ce5768b18ed7d .av-subheading{\nfont-size:15px;\n}\n<\/style>\n<div  class='av-special-heading av-4uou3b-79aa01d3bd0b4e362f2ce5768b18ed7d av-special-heading-h2 blockquote modern-quote  avia-builder-el-22  el_after_av_image  el_before_av_hr  av-linked-heading'><h2 class='av-special-heading-tag '  itemprop=\"headline\"  >Equip d\u2019AutoDiesel<\/h2><div class=\"special-heading-border\"><div class=\"special-heading-inner-border\"><\/div><\/div><\/div><br \/>\n\n<style type=\"text\/css\" data-created_by=\"avia_inline_auto\" id=\"style-css-av-9sjgj-0a18adb39bf0ece7ba3ba95c5c90afae\">\n#top .hr.av-9sjgj-0a18adb39bf0ece7ba3ba95c5c90afae{\nmargin-top:10px;\nmargin-bottom:10px;\n}\n.hr.av-9sjgj-0a18adb39bf0ece7ba3ba95c5c90afae .hr-inner{\nwidth:50px;\nborder-color:#efbb20;\n}\n<\/style>\n<div  class='hr av-9sjgj-0a18adb39bf0ece7ba3ba95c5c90afae hr-custom  avia-builder-el-23  el_after_av_heading  el_before_av_textblock  hr-left hr-icon-no'><span class='hr-inner inner-border-av-border-fat'><span class=\"hr-inner-style\"><\/span><\/span><\/div><br \/>\n<section  class='av_textblock_section av-9a8cr-c0b228627603efa4f1f9317cfec2bd75 '   itemscope=\"itemscope\" itemtype=\"https:\/\/schema.org\/CreativeWork\" ><div class='avia_textblock'  itemprop=\"text\" ><p>Un personal altament qualificat, junt amb unes modernes instal\u00b7lacions han contribu\u00eft a que Talleres Auto Diesel sigui reconegut com un dels millors en la seva especialitat.<\/p>\n<\/div><\/section><\/p><\/div>\n<style type=\"text\/css\" data-created_by=\"avia_inline_auto\" id=\"style-css-av-vy3n-d0dd6edc14f31ddbd163aef7c13d7bed\">\n.flex_column.av-vy3n-d0dd6edc14f31ddbd163aef7c13d7bed{\nborder-radius:0px 0px 0px 0px;\npadding:0px 0px 0px 0px;\n}\n<\/style>\n<div  class='flex_column av-vy3n-d0dd6edc14f31ddbd163aef7c13d7bed av_one_third  avia-builder-el-25  el_after_av_one_third  el_before_av_one_third  flex_column_div av-animated-generic bottom-to-top av-zero-column-padding  column-top-margin'     ><p>\n<style type=\"text\/css\" data-created_by=\"avia_inline_auto\" id=\"style-css-av-81yrb-1d182fd321be1d7b3f84a6dc189776df\">\n.avia-image-container.av-81yrb-1d182fd321be1d7b3f84a6dc189776df img.avia_image{\nbox-shadow:none;\n}\n.avia-image-container.av-81yrb-1d182fd321be1d7b3f84a6dc189776df .av-image-caption-overlay-center{\ncolor:#ffffff;\n}\n<\/style>\n<div  class='avia-image-container av-81yrb-1d182fd321be1d7b3f84a6dc189776df av-styling-no-styling avia-align-center  avia-builder-el-26  el_before_av_heading  avia-builder-el-first '   itemprop=\"image\" itemscope=\"itemscope\" itemtype=\"https:\/\/schema.org\/ImageObject\" ><div class=\"avia-image-container-inner\"><div class=\"avia-image-overlay-wrap\"><img decoding=\"async\" fetchpriority=\"high\" class='wp-image-1486 avia-img-lazy-loading-not-1486 avia_image ' src=\"https:\/\/gruasserrat.com\/wp-content\/uploads\/2019\/04\/IMG_2483-845x684.jpg\" alt='' title='IMG_2483'  height=\"684\" width=\"845\"  itemprop=\"thumbnailUrl\" srcset=\"https:\/\/gruasserrat.com\/wp-content\/uploads\/2019\/04\/IMG_2483-845x684.jpg 845w, https:\/\/gruasserrat.com\/wp-content\/uploads\/2019\/04\/IMG_2483-495x400.jpg 495w\" sizes=\"(max-width: 845px) 100vw, 845px\" \/><\/div><\/div><\/div><br \/>\n\n<style type=\"text\/css\" data-created_by=\"avia_inline_auto\" id=\"style-css-av-34q95z-e9704c2efc11cd510954313865d117ab\">\n#top .av-special-heading.av-34q95z-e9704c2efc11cd510954313865d117ab{\npadding-bottom:0;\n}\nbody .av-special-heading.av-34q95z-e9704c2efc11cd510954313865d117ab .av-special-heading-tag .heading-char{\nfont-size:25px;\n}\n.av-special-heading.av-34q95z-e9704c2efc11cd510954313865d117ab .av-subheading{\nfont-size:15px;\n}\n<\/style>\n<div  class='av-special-heading av-34q95z-e9704c2efc11cd510954313865d117ab av-special-heading-h2 blockquote modern-quote  avia-builder-el-27  el_after_av_image  el_before_av_hr  av-linked-heading'><h2 class='av-special-heading-tag '  itemprop=\"headline\"  >Aula de Formaci\u00f3<\/h2><div class=\"special-heading-border\"><div class=\"special-heading-inner-border\"><\/div><\/div><\/div><br \/>\n\n<style type=\"text\/css\" data-created_by=\"avia_inline_auto\" id=\"style-css-av-6t99n-544ba670395ceb5fd25ab124a0981bd1\">\n#top .hr.av-6t99n-544ba670395ceb5fd25ab124a0981bd1{\nmargin-top:10px;\nmargin-bottom:10px;\n}\n.hr.av-6t99n-544ba670395ceb5fd25ab124a0981bd1 .hr-inner{\nwidth:50px;\nborder-color:#efbb20;\n}\n<\/style>\n<div  class='hr av-6t99n-544ba670395ceb5fd25ab124a0981bd1 hr-custom  avia-builder-el-28  el_after_av_heading  el_before_av_textblock  hr-left hr-icon-no'><span class='hr-inner inner-border-av-border-fat'><span class=\"hr-inner-style\"><\/span><\/span><\/div><br \/>\n<section  class='av_textblock_section av-281f-a1c52c0042fb8b330e34b35d83db0652 '   itemscope=\"itemscope\" itemtype=\"https:\/\/schema.org\/CreativeWork\" ><div class='avia_textblock'  itemprop=\"text\" ><p>Formaci\u00f3 d&#8217;operadors de grua m\u00f2bil maniobrant amb la grua LTM1200-5.1 i simulador\u00a0 amb controls oficials Liebherr<\/p>\n<\/div><\/section><\/p><\/div>\n<style type=\"text\/css\" data-created_by=\"avia_inline_auto\" id=\"style-css-av-l1qn-acaa59de6347ba240116685455c2e634\">\n.flex_column.av-l1qn-acaa59de6347ba240116685455c2e634{\nborder-radius:0px 0px 0px 0px;\npadding:0px 0px 0px 0px;\n}\n<\/style>\n<div  class='flex_column av-l1qn-acaa59de6347ba240116685455c2e634 av_one_third  avia-builder-el-30  el_after_av_one_third  avia-builder-el-last  flex_column_div av-animated-generic bottom-to-top av-zero-column-padding  column-top-margin'     ><p>\n<style type=\"text\/css\" data-created_by=\"avia_inline_auto\" id=\"style-css-av-55jqb-f6387d6d61b7730c6dc5fef2538d613d\">\n.avia-image-container.av-55jqb-f6387d6d61b7730c6dc5fef2538d613d img.avia_image{\nbox-shadow:none;\n}\n.avia-image-container.av-55jqb-f6387d6d61b7730c6dc5fef2538d613d .av-image-caption-overlay-center{\ncolor:#ffffff;\n}\n<\/style>\n<div  class='avia-image-container av-55jqb-f6387d6d61b7730c6dc5fef2538d613d av-styling-no-styling avia-align-center  avia-builder-el-31  el_before_av_heading  avia-builder-el-first '   itemprop=\"image\" itemscope=\"itemscope\" itemtype=\"https:\/\/schema.org\/ImageObject\" ><div class=\"avia-image-container-inner\"><div class=\"avia-image-overlay-wrap\"><img decoding=\"async\" fetchpriority=\"high\" class='wp-image-1484 avia-img-lazy-loading-not-1484 avia_image ' src=\"https:\/\/gruasserrat.com\/wp-content\/uploads\/2019\/04\/024-845x684.jpg\" alt='' title='024'  height=\"684\" width=\"845\"  itemprop=\"thumbnailUrl\" srcset=\"https:\/\/gruasserrat.com\/wp-content\/uploads\/2019\/04\/024-845x684.jpg 845w, https:\/\/gruasserrat.com\/wp-content\/uploads\/2019\/04\/024-495x400.jpg 495w\" sizes=\"(max-width: 845px) 100vw, 845px\" \/><\/div><\/div><\/div><br \/>\n\n<style type=\"text\/css\" data-created_by=\"avia_inline_auto\" id=\"style-css-av-k3jyloj7-e65f1e80d2ca97f2278ac5abf9972eb1\">\n#top .av-special-heading.av-k3jyloj7-e65f1e80d2ca97f2278ac5abf9972eb1{\npadding-bottom:0;\n}\nbody .av-special-heading.av-k3jyloj7-e65f1e80d2ca97f2278ac5abf9972eb1 .av-special-heading-tag .heading-char{\nfont-size:25px;\n}\n.av-special-heading.av-k3jyloj7-e65f1e80d2ca97f2278ac5abf9972eb1 .av-subheading{\nfont-size:15px;\n}\n<\/style>\n<div  class='av-special-heading av-k3jyloj7-e65f1e80d2ca97f2278ac5abf9972eb1 av-special-heading-h2 blockquote modern-quote  avia-builder-el-32  el_after_av_image  el_before_av_hr  av-linked-heading'><h2 class='av-special-heading-tag '  itemprop=\"headline\"  >Equip de Gruas Serrat<\/h2><div class=\"special-heading-border\"><div class=\"special-heading-inner-border\"><\/div><\/div><\/div><br \/>\n\n<style type=\"text\/css\" data-created_by=\"avia_inline_auto\" id=\"style-css-av-3qmjv-986795d26f230a11a70ec16b4ccf777d\">\n#top .hr.av-3qmjv-986795d26f230a11a70ec16b4ccf777d{\nmargin-top:10px;\nmargin-bottom:10px;\n}\n.hr.av-3qmjv-986795d26f230a11a70ec16b4ccf777d .hr-inner{\nwidth:50px;\nborder-color:#efbb20;\n}\n<\/style>\n<div  class='hr av-3qmjv-986795d26f230a11a70ec16b4ccf777d hr-custom  avia-builder-el-33  el_after_av_heading  el_before_av_textblock  hr-left hr-icon-no'><span class='hr-inner inner-border-av-border-fat'><span class=\"hr-inner-style\"><\/span><\/span><\/div><br \/>\n<section  class='av_textblock_section av-3i2rb-f3ac59b336832cd5deb992adcefd02b0 '   itemscope=\"itemscope\" itemtype=\"https:\/\/schema.org\/CreativeWork\" ><div class='avia_textblock'  itemprop=\"text\" ><p>El nostre grup hum\u00e0 ens ha portat a convertir-nos en una empresa l\u00edder en el sector de lloguer de grues i transports especials.<\/p>\n<\/div><\/section><\/p><\/div><\/div><\/div><\/div><!-- close content main div --><\/div><\/div><div id='after_section_2'  class='main_color av_default_container_wrap container_wrap sidebar_right'  ><div class='container av-section-cont-open' ><div class='template-page content  av-content-small alpha units'><div class='post-entry post-entry-type-page post-entry-1927'><div class='entry-content-wrapper clearfix'>\n<style type=\"text\/css\" data-created_by=\"avia_inline_auto\" id=\"style-css-av-juwcfg3y-59ef1352da24197179c13dd4de408783\">\n.av_promobox.av-juwcfg3y-59ef1352da24197179c13dd4de408783{\ncolor:#ffffff;\nbackground:#444444;\nborder-color:#333333;\n}\n<\/style>\n<div  class='av_promobox av-juwcfg3y-59ef1352da24197179c13dd4de408783 avia-button-yes  avia-builder-el-35  el_after_av_section  el_before_av_section  avia-builder-el-no-sibling '><div class='avia-promocontent'><p>\nNecessita els nostres serveis? Soliciti ara un pressupost<\/p>\n<\/div><div  class='avia-button-wrap av-juwcfg3y-500968c3a4e7de1fcfcab9bac5be6d68-wrap avia-button-right '><a href=''  class='avia-button av-juwcfg3y-500968c3a4e7de1fcfcab9bac5be6d68 av-link-btn avia-icon_select-no avia-size-large avia-position-right avia-color-theme-color'   aria-label=\"CONTACTAR\"><span class='avia_iconbox_title' >CONTACTAR<\/span><\/a><\/div><\/div><\/p>\n<\/div><\/div><\/div><!-- close content main div --><\/div><\/div>\n<style type=\"text\/css\" data-created_by=\"avia_inline_auto\" id=\"style-css-av-2yhfn-5d504c0ea97637c9b9026e75fbcc012e\">\n.avia-section.av-2yhfn-5d504c0ea97637c9b9026e75fbcc012e{\nbackground-color:#991419;\nbackground-image:url(https:\/\/gruasserrat.com\/wp-content\/uploads\/2015\/10\/house-wire-model-fade-white.png);\nbackground-repeat:no-repeat;\nbackground-position:0% 0%;\nbackground-attachment:scroll;\n}\n<\/style>\n<div id='av_section_3'  class='avia-section av-2yhfn-5d504c0ea97637c9b9026e75fbcc012e main_color avia-section-large avia-no-border-styling  avia-builder-el-36  el_after_av_promobox  avia-builder-el-last  avia-bg-style-scroll av-minimum-height av-minimum-height-25 av-height-25  container_wrap sidebar_right'  data-section-bg-repeat='no-repeat' data-av_minimum_height_pc='25' data-av_min_height_opt='25'><div class='container av-section-cont-open' ><div class='template-page content  av-content-small alpha units'><div class='post-entry post-entry-type-page post-entry-1927'><div class='entry-content-wrapper clearfix'>\n\n<style type=\"text\/css\" data-created_by=\"avia_inline_auto\" id=\"style-css-av-228jz-a0f4c16011cbe07b9185981b15c7de7c\">\n.flex_column.av-228jz-a0f4c16011cbe07b9185981b15c7de7c{\nborder-radius:0px 0px 0px 0px;\npadding:0px 0px 0px 0px;\n}\n<\/style>\n<div  class='flex_column av-228jz-a0f4c16011cbe07b9185981b15c7de7c av_one_third  avia-builder-el-37  el_before_av_one_third  avia-builder-el-first  first flex_column_div av-zero-column-padding  '     ><div  class=\"avia-animated-number av-juwckrux-bc6bdfb90472ddee10f9efac27e71fa0 av-force-default-color avia_animate_when_visible  avia-builder-el-38  avia-builder-el-no-sibling  avia-color-font-light \" data-timer=\"3000\"><strong class=\"heading avia-animated-number-title\"><span class=\"avia-single-number __av-single-number\" data-number_format=\"\" data-number=\"100\" data-start_from=\"0\">100<\/span><span class=\"avia-no-number\"> %<\/span><\/strong><div class=\"avia-animated-number-content\"><p>Clients satisfets l&#8217;any 2018<\/p>\n<\/div><\/div><\/div>\n<style type=\"text\/css\" data-created_by=\"avia_inline_auto\" id=\"style-css-av-1nbfv-13e180472d8308880395d2a83cebe4a2\">\n.flex_column.av-1nbfv-13e180472d8308880395d2a83cebe4a2{\nborder-radius:0px 0px 0px 0px;\npadding:0px 0px 0px 0px;\n}\n<\/style>\n<div  class='flex_column av-1nbfv-13e180472d8308880395d2a83cebe4a2 av_one_third  avia-builder-el-39  el_after_av_one_third  el_before_av_one_third  flex_column_div av-zero-column-padding  '     ><div  class=\"avia-animated-number av-juwckrux-b10030081916df4bbd1f1f6409889796 av-force-default-color avia_animate_when_visible  avia-builder-el-40  avia-builder-el-no-sibling  avia-color-font-light \" data-timer=\"3000\"><strong class=\"heading avia-animated-number-title\"><span class=\"avia-single-number __av-single-number\" data-number_format=\"\" data-number=\"500\" data-start_from=\"0\">500<\/span><span class=\"avia-no-number\"> TM<\/span><\/strong><div class=\"avia-animated-number-content\"><p>Grues de tonatges<\/p>\n<\/div><\/div><\/div>\n<style type=\"text\/css\" data-created_by=\"avia_inline_auto\" id=\"style-css-av-13yg7-8f8acd1ed48bb135df567afdd7f86d12\">\n.flex_column.av-13yg7-8f8acd1ed48bb135df567afdd7f86d12{\nborder-radius:0px 0px 0px 0px;\npadding:0px 0px 0px 0px;\n}\n<\/style>\n<div  class='flex_column av-13yg7-8f8acd1ed48bb135df567afdd7f86d12 av_one_third  avia-builder-el-41  el_after_av_one_third  avia-builder-el-last  flex_column_div av-zero-column-padding  '     ><div  class=\"avia-animated-number av-juwckrux-e1708f817ef83516ef37b57e5894d998 av-force-default-color avia_animate_when_visible  avia-builder-el-42  avia-builder-el-no-sibling  avia-color-font-light \" data-timer=\"3000\"><strong class=\"heading avia-animated-number-title\"><span class=\"avia-single-number __av-single-number\" data-number_format=\"\" data-number=\"200\" data-start_from=\"0\">200<\/span><span class=\"avia-no-number\"> m<\/span><\/strong><div class=\"avia-animated-number-content\"><p>Gues de mesures especials<\/p>\n<\/div><\/div><\/div>\n<\/div><\/div><\/div><!-- close content main div --><\/div><\/div><div id='after_section_3'  class='main_color av_default_container_wrap container_wrap sidebar_right'  ><div class='container av-section-cont-open' ><div class='template-page content  av-content-small alpha units'><div class='post-entry post-entry-type-page post-entry-1927'><div class='entry-content-wrapper clearfix'>\n","protected":false},"excerpt":{"rendered":"","protected":false},"author":4,"featured_media":0,"parent":0,"menu_order":0,"comment_status":"closed","ping_status":"closed","template":"","meta":{"footnotes":""},"class_list":["post-1927","page","type-page","status-publish","hentry"],"yoast_head":"<!-- This site is optimized with the Yoast SEO plugin v27.4 - https:\/\/yoast.com\/product\/yoast-seo-wordpress\/ -->\n<title>Qui som - Gruas Serrat<\/title>\n<meta name=\"description\" content=\"Gruas Serrat, fundada al 1967 s\u2019ha convertit en l&#039;empresa l\u00edder en el lloguer de grues m\u00f2bils, camions grues i transports especials. El nostre comprom\u00eds: solucions \u00f2ptimes per a cada cas.\" \/>\n<meta name=\"robots\" content=\"index, follow, max-snippet:-1, max-image-preview:large, max-video-preview:-1\" \/>\n<link rel=\"canonical\" href=\"https:\/\/gruasserrat.com\/ca\/qui-som-transports-especials\/\" \/>\n<meta property=\"og:locale\" content=\"ca_ES\" \/>\n<meta property=\"og:type\" content=\"article\" \/>\n<meta property=\"og:title\" content=\"Qui som - Gruas Serrat\" \/>\n<meta property=\"og:description\" content=\"Gruas Serrat, fundada al 1967 s\u2019ha convertit en l&#039;empresa l\u00edder en el lloguer de grues m\u00f2bils, camions grues i transports especials. El nostre comprom\u00eds: solucions \u00f2ptimes per a cada cas.\" \/>\n<meta property=\"og:url\" content=\"https:\/\/gruasserrat.com\/ca\/qui-som-transports-especials\/\" \/>\n<meta property=\"og:site_name\" content=\"Gruas Serrat\" \/>\n<meta property=\"article:modified_time\" content=\"2025-09-10T13:21:25+00:00\" \/>\n<meta name=\"twitter:card\" content=\"summary_large_image\" \/>\n<meta name=\"twitter:label1\" content=\"Temps estimat de lectura\" \/>\n\t<meta name=\"twitter:data1\" content=\"3 minuts\" \/>\n<script type=\"application\/ld+json\" class=\"yoast-schema-graph\">{\"@context\":\"https:\\\/\\\/schema.org\",\"@graph\":[{\"@type\":\"WebPage\",\"@id\":\"https:\\\/\\\/gruasserrat.com\\\/ca\\\/qui-som-transports-especials\\\/\",\"url\":\"https:\\\/\\\/gruasserrat.com\\\/ca\\\/qui-som-transports-especials\\\/\",\"name\":\"Qui som - Gruas Serrat\",\"isPartOf\":{\"@id\":\"https:\\\/\\\/gruasserrat.com\\\/#website\"},\"datePublished\":\"2015-10-21T11:34:01+00:00\",\"dateModified\":\"2025-09-10T13:21:25+00:00\",\"description\":\"Gruas Serrat, fundada al 1967 s\u2019ha convertit en l'empresa l\u00edder en el lloguer de grues m\u00f2bils, camions grues i transports especials. El nostre comprom\u00eds: solucions \u00f2ptimes per a cada cas.\",\"breadcrumb\":{\"@id\":\"https:\\\/\\\/gruasserrat.com\\\/ca\\\/qui-som-transports-especials\\\/#breadcrumb\"},\"inLanguage\":\"ca\",\"potentialAction\":[{\"@type\":\"ReadAction\",\"target\":[\"https:\\\/\\\/gruasserrat.com\\\/ca\\\/qui-som-transports-especials\\\/\"]}]},{\"@type\":\"BreadcrumbList\",\"@id\":\"https:\\\/\\\/gruasserrat.com\\\/ca\\\/qui-som-transports-especials\\\/#breadcrumb\",\"itemListElement\":[{\"@type\":\"ListItem\",\"position\":1,\"name\":\"Portada\",\"item\":\"https:\\\/\\\/gruasserrat.com\\\/ca\\\/gruas-serrat\\\/\"},{\"@type\":\"ListItem\",\"position\":2,\"name\":\"Qui som\"}]},{\"@type\":\"WebSite\",\"@id\":\"https:\\\/\\\/gruasserrat.com\\\/#website\",\"url\":\"https:\\\/\\\/gruasserrat.com\\\/\",\"name\":\"Gruas Serrat\",\"description\":\"Alquiler de gr\u00faas I Lloguer de grues\",\"publisher\":{\"@id\":\"https:\\\/\\\/gruasserrat.com\\\/#organization\"},\"potentialAction\":[{\"@type\":\"SearchAction\",\"target\":{\"@type\":\"EntryPoint\",\"urlTemplate\":\"https:\\\/\\\/gruasserrat.com\\\/?s={search_term_string}\"},\"query-input\":{\"@type\":\"PropertyValueSpecification\",\"valueRequired\":true,\"valueName\":\"search_term_string\"}}],\"inLanguage\":\"ca\"},{\"@type\":\"Organization\",\"@id\":\"https:\\\/\\\/gruasserrat.com\\\/#organization\",\"name\":\"Gruas Serrat\",\"url\":\"https:\\\/\\\/gruasserrat.com\\\/\",\"logo\":{\"@type\":\"ImageObject\",\"inLanguage\":\"ca\",\"@id\":\"https:\\\/\\\/gruasserrat.com\\\/#\\\/schema\\\/logo\\\/image\\\/\",\"url\":\"https:\\\/\\\/gruasserrat.com\\\/wp-content\\\/uploads\\\/2019\\\/04\\\/logo-1-GS.png\",\"contentUrl\":\"https:\\\/\\\/gruasserrat.com\\\/wp-content\\\/uploads\\\/2019\\\/04\\\/logo-1-GS.png\",\"width\":416,\"height\":148,\"caption\":\"Gruas Serrat\"},\"image\":{\"@id\":\"https:\\\/\\\/gruasserrat.com\\\/#\\\/schema\\\/logo\\\/image\\\/\"}}]}<\/script>\n<!-- \/ Yoast SEO plugin. -->","yoast_head_json":{"title":"Qui som - Gruas Serrat","description":"Gruas Serrat, fundada al 1967 s\u2019ha convertit en l'empresa l\u00edder en el lloguer de grues m\u00f2bils, camions grues i transports especials. El nostre comprom\u00eds: solucions \u00f2ptimes per a cada cas.","robots":{"index":"index","follow":"follow","max-snippet":"max-snippet:-1","max-image-preview":"max-image-preview:large","max-video-preview":"max-video-preview:-1"},"canonical":"https:\/\/gruasserrat.com\/ca\/qui-som-transports-especials\/","og_locale":"ca_ES","og_type":"article","og_title":"Qui som - Gruas Serrat","og_description":"Gruas Serrat, fundada al 1967 s\u2019ha convertit en l'empresa l\u00edder en el lloguer de grues m\u00f2bils, camions grues i transports especials. El nostre comprom\u00eds: solucions \u00f2ptimes per a cada cas.","og_url":"https:\/\/gruasserrat.com\/ca\/qui-som-transports-especials\/","og_site_name":"Gruas Serrat","article_modified_time":"2025-09-10T13:21:25+00:00","twitter_card":"summary_large_image","twitter_misc":{"Temps estimat de lectura":"3 minuts"},"schema":{"@context":"https:\/\/schema.org","@graph":[{"@type":"WebPage","@id":"https:\/\/gruasserrat.com\/ca\/qui-som-transports-especials\/","url":"https:\/\/gruasserrat.com\/ca\/qui-som-transports-especials\/","name":"Qui som - Gruas Serrat","isPartOf":{"@id":"https:\/\/gruasserrat.com\/#website"},"datePublished":"2015-10-21T11:34:01+00:00","dateModified":"2025-09-10T13:21:25+00:00","description":"Gruas Serrat, fundada al 1967 s\u2019ha convertit en l'empresa l\u00edder en el lloguer de grues m\u00f2bils, camions grues i transports especials. El nostre comprom\u00eds: solucions \u00f2ptimes per a cada cas.","breadcrumb":{"@id":"https:\/\/gruasserrat.com\/ca\/qui-som-transports-especials\/#breadcrumb"},"inLanguage":"ca","potentialAction":[{"@type":"ReadAction","target":["https:\/\/gruasserrat.com\/ca\/qui-som-transports-especials\/"]}]},{"@type":"BreadcrumbList","@id":"https:\/\/gruasserrat.com\/ca\/qui-som-transports-especials\/#breadcrumb","itemListElement":[{"@type":"ListItem","position":1,"name":"Portada","item":"https:\/\/gruasserrat.com\/ca\/gruas-serrat\/"},{"@type":"ListItem","position":2,"name":"Qui som"}]},{"@type":"WebSite","@id":"https:\/\/gruasserrat.com\/#website","url":"https:\/\/gruasserrat.com\/","name":"Gruas Serrat","description":"Alquiler de gr\u00faas I Lloguer de grues","publisher":{"@id":"https:\/\/gruasserrat.com\/#organization"},"potentialAction":[{"@type":"SearchAction","target":{"@type":"EntryPoint","urlTemplate":"https:\/\/gruasserrat.com\/?s={search_term_string}"},"query-input":{"@type":"PropertyValueSpecification","valueRequired":true,"valueName":"search_term_string"}}],"inLanguage":"ca"},{"@type":"Organization","@id":"https:\/\/gruasserrat.com\/#organization","name":"Gruas Serrat","url":"https:\/\/gruasserrat.com\/","logo":{"@type":"ImageObject","inLanguage":"ca","@id":"https:\/\/gruasserrat.com\/#\/schema\/logo\/image\/","url":"https:\/\/gruasserrat.com\/wp-content\/uploads\/2019\/04\/logo-1-GS.png","contentUrl":"https:\/\/gruasserrat.com\/wp-content\/uploads\/2019\/04\/logo-1-GS.png","width":416,"height":148,"caption":"Gruas Serrat"},"image":{"@id":"https:\/\/gruasserrat.com\/#\/schema\/logo\/image\/"}}]}},"_links":{"self":[{"href":"https:\/\/gruasserrat.com\/ca\/wp-json\/wp\/v2\/pages\/1927","targetHints":{"allow":["GET"]}}],"collection":[{"href":"https:\/\/gruasserrat.com\/ca\/wp-json\/wp\/v2\/pages"}],"about":[{"href":"https:\/\/gruasserrat.com\/ca\/wp-json\/wp\/v2\/types\/page"}],"author":[{"embeddable":true,"href":"https:\/\/gruasserrat.com\/ca\/wp-json\/wp\/v2\/users\/4"}],"replies":[{"embeddable":true,"href":"https:\/\/gruasserrat.com\/ca\/wp-json\/wp\/v2\/comments?post=1927"}],"version-history":[{"count":7,"href":"https:\/\/gruasserrat.com\/ca\/wp-json\/wp\/v2\/pages\/1927\/revisions"}],"predecessor-version":[{"id":3207,"href":"https:\/\/gruasserrat.com\/ca\/wp-json\/wp\/v2\/pages\/1927\/revisions\/3207"}],"wp:attachment":[{"href":"https:\/\/gruasserrat.com\/ca\/wp-json\/wp\/v2\/media?parent=1927"}],"curies":[{"name":"wp","href":"https:\/\/api.w.org\/{rel}","templated":true}]}}