{"id":1929,"date":"2019-05-30T14:17:41","date_gmt":"2019-05-30T13:17:41","guid":{"rendered":"https:\/\/gruasserrat.com\/rsc-gruas-serrat\/"},"modified":"2019-12-02T10:26:48","modified_gmt":"2019-12-02T09:26:48","slug":"rsc-gruas-serrat","status":"publish","type":"page","link":"https:\/\/gruasserrat.com\/ca\/rsc-gruas-serrat\/","title":{"rendered":"RSC"},"content":{"rendered":"<div id='full_slider_1'  class='avia-fullwidth-slider main_color avia-shadow   avia-builder-el-0  el_before_av_layout_row  avia-builder-el-first   container_wrap sidebar_right'  ><div  class='avia-slideshow av-juwarlx0-56ff62b6fff01905ecb087052804b440 avia-slideshow-featured av_slideshow_full avia-slide-slider av-slideshow-ui av-control-hidden av-no-slider-navigation av-hide-nav-arrows av-slideshow-manual av-loop-once av-loop-manual-endless av-default-height-applied   avia-slideshow-1' data-slideshow-options=\"{&quot;animation&quot;:&quot;slide&quot;,&quot;autoplay&quot;:false,&quot;loop_autoplay&quot;:&quot;once&quot;,&quot;interval&quot;:5,&quot;loop_manual&quot;:&quot;manual-endless&quot;,&quot;autoplay_stopper&quot;:false,&quot;noNavigation&quot;:true,&quot;bg_slider&quot;:false,&quot;keep_padding&quot;:false,&quot;hoverpause&quot;:false,&quot;show_slide_delay&quot;:0}\"  itemprop=\"image\" itemscope=\"itemscope\" itemtype=\"https:\/\/schema.org\/ImageObject\" ><ul class='avia-slideshow-inner ' style='padding-bottom: 28.666666666667%;'><li  class='avia-slideshow-slide av-juwarlx0-56ff62b6fff01905ecb087052804b440__0  av-single-slide slide-1 slide-odd'><div data-rel='slideshow-1' class='avia-slide-wrap '   ><div class='av-slideshow-caption av-juwarlx0-56ff62b6fff01905ecb087052804b440__0 caption_fullwidth caption_center'><div class=\"container caption_container\"><div class=\"slideshow_caption\"><div class=\"slideshow_inner_caption\"><div class=\"slideshow_align_caption\"><h2 class='avia-caption-title '  itemprop=\"name\" >Col\u00b7laborem amb ells<\/h2><\/div><\/div><\/div><\/div><\/div><img decoding=\"async\" fetchpriority=\"high\" class=\"wp-image-1550 avia-img-lazy-loading-not-1550\"  src=\"https:\/\/gruasserrat.com\/wp-content\/uploads\/2019\/07\/OnatFoundation-1500x430.jpg\" width=\"1500\" height=\"430\" title='OnatFoundation' alt=''  itemprop=\"thumbnailUrl\"  style='min-height:350px; min-width:1221px; ' \/><div class='av-section-color-overlay' style='opacity: 0.5; background-color: #000000; '><\/div><\/div><\/li><\/ul><\/div><\/div>\n<div id='av-layout-grid-1'  class='av-layout-grid-container av-dfdld-064a7864326fc2022a11573f2395eb7f entry-content-wrapper main_color av-flex-cells  avia-builder-el-1  el_after_av_slideshow_full  avia-builder-el-last  grid-row-not-first  container_wrap sidebar_right'  >\n\n<style type=\"text\/css\" data-created_by=\"avia_inline_auto\" id=\"style-css-av-jxx1yb3a-1847c53d88ed6b06e327f0c7f1d1590c\">\n.flex_cell.av-jxx1yb3a-1847c53d88ed6b06e327f0c7f1d1590c{\nvertical-align:top;\nbackground-color:#991419;\n}\n.responsive #top #wrap_all .flex_cell.av-jxx1yb3a-1847c53d88ed6b06e327f0c7f1d1590c{\npadding:30px 30px 30px 80px !important;\n}\n<\/style>\n<div class='flex_cell av-jxx1yb3a-1847c53d88ed6b06e327f0c7f1d1590c av-gridrow-cell av_one_half no_margin  avia-builder-el-2  el_before_av_cell_one_half  avia-builder-el-first '  ><div class='flex_cell_inner'>\n<style type=\"text\/css\" data-created_by=\"avia_inline_auto\" id=\"style-css-av-jxx20wce-0215bab94dfd03d9c3fcf0f663d23f78\">\n#top .av_textblock_section.av-jxx20wce-0215bab94dfd03d9c3fcf0f663d23f78 .avia_textblock{\ncolor:#ffffff;\n}\n<\/style>\n<section  class='av_textblock_section av-jxx20wce-0215bab94dfd03d9c3fcf0f663d23f78 '   itemscope=\"itemscope\" itemtype=\"https:\/\/schema.org\/CreativeWork\" ><div class='avia_textblock av_inherit_color'  itemprop=\"text\" ><h2>El nostre comprom\u00eds<\/h2>\n<\/div><\/section><br \/>\n\n<style type=\"text\/css\" data-created_by=\"avia_inline_auto\" id=\"style-css-av-3mhxj-acffa6ff4044a69b6aa2d64da6e033a8\">\n#top .hr.av-3mhxj-acffa6ff4044a69b6aa2d64da6e033a8{\nmargin-top:10px;\nmargin-bottom:10px;\n}\n.hr.av-3mhxj-acffa6ff4044a69b6aa2d64da6e033a8 .hr-inner{\nwidth:50px;\nborder-color:#efbb20;\n}\n<\/style>\n<div  class='hr av-3mhxj-acffa6ff4044a69b6aa2d64da6e033a8 hr-custom  avia-builder-el-4  el_after_av_textblock  el_before_av_textblock  hr-left hr-icon-no'><span class='hr-inner inner-border-av-border-fat'><span class=\"hr-inner-style\"><\/span><\/span><\/div><br \/>\n\n<style type=\"text\/css\" data-created_by=\"avia_inline_auto\" id=\"style-css-av-d54rl-5fbe3c691aa427ebf9e7c7e0a95a2b3a\">\n#top .av_textblock_section.av-d54rl-5fbe3c691aa427ebf9e7c7e0a95a2b3a .avia_textblock{\ncolor:#ffffff;\n}\n<\/style>\n<section  class='av_textblock_section av-d54rl-5fbe3c691aa427ebf9e7c7e0a95a2b3a '   itemscope=\"itemscope\" itemtype=\"https:\/\/schema.org\/CreativeWork\" ><div class='avia_textblock av_inherit_color'  itemprop=\"text\" ><p>En la filosofia de Gruas Serrat sempre hi ha hagut l&#8217;inter\u00e8s de ser part activa en el foment de l&#8217;esport com a mitj\u00e0 de coneixement i integraci\u00f3 entre les persones, i l&#8217;ONAT Fundation engloba tota aquesta filosofia impulsant l&#8217;activitat esportiva com a generadora de la inclusi\u00f3 social i el foment de la solidaritat, sobretot enfocat a la joventut com a veritable motor de canvi per potenciar el futur cap a una societat m\u00e9s inclusiva i solid\u00e0ria amb els col\u00b7lectius marginats i els de discapacitats f\u00edsics i sensorials.<\/p>\n<div class=\"tlid-results-container results-container\">\n<div class=\"tlid-result result-dict-wrapper\">\n<div class=\"result tlid-copy-target\">\n<div class=\"text-wrap tlid-copy-target\">\n<div class=\"result-shield-container tlid-copy-target\" tabindex=\"0\"><span class=\"tlid-translation translation\" lang=\"ca\"><span title=\"\">La nostra<\/span> <span title=\"\">aportaci\u00f3<\/span> <span title=\"\">va encaminada a<\/span> <span title=\"\">ajudar<\/span> <span title=\"\">a la difusi\u00f3<\/span> <span title=\"\">de<\/span> l&#8217;<span title=\"\">Onat<\/span> <span title=\"\">Fundation<\/span> <span title=\"\">mitjan\u00e7ant<\/span> <span title=\"\">l&#8217;esponsoritzaci\u00f3<\/span> <span title=\"\">de diferents<\/span> <span title=\"\">esdeveniments<\/span> <span title=\"\">esportius que<\/span> <span title=\"\">du a<\/span> <span title=\"\">terme<\/span> <span title=\"\">la Fundaci\u00f3<\/span><span title=\"\">, com la que<\/span> <span title=\"\">va ser la<\/span> <span title=\"\">1\u00aa<\/span> <span title=\"\">Expedici\u00f3<\/span> <span title=\"\">inclusiva<\/span> <span title=\"\">a<\/span> <span title=\"\">l&#8217;Everest<\/span> <span title=\"\">i<\/span> <span title=\"\">que va portar a<\/span> <span title=\"\">9<\/span> <span title=\"\">joves<\/span> <span title=\"\">de<\/span> <a href=\"https:\/\/www.apindep.com\/\"><span title=\"\">APINDEP<\/span><\/a> <span title=\"\">a<\/span> <span title=\"\">realitzar un<\/span> <span title=\"\">treking<\/span> <span title=\"\">de set<\/span> <span title=\"\">dies<\/span> <span title=\"\">per una de les<\/span> <span title=\"\">regions<\/span> <span title=\"\">m\u00e9s<\/span> <span title=\"\">espectaculars<\/span> <span title=\"\">de<\/span> <span title=\"\">l&#8217;Him\u00e0laia<\/span> <span title=\"\">com a part<\/span> <span title=\"\">del <\/span><span title=\"\">repte<\/span> <span title=\"\">alpin\u00edstic<\/span> <span title=\"\">3x2x8000<\/span> <span title=\"\">liderat<\/span> <span title=\"\">per Sergi<\/span> <span title=\"\">Mingote<\/span><span title=\"\">, amb el qual<\/span> <span title=\"\">vol aconseguir<\/span> <span title=\"\">un nou<\/span> <span title=\"\">repte<\/span> <span class=\"\" title=\"\">Guinness<\/span><span title=\"\">, ascendint<\/span> <span title=\"\">a sis<\/span> <span class=\"\" title=\"\">muntanyes de m\u00e9s de<\/span> <span title=\"\">8000<\/span> <span title=\"\">metres<\/span> <span title=\"\">en<\/span> <span title=\"\">365<\/span> <span title=\"\">dies.<\/span><\/span><\/div>\n<\/div>\n<\/div>\n<\/div>\n<\/div>\n<p><img decoding=\"async\" class=\"wp-image-1333 aligncenter\" src=\"https:\/\/gruasserrat.com\/wp-content\/uploads\/2019\/10\/sergi-mingote-x-FB.png\" alt=\"Gruas Serrat en el Himalaya\" width=\"535\" height=\"354\" srcset=\"https:\/\/gruasserrat.com\/wp-content\/uploads\/2019\/10\/sergi-mingote-x-FB.png 970w, https:\/\/gruasserrat.com\/wp-content\/uploads\/2019\/10\/sergi-mingote-x-FB-300x199.png 300w, https:\/\/gruasserrat.com\/wp-content\/uploads\/2019\/10\/sergi-mingote-x-FB-768x508.png 768w, https:\/\/gruasserrat.com\/wp-content\/uploads\/2019\/10\/sergi-mingote-x-FB-705x467.png 705w, https:\/\/gruasserrat.com\/wp-content\/uploads\/2019\/10\/sergi-mingote-x-FB-450x298.png 450w\" sizes=\"(max-width: 535px) 100vw, 535px\" \/><\/p>\n<\/div><\/section><\/p>\n<\/div><\/div>\n<style type=\"text\/css\" data-created_by=\"avia_inline_auto\" id=\"style-css-av-7gxop-1afe3d3146c1ff251279ba810eee490d\">\n.flex_cell.av-7gxop-1afe3d3146c1ff251279ba810eee490d{\nvertical-align:top;\nbackground-color:#000000;\nbackground:linear-gradient( to bottom right, #000000, #991419 );\n}\n.responsive #top #wrap_all .flex_cell.av-7gxop-1afe3d3146c1ff251279ba810eee490d{\npadding:30px 60px 30px 60px !important;\n}\n<\/style>\n<div class='flex_cell av-7gxop-1afe3d3146c1ff251279ba810eee490d av-gridrow-cell av_one_half no_margin  avia-builder-el-6  el_after_av_cell_one_half  avia-builder-el-last '  ><div class='flex_cell_inner'><p>\n<style type=\"text\/css\" data-created_by=\"avia_inline_auto\" id=\"style-css-av-jxx22o4y-32496745940edd904deba05a4d92a30d\">\n#top .av_textblock_section.av-jxx22o4y-32496745940edd904deba05a4d92a30d .avia_textblock{\ncolor:#ffffff;\n}\n<\/style>\n<section  class='av_textblock_section av-jxx22o4y-32496745940edd904deba05a4d92a30d '   itemscope=\"itemscope\" itemtype=\"https:\/\/schema.org\/CreativeWork\" ><div class='avia_textblock av_inherit_color'  itemprop=\"text\" ><p>Onat Foundation \u00e9s una fundaci\u00f3 privada que t\u00e9 com a objectiu fomentar i promoure la pr\u00e0ctica de l&#8217;esport sense \u00e0nim de lucre i la seva difusi\u00f3 a la ciutadania a trav\u00e9s de mitjans de comunicaci\u00f3 social. M\u00e9s concretament, i de manera principal i preferent en la joventut, persegueix impulsar l&#8217;activitat esportiva com a causa generadora d&#8217;h\u00e0bits que afavoreixen la inclusi\u00f3 social i el foment de la solidaritat: la pr\u00e0ctica esportiva com a element fonamental del sistema educatiu, sanitari i de la qualitat de vida; la participaci\u00f3 i total integraci\u00f3 en la societat dels col\u00b7lectius marginats, i dels discapacitats f\u00edsics i sensorials; promoci\u00f3 activa i participativa ciutadana en el esports com a element determinant en la utilitzaci\u00f3 de el temps d&#8217;oci en la societat contempor\u00e0nia i la seva implantaci\u00f3 com a factor corrector de desequilibris socials que contribueixen a la igualtat entre els ciutadans.<\/p>\n<\/div><\/section><br \/>\n\n<style type=\"text\/css\" data-created_by=\"avia_inline_auto\" id=\"style-css-av-jxx1w5gf-81c8d38232996a9a3ed7c9f8f0569a92\">\n.avia-image-container.av-jxx1w5gf-81c8d38232996a9a3ed7c9f8f0569a92 img.avia_image{\nbox-shadow:none;\n}\n.avia-image-container.av-jxx1w5gf-81c8d38232996a9a3ed7c9f8f0569a92 .av-image-caption-overlay-center{\ncolor:#ffffff;\n}\n<\/style>\n<div  class='avia-image-container av-jxx1w5gf-81c8d38232996a9a3ed7c9f8f0569a92 av-styling- av-img-linked avia-align-center  avia-builder-el-8  el_after_av_textblock  avia-builder-el-last '   itemprop=\"image\" itemscope=\"itemscope\" itemtype=\"https:\/\/schema.org\/ImageObject\" ><div class=\"avia-image-container-inner\"><div class=\"avia-image-overlay-wrap\"><a href=\"https:\/\/www.onatfoundation.eu\" class='avia_image ' target=\"_blank\" rel=\"noopener noreferrer\" aria-label='Onat-foundation'><img decoding=\"async\" fetchpriority=\"high\" class='wp-image-1562 avia-img-lazy-loading-not-1562 avia_image ' src=\"https:\/\/gruasserrat.com\/wp-content\/uploads\/2019\/07\/Onat-foundation-1.png\" alt='' title='Onat-foundation'  height=\"454\" width=\"660\"  itemprop=\"thumbnailUrl\" srcset=\"https:\/\/gruasserrat.com\/wp-content\/uploads\/2019\/07\/Onat-foundation-1.png 660w, https:\/\/gruasserrat.com\/wp-content\/uploads\/2019\/07\/Onat-foundation-1-300x206.png 300w, https:\/\/gruasserrat.com\/wp-content\/uploads\/2019\/07\/Onat-foundation-1-450x310.png 450w\" sizes=\"(max-width: 660px) 100vw, 660px\" \/><\/a><\/div><\/div><\/div><\/p>\n<\/div><\/div><\/div>\n","protected":false},"excerpt":{"rendered":"","protected":false},"author":4,"featured_media":0,"parent":0,"menu_order":0,"comment_status":"closed","ping_status":"closed","template":"","meta":{"footnotes":""},"class_list":["post-1929","page","type-page","status-publish","hentry"],"yoast_head":"<!-- This site is optimized with the Yoast SEO plugin v27.4 - https:\/\/yoast.com\/product\/yoast-seo-wordpress\/ -->\n<title>RSC - Gruas Serrat<\/title>\n<meta name=\"description\" content=\"Gruas Serrat col\u2022labora amb Onat Foundation, t\u00e9 com a objectiu fomentar i promoure la pr\u00e0ctica de l\u2019esport per afavorir la inclusi\u00f3 social i el foment de la solidaritat.\" \/>\n<meta name=\"robots\" content=\"index, follow, max-snippet:-1, max-image-preview:large, max-video-preview:-1\" \/>\n<link rel=\"canonical\" href=\"https:\/\/gruasserrat.com\/ca\/rsc-gruas-serrat\/\" \/>\n<meta property=\"og:locale\" content=\"ca_ES\" \/>\n<meta property=\"og:type\" content=\"article\" \/>\n<meta property=\"og:title\" content=\"RSC - Gruas Serrat\" \/>\n<meta property=\"og:description\" content=\"Gruas Serrat col\u2022labora amb Onat Foundation, t\u00e9 com a objectiu fomentar i promoure la pr\u00e0ctica de l\u2019esport per afavorir la inclusi\u00f3 social i el foment de la solidaritat.\" \/>\n<meta property=\"og:url\" content=\"https:\/\/gruasserrat.com\/ca\/rsc-gruas-serrat\/\" \/>\n<meta property=\"og:site_name\" content=\"Gruas Serrat\" \/>\n<meta property=\"article:modified_time\" content=\"2019-12-02T09:26:48+00:00\" \/>\n<meta property=\"og:image\" content=\"https:\/\/gruasserrat.com\/wp-content\/uploads\/2019\/10\/sergi-mingote-x-FB.png\" \/>\n<meta name=\"twitter:card\" content=\"summary_large_image\" \/>\n<meta name=\"twitter:label1\" content=\"Temps estimat de lectura\" \/>\n\t<meta name=\"twitter:data1\" content=\"5 minuts\" \/>\n<script type=\"application\/ld+json\" class=\"yoast-schema-graph\">{\"@context\":\"https:\\\/\\\/schema.org\",\"@graph\":[{\"@type\":\"WebPage\",\"@id\":\"https:\\\/\\\/gruasserrat.com\\\/ca\\\/rsc-gruas-serrat\\\/\",\"url\":\"https:\\\/\\\/gruasserrat.com\\\/ca\\\/rsc-gruas-serrat\\\/\",\"name\":\"RSC - Gruas Serrat\",\"isPartOf\":{\"@id\":\"https:\\\/\\\/gruasserrat.com\\\/#website\"},\"primaryImageOfPage\":{\"@id\":\"https:\\\/\\\/gruasserrat.com\\\/ca\\\/rsc-gruas-serrat\\\/#primaryimage\"},\"image\":{\"@id\":\"https:\\\/\\\/gruasserrat.com\\\/ca\\\/rsc-gruas-serrat\\\/#primaryimage\"},\"thumbnailUrl\":\"https:\\\/\\\/gruasserrat.com\\\/wp-content\\\/uploads\\\/2019\\\/10\\\/sergi-mingote-x-FB.png\",\"datePublished\":\"2019-05-30T13:17:41+00:00\",\"dateModified\":\"2019-12-02T09:26:48+00:00\",\"description\":\"Gruas Serrat col\u2022labora amb Onat Foundation, t\u00e9 com a objectiu fomentar i promoure la pr\u00e0ctica de l\u2019esport per afavorir la inclusi\u00f3 social i el foment de la solidaritat.\",\"breadcrumb\":{\"@id\":\"https:\\\/\\\/gruasserrat.com\\\/ca\\\/rsc-gruas-serrat\\\/#breadcrumb\"},\"inLanguage\":\"ca\",\"potentialAction\":[{\"@type\":\"ReadAction\",\"target\":[\"https:\\\/\\\/gruasserrat.com\\\/ca\\\/rsc-gruas-serrat\\\/\"]}]},{\"@type\":\"ImageObject\",\"inLanguage\":\"ca\",\"@id\":\"https:\\\/\\\/gruasserrat.com\\\/ca\\\/rsc-gruas-serrat\\\/#primaryimage\",\"url\":\"https:\\\/\\\/gruasserrat.com\\\/wp-content\\\/uploads\\\/2019\\\/10\\\/sergi-mingote-x-FB.png\",\"contentUrl\":\"https:\\\/\\\/gruasserrat.com\\\/wp-content\\\/uploads\\\/2019\\\/10\\\/sergi-mingote-x-FB.png\"},{\"@type\":\"BreadcrumbList\",\"@id\":\"https:\\\/\\\/gruasserrat.com\\\/ca\\\/rsc-gruas-serrat\\\/#breadcrumb\",\"itemListElement\":[{\"@type\":\"ListItem\",\"position\":1,\"name\":\"Portada\",\"item\":\"https:\\\/\\\/gruasserrat.com\\\/ca\\\/gruas-serrat\\\/\"},{\"@type\":\"ListItem\",\"position\":2,\"name\":\"RSC\"}]},{\"@type\":\"WebSite\",\"@id\":\"https:\\\/\\\/gruasserrat.com\\\/#website\",\"url\":\"https:\\\/\\\/gruasserrat.com\\\/\",\"name\":\"Gruas Serrat\",\"description\":\"Alquiler de gr\u00faas I Lloguer de grues\",\"publisher\":{\"@id\":\"https:\\\/\\\/gruasserrat.com\\\/#organization\"},\"potentialAction\":[{\"@type\":\"SearchAction\",\"target\":{\"@type\":\"EntryPoint\",\"urlTemplate\":\"https:\\\/\\\/gruasserrat.com\\\/?s={search_term_string}\"},\"query-input\":{\"@type\":\"PropertyValueSpecification\",\"valueRequired\":true,\"valueName\":\"search_term_string\"}}],\"inLanguage\":\"ca\"},{\"@type\":\"Organization\",\"@id\":\"https:\\\/\\\/gruasserrat.com\\\/#organization\",\"name\":\"Gruas Serrat\",\"url\":\"https:\\\/\\\/gruasserrat.com\\\/\",\"logo\":{\"@type\":\"ImageObject\",\"inLanguage\":\"ca\",\"@id\":\"https:\\\/\\\/gruasserrat.com\\\/#\\\/schema\\\/logo\\\/image\\\/\",\"url\":\"https:\\\/\\\/gruasserrat.com\\\/wp-content\\\/uploads\\\/2019\\\/04\\\/logo-1-GS.png\",\"contentUrl\":\"https:\\\/\\\/gruasserrat.com\\\/wp-content\\\/uploads\\\/2019\\\/04\\\/logo-1-GS.png\",\"width\":416,\"height\":148,\"caption\":\"Gruas Serrat\"},\"image\":{\"@id\":\"https:\\\/\\\/gruasserrat.com\\\/#\\\/schema\\\/logo\\\/image\\\/\"}}]}<\/script>\n<!-- \/ Yoast SEO plugin. -->","yoast_head_json":{"title":"RSC - Gruas Serrat","description":"Gruas Serrat col\u2022labora amb Onat Foundation, t\u00e9 com a objectiu fomentar i promoure la pr\u00e0ctica de l\u2019esport per afavorir la inclusi\u00f3 social i el foment de la solidaritat.","robots":{"index":"index","follow":"follow","max-snippet":"max-snippet:-1","max-image-preview":"max-image-preview:large","max-video-preview":"max-video-preview:-1"},"canonical":"https:\/\/gruasserrat.com\/ca\/rsc-gruas-serrat\/","og_locale":"ca_ES","og_type":"article","og_title":"RSC - Gruas Serrat","og_description":"Gruas Serrat col\u2022labora amb Onat Foundation, t\u00e9 com a objectiu fomentar i promoure la pr\u00e0ctica de l\u2019esport per afavorir la inclusi\u00f3 social i el foment de la solidaritat.","og_url":"https:\/\/gruasserrat.com\/ca\/rsc-gruas-serrat\/","og_site_name":"Gruas Serrat","article_modified_time":"2019-12-02T09:26:48+00:00","og_image":[{"url":"https:\/\/gruasserrat.com\/wp-content\/uploads\/2019\/10\/sergi-mingote-x-FB.png","type":"","width":"","height":""}],"twitter_card":"summary_large_image","twitter_misc":{"Temps estimat de lectura":"5 minuts"},"schema":{"@context":"https:\/\/schema.org","@graph":[{"@type":"WebPage","@id":"https:\/\/gruasserrat.com\/ca\/rsc-gruas-serrat\/","url":"https:\/\/gruasserrat.com\/ca\/rsc-gruas-serrat\/","name":"RSC - Gruas Serrat","isPartOf":{"@id":"https:\/\/gruasserrat.com\/#website"},"primaryImageOfPage":{"@id":"https:\/\/gruasserrat.com\/ca\/rsc-gruas-serrat\/#primaryimage"},"image":{"@id":"https:\/\/gruasserrat.com\/ca\/rsc-gruas-serrat\/#primaryimage"},"thumbnailUrl":"https:\/\/gruasserrat.com\/wp-content\/uploads\/2019\/10\/sergi-mingote-x-FB.png","datePublished":"2019-05-30T13:17:41+00:00","dateModified":"2019-12-02T09:26:48+00:00","description":"Gruas Serrat col\u2022labora amb Onat Foundation, t\u00e9 com a objectiu fomentar i promoure la pr\u00e0ctica de l\u2019esport per afavorir la inclusi\u00f3 social i el foment de la solidaritat.","breadcrumb":{"@id":"https:\/\/gruasserrat.com\/ca\/rsc-gruas-serrat\/#breadcrumb"},"inLanguage":"ca","potentialAction":[{"@type":"ReadAction","target":["https:\/\/gruasserrat.com\/ca\/rsc-gruas-serrat\/"]}]},{"@type":"ImageObject","inLanguage":"ca","@id":"https:\/\/gruasserrat.com\/ca\/rsc-gruas-serrat\/#primaryimage","url":"https:\/\/gruasserrat.com\/wp-content\/uploads\/2019\/10\/sergi-mingote-x-FB.png","contentUrl":"https:\/\/gruasserrat.com\/wp-content\/uploads\/2019\/10\/sergi-mingote-x-FB.png"},{"@type":"BreadcrumbList","@id":"https:\/\/gruasserrat.com\/ca\/rsc-gruas-serrat\/#breadcrumb","itemListElement":[{"@type":"ListItem","position":1,"name":"Portada","item":"https:\/\/gruasserrat.com\/ca\/gruas-serrat\/"},{"@type":"ListItem","position":2,"name":"RSC"}]},{"@type":"WebSite","@id":"https:\/\/gruasserrat.com\/#website","url":"https:\/\/gruasserrat.com\/","name":"Gruas Serrat","description":"Alquiler de gr\u00faas I Lloguer de grues","publisher":{"@id":"https:\/\/gruasserrat.com\/#organization"},"potentialAction":[{"@type":"SearchAction","target":{"@type":"EntryPoint","urlTemplate":"https:\/\/gruasserrat.com\/?s={search_term_string}"},"query-input":{"@type":"PropertyValueSpecification","valueRequired":true,"valueName":"search_term_string"}}],"inLanguage":"ca"},{"@type":"Organization","@id":"https:\/\/gruasserrat.com\/#organization","name":"Gruas Serrat","url":"https:\/\/gruasserrat.com\/","logo":{"@type":"ImageObject","inLanguage":"ca","@id":"https:\/\/gruasserrat.com\/#\/schema\/logo\/image\/","url":"https:\/\/gruasserrat.com\/wp-content\/uploads\/2019\/04\/logo-1-GS.png","contentUrl":"https:\/\/gruasserrat.com\/wp-content\/uploads\/2019\/04\/logo-1-GS.png","width":416,"height":148,"caption":"Gruas Serrat"},"image":{"@id":"https:\/\/gruasserrat.com\/#\/schema\/logo\/image\/"}}]}},"_links":{"self":[{"href":"https:\/\/gruasserrat.com\/ca\/wp-json\/wp\/v2\/pages\/1929","targetHints":{"allow":["GET"]}}],"collection":[{"href":"https:\/\/gruasserrat.com\/ca\/wp-json\/wp\/v2\/pages"}],"about":[{"href":"https:\/\/gruasserrat.com\/ca\/wp-json\/wp\/v2\/types\/page"}],"author":[{"embeddable":true,"href":"https:\/\/gruasserrat.com\/ca\/wp-json\/wp\/v2\/users\/4"}],"replies":[{"embeddable":true,"href":"https:\/\/gruasserrat.com\/ca\/wp-json\/wp\/v2\/comments?post=1929"}],"version-history":[{"count":4,"href":"https:\/\/gruasserrat.com\/ca\/wp-json\/wp\/v2\/pages\/1929\/revisions"}],"predecessor-version":[{"id":2189,"href":"https:\/\/gruasserrat.com\/ca\/wp-json\/wp\/v2\/pages\/1929\/revisions\/2189"}],"wp:attachment":[{"href":"https:\/\/gruasserrat.com\/ca\/wp-json\/wp\/v2\/media?parent=1929"}],"curies":[{"name":"wp","href":"https:\/\/api.w.org\/{rel}","templated":true}]}}