{"id":1660,"date":"2019-08-26T11:31:25","date_gmt":"2019-08-26T10:31:25","guid":{"rendered":"https:\/\/gruasserrat.com\/portfolio-item\/grua-derrick-jaso-j1920-dc\/"},"modified":"2019-11-29T11:15:29","modified_gmt":"2019-11-29T10:15:29","slug":"grua-derrick-jaso-j1920-dc","status":"publish","type":"portfolio","link":"https:\/\/gruasserrat.com\/ca\/portfolio-item\/grua-derrick-jaso-j1920-dc\/","title":{"rendered":"Grua Derrick Jasso per a treballs fins a 250 m al\u00e7ada"},"content":{"rendered":"\n<style type=\"text\/css\" data-created_by=\"avia_inline_auto\" id=\"style-css-av-k3jzoqxh-0376f6f9cd23b46aa575140ecf752f53\">\n#top .av-special-heading.av-k3jzoqxh-0376f6f9cd23b46aa575140ecf752f53{\npadding-bottom:10px;\n}\nbody .av-special-heading.av-k3jzoqxh-0376f6f9cd23b46aa575140ecf752f53 .av-special-heading-tag .heading-char{\nfont-size:25px;\n}\n.av-special-heading.av-k3jzoqxh-0376f6f9cd23b46aa575140ecf752f53 .av-subheading{\nfont-size:15px;\n}\n<\/style>\n<div  class='av-special-heading av-k3jzoqxh-0376f6f9cd23b46aa575140ecf752f53 av-special-heading-h3 blockquote modern-quote  avia-builder-el-0  el_before_av_hr  avia-builder-el-first '><h3 class='av-special-heading-tag '  itemprop=\"headline\"  >Grua Derrick Jasso per a treballs fins a 250 m d\u2019al\u00e7ada<\/h3><div class=\"special-heading-border\"><div class=\"special-heading-inner-border\"><\/div><\/div><\/div>\n\n<style type=\"text\/css\" data-created_by=\"avia_inline_auto\" id=\"style-css-av-3mhxj-acffa6ff4044a69b6aa2d64da6e033a8\">\n#top .hr.av-3mhxj-acffa6ff4044a69b6aa2d64da6e033a8{\nmargin-top:10px;\nmargin-bottom:10px;\n}\n.hr.av-3mhxj-acffa6ff4044a69b6aa2d64da6e033a8 .hr-inner{\nwidth:50px;\nborder-color:#efbb20;\n}\n<\/style>\n<div  class='hr av-3mhxj-acffa6ff4044a69b6aa2d64da6e033a8 hr-custom  avia-builder-el-1  el_after_av_heading  el_before_av_one_half  hr-left hr-icon-no'><span class='hr-inner inner-border-av-border-fat'><span class=\"hr-inner-style\"><\/span><\/span><\/div>\n\n<style type=\"text\/css\" data-created_by=\"avia_inline_auto\" id=\"style-css-av-14pltr-b2135857e1bdc2d032ac5be76142e9fe\">\n.flex_column.av-14pltr-b2135857e1bdc2d032ac5be76142e9fe{\nborder-radius:0px 0px 0px 0px;\npadding:0px 0px 0px 0px;\n}\n<\/style>\n<div  class='flex_column av-14pltr-b2135857e1bdc2d032ac5be76142e9fe av_one_half  avia-builder-el-2  el_after_av_hr  el_before_av_one_half  first flex_column_div av-zero-column-padding  '     ><p><div  class='avia-slideshow av-jvfaw4yl-81a652c0dc2fefc2211b29309c39b617 avia-slideshow-featured av_slideshow avia-slide-slider  avia-builder-el-3  el_before_av_video  avia-builder-el-first  av-slideshow-ui av-control-default av-slideshow-autoplay av-loop-endless av-loop-manual-endless av-default-height-applied avia-slideshow-1' data-slideshow-options=\"{&quot;animation&quot;:&quot;slide&quot;,&quot;autoplay&quot;:true,&quot;loop_autoplay&quot;:&quot;endless&quot;,&quot;interval&quot;:3,&quot;loop_manual&quot;:&quot;manual-endless&quot;,&quot;autoplay_stopper&quot;:false,&quot;noNavigation&quot;:false,&quot;bg_slider&quot;:false,&quot;keep_padding&quot;:false,&quot;hoverpause&quot;:false,&quot;show_slide_delay&quot;:0}\"  itemprop=\"image\" itemscope=\"itemscope\" itemtype=\"https:\/\/schema.org\/ImageObject\" ><ul class='avia-slideshow-inner ' style='padding-bottom: 75.116279069767%;'><li  class='avia-slideshow-slide av-jvfaw4yl-81a652c0dc2fefc2211b29309c39b617__0  av-single-slide slide-1 slide-odd'><div data-rel='slideshow-1' class='avia-slide-wrap '   ><img decoding=\"async\" fetchpriority=\"high\" class=\"wp-image-1568 avia-img-lazy-loading-not-1568\"  src=\"https:\/\/gruasserrat.com\/wp-content\/uploads\/2019\/08\/DERRICK-a-la-torre-Maphre.jpg\" width=\"430\" height=\"323\" title='DERRICK a la torre Maphre' alt=''  itemprop=\"thumbnailUrl\" srcset=\"https:\/\/gruasserrat.com\/wp-content\/uploads\/2019\/08\/DERRICK-a-la-torre-Maphre.jpg 430w, https:\/\/gruasserrat.com\/wp-content\/uploads\/2019\/08\/DERRICK-a-la-torre-Maphre-300x225.jpg 300w\" sizes=\"(max-width: 430px) 100vw, 430px\" \/><\/div><\/li><\/ul><\/div><br \/>\n<div  class='avia-video av-jvfb2s8j-65a0f6bd2a8405c8c38c6fcd11a44c70 avia-video-16-9 av-no-preview-image avia-video-load-always av-lazyload-immediate av-lazyload-video-embed'  itemprop=\"video\" itemtype=\"https:\/\/schema.org\/VideoObject\"  data-original_url='https:\/\/www.facebook.com\/LiebherrConstruction\/videos\/980141762185413\/'><script type='text\/html' class='av-video-tmpl'><div id=\"fb-root\"><\/div><script async=\"1\" defer=\"1\" crossorigin=\"anonymous\" src=\"https:\/\/connect.facebook.net\/nl_NL\/sdk.js#xfbml=1&amp;version=v4.0\"><\/script><div class=\"fb-video\" data-href=\"https:\/\/www.facebook.com\/LiebherrConstruction\/videos\/980141762185413\/\" data-width=\"1500\"><blockquote cite=\"https:\/\/www.facebook.com\/LiebherrConstruction\/videos\/980141762185413\/\" class=\"fb-xfbml-parse-ignore\"><a href=\"https:\/\/www.facebook.com\/LiebherrConstruction\/videos\/980141762185413\/\"><\/a><p><\/p>Geplaatst door <a href=\"https:\/\/www.facebook.com\/LiebherrConstruction\/\">Liebherr Construction<\/a> op Vrijdag 15 februari 2019<\/blockquote><\/div><\/script><div class='av-click-to-play-overlay'><div class=\"avia_playpause_icon\"><\/div><\/div><\/div><br \/>\n<div  class='avia-button-wrap avia-button-center  avia-builder-el-5  el_after_av_video  avia-builder-el-last '>\n<style type=\"text\/css\" data-created_by=\"avia_inline_auto\" id=\"style-css-av-jvfe9nhc-f3e53edd2fb46a6978ff566cd97e61d9\">\n#top #wrap_all .avia-button.av-jvfe9nhc-f3e53edd2fb46a6978ff566cd97e61d9{\ncolor:#ffffff;\ntransition:all 0.4s ease-in-out;\n}\n#top #wrap_all .avia-button.av-jvfe9nhc-f3e53edd2fb46a6978ff566cd97e61d9:hover{\ncolor:#ffffff;\ntransition:all 0.4s ease-in-out;\n}\n<\/style>\n<a href='https:\/\/jaso.com\/tower\/es-es\/gruas-torre\/recovery-cranes-derrick\/serie-dc\/' class='avia-color-theme-color avia-button avia-button-fullwidth av-jvfe9nhc-f3e53edd2fb46a6978ff566cd97e61d9 avia-icon_select-yes-left-icon avia-color-theme-color' target=\"_blank\" rel=\"noopener noreferrer\" aria-label=\" DESCARREGAR CAT\u00c0LEG\"><span class='avia_button_icon avia_button_icon_left' aria-hidden='true' data-av_icon='\ue82d' data-av_iconfont='entypo-fontello'><\/span><span class='avia_iconbox_title' > DESCARREGAR CAT\u00c0LEG<\/span><span class='avia_button_background avia-button avia-button-fullwidth avia-color-theme-color'><\/span><\/a><\/div><\/p><\/div>\n\n<style type=\"text\/css\" data-created_by=\"avia_inline_auto\" id=\"style-css-av-bu7m7-0a4ca9435aaf0bc69b7311f7a2b143db\">\n.flex_column.av-bu7m7-0a4ca9435aaf0bc69b7311f7a2b143db{\nborder-radius:0px 0px 0px 0px;\npadding:0px 0px 0px 0px;\n}\n<\/style>\n<div  class='flex_column av-bu7m7-0a4ca9435aaf0bc69b7311f7a2b143db av_one_half  avia-builder-el-6  el_after_av_one_half  el_before_av_section  avia-builder-el-last  flex_column_div av-zero-column-padding  '     ><section  class='av_textblock_section av-jvfas1eu-65c25fe1d6850ab84cdde868a035c547 '   itemscope=\"itemscope\" itemtype=\"https:\/\/schema.org\/CreativeWork\" ><div class='avia_textblock'  itemprop=\"text\" ><p>CARACTER\u00cdSTIQUES<\/p>\n<table>\n<tbody>\n<tr>\n<td width=\"192\"><strong>C\u00e0rrega m\u00e0xima<\/strong><\/td>\n<td width=\"192\">2500 Kg a 4000 kg<\/td>\n<\/tr>\n<tr>\n<td width=\"192\"><strong>Ploma telesc\u00f2pica<\/strong><\/td>\n<td width=\"192\">19 m<\/td>\n<\/tr>\n<tr>\n<td width=\"192\"><strong>Plom\u00ed fix<\/strong><\/td>\n<td width=\"192\"><\/td>\n<\/tr>\n<tr>\n<td width=\"192\"><strong>Pes per eix<\/strong><\/td>\n<td width=\"192\"><\/td>\n<\/tr>\n<tr>\n<td width=\"192\"><strong>Pes total<\/strong><\/td>\n<td width=\"192\">2605 kg<\/td>\n<\/tr>\n<\/tbody>\n<\/table>\n<p>DIMENSIONS<\/p>\n<table>\n<tbody>\n<tr>\n<td width=\"288\"><strong>Al\u00e7ada<\/strong><\/td>\n<td width=\"288\">5,5 m<\/td>\n<\/tr>\n<tr>\n<td width=\"288\"><strong>Angle de gir<\/strong><\/td>\n<td width=\"288\">220 \u00ba<\/td>\n<\/tr>\n<tr>\n<td width=\"288\"><strong>Longitud<\/strong><\/td>\n<td width=\"288\">4,3 m<\/td>\n<\/tr>\n<\/tbody>\n<\/table>\n<p>DESCRIPCI\u00d3 DE LA GRUA:<\/p>\n<p>Es f\u00e1cilmente manejable y transportable. Es una buena opci\u00f3n para obras que requieran trabajos de mantenimiento en techos de edificios construidos donde los esfuerzos transmitidos tienen que ser bajos y se requiera un f\u00e1cil montaje.<\/p>\n<p>\u00c9s f\u00e0cilment manejable i transportable. \u00c9s una bona opci\u00f3 per a obres que requereixin treballs de manteniment en terrats d\u2019edificis constru\u00efts on els esfoe\u00e7os transmesos han de ser baixos i es requereixi un muntatge f\u00e0cil.<\/p>\n<\/div><\/section><\/div><\/div><\/div><\/div><!-- close content main div --><\/div><\/div>\n<style type=\"text\/css\" data-created_by=\"avia_inline_auto\" id=\"style-css-av-jvfb9b4i-a57306b488081f756b67f305f0155cf7\">\n.avia-section.av-jvfb9b4i-a57306b488081f756b67f305f0155cf7 .av-parallax .av-parallax-inner{\nbackground-color:#efbb20;\nbackground-image:url(https:\/\/gruasserrat.com\/wp-content\/uploads\/2015\/10\/house-wire-model-fade-white.png);\nbackground-repeat:no-repeat;\nbackground-position:0% 0%;\nbackground-attachment:scroll;\n}\n<\/style>\n<div id='av_section_1'  class='avia-section av-jvfb9b4i-a57306b488081f756b67f305f0155cf7 main_color avia-section-default avia-no-border-styling  avia-builder-el-8  el_after_av_one_half  avia-builder-el-last  av-parallax-section avia-bg-style-parallax container_wrap sidebar_right'  data-section-bg-repeat='no-repeat'><div class='av-parallax' data-avia-parallax-ratio='0.3' ><div class='av-parallax-inner main_color avia-full-stretch'><\/div><\/div><div class='container av-section-cont-open' ><div class='template-page content  av-content-small alpha units'><div class='post-entry post-entry-type-page post-entry-1660'><div class='entry-content-wrapper clearfix'>\n\n<style type=\"text\/css\" data-created_by=\"avia_inline_auto\" id=\"style-css-av-k2yncdtj-3a7f827857a292f03d8eb73a03974959\">\n#top .av-special-heading.av-k2yncdtj-3a7f827857a292f03d8eb73a03974959{\npadding-bottom:10px;\n}\nbody .av-special-heading.av-k2yncdtj-3a7f827857a292f03d8eb73a03974959 .av-special-heading-tag .heading-char{\nfont-size:25px;\n}\n.av-special-heading.av-k2yncdtj-3a7f827857a292f03d8eb73a03974959 .av-subheading{\nfont-size:15px;\n}\n<\/style>\n<div  class='av-special-heading av-k2yncdtj-3a7f827857a292f03d8eb73a03974959 av-special-heading-h3  avia-builder-el-9  el_before_av_portfolio  avia-builder-el-no-sibling '><h3 class='av-special-heading-tag '  itemprop=\"headline\"  >ALTRES M\u00c0QUINES<\/h3><div class=\"special-heading-border\"><div class=\"special-heading-inner-border\"><\/div><\/div><\/div>\n<div  id=\"av-sc-portfolio-1\"  class=\"av-portfolio-grid-sorting-container\"><div class='sort_width_container  av-sort-yes' data-portfolio-id='1' ><div id='js_sort_items' ><div class='sort_by_cat hidden'><a href=\"#\" data-filter=\"all_sort\" class=\"all_sort_button active_sort\"><span class=\"inner_sort_button\"><span>All<\/span><small class=\"av-cat-count\"> 4 <\/small><\/span><\/a><span class=\"text-sep grues-especials-ca_sort_sep\">\/<\/span><a href=\"#\" data-filter=\"grues-especials-ca_sort\" class=\"grues-especials-ca_sort_button\" ><span class=\"inner_sort_button\"><span>Grues Especials<\/span><small class=\"av-cat-count\"> 4 <\/small><\/span><\/a><\/div><\/div><\/div><div  class=' grid-sort-container isotope   no_margin-container with-title-container grid-total-even grid-col-4 grid-links-' data-portfolio-id='1'><div data-ajax-id='3164' class=' grid-entry flex_column isotope-item all_sort no_margin post-entry post-entry-3164 grid-entry-overview grid-loop-1 grid-parity-odd  grues-especials-ca_sort  av_one_fourth first default_av_fullwidth '><article class='main_color inner-entry'  itemscope=\"itemscope\" itemtype=\"https:\/\/schema.org\/CreativeWork\" ><a href=\"https:\/\/gruasserrat.com\/ca\/portfolio-item\/mini-grua-spx532\/\" title='Mini Grua SPX532'  data-rel='grid-1' class='grid-image avia-hover-fx'> <img decoding=\"async\" fetchpriority=\"high\" width=\"260\" height=\"185\" src=\"https:\/\/gruasserrat.com\/wp-content\/uploads\/2024\/10\/jekko-SPX532-260x185.jpeg\" class=\"wp-image-3165 avia-img-lazy-loading-not-3165 attachment-portfolio_small size-portfolio_small wp-post-image\" alt=\"\" \/><\/a><div class='grid-content'><div class='avia-arrow'><\/div><header class=\"entry-content-header\" aria-label=\"Portfolio: Mini Grua SPX532\"><h3 class='grid-entry-title entry-title '  itemprop=\"headline\" ><a href='https:\/\/gruasserrat.com\/ca\/portfolio-item\/mini-grua-spx532\/' title='Mini Grua SPX532'>Mini Grua SPX532<\/a><\/h3><\/header><\/div><footer class=\"entry-footer\"><\/footer><\/article><\/div><div data-ajax-id='2833' class=' grid-entry flex_column isotope-item all_sort no_margin post-entry post-entry-2833 grid-entry-overview grid-loop-2 grid-parity-even  grues-especials-ca_sort  av_one_fourth  default_av_fullwidth '><article class='main_color inner-entry'  itemscope=\"itemscope\" itemtype=\"https:\/\/schema.org\/CreativeWork\" ><a href=\"https:\/\/gruasserrat.com\/ca\/portfolio-item\/mk-140\/\" title='Liebherr MK 140 Plus &#8211; Grua de construcci\u00f3 m\u00f2bil'  data-rel='grid-1' class='grid-image avia-hover-fx'> <img decoding=\"async\" fetchpriority=\"high\" width=\"260\" height=\"185\" src=\"https:\/\/gruasserrat.com\/wp-content\/uploads\/2022\/03\/GRUA-MK-140-GSERRAT-13-260x185.jpg\" class=\"wp-image-2812 avia-img-lazy-loading-not-2812 attachment-portfolio_small size-portfolio_small wp-post-image\" alt=\"GRUA MK140 PLUS - GRUAS SERRAT SAU\" \/><\/a><div class='grid-content'><div class='avia-arrow'><\/div><header class=\"entry-content-header\" aria-label=\"Portfolio: Liebherr MK 140 Plus &#8211; Grua de construcci\u00f3 m\u00f2bil\"><h3 class='grid-entry-title entry-title '  itemprop=\"headline\" ><a href='https:\/\/gruasserrat.com\/ca\/portfolio-item\/mk-140\/' title='Liebherr MK 140 Plus &#8211; Grua de construcci\u00f3 m\u00f2bil'>Liebherr MK 140 Plus &#8211; Grua de construcci\u00f3 m\u00f2bil<\/a><\/h3><\/header><\/div><footer class=\"entry-footer\"><\/footer><\/article><\/div><div data-ajax-id='1660' class=' grid-entry flex_column isotope-item all_sort no_margin post-entry post-entry-1660 grid-entry-overview grid-loop-3 grid-parity-odd  grues-especials-ca_sort  av_one_fourth  default_av_fullwidth '><article class='main_color inner-entry'  itemscope=\"itemscope\" itemtype=\"https:\/\/schema.org\/CreativeWork\" ><a href=\"https:\/\/gruasserrat.com\/ca\/portfolio-item\/grua-derrick-jaso-j1920-dc\/\" title='Grua Derrick Jasso per a treballs fins a 250 m al\u00e7ada'  data-rel='grid-1' class='grid-image avia-hover-fx'> <img decoding=\"async\" fetchpriority=\"high\" width=\"260\" height=\"185\" src=\"https:\/\/gruasserrat.com\/wp-content\/uploads\/2019\/08\/DERRICK-a-la-torre-Maphre-260x185.jpg\" class=\"wp-image-1568 avia-img-lazy-loading-not-1568 attachment-portfolio_small size-portfolio_small wp-post-image\" alt=\"\" \/><\/a><div class='grid-content'><div class='avia-arrow'><\/div><header class=\"entry-content-header\" aria-label=\"Portfolio: Grua Derrick Jasso per a treballs fins a 250 m al\u00e7ada\"><h3 class='grid-entry-title entry-title '  itemprop=\"headline\" ><a href='https:\/\/gruasserrat.com\/ca\/portfolio-item\/grua-derrick-jaso-j1920-dc\/' title='Grua Derrick Jasso per a treballs fins a 250 m al\u00e7ada'>Grua Derrick Jasso per a treballs fins a 250 m al\u00e7ada<\/a><\/h3><\/header><\/div><footer class=\"entry-footer\"><\/footer><\/article><\/div><div data-ajax-id='1664' class=' grid-entry flex_column isotope-item all_sort no_margin post-entry post-entry-1664 grid-entry-overview grid-loop-4 grid-parity-even  post-entry-last  grues-especials-ca_sort  av_one_fourth  default_av_fullwidth '><article class='main_color inner-entry'  itemscope=\"itemscope\" itemtype=\"https:\/\/schema.org\/CreativeWork\" ><a href=\"https:\/\/gruasserrat.com\/ca\/portfolio-item\/grua-liebherr-mk-88-grua-de-construccio-mobil\/\" title='GRUA LIEBHERR MK 88 &#8211; GRUA DE CONSTRUCCI\u00d3 M\u00d2BIL'  data-rel='grid-1' class='grid-image avia-hover-fx'> <img decoding=\"async\" fetchpriority=\"high\" width=\"260\" height=\"185\" src=\"https:\/\/gruasserrat.com\/wp-content\/uploads\/2019\/07\/gruas-gran-tonaje-260x185.jpg\" class=\"wp-image-1554 avia-img-lazy-loading-not-1554 attachment-portfolio_small size-portfolio_small wp-post-image\" alt=\"\" \/><\/a><div class='grid-content'><div class='avia-arrow'><\/div><header class=\"entry-content-header\" aria-label=\"Portfolio: GRUA LIEBHERR MK 88 &#8211; GRUA DE CONSTRUCCI\u00d3 M\u00d2BIL\"><h3 class='grid-entry-title entry-title '  itemprop=\"headline\" ><a href='https:\/\/gruasserrat.com\/ca\/portfolio-item\/grua-liebherr-mk-88-grua-de-construccio-mobil\/' title='GRUA LIEBHERR MK 88 &#8211; GRUA DE CONSTRUCCI\u00d3 M\u00d2BIL'>GRUA LIEBHERR MK 88 &#8211; GRUA DE CONSTRUCCI\u00d3 M\u00d2BIL<\/a><\/h3><\/header><\/div><footer class=\"entry-footer\"><\/footer><\/article><\/div><\/div><\/div>   <!--   class=\"av-portfolio-grid-sorting-container\"  -->\n<\/div><\/div><\/div><!-- close content main div --><\/div><\/div><div id='after_section_1'  class='main_color av_default_container_wrap container_wrap sidebar_right'  ><div class='container av-section-cont-open' ><div class='template-page content  av-content-small alpha units'><div class='post-entry post-entry-type-page post-entry-1660'><div class='entry-content-wrapper clearfix'><\/p>\n","protected":false},"excerpt":{"rendered":"","protected":false},"author":4,"featured_media":1568,"comment_status":"open","ping_status":"closed","template":"","meta":{"footnotes":""},"tags":[],"portfolio_entries":[68],"class_list":["post-1660","portfolio","type-portfolio","status-publish","has-post-thumbnail","hentry","portfolio_entries-grues-especials-ca"],"yoast_head":"<!-- This site is optimized with the Yoast SEO plugin v27.4 - https:\/\/yoast.com\/product\/yoast-seo-wordpress\/ -->\n<title>Grua Derrick Jasso per a treballs fins a 250 m al\u00e7ada - Gruas Serrat<\/title>\n<meta name=\"description\" content=\"Us presentem la m\u00e0quina Grua Derrick Jasso per a treballs fins a 250 m al\u00e7ada Comptem amb diferents tipus de  per poder atendre les necessitats dels nostres clients.\" \/>\n<meta name=\"robots\" content=\"index, follow, max-snippet:-1, max-image-preview:large, max-video-preview:-1\" \/>\n<link rel=\"canonical\" href=\"https:\/\/gruasserrat.com\/ca\/portfolio-item\/grua-derrick-jaso-j1920-dc\/\" \/>\n<meta property=\"og:locale\" content=\"ca_ES\" \/>\n<meta property=\"og:type\" content=\"article\" \/>\n<meta property=\"og:title\" content=\"Grua Derrick Jasso per a treballs fins a 250 m al\u00e7ada - Gruas Serrat\" \/>\n<meta property=\"og:description\" content=\"Us presentem la m\u00e0quina Grua Derrick Jasso per a treballs fins a 250 m al\u00e7ada Comptem amb diferents tipus de  per poder atendre les necessitats dels nostres clients.\" \/>\n<meta property=\"og:url\" content=\"https:\/\/gruasserrat.com\/ca\/portfolio-item\/grua-derrick-jaso-j1920-dc\/\" \/>\n<meta property=\"og:site_name\" content=\"Gruas Serrat\" \/>\n<meta property=\"article:modified_time\" content=\"2019-11-29T10:15:29+00:00\" \/>\n<meta property=\"og:image\" content=\"https:\/\/gruasserrat.com\/wp-content\/uploads\/2019\/08\/DERRICK-a-la-torre-Maphre.jpg\" \/>\n\t<meta property=\"og:image:width\" content=\"430\" \/>\n\t<meta property=\"og:image:height\" content=\"323\" \/>\n\t<meta property=\"og:image:type\" content=\"image\/jpeg\" \/>\n<meta name=\"twitter:card\" content=\"summary_large_image\" \/>\n<meta name=\"twitter:label1\" content=\"Temps estimat de lectura\" \/>\n\t<meta name=\"twitter:data1\" content=\"4 minuts\" \/>\n<script type=\"application\/ld+json\" class=\"yoast-schema-graph\">{\"@context\":\"https:\\\/\\\/schema.org\",\"@graph\":[{\"@type\":\"WebPage\",\"@id\":\"https:\\\/\\\/gruasserrat.com\\\/ca\\\/portfolio-item\\\/grua-derrick-jaso-j1920-dc\\\/\",\"url\":\"https:\\\/\\\/gruasserrat.com\\\/ca\\\/portfolio-item\\\/grua-derrick-jaso-j1920-dc\\\/\",\"name\":\"Grua Derrick Jasso per a treballs fins a 250 m al\u00e7ada - Gruas Serrat\",\"isPartOf\":{\"@id\":\"https:\\\/\\\/gruasserrat.com\\\/#website\"},\"primaryImageOfPage\":{\"@id\":\"https:\\\/\\\/gruasserrat.com\\\/ca\\\/portfolio-item\\\/grua-derrick-jaso-j1920-dc\\\/#primaryimage\"},\"image\":{\"@id\":\"https:\\\/\\\/gruasserrat.com\\\/ca\\\/portfolio-item\\\/grua-derrick-jaso-j1920-dc\\\/#primaryimage\"},\"thumbnailUrl\":\"https:\\\/\\\/gruasserrat.com\\\/wp-content\\\/uploads\\\/2019\\\/08\\\/DERRICK-a-la-torre-Maphre.jpg\",\"datePublished\":\"2019-08-26T10:31:25+00:00\",\"dateModified\":\"2019-11-29T10:15:29+00:00\",\"description\":\"Us presentem la m\u00e0quina Grua Derrick Jasso per a treballs fins a 250 m al\u00e7ada Comptem amb diferents tipus de per poder atendre les necessitats dels nostres clients.\",\"breadcrumb\":{\"@id\":\"https:\\\/\\\/gruasserrat.com\\\/ca\\\/portfolio-item\\\/grua-derrick-jaso-j1920-dc\\\/#breadcrumb\"},\"inLanguage\":\"ca\",\"potentialAction\":[{\"@type\":\"ReadAction\",\"target\":[\"https:\\\/\\\/gruasserrat.com\\\/ca\\\/portfolio-item\\\/grua-derrick-jaso-j1920-dc\\\/\"]}]},{\"@type\":\"ImageObject\",\"inLanguage\":\"ca\",\"@id\":\"https:\\\/\\\/gruasserrat.com\\\/ca\\\/portfolio-item\\\/grua-derrick-jaso-j1920-dc\\\/#primaryimage\",\"url\":\"https:\\\/\\\/gruasserrat.com\\\/wp-content\\\/uploads\\\/2019\\\/08\\\/DERRICK-a-la-torre-Maphre.jpg\",\"contentUrl\":\"https:\\\/\\\/gruasserrat.com\\\/wp-content\\\/uploads\\\/2019\\\/08\\\/DERRICK-a-la-torre-Maphre.jpg\",\"width\":430,\"height\":323},{\"@type\":\"BreadcrumbList\",\"@id\":\"https:\\\/\\\/gruasserrat.com\\\/ca\\\/portfolio-item\\\/grua-derrick-jaso-j1920-dc\\\/#breadcrumb\",\"itemListElement\":[{\"@type\":\"ListItem\",\"position\":1,\"name\":\"Portada\",\"item\":\"https:\\\/\\\/gruasserrat.com\\\/ca\\\/gruas-serrat\\\/\"},{\"@type\":\"ListItem\",\"position\":2,\"name\":\"Grua Derrick Jasso per a treballs fins a 250 m al\u00e7ada\"}]},{\"@type\":\"WebSite\",\"@id\":\"https:\\\/\\\/gruasserrat.com\\\/#website\",\"url\":\"https:\\\/\\\/gruasserrat.com\\\/\",\"name\":\"Gruas Serrat\",\"description\":\"Alquiler de gr\u00faas I Lloguer de grues\",\"publisher\":{\"@id\":\"https:\\\/\\\/gruasserrat.com\\\/#organization\"},\"potentialAction\":[{\"@type\":\"SearchAction\",\"target\":{\"@type\":\"EntryPoint\",\"urlTemplate\":\"https:\\\/\\\/gruasserrat.com\\\/?s={search_term_string}\"},\"query-input\":{\"@type\":\"PropertyValueSpecification\",\"valueRequired\":true,\"valueName\":\"search_term_string\"}}],\"inLanguage\":\"ca\"},{\"@type\":\"Organization\",\"@id\":\"https:\\\/\\\/gruasserrat.com\\\/#organization\",\"name\":\"Gruas Serrat\",\"url\":\"https:\\\/\\\/gruasserrat.com\\\/\",\"logo\":{\"@type\":\"ImageObject\",\"inLanguage\":\"ca\",\"@id\":\"https:\\\/\\\/gruasserrat.com\\\/#\\\/schema\\\/logo\\\/image\\\/\",\"url\":\"https:\\\/\\\/gruasserrat.com\\\/wp-content\\\/uploads\\\/2019\\\/04\\\/logo-1-GS.png\",\"contentUrl\":\"https:\\\/\\\/gruasserrat.com\\\/wp-content\\\/uploads\\\/2019\\\/04\\\/logo-1-GS.png\",\"width\":416,\"height\":148,\"caption\":\"Gruas Serrat\"},\"image\":{\"@id\":\"https:\\\/\\\/gruasserrat.com\\\/#\\\/schema\\\/logo\\\/image\\\/\"}}]}<\/script>\n<!-- \/ Yoast SEO plugin. -->","yoast_head_json":{"title":"Grua Derrick Jasso per a treballs fins a 250 m al\u00e7ada - Gruas Serrat","description":"Us presentem la m\u00e0quina Grua Derrick Jasso per a treballs fins a 250 m al\u00e7ada Comptem amb diferents tipus de  per poder atendre les necessitats dels nostres clients.","robots":{"index":"index","follow":"follow","max-snippet":"max-snippet:-1","max-image-preview":"max-image-preview:large","max-video-preview":"max-video-preview:-1"},"canonical":"https:\/\/gruasserrat.com\/ca\/portfolio-item\/grua-derrick-jaso-j1920-dc\/","og_locale":"ca_ES","og_type":"article","og_title":"Grua Derrick Jasso per a treballs fins a 250 m al\u00e7ada - Gruas Serrat","og_description":"Us presentem la m\u00e0quina Grua Derrick Jasso per a treballs fins a 250 m al\u00e7ada Comptem amb diferents tipus de  per poder atendre les necessitats dels nostres clients.","og_url":"https:\/\/gruasserrat.com\/ca\/portfolio-item\/grua-derrick-jaso-j1920-dc\/","og_site_name":"Gruas Serrat","article_modified_time":"2019-11-29T10:15:29+00:00","og_image":[{"width":430,"height":323,"url":"https:\/\/gruasserrat.com\/wp-content\/uploads\/2019\/08\/DERRICK-a-la-torre-Maphre.jpg","type":"image\/jpeg"}],"twitter_card":"summary_large_image","twitter_misc":{"Temps estimat de lectura":"4 minuts"},"schema":{"@context":"https:\/\/schema.org","@graph":[{"@type":"WebPage","@id":"https:\/\/gruasserrat.com\/ca\/portfolio-item\/grua-derrick-jaso-j1920-dc\/","url":"https:\/\/gruasserrat.com\/ca\/portfolio-item\/grua-derrick-jaso-j1920-dc\/","name":"Grua Derrick Jasso per a treballs fins a 250 m al\u00e7ada - Gruas Serrat","isPartOf":{"@id":"https:\/\/gruasserrat.com\/#website"},"primaryImageOfPage":{"@id":"https:\/\/gruasserrat.com\/ca\/portfolio-item\/grua-derrick-jaso-j1920-dc\/#primaryimage"},"image":{"@id":"https:\/\/gruasserrat.com\/ca\/portfolio-item\/grua-derrick-jaso-j1920-dc\/#primaryimage"},"thumbnailUrl":"https:\/\/gruasserrat.com\/wp-content\/uploads\/2019\/08\/DERRICK-a-la-torre-Maphre.jpg","datePublished":"2019-08-26T10:31:25+00:00","dateModified":"2019-11-29T10:15:29+00:00","description":"Us presentem la m\u00e0quina Grua Derrick Jasso per a treballs fins a 250 m al\u00e7ada Comptem amb diferents tipus de per poder atendre les necessitats dels nostres clients.","breadcrumb":{"@id":"https:\/\/gruasserrat.com\/ca\/portfolio-item\/grua-derrick-jaso-j1920-dc\/#breadcrumb"},"inLanguage":"ca","potentialAction":[{"@type":"ReadAction","target":["https:\/\/gruasserrat.com\/ca\/portfolio-item\/grua-derrick-jaso-j1920-dc\/"]}]},{"@type":"ImageObject","inLanguage":"ca","@id":"https:\/\/gruasserrat.com\/ca\/portfolio-item\/grua-derrick-jaso-j1920-dc\/#primaryimage","url":"https:\/\/gruasserrat.com\/wp-content\/uploads\/2019\/08\/DERRICK-a-la-torre-Maphre.jpg","contentUrl":"https:\/\/gruasserrat.com\/wp-content\/uploads\/2019\/08\/DERRICK-a-la-torre-Maphre.jpg","width":430,"height":323},{"@type":"BreadcrumbList","@id":"https:\/\/gruasserrat.com\/ca\/portfolio-item\/grua-derrick-jaso-j1920-dc\/#breadcrumb","itemListElement":[{"@type":"ListItem","position":1,"name":"Portada","item":"https:\/\/gruasserrat.com\/ca\/gruas-serrat\/"},{"@type":"ListItem","position":2,"name":"Grua Derrick Jasso per a treballs fins a 250 m al\u00e7ada"}]},{"@type":"WebSite","@id":"https:\/\/gruasserrat.com\/#website","url":"https:\/\/gruasserrat.com\/","name":"Gruas Serrat","description":"Alquiler de gr\u00faas I Lloguer de grues","publisher":{"@id":"https:\/\/gruasserrat.com\/#organization"},"potentialAction":[{"@type":"SearchAction","target":{"@type":"EntryPoint","urlTemplate":"https:\/\/gruasserrat.com\/?s={search_term_string}"},"query-input":{"@type":"PropertyValueSpecification","valueRequired":true,"valueName":"search_term_string"}}],"inLanguage":"ca"},{"@type":"Organization","@id":"https:\/\/gruasserrat.com\/#organization","name":"Gruas Serrat","url":"https:\/\/gruasserrat.com\/","logo":{"@type":"ImageObject","inLanguage":"ca","@id":"https:\/\/gruasserrat.com\/#\/schema\/logo\/image\/","url":"https:\/\/gruasserrat.com\/wp-content\/uploads\/2019\/04\/logo-1-GS.png","contentUrl":"https:\/\/gruasserrat.com\/wp-content\/uploads\/2019\/04\/logo-1-GS.png","width":416,"height":148,"caption":"Gruas Serrat"},"image":{"@id":"https:\/\/gruasserrat.com\/#\/schema\/logo\/image\/"}}]}},"_links":{"self":[{"href":"https:\/\/gruasserrat.com\/ca\/wp-json\/wp\/v2\/portfolio\/1660","targetHints":{"allow":["GET"]}}],"collection":[{"href":"https:\/\/gruasserrat.com\/ca\/wp-json\/wp\/v2\/portfolio"}],"about":[{"href":"https:\/\/gruasserrat.com\/ca\/wp-json\/wp\/v2\/types\/portfolio"}],"author":[{"embeddable":true,"href":"https:\/\/gruasserrat.com\/ca\/wp-json\/wp\/v2\/users\/4"}],"replies":[{"embeddable":true,"href":"https:\/\/gruasserrat.com\/ca\/wp-json\/wp\/v2\/comments?post=1660"}],"version-history":[{"count":6,"href":"https:\/\/gruasserrat.com\/ca\/wp-json\/wp\/v2\/portfolio\/1660\/revisions"}],"predecessor-version":[{"id":2154,"href":"https:\/\/gruasserrat.com\/ca\/wp-json\/wp\/v2\/portfolio\/1660\/revisions\/2154"}],"wp:featuredmedia":[{"embeddable":true,"href":"https:\/\/gruasserrat.com\/ca\/wp-json\/wp\/v2\/media\/1568"}],"wp:attachment":[{"href":"https:\/\/gruasserrat.com\/ca\/wp-json\/wp\/v2\/media?parent=1660"}],"wp:term":[{"taxonomy":"post_tag","embeddable":true,"href":"https:\/\/gruasserrat.com\/ca\/wp-json\/wp\/v2\/tags?post=1660"},{"taxonomy":"portfolio_entries","embeddable":true,"href":"https:\/\/gruasserrat.com\/ca\/wp-json\/wp\/v2\/portfolio_entries?post=1660"}],"curies":[{"name":"wp","href":"https:\/\/api.w.org\/{rel}","templated":true}]}}