{"id":1666,"date":"2019-07-10T09:56:54","date_gmt":"2019-07-10T08:56:54","guid":{"rendered":"https:\/\/gruasserrat.com\/portfolio-item\/cupula-torre-agbar\/"},"modified":"2019-11-14T12:36:03","modified_gmt":"2019-11-14T11:36:03","slug":"cupula-torre-agbar","status":"publish","type":"portfolio","link":"https:\/\/gruasserrat.com\/ca\/portfolio-item\/cupula-torre-agbar\/","title":{"rendered":"C\u00fapula Torre Agbar"},"content":{"rendered":"","protected":false},"excerpt":{"rendered":"","protected":false},"author":4,"featured_media":1548,"comment_status":"open","ping_status":"closed","template":"","meta":{"footnotes":""},"tags":[],"portfolio_entries":[65],"class_list":["post-1666","portfolio","type-portfolio","status-publish","has-post-thumbnail","hentry","portfolio_entries-edificis-singulars"],"yoast_head":"<!-- This site is optimized with the Yoast SEO plugin v27.4 - https:\/\/yoast.com\/product\/yoast-seo-wordpress\/ -->\n<title>C\u00fapula Torre Agbar - Gruas Serrat<\/title>\n<meta name=\"description\" content=\"Us presentem la m\u00e0quina C\u00fapula Torre Agbar Comptem amb diferents tipus de  per poder atendre les necessitats dels nostres clients.\" \/>\n<meta name=\"robots\" content=\"index, follow, max-snippet:-1, max-image-preview:large, max-video-preview:-1\" \/>\n<link rel=\"canonical\" href=\"https:\/\/gruasserrat.com\/ca\/portfolio-item\/cupula-torre-agbar\/\" \/>\n<meta property=\"og:locale\" content=\"ca_ES\" \/>\n<meta property=\"og:type\" content=\"article\" \/>\n<meta property=\"og:title\" content=\"C\u00fapula Torre Agbar - Gruas Serrat\" \/>\n<meta property=\"og:description\" content=\"Us presentem la m\u00e0quina C\u00fapula Torre Agbar Comptem amb diferents tipus de  per poder atendre les necessitats dels nostres clients.\" \/>\n<meta property=\"og:url\" content=\"https:\/\/gruasserrat.com\/ca\/portfolio-item\/cupula-torre-agbar\/\" \/>\n<meta property=\"og:site_name\" content=\"Gruas Serrat\" \/>\n<meta property=\"article:modified_time\" content=\"2019-11-14T11:36:03+00:00\" \/>\n<meta property=\"og:image\" content=\"https:\/\/gruasserrat.com\/wp-content\/uploads\/2019\/07\/Torre-Agbar.jpg\" \/>\n\t<meta property=\"og:image:width\" content=\"541\" \/>\n\t<meta property=\"og:image:height\" content=\"407\" \/>\n\t<meta property=\"og:image:type\" content=\"image\/jpeg\" \/>\n<meta name=\"twitter:card\" content=\"summary_large_image\" \/>\n<script type=\"application\/ld+json\" class=\"yoast-schema-graph\">{\"@context\":\"https:\\\/\\\/schema.org\",\"@graph\":[{\"@type\":\"WebPage\",\"@id\":\"https:\\\/\\\/gruasserrat.com\\\/ca\\\/portfolio-item\\\/cupula-torre-agbar\\\/\",\"url\":\"https:\\\/\\\/gruasserrat.com\\\/ca\\\/portfolio-item\\\/cupula-torre-agbar\\\/\",\"name\":\"C\u00fapula Torre Agbar - Gruas Serrat\",\"isPartOf\":{\"@id\":\"https:\\\/\\\/gruasserrat.com\\\/#website\"},\"primaryImageOfPage\":{\"@id\":\"https:\\\/\\\/gruasserrat.com\\\/ca\\\/portfolio-item\\\/cupula-torre-agbar\\\/#primaryimage\"},\"image\":{\"@id\":\"https:\\\/\\\/gruasserrat.com\\\/ca\\\/portfolio-item\\\/cupula-torre-agbar\\\/#primaryimage\"},\"thumbnailUrl\":\"https:\\\/\\\/gruasserrat.com\\\/wp-content\\\/uploads\\\/2019\\\/07\\\/Torre-Agbar.jpg\",\"datePublished\":\"2019-07-10T08:56:54+00:00\",\"dateModified\":\"2019-11-14T11:36:03+00:00\",\"description\":\"Us presentem la m\u00e0quina C\u00fapula Torre Agbar Comptem amb diferents tipus de per poder atendre les necessitats dels nostres clients.\",\"breadcrumb\":{\"@id\":\"https:\\\/\\\/gruasserrat.com\\\/ca\\\/portfolio-item\\\/cupula-torre-agbar\\\/#breadcrumb\"},\"inLanguage\":\"ca\",\"potentialAction\":[{\"@type\":\"ReadAction\",\"target\":[\"https:\\\/\\\/gruasserrat.com\\\/ca\\\/portfolio-item\\\/cupula-torre-agbar\\\/\"]}]},{\"@type\":\"ImageObject\",\"inLanguage\":\"ca\",\"@id\":\"https:\\\/\\\/gruasserrat.com\\\/ca\\\/portfolio-item\\\/cupula-torre-agbar\\\/#primaryimage\",\"url\":\"https:\\\/\\\/gruasserrat.com\\\/wp-content\\\/uploads\\\/2019\\\/07\\\/Torre-Agbar.jpg\",\"contentUrl\":\"https:\\\/\\\/gruasserrat.com\\\/wp-content\\\/uploads\\\/2019\\\/07\\\/Torre-Agbar.jpg\",\"width\":541,\"height\":407},{\"@type\":\"BreadcrumbList\",\"@id\":\"https:\\\/\\\/gruasserrat.com\\\/ca\\\/portfolio-item\\\/cupula-torre-agbar\\\/#breadcrumb\",\"itemListElement\":[{\"@type\":\"ListItem\",\"position\":1,\"name\":\"Portada\",\"item\":\"https:\\\/\\\/gruasserrat.com\\\/ca\\\/gruas-serrat\\\/\"},{\"@type\":\"ListItem\",\"position\":2,\"name\":\"C\u00fapula Torre Agbar\"}]},{\"@type\":\"WebSite\",\"@id\":\"https:\\\/\\\/gruasserrat.com\\\/#website\",\"url\":\"https:\\\/\\\/gruasserrat.com\\\/\",\"name\":\"Gruas Serrat\",\"description\":\"Alquiler de gr\u00faas I Lloguer de grues\",\"publisher\":{\"@id\":\"https:\\\/\\\/gruasserrat.com\\\/#organization\"},\"potentialAction\":[{\"@type\":\"SearchAction\",\"target\":{\"@type\":\"EntryPoint\",\"urlTemplate\":\"https:\\\/\\\/gruasserrat.com\\\/?s={search_term_string}\"},\"query-input\":{\"@type\":\"PropertyValueSpecification\",\"valueRequired\":true,\"valueName\":\"search_term_string\"}}],\"inLanguage\":\"ca\"},{\"@type\":\"Organization\",\"@id\":\"https:\\\/\\\/gruasserrat.com\\\/#organization\",\"name\":\"Gruas Serrat\",\"url\":\"https:\\\/\\\/gruasserrat.com\\\/\",\"logo\":{\"@type\":\"ImageObject\",\"inLanguage\":\"ca\",\"@id\":\"https:\\\/\\\/gruasserrat.com\\\/#\\\/schema\\\/logo\\\/image\\\/\",\"url\":\"https:\\\/\\\/gruasserrat.com\\\/wp-content\\\/uploads\\\/2019\\\/04\\\/logo-1-GS.png\",\"contentUrl\":\"https:\\\/\\\/gruasserrat.com\\\/wp-content\\\/uploads\\\/2019\\\/04\\\/logo-1-GS.png\",\"width\":416,\"height\":148,\"caption\":\"Gruas Serrat\"},\"image\":{\"@id\":\"https:\\\/\\\/gruasserrat.com\\\/#\\\/schema\\\/logo\\\/image\\\/\"}}]}<\/script>\n<!-- \/ Yoast SEO plugin. -->","yoast_head_json":{"title":"C\u00fapula Torre Agbar - Gruas Serrat","description":"Us presentem la m\u00e0quina C\u00fapula Torre Agbar Comptem amb diferents tipus de  per poder atendre les necessitats dels nostres clients.","robots":{"index":"index","follow":"follow","max-snippet":"max-snippet:-1","max-image-preview":"max-image-preview:large","max-video-preview":"max-video-preview:-1"},"canonical":"https:\/\/gruasserrat.com\/ca\/portfolio-item\/cupula-torre-agbar\/","og_locale":"ca_ES","og_type":"article","og_title":"C\u00fapula Torre Agbar - Gruas Serrat","og_description":"Us presentem la m\u00e0quina C\u00fapula Torre Agbar Comptem amb diferents tipus de  per poder atendre les necessitats dels nostres clients.","og_url":"https:\/\/gruasserrat.com\/ca\/portfolio-item\/cupula-torre-agbar\/","og_site_name":"Gruas Serrat","article_modified_time":"2019-11-14T11:36:03+00:00","og_image":[{"width":541,"height":407,"url":"https:\/\/gruasserrat.com\/wp-content\/uploads\/2019\/07\/Torre-Agbar.jpg","type":"image\/jpeg"}],"twitter_card":"summary_large_image","schema":{"@context":"https:\/\/schema.org","@graph":[{"@type":"WebPage","@id":"https:\/\/gruasserrat.com\/ca\/portfolio-item\/cupula-torre-agbar\/","url":"https:\/\/gruasserrat.com\/ca\/portfolio-item\/cupula-torre-agbar\/","name":"C\u00fapula Torre Agbar - Gruas Serrat","isPartOf":{"@id":"https:\/\/gruasserrat.com\/#website"},"primaryImageOfPage":{"@id":"https:\/\/gruasserrat.com\/ca\/portfolio-item\/cupula-torre-agbar\/#primaryimage"},"image":{"@id":"https:\/\/gruasserrat.com\/ca\/portfolio-item\/cupula-torre-agbar\/#primaryimage"},"thumbnailUrl":"https:\/\/gruasserrat.com\/wp-content\/uploads\/2019\/07\/Torre-Agbar.jpg","datePublished":"2019-07-10T08:56:54+00:00","dateModified":"2019-11-14T11:36:03+00:00","description":"Us presentem la m\u00e0quina C\u00fapula Torre Agbar Comptem amb diferents tipus de per poder atendre les necessitats dels nostres clients.","breadcrumb":{"@id":"https:\/\/gruasserrat.com\/ca\/portfolio-item\/cupula-torre-agbar\/#breadcrumb"},"inLanguage":"ca","potentialAction":[{"@type":"ReadAction","target":["https:\/\/gruasserrat.com\/ca\/portfolio-item\/cupula-torre-agbar\/"]}]},{"@type":"ImageObject","inLanguage":"ca","@id":"https:\/\/gruasserrat.com\/ca\/portfolio-item\/cupula-torre-agbar\/#primaryimage","url":"https:\/\/gruasserrat.com\/wp-content\/uploads\/2019\/07\/Torre-Agbar.jpg","contentUrl":"https:\/\/gruasserrat.com\/wp-content\/uploads\/2019\/07\/Torre-Agbar.jpg","width":541,"height":407},{"@type":"BreadcrumbList","@id":"https:\/\/gruasserrat.com\/ca\/portfolio-item\/cupula-torre-agbar\/#breadcrumb","itemListElement":[{"@type":"ListItem","position":1,"name":"Portada","item":"https:\/\/gruasserrat.com\/ca\/gruas-serrat\/"},{"@type":"ListItem","position":2,"name":"C\u00fapula Torre Agbar"}]},{"@type":"WebSite","@id":"https:\/\/gruasserrat.com\/#website","url":"https:\/\/gruasserrat.com\/","name":"Gruas Serrat","description":"Alquiler de gr\u00faas I Lloguer de grues","publisher":{"@id":"https:\/\/gruasserrat.com\/#organization"},"potentialAction":[{"@type":"SearchAction","target":{"@type":"EntryPoint","urlTemplate":"https:\/\/gruasserrat.com\/?s={search_term_string}"},"query-input":{"@type":"PropertyValueSpecification","valueRequired":true,"valueName":"search_term_string"}}],"inLanguage":"ca"},{"@type":"Organization","@id":"https:\/\/gruasserrat.com\/#organization","name":"Gruas Serrat","url":"https:\/\/gruasserrat.com\/","logo":{"@type":"ImageObject","inLanguage":"ca","@id":"https:\/\/gruasserrat.com\/#\/schema\/logo\/image\/","url":"https:\/\/gruasserrat.com\/wp-content\/uploads\/2019\/04\/logo-1-GS.png","contentUrl":"https:\/\/gruasserrat.com\/wp-content\/uploads\/2019\/04\/logo-1-GS.png","width":416,"height":148,"caption":"Gruas Serrat"},"image":{"@id":"https:\/\/gruasserrat.com\/#\/schema\/logo\/image\/"}}]}},"_links":{"self":[{"href":"https:\/\/gruasserrat.com\/ca\/wp-json\/wp\/v2\/portfolio\/1666","targetHints":{"allow":["GET"]}}],"collection":[{"href":"https:\/\/gruasserrat.com\/ca\/wp-json\/wp\/v2\/portfolio"}],"about":[{"href":"https:\/\/gruasserrat.com\/ca\/wp-json\/wp\/v2\/types\/portfolio"}],"author":[{"embeddable":true,"href":"https:\/\/gruasserrat.com\/ca\/wp-json\/wp\/v2\/users\/4"}],"replies":[{"embeddable":true,"href":"https:\/\/gruasserrat.com\/ca\/wp-json\/wp\/v2\/comments?post=1666"}],"version-history":[{"count":1,"href":"https:\/\/gruasserrat.com\/ca\/wp-json\/wp\/v2\/portfolio\/1666\/revisions"}],"predecessor-version":[{"id":1677,"href":"https:\/\/gruasserrat.com\/ca\/wp-json\/wp\/v2\/portfolio\/1666\/revisions\/1677"}],"wp:featuredmedia":[{"embeddable":true,"href":"https:\/\/gruasserrat.com\/ca\/wp-json\/wp\/v2\/media\/1548"}],"wp:attachment":[{"href":"https:\/\/gruasserrat.com\/ca\/wp-json\/wp\/v2\/media?parent=1666"}],"wp:term":[{"taxonomy":"post_tag","embeddable":true,"href":"https:\/\/gruasserrat.com\/ca\/wp-json\/wp\/v2\/tags?post=1666"},{"taxonomy":"portfolio_entries","embeddable":true,"href":"https:\/\/gruasserrat.com\/ca\/wp-json\/wp\/v2\/portfolio_entries?post=1666"}],"curies":[{"name":"wp","href":"https:\/\/api.w.org\/{rel}","templated":true}]}}