{"id":1778,"date":"2019-05-08T16:24:23","date_gmt":"2019-05-08T15:24:23","guid":{"rendered":"https:\/\/gruasserrat.com\/portfolio-item\/gondola-cuna-rebajada\/"},"modified":"2019-11-29T11:05:36","modified_gmt":"2019-11-29T10:05:36","slug":"gondola-bressol-rebaixada","status":"publish","type":"portfolio","link":"https:\/\/gruasserrat.com\/ca\/portfolio-item\/gondola-bressol-rebaixada\/","title":{"rendered":"G\u00f2ndola Bressol Rebaixada"},"content":{"rendered":"\n<style type=\"text\/css\" data-created_by=\"avia_inline_auto\" id=\"style-css-av-av_heading-41fa53f97ae6412082b8b3769b4739d8\">\n#top .av-special-heading.av-av_heading-41fa53f97ae6412082b8b3769b4739d8{\npadding-bottom:10px;\n}\nbody .av-special-heading.av-av_heading-41fa53f97ae6412082b8b3769b4739d8 .av-special-heading-tag .heading-char{\nfont-size:25px;\n}\n.av-special-heading.av-av_heading-41fa53f97ae6412082b8b3769b4739d8 .av-subheading{\nfont-size:15px;\n}\n<\/style>\n<div  class='av-special-heading av-av_heading-41fa53f97ae6412082b8b3769b4739d8 av-special-heading-h3 blockquote modern-quote  avia-builder-el-0  el_before_av_hr  avia-builder-el-first '><h3 class='av-special-heading-tag '  itemprop=\"headline\"  >G\u00d2NDOLA BRESSOL REBAIXADA<\/h3><div class=\"special-heading-border\"><div class=\"special-heading-inner-border\"><\/div><\/div><\/div>\n\n<style type=\"text\/css\" data-created_by=\"avia_inline_auto\" id=\"style-css-av-3mhxj-acffa6ff4044a69b6aa2d64da6e033a8\">\n#top .hr.av-3mhxj-acffa6ff4044a69b6aa2d64da6e033a8{\nmargin-top:10px;\nmargin-bottom:10px;\n}\n.hr.av-3mhxj-acffa6ff4044a69b6aa2d64da6e033a8 .hr-inner{\nwidth:50px;\nborder-color:#efbb20;\n}\n<\/style>\n<div  class='hr av-3mhxj-acffa6ff4044a69b6aa2d64da6e033a8 hr-custom  avia-builder-el-1  el_after_av_heading  el_before_av_one_half  hr-left hr-icon-no'><span class='hr-inner inner-border-av-border-fat'><span class=\"hr-inner-style\"><\/span><\/span><\/div>\n\n<style type=\"text\/css\" data-created_by=\"avia_inline_auto\" id=\"style-css-av-14pltr-b2135857e1bdc2d032ac5be76142e9fe\">\n.flex_column.av-14pltr-b2135857e1bdc2d032ac5be76142e9fe{\nborder-radius:0px 0px 0px 0px;\npadding:0px 0px 0px 0px;\n}\n<\/style>\n<div  class='flex_column av-14pltr-b2135857e1bdc2d032ac5be76142e9fe av_one_half  avia-builder-el-2  el_after_av_hr  el_before_av_one_half  first flex_column_div av-zero-column-padding  '     ><p><div  class='avia-slideshow av-jvfaw4yl-81a652c0dc2fefc2211b29309c39b617 avia-slideshow-featured av_slideshow avia-slide-slider  avia-builder-el-3  el_before_av_video  avia-builder-el-first  av-slideshow-ui av-control-default av-slideshow-autoplay av-loop-endless av-loop-manual-endless av-default-height-applied avia-slideshow-1' data-slideshow-options=\"{&quot;animation&quot;:&quot;slide&quot;,&quot;autoplay&quot;:true,&quot;loop_autoplay&quot;:&quot;endless&quot;,&quot;interval&quot;:3,&quot;loop_manual&quot;:&quot;manual-endless&quot;,&quot;autoplay_stopper&quot;:false,&quot;noNavigation&quot;:false,&quot;bg_slider&quot;:false,&quot;keep_padding&quot;:false,&quot;hoverpause&quot;:false,&quot;show_slide_delay&quot;:0}\"  itemprop=\"image\" itemscope=\"itemscope\" itemtype=\"https:\/\/schema.org\/ImageObject\" ><ul class='avia-slideshow-inner ' style='padding-bottom: 55.777777777778%;'><li  class='avia-slideshow-slide av-jvfaw4yl-81a652c0dc2fefc2211b29309c39b617__0  av-single-slide slide-1 slide-odd'><div data-rel='slideshow-1' class='avia-slide-wrap '   ><img decoding=\"async\" fetchpriority=\"high\" class=\"wp-image-1488 avia-img-lazy-loading-not-1488\"  src=\"https:\/\/gruasserrat.com\/wp-content\/uploads\/2019\/05\/LIEBHERR-LTM-1030-2.jpg\" width=\"450\" height=\"251\" title='LIEBHERR LTM 1030-2' alt=''  itemprop=\"thumbnailUrl\" srcset=\"https:\/\/gruasserrat.com\/wp-content\/uploads\/2019\/05\/LIEBHERR-LTM-1030-2.jpg 450w, https:\/\/gruasserrat.com\/wp-content\/uploads\/2019\/05\/LIEBHERR-LTM-1030-2-300x167.jpg 300w\" sizes=\"(max-width: 450px) 100vw, 450px\" \/><\/div><\/li><\/ul><\/div><br \/>\n<div  class='avia-video av-jvfb2s8j-65a0f6bd2a8405c8c38c6fcd11a44c70 avia-video-16-9 av-no-preview-image avia-video-load-always av-lazyload-immediate av-lazyload-video-embed'  itemprop=\"video\" itemtype=\"https:\/\/schema.org\/VideoObject\"  data-original_url='https:\/\/www.facebook.com\/LiebherrConstruction\/videos\/980141762185413\/'><script type='text\/html' class='av-video-tmpl'><div id=\"fb-root\"><\/div><script async=\"1\" defer=\"1\" crossorigin=\"anonymous\" src=\"https:\/\/connect.facebook.net\/nl_NL\/sdk.js#xfbml=1&amp;version=v3.3\"><\/script><div class=\"fb-video\" data-href=\"https:\/\/www.facebook.com\/LiebherrConstruction\/videos\/980141762185413\/\" data-width=\"1500\"><blockquote cite=\"https:\/\/www.facebook.com\/LiebherrConstruction\/videos\/980141762185413\/\" class=\"fb-xfbml-parse-ignore\"><a href=\"https:\/\/www.facebook.com\/LiebherrConstruction\/videos\/980141762185413\/\"><\/a><p><\/p>Geplaatst door <a href=\"https:\/\/www.facebook.com\/LiebherrConstruction\/\">Liebherr Construction<\/a> op Vrijdag 15 februari 2019<\/blockquote><\/div><\/script><div class='av-click-to-play-overlay'><div class=\"avia_playpause_icon\"><\/div><\/div><\/div><br \/>\n<div  class='avia-button-wrap avia-button-center  avia-builder-el-5  el_after_av_video  avia-builder-el-last '>\n<style type=\"text\/css\" data-created_by=\"avia_inline_auto\" id=\"style-css-av-jvfe9nhc-117116b39dd39fa8fe2f2bb9385b79ad\">\n#top #wrap_all .avia-button.av-jvfe9nhc-117116b39dd39fa8fe2f2bb9385b79ad{\ncolor:#ffffff;\ntransition:all 0.4s ease-in-out;\n}\n#top #wrap_all .avia-button.av-jvfe9nhc-117116b39dd39fa8fe2f2bb9385b79ad:hover{\ncolor:#ffffff;\ntransition:all 0.4s ease-in-out;\n}\n<\/style>\n<a href='https:\/\/apps.liebherr.com\/lgp\/Download.aspx?Id=200' class='avia-color-theme-color avia-button avia-button-fullwidth av-jvfe9nhc-117116b39dd39fa8fe2f2bb9385b79ad avia-icon_select-yes-left-icon avia-color-theme-color' target=\"_blank\" rel=\"noopener noreferrer\" aria-label=\" DESCARREGAR CAT\u00c0LEG\"><span class='avia_button_icon avia_button_icon_left' aria-hidden='true' data-av_icon='\ue82d' data-av_iconfont='entypo-fontello'><\/span><span class='avia_iconbox_title' > DESCARREGAR CAT\u00c0LEG<\/span><span class='avia_button_background avia-button avia-button-fullwidth avia-color-theme-color'><\/span><\/a><\/div><\/p><\/div>\n\n<style type=\"text\/css\" data-created_by=\"avia_inline_auto\" id=\"style-css-av-bu7m7-0a4ca9435aaf0bc69b7311f7a2b143db\">\n.flex_column.av-bu7m7-0a4ca9435aaf0bc69b7311f7a2b143db{\nborder-radius:0px 0px 0px 0px;\npadding:0px 0px 0px 0px;\n}\n<\/style>\n<div  class='flex_column av-bu7m7-0a4ca9435aaf0bc69b7311f7a2b143db av_one_half  avia-builder-el-6  el_after_av_one_half  el_before_av_section  avia-builder-el-last  flex_column_div av-zero-column-padding  '     ><section  class='av_textblock_section av-jvfas1eu-65c25fe1d6850ab84cdde868a035c547 '   itemscope=\"itemscope\" itemtype=\"https:\/\/schema.org\/CreativeWork\" ><div class='avia_textblock'  itemprop=\"text\" ><p>CARACTER\u00cdSTIQUES<\/p>\n<table>\n<tbody>\n<tr>\n<td width=\"288\"><strong>Marca<\/strong><\/td>\n<td width=\"288\">LECI\u00d1ENA<\/td>\n<\/tr>\n<tr>\n<td width=\"288\"><strong>Model<\/strong><\/td>\n<td width=\"288\">SREX-2E<\/td>\n<\/tr>\n<tr>\n<td width=\"288\"><strong>TARA<\/strong><\/td>\n<td width=\"288\">6.600 kg<\/td>\n<\/tr>\n<tr>\n<td width=\"288\"><strong>MMA<\/strong><\/td>\n<td width=\"288\">16.280 kg<\/td>\n<\/tr>\n<tr>\n<td width=\"288\"><strong>Ammpl.<\/strong><\/td>\n<td width=\"288\">2,50 m<\/td>\n<\/tr>\n<tr>\n<td width=\"288\"><strong>Longitud<\/strong><\/td>\n<td width=\"288\">14,15m<\/td>\n<\/tr>\n<tr>\n<td width=\"288\"><strong>Longitud m\u00e0xima<\/strong><\/td>\n<td width=\"288\">19,67 m<\/td>\n<\/tr>\n<tr>\n<td width=\"288\"><strong>Num. Eixos<\/strong><\/td>\n<td width=\"288\">1<\/td>\n<\/tr>\n<\/tbody>\n<\/table>\n<\/div><\/section><\/div><\/div><\/div><\/div><!-- close content main div --><\/div><\/div>\n<style type=\"text\/css\" data-created_by=\"avia_inline_auto\" id=\"style-css-av-jvfb9b4i-a57306b488081f756b67f305f0155cf7\">\n.avia-section.av-jvfb9b4i-a57306b488081f756b67f305f0155cf7 .av-parallax .av-parallax-inner{\nbackground-color:#efbb20;\nbackground-image:url(https:\/\/gruasserrat.com\/wp-content\/uploads\/2015\/10\/house-wire-model-fade-white.png);\nbackground-repeat:no-repeat;\nbackground-position:0% 0%;\nbackground-attachment:scroll;\n}\n<\/style>\n<div id='av_section_1'  class='avia-section av-jvfb9b4i-a57306b488081f756b67f305f0155cf7 main_color avia-section-default avia-no-border-styling  avia-builder-el-8  el_after_av_one_half  avia-builder-el-last  av-parallax-section avia-bg-style-parallax container_wrap sidebar_right'  data-section-bg-repeat='no-repeat'><div class='av-parallax' data-avia-parallax-ratio='0.3' ><div class='av-parallax-inner main_color avia-full-stretch'><\/div><\/div><div class='container av-section-cont-open' ><div class='template-page content  av-content-small alpha units'><div class='post-entry post-entry-type-page post-entry-1778'><div class='entry-content-wrapper clearfix'>\n\n<style type=\"text\/css\" data-created_by=\"avia_inline_auto\" id=\"style-css-av-k2ynoe4v-5ddd4151adb19c6511f76fc98dd3817b\">\n#top .av-special-heading.av-k2ynoe4v-5ddd4151adb19c6511f76fc98dd3817b{\npadding-bottom:10px;\n}\nbody .av-special-heading.av-k2ynoe4v-5ddd4151adb19c6511f76fc98dd3817b .av-special-heading-tag .heading-char{\nfont-size:25px;\n}\n.av-special-heading.av-k2ynoe4v-5ddd4151adb19c6511f76fc98dd3817b .av-subheading{\nfont-size:15px;\n}\n<\/style>\n<div  class='av-special-heading av-k2ynoe4v-5ddd4151adb19c6511f76fc98dd3817b av-special-heading-h3  avia-builder-el-9  el_before_av_portfolio  avia-builder-el-no-sibling '><h3 class='av-special-heading-tag '  itemprop=\"headline\"  >ALTRES M\u00c0QUINES<\/h3><div class=\"special-heading-border\"><div class=\"special-heading-inner-border\"><\/div><\/div><\/div>\n<div  id=\"av-sc-portfolio-1\"  class=\"av-portfolio-grid-sorting-container\"><div class='sort_width_container  av-sort-yes' data-portfolio-id='1' ><div id='js_sort_items' ><div class='sort_by_cat hidden'><a href=\"#\" data-filter=\"all_sort\" class=\"all_sort_button active_sort\"><span class=\"inner_sort_button\"><span>All<\/span><small class=\"av-cat-count\"> 1 <\/small><\/span><\/a><span class=\"text-sep altres-equips_sort_sep\">\/<\/span><a href=\"#\" data-filter=\"altres-equips_sort\" class=\"altres-equips_sort_button\" ><span class=\"inner_sort_button\"><span>Altres Equips<\/span><small class=\"av-cat-count\"> 1 <\/small><\/span><\/a><\/div><\/div><\/div><div  class=' grid-sort-container isotope   no_margin-container with-title-container grid-total-odd grid-col-4 grid-links-' data-portfolio-id='1'><div data-ajax-id='1778' class=' grid-entry flex_column isotope-item all_sort no_margin post-entry post-entry-1778 grid-entry-overview grid-loop-1 grid-parity-odd  post-entry-last  altres-equips_sort  av_one_fourth first default_av_fullwidth '><article class='main_color inner-entry'  itemscope=\"itemscope\" itemtype=\"https:\/\/schema.org\/CreativeWork\" ><a href=\"https:\/\/gruasserrat.com\/ca\/portfolio-item\/gondola-bressol-rebaixada\/\" title='G\u00f2ndola Bressol Rebaixada'  data-rel='grid-1' class='grid-image avia-hover-fx'> <img decoding=\"async\" fetchpriority=\"high\" width=\"260\" height=\"185\" src=\"https:\/\/gruasserrat.com\/wp-content\/uploads\/2019\/05\/G\u00f3ndola-Cuna-Rebajada-260x185.jpg\" class=\"wp-image-1489 avia-img-lazy-loading-not-1489 attachment-portfolio_small size-portfolio_small wp-post-image\" alt=\"\" \/><\/a><div class='grid-content'><div class='avia-arrow'><\/div><header class=\"entry-content-header\" aria-label=\"Portfolio: G\u00f2ndola Bressol Rebaixada\"><h3 class='grid-entry-title entry-title '  itemprop=\"headline\" ><a href='https:\/\/gruasserrat.com\/ca\/portfolio-item\/gondola-bressol-rebaixada\/' title='G\u00f2ndola Bressol Rebaixada'>G\u00f2ndola Bressol Rebaixada<\/a><\/h3><\/header><\/div><footer class=\"entry-footer\"><\/footer><\/article><\/div><\/div><\/div>   <!--   class=\"av-portfolio-grid-sorting-container\"  -->\n<\/div><\/div><\/div><!-- close content main div --><\/div><\/div><div id='after_section_1'  class='main_color av_default_container_wrap container_wrap sidebar_right'  ><div class='container av-section-cont-open' ><div class='template-page content  av-content-small alpha units'><div class='post-entry post-entry-type-page post-entry-1778'><div class='entry-content-wrapper clearfix'><\/p>\n","protected":false},"excerpt":{"rendered":"","protected":false},"author":4,"featured_media":1489,"comment_status":"open","ping_status":"closed","template":"","meta":{"footnotes":""},"tags":[],"portfolio_entries":[73],"class_list":["post-1778","portfolio","type-portfolio","status-publish","has-post-thumbnail","hentry","portfolio_entries-altres-equips"],"yoast_head":"<!-- This site is optimized with the Yoast SEO plugin v27.4 - https:\/\/yoast.com\/product\/yoast-seo-wordpress\/ -->\n<title>G\u00f2ndola Bressol Rebaixada - Gruas Serrat<\/title>\n<meta name=\"description\" content=\"Us presentem la m\u00e0quina G\u00f2ndola Bressol Rebaixada Comptem amb diferents tipus de  per poder atendre les necessitats dels nostres clients.\" \/>\n<meta name=\"robots\" content=\"index, follow, max-snippet:-1, max-image-preview:large, max-video-preview:-1\" \/>\n<link rel=\"canonical\" href=\"https:\/\/gruasserrat.com\/ca\/portfolio-item\/gondola-bressol-rebaixada\/\" \/>\n<meta property=\"og:locale\" content=\"ca_ES\" \/>\n<meta property=\"og:type\" content=\"article\" \/>\n<meta property=\"og:title\" content=\"G\u00f2ndola Bressol Rebaixada - Gruas Serrat\" \/>\n<meta property=\"og:description\" content=\"Us presentem la m\u00e0quina G\u00f2ndola Bressol Rebaixada Comptem amb diferents tipus de  per poder atendre les necessitats dels nostres clients.\" \/>\n<meta property=\"og:url\" content=\"https:\/\/gruasserrat.com\/ca\/portfolio-item\/gondola-bressol-rebaixada\/\" \/>\n<meta property=\"og:site_name\" content=\"Gruas Serrat\" \/>\n<meta property=\"article:modified_time\" content=\"2019-11-29T10:05:36+00:00\" \/>\n<meta property=\"og:image\" content=\"https:\/\/gruasserrat.com\/wp-content\/uploads\/2019\/05\/G\u00f3ndola-Cuna-Rebajada.jpg\" \/>\n\t<meta property=\"og:image:width\" content=\"450\" \/>\n\t<meta property=\"og:image:height\" content=\"251\" \/>\n\t<meta property=\"og:image:type\" content=\"image\/jpeg\" \/>\n<meta name=\"twitter:card\" content=\"summary_large_image\" \/>\n<meta name=\"twitter:label1\" content=\"Temps estimat de lectura\" \/>\n\t<meta name=\"twitter:data1\" content=\"4 minuts\" \/>\n<script type=\"application\/ld+json\" class=\"yoast-schema-graph\">{\"@context\":\"https:\\\/\\\/schema.org\",\"@graph\":[{\"@type\":\"WebPage\",\"@id\":\"https:\\\/\\\/gruasserrat.com\\\/ca\\\/portfolio-item\\\/gondola-bressol-rebaixada\\\/\",\"url\":\"https:\\\/\\\/gruasserrat.com\\\/ca\\\/portfolio-item\\\/gondola-bressol-rebaixada\\\/\",\"name\":\"G\u00f2ndola Bressol Rebaixada - Gruas Serrat\",\"isPartOf\":{\"@id\":\"https:\\\/\\\/gruasserrat.com\\\/#website\"},\"primaryImageOfPage\":{\"@id\":\"https:\\\/\\\/gruasserrat.com\\\/ca\\\/portfolio-item\\\/gondola-bressol-rebaixada\\\/#primaryimage\"},\"image\":{\"@id\":\"https:\\\/\\\/gruasserrat.com\\\/ca\\\/portfolio-item\\\/gondola-bressol-rebaixada\\\/#primaryimage\"},\"thumbnailUrl\":\"https:\\\/\\\/gruasserrat.com\\\/wp-content\\\/uploads\\\/2019\\\/05\\\/G\u00f3ndola-Cuna-Rebajada.jpg\",\"datePublished\":\"2019-05-08T15:24:23+00:00\",\"dateModified\":\"2019-11-29T10:05:36+00:00\",\"description\":\"Us presentem la m\u00e0quina G\u00f2ndola Bressol Rebaixada Comptem amb diferents tipus de per poder atendre les necessitats dels nostres clients.\",\"breadcrumb\":{\"@id\":\"https:\\\/\\\/gruasserrat.com\\\/ca\\\/portfolio-item\\\/gondola-bressol-rebaixada\\\/#breadcrumb\"},\"inLanguage\":\"ca\",\"potentialAction\":[{\"@type\":\"ReadAction\",\"target\":[\"https:\\\/\\\/gruasserrat.com\\\/ca\\\/portfolio-item\\\/gondola-bressol-rebaixada\\\/\"]}]},{\"@type\":\"ImageObject\",\"inLanguage\":\"ca\",\"@id\":\"https:\\\/\\\/gruasserrat.com\\\/ca\\\/portfolio-item\\\/gondola-bressol-rebaixada\\\/#primaryimage\",\"url\":\"https:\\\/\\\/gruasserrat.com\\\/wp-content\\\/uploads\\\/2019\\\/05\\\/G\u00f3ndola-Cuna-Rebajada.jpg\",\"contentUrl\":\"https:\\\/\\\/gruasserrat.com\\\/wp-content\\\/uploads\\\/2019\\\/05\\\/G\u00f3ndola-Cuna-Rebajada.jpg\",\"width\":450,\"height\":251},{\"@type\":\"BreadcrumbList\",\"@id\":\"https:\\\/\\\/gruasserrat.com\\\/ca\\\/portfolio-item\\\/gondola-bressol-rebaixada\\\/#breadcrumb\",\"itemListElement\":[{\"@type\":\"ListItem\",\"position\":1,\"name\":\"Portada\",\"item\":\"https:\\\/\\\/gruasserrat.com\\\/ca\\\/gruas-serrat\\\/\"},{\"@type\":\"ListItem\",\"position\":2,\"name\":\"G\u00f2ndola Bressol Rebaixada\"}]},{\"@type\":\"WebSite\",\"@id\":\"https:\\\/\\\/gruasserrat.com\\\/#website\",\"url\":\"https:\\\/\\\/gruasserrat.com\\\/\",\"name\":\"Gruas Serrat\",\"description\":\"Alquiler de gr\u00faas I Lloguer de grues\",\"publisher\":{\"@id\":\"https:\\\/\\\/gruasserrat.com\\\/#organization\"},\"potentialAction\":[{\"@type\":\"SearchAction\",\"target\":{\"@type\":\"EntryPoint\",\"urlTemplate\":\"https:\\\/\\\/gruasserrat.com\\\/?s={search_term_string}\"},\"query-input\":{\"@type\":\"PropertyValueSpecification\",\"valueRequired\":true,\"valueName\":\"search_term_string\"}}],\"inLanguage\":\"ca\"},{\"@type\":\"Organization\",\"@id\":\"https:\\\/\\\/gruasserrat.com\\\/#organization\",\"name\":\"Gruas Serrat\",\"url\":\"https:\\\/\\\/gruasserrat.com\\\/\",\"logo\":{\"@type\":\"ImageObject\",\"inLanguage\":\"ca\",\"@id\":\"https:\\\/\\\/gruasserrat.com\\\/#\\\/schema\\\/logo\\\/image\\\/\",\"url\":\"https:\\\/\\\/gruasserrat.com\\\/wp-content\\\/uploads\\\/2019\\\/04\\\/logo-1-GS.png\",\"contentUrl\":\"https:\\\/\\\/gruasserrat.com\\\/wp-content\\\/uploads\\\/2019\\\/04\\\/logo-1-GS.png\",\"width\":416,\"height\":148,\"caption\":\"Gruas Serrat\"},\"image\":{\"@id\":\"https:\\\/\\\/gruasserrat.com\\\/#\\\/schema\\\/logo\\\/image\\\/\"}}]}<\/script>\n<!-- \/ Yoast SEO plugin. -->","yoast_head_json":{"title":"G\u00f2ndola Bressol Rebaixada - Gruas Serrat","description":"Us presentem la m\u00e0quina G\u00f2ndola Bressol Rebaixada Comptem amb diferents tipus de  per poder atendre les necessitats dels nostres clients.","robots":{"index":"index","follow":"follow","max-snippet":"max-snippet:-1","max-image-preview":"max-image-preview:large","max-video-preview":"max-video-preview:-1"},"canonical":"https:\/\/gruasserrat.com\/ca\/portfolio-item\/gondola-bressol-rebaixada\/","og_locale":"ca_ES","og_type":"article","og_title":"G\u00f2ndola Bressol Rebaixada - Gruas Serrat","og_description":"Us presentem la m\u00e0quina G\u00f2ndola Bressol Rebaixada Comptem amb diferents tipus de  per poder atendre les necessitats dels nostres clients.","og_url":"https:\/\/gruasserrat.com\/ca\/portfolio-item\/gondola-bressol-rebaixada\/","og_site_name":"Gruas Serrat","article_modified_time":"2019-11-29T10:05:36+00:00","og_image":[{"width":450,"height":251,"url":"https:\/\/gruasserrat.com\/wp-content\/uploads\/2019\/05\/G\u00f3ndola-Cuna-Rebajada.jpg","type":"image\/jpeg"}],"twitter_card":"summary_large_image","twitter_misc":{"Temps estimat de lectura":"4 minuts"},"schema":{"@context":"https:\/\/schema.org","@graph":[{"@type":"WebPage","@id":"https:\/\/gruasserrat.com\/ca\/portfolio-item\/gondola-bressol-rebaixada\/","url":"https:\/\/gruasserrat.com\/ca\/portfolio-item\/gondola-bressol-rebaixada\/","name":"G\u00f2ndola Bressol Rebaixada - Gruas Serrat","isPartOf":{"@id":"https:\/\/gruasserrat.com\/#website"},"primaryImageOfPage":{"@id":"https:\/\/gruasserrat.com\/ca\/portfolio-item\/gondola-bressol-rebaixada\/#primaryimage"},"image":{"@id":"https:\/\/gruasserrat.com\/ca\/portfolio-item\/gondola-bressol-rebaixada\/#primaryimage"},"thumbnailUrl":"https:\/\/gruasserrat.com\/wp-content\/uploads\/2019\/05\/G\u00f3ndola-Cuna-Rebajada.jpg","datePublished":"2019-05-08T15:24:23+00:00","dateModified":"2019-11-29T10:05:36+00:00","description":"Us presentem la m\u00e0quina G\u00f2ndola Bressol Rebaixada Comptem amb diferents tipus de per poder atendre les necessitats dels nostres clients.","breadcrumb":{"@id":"https:\/\/gruasserrat.com\/ca\/portfolio-item\/gondola-bressol-rebaixada\/#breadcrumb"},"inLanguage":"ca","potentialAction":[{"@type":"ReadAction","target":["https:\/\/gruasserrat.com\/ca\/portfolio-item\/gondola-bressol-rebaixada\/"]}]},{"@type":"ImageObject","inLanguage":"ca","@id":"https:\/\/gruasserrat.com\/ca\/portfolio-item\/gondola-bressol-rebaixada\/#primaryimage","url":"https:\/\/gruasserrat.com\/wp-content\/uploads\/2019\/05\/G\u00f3ndola-Cuna-Rebajada.jpg","contentUrl":"https:\/\/gruasserrat.com\/wp-content\/uploads\/2019\/05\/G\u00f3ndola-Cuna-Rebajada.jpg","width":450,"height":251},{"@type":"BreadcrumbList","@id":"https:\/\/gruasserrat.com\/ca\/portfolio-item\/gondola-bressol-rebaixada\/#breadcrumb","itemListElement":[{"@type":"ListItem","position":1,"name":"Portada","item":"https:\/\/gruasserrat.com\/ca\/gruas-serrat\/"},{"@type":"ListItem","position":2,"name":"G\u00f2ndola Bressol Rebaixada"}]},{"@type":"WebSite","@id":"https:\/\/gruasserrat.com\/#website","url":"https:\/\/gruasserrat.com\/","name":"Gruas Serrat","description":"Alquiler de gr\u00faas I Lloguer de grues","publisher":{"@id":"https:\/\/gruasserrat.com\/#organization"},"potentialAction":[{"@type":"SearchAction","target":{"@type":"EntryPoint","urlTemplate":"https:\/\/gruasserrat.com\/?s={search_term_string}"},"query-input":{"@type":"PropertyValueSpecification","valueRequired":true,"valueName":"search_term_string"}}],"inLanguage":"ca"},{"@type":"Organization","@id":"https:\/\/gruasserrat.com\/#organization","name":"Gruas Serrat","url":"https:\/\/gruasserrat.com\/","logo":{"@type":"ImageObject","inLanguage":"ca","@id":"https:\/\/gruasserrat.com\/#\/schema\/logo\/image\/","url":"https:\/\/gruasserrat.com\/wp-content\/uploads\/2019\/04\/logo-1-GS.png","contentUrl":"https:\/\/gruasserrat.com\/wp-content\/uploads\/2019\/04\/logo-1-GS.png","width":416,"height":148,"caption":"Gruas Serrat"},"image":{"@id":"https:\/\/gruasserrat.com\/#\/schema\/logo\/image\/"}}]}},"_links":{"self":[{"href":"https:\/\/gruasserrat.com\/ca\/wp-json\/wp\/v2\/portfolio\/1778","targetHints":{"allow":["GET"]}}],"collection":[{"href":"https:\/\/gruasserrat.com\/ca\/wp-json\/wp\/v2\/portfolio"}],"about":[{"href":"https:\/\/gruasserrat.com\/ca\/wp-json\/wp\/v2\/types\/portfolio"}],"author":[{"embeddable":true,"href":"https:\/\/gruasserrat.com\/ca\/wp-json\/wp\/v2\/users\/4"}],"replies":[{"embeddable":true,"href":"https:\/\/gruasserrat.com\/ca\/wp-json\/wp\/v2\/comments?post=1778"}],"version-history":[{"count":5,"href":"https:\/\/gruasserrat.com\/ca\/wp-json\/wp\/v2\/portfolio\/1778\/revisions"}],"predecessor-version":[{"id":1788,"href":"https:\/\/gruasserrat.com\/ca\/wp-json\/wp\/v2\/portfolio\/1778\/revisions\/1788"}],"wp:featuredmedia":[{"embeddable":true,"href":"https:\/\/gruasserrat.com\/ca\/wp-json\/wp\/v2\/media\/1489"}],"wp:attachment":[{"href":"https:\/\/gruasserrat.com\/ca\/wp-json\/wp\/v2\/media?parent=1778"}],"wp:term":[{"taxonomy":"post_tag","embeddable":true,"href":"https:\/\/gruasserrat.com\/ca\/wp-json\/wp\/v2\/tags?post=1778"},{"taxonomy":"portfolio_entries","embeddable":true,"href":"https:\/\/gruasserrat.com\/ca\/wp-json\/wp\/v2\/portfolio_entries?post=1778"}],"curies":[{"name":"wp","href":"https:\/\/api.w.org\/{rel}","templated":true}]}}