{"id":2344,"date":"2020-06-04T11:12:15","date_gmt":"2020-06-04T10:12:15","guid":{"rendered":"https:\/\/gruasserrat.com\/portfolio-item\/liebherr-ltm1500-8-1\/"},"modified":"2020-06-04T12:17:46","modified_gmt":"2020-06-04T11:17:46","slug":"liebherr-ltm1500-8-1","status":"publish","type":"portfolio","link":"https:\/\/gruasserrat.com\/ca\/portfolio-item\/liebherr-ltm1500-8-1\/","title":{"rendered":"Liebherr LTM1500-8.1"},"content":{"rendered":"\n<style type=\"text\/css\" data-created_by=\"avia_inline_auto\" id=\"style-css-av-av_heading-e9eb2667d7e28ec1ebfbe44887e4884b\">\n#top .av-special-heading.av-av_heading-e9eb2667d7e28ec1ebfbe44887e4884b{\npadding-bottom:10px;\n}\nbody .av-special-heading.av-av_heading-e9eb2667d7e28ec1ebfbe44887e4884b .av-special-heading-tag .heading-char{\nfont-size:25px;\n}\n.av-special-heading.av-av_heading-e9eb2667d7e28ec1ebfbe44887e4884b .av-subheading{\nfont-size:15px;\n}\n<\/style>\n<div  class='av-special-heading av-av_heading-e9eb2667d7e28ec1ebfbe44887e4884b av-special-heading-h3 blockquote modern-quote  avia-builder-el-0  el_before_av_hr  avia-builder-el-first '><h3 class='av-special-heading-tag '  itemprop=\"headline\"  >Liebherr LTM1500-8.1<\/h3><div class=\"special-heading-border\"><div class=\"special-heading-inner-border\"><\/div><\/div><\/div>\n\n<style type=\"text\/css\" data-created_by=\"avia_inline_auto\" id=\"style-css-av-3mhxj-acffa6ff4044a69b6aa2d64da6e033a8\">\n#top .hr.av-3mhxj-acffa6ff4044a69b6aa2d64da6e033a8{\nmargin-top:10px;\nmargin-bottom:10px;\n}\n.hr.av-3mhxj-acffa6ff4044a69b6aa2d64da6e033a8 .hr-inner{\nwidth:50px;\nborder-color:#efbb20;\n}\n<\/style>\n<div  class='hr av-3mhxj-acffa6ff4044a69b6aa2d64da6e033a8 hr-custom  avia-builder-el-1  el_after_av_heading  el_before_av_one_half  hr-left hr-icon-no'><span class='hr-inner inner-border-av-border-fat'><span class=\"hr-inner-style\"><\/span><\/span><\/div>\n\n<style type=\"text\/css\" data-created_by=\"avia_inline_auto\" id=\"style-css-av-14pltr-b2135857e1bdc2d032ac5be76142e9fe\">\n.flex_column.av-14pltr-b2135857e1bdc2d032ac5be76142e9fe{\nborder-radius:0px 0px 0px 0px;\npadding:0px 0px 0px 0px;\n}\n<\/style>\n<div  class='flex_column av-14pltr-b2135857e1bdc2d032ac5be76142e9fe av_one_half  avia-builder-el-2  el_after_av_hr  el_before_av_one_half  first flex_column_div av-zero-column-padding  '     ><p><div  class='avia-slideshow av-jvfaw4yl-81a652c0dc2fefc2211b29309c39b617 avia-slideshow-featured av_slideshow avia-slide-slider  avia-builder-el-3  el_before_av_video  avia-builder-el-first  av-slideshow-ui av-control-default av-slideshow-autoplay av-loop-endless av-loop-manual-endless av-default-height-applied avia-slideshow-1' data-slideshow-options=\"{&quot;animation&quot;:&quot;slide&quot;,&quot;autoplay&quot;:true,&quot;loop_autoplay&quot;:&quot;endless&quot;,&quot;interval&quot;:3,&quot;loop_manual&quot;:&quot;manual-endless&quot;,&quot;autoplay_stopper&quot;:false,&quot;noNavigation&quot;:false,&quot;bg_slider&quot;:false,&quot;keep_padding&quot;:false,&quot;hoverpause&quot;:false,&quot;show_slide_delay&quot;:0}\"  itemprop=\"image\" itemscope=\"itemscope\" itemtype=\"https:\/\/schema.org\/ImageObject\" ><ul class='avia-slideshow-inner ' style='padding-bottom: 35.833333333333%;'><li  class='avia-slideshow-slide av-jvfaw4yl-81a652c0dc2fefc2211b29309c39b617__0  slide-1 slide-odd'><div data-rel='slideshow-1' class='avia-slide-wrap '   ><img decoding=\"async\" fetchpriority=\"high\" class=\"wp-image-2322 avia-img-lazy-loading-not-2322\"  src=\"https:\/\/gruasserrat.com\/wp-content\/uploads\/2020\/06\/ltm1500-8.1-2-GSerrat-1200x430.jpg\" width=\"1200\" height=\"430\" title='ltm1500-8.1 (2) GSerrat' alt='GSerrat-LTM1500-8.1'  itemprop=\"thumbnailUrl\"   \/><\/div><\/li><li  class='avia-slideshow-slide av-jvfaw4yl-81a652c0dc2fefc2211b29309c39b617__1  slide-2 slide-even'><div data-rel='slideshow-1' class='avia-slide-wrap '   ><img decoding=\"async\" fetchpriority=\"high\" class=\"wp-image-2324 avia-img-lazy-loading-not-2324\"  src=\"https:\/\/gruasserrat.com\/wp-content\/uploads\/2020\/06\/LTM1500-8.1-2-1-1200x430.jpg\" width=\"1200\" height=\"430\" title='LTM1500-8.1 2 (1)' alt=''  itemprop=\"thumbnailUrl\"   \/><\/div><\/li><\/ul><div class='avia-slideshow-arrows avia-slideshow-controls' ><a href='#prev' class='prev-slide ' aria-hidden='true' data-av_icon='\ue87c' data-av_iconfont='entypo-fontello'  tabindex='-1'>Anterior<\/a><a href='#next' class='next-slide ' aria-hidden='true' data-av_icon='\ue87d' data-av_iconfont='entypo-fontello'  tabindex='-1'>Seg\u00fcent<\/a><\/div><div class='avia-slideshow-dots avia-slideshow-controls'><a href='#1' class='goto-slide active' >1<\/a><a href='#2' class='goto-slide ' >2<\/a><\/div><\/div><br \/>\n<div  class='avia-video av-jvfb2s8j-71a3e2a8cceddfbe21165d54f2fef33b avia-video-16-9 av-no-preview-image avia-video-load-always av-lazyload-immediate av-lazyload-video-embed'  itemprop=\"video\" itemtype=\"https:\/\/schema.org\/VideoObject\"  data-original_url='https:\/\/youtu.be\/fNqmmgOMYgo'><script type='text\/html' class='av-video-tmpl'><div class='avia-iframe-wrap'><iframe loading=\"lazy\" title=\"Liebherr - An LTM 1500-8.1. during an operation in Berlin\" width=\"1500\" height=\"844\" src=\"https:\/\/www.youtube.com\/embed\/fNqmmgOMYgo?feature=oembed&autoplay=0&loop=0&controls=1&mute=0\" frameborder=\"0\" allow=\"accelerometer; autoplay; encrypted-media; gyroscope; picture-in-picture\" allowfullscreen><\/iframe><\/div><\/script><div class='av-click-to-play-overlay'><div class=\"avia_playpause_icon\"><\/div><\/div><\/div><br \/>\n<div  class='avia-button-wrap avia-button-center  avia-builder-el-5  el_after_av_video  avia-builder-el-last '>\n<style type=\"text\/css\" data-created_by=\"avia_inline_auto\" id=\"style-css-av-kb0lw5lf-795e24101821a7b35731796b76643c96\">\n#top #wrap_all .avia-button.av-kb0lw5lf-795e24101821a7b35731796b76643c96{\ncolor:#ffffff;\ntransition:all 0.4s ease-in-out;\n}\n#top #wrap_all .avia-button.av-kb0lw5lf-795e24101821a7b35731796b76643c96:hover{\ncolor:#ffffff;\ntransition:all 0.4s ease-in-out;\n}\n<\/style>\n<a href='https:\/\/www.liebherr.com\/external\/products\/products-assets\/826437\/221-231_LTM_1500-8.1_TD_221-231.02.DEFISR04.2019.pdf' class='avia-color-theme-color avia-button avia-button-fullwidth av-kb0lw5lf-795e24101821a7b35731796b76643c96 avia-icon_select-no avia-color-theme-color' target=\"_blank\" rel=\"noopener noreferrer\" aria-label=\" DESCARGAR CAT\u00c1LOGO\"><span class='avia_iconbox_title' > DESCARGAR CAT\u00c1LOGO<\/span><span class='avia_button_background avia-button avia-button-fullwidth avia-color-theme-color'><\/span><\/a><\/div><\/p><\/div>\n<style type=\"text\/css\" data-created_by=\"avia_inline_auto\" id=\"style-css-av-bu7m7-0a4ca9435aaf0bc69b7311f7a2b143db\">\n.flex_column.av-bu7m7-0a4ca9435aaf0bc69b7311f7a2b143db{\nborder-radius:0px 0px 0px 0px;\npadding:0px 0px 0px 0px;\n}\n<\/style>\n<div  class='flex_column av-bu7m7-0a4ca9435aaf0bc69b7311f7a2b143db av_one_half  avia-builder-el-6  el_after_av_one_half  el_before_av_section  avia-builder-el-last  flex_column_div av-zero-column-padding  '     ><section  class='av_textblock_section av-jvfas1eu-65c25fe1d6850ab84cdde868a035c547 '   itemscope=\"itemscope\" itemtype=\"https:\/\/schema.org\/CreativeWork\" ><div class='avia_textblock'  itemprop=\"text\" ><p>CARACTER\u00cdSTIQUES<\/p>\n<table>\n<tbody>\n<tr>\n<td width=\"192\"><strong>Carga m\u00e1xima<\/strong><\/td>\n<td width=\"192\">500 Tn<\/td>\n<\/tr>\n<tr>\n<td width=\"192\"><strong>Pluma telesc\u00f3pica<\/strong><\/td>\n<td width=\"192\">84 m<\/td>\n<\/tr>\n<tr>\n<td width=\"192\"><strong>Plum\u00ed celosia abatible<\/strong><\/td>\n<td width=\"192\">91 m<\/td>\n<\/tr>\n<tr>\n<td width=\"192\"><strong>Pes per eix<\/strong><\/td>\n<td width=\"192\">8&#215;12 t<\/td>\n<\/tr>\n<tr>\n<td width=\"192\"><strong>Pes total<\/strong><\/td>\n<td width=\"192\">96 t<\/td>\n<\/tr>\n<\/tbody>\n<\/table>\n<p>DIMENSIONS<\/p>\n<table>\n<tbody>\n<tr>\n<td width=\"288\"><strong>Altura<\/strong><\/td>\n<td width=\"288\">4 m<\/td>\n<\/tr>\n<tr>\n<td width=\"288\"><strong>V\u00eda<\/strong><\/td>\n<td width=\"288\">3 m<\/td>\n<\/tr>\n<tr>\n<td width=\"288\"><strong>Longitud<\/strong><\/td>\n<td width=\"288\">21,395 m<\/td>\n<\/tr>\n<\/tbody>\n<\/table>\n<p>DESCRIPCI\u00d3:<\/p>\n<p>la nova versi\u00f3 de la LTM1500-8.1 \u00e9s especial perqu\u00e8 compta amb tecnologia punta en les plomes que tenen un perfil de secci\u00f3 ovalat amb bloqueig interior dels trams amb el sistema patentat \u201cTELEMATIK\u201d. Tot el sistema el\u00e8ctric del vehicle i de la grua (taulers, estabilitzadors, etc.) compten amb tecnologia de bus de dades realitzada digitalment a trav\u00e9s de pocs cables de dades per a major fiabilitat, funcionalitat i rendibilitat ja que el sistema exclusiu Liebherr permet una \u00e0mplia possibilitat de diagn\u00f2stic i detecci\u00f3 r\u00e0pida d&#8217;avaries. Igual que el Motor turbodi\u00e9sel Liebherr de 8 cilindres amb emissi\u00f3 de gasos segons directives 97\/98\/CEE Etapa 3 d&#8217;emissi\u00f3 optimitzada i transmissi\u00f3 autom\u00e0tica de gesti\u00f3 d&#8217;accionament totalment electr\u00f2nic que redueix el consum de combustible i millora l&#8217;emissi\u00f3 de gasos de fuita<\/p>\n<\/div><\/section><\/div><\/p>\n<\/div><\/div><\/div><!-- close content main div --><\/div><\/div>\n<style type=\"text\/css\" data-created_by=\"avia_inline_auto\" id=\"style-css-av-jvfb9b4i-a57306b488081f756b67f305f0155cf7\">\n.avia-section.av-jvfb9b4i-a57306b488081f756b67f305f0155cf7 .av-parallax .av-parallax-inner{\nbackground-color:#efbb20;\nbackground-image:url(https:\/\/gruasserrat.com\/wp-content\/uploads\/2015\/10\/house-wire-model-fade-white.png);\nbackground-repeat:no-repeat;\nbackground-position:0% 0%;\nbackground-attachment:scroll;\n}\n<\/style>\n<div id='av_section_1'  class='avia-section av-jvfb9b4i-a57306b488081f756b67f305f0155cf7 main_color avia-section-default avia-no-border-styling  avia-builder-el-8  el_after_av_one_half  avia-builder-el-last  av-parallax-section avia-bg-style-parallax container_wrap sidebar_right'  data-section-bg-repeat='no-repeat'><div class='av-parallax' data-avia-parallax-ratio='0.3' ><div class='av-parallax-inner main_color avia-full-stretch'><\/div><\/div><div class='container av-section-cont-open' ><div class='template-page content  av-content-small alpha units'><div class='post-entry post-entry-type-page post-entry-2344'><div class='entry-content-wrapper clearfix'>\n\n<style type=\"text\/css\" data-created_by=\"avia_inline_auto\" id=\"style-css-av-2u2e0w-7834c4238e80eb10ee3b7e13dc5eb8ea\">\n#top .av-special-heading.av-2u2e0w-7834c4238e80eb10ee3b7e13dc5eb8ea{\npadding-bottom:10px;\n}\nbody .av-special-heading.av-2u2e0w-7834c4238e80eb10ee3b7e13dc5eb8ea .av-special-heading-tag .heading-char{\nfont-size:25px;\n}\n.av-special-heading.av-2u2e0w-7834c4238e80eb10ee3b7e13dc5eb8ea .av-subheading{\nfont-size:15px;\n}\n<\/style>\n<div  class='av-special-heading av-2u2e0w-7834c4238e80eb10ee3b7e13dc5eb8ea av-special-heading-h3  avia-builder-el-9  el_before_av_portfolio  avia-builder-el-no-sibling '><h3 class='av-special-heading-tag '  itemprop=\"headline\"  >OTRAS M\u00c1QUINAS<\/h3><div class=\"special-heading-border\"><div class=\"special-heading-inner-border\"><\/div><\/div><\/div>\n<div  id=\"av-sc-portfolio-1\"  class=\"av-portfolio-grid-sorting-container\"><div class='sort_width_container  av-sort-yes' data-portfolio-id='1' ><div id='js_sort_items' ><div class='sort_by_cat hidden'><a href=\"#\" data-filter=\"all_sort\" class=\"all_sort_button active_sort\"><span class=\"inner_sort_button\"><span>All<\/span><small class=\"av-cat-count\"> 11 <\/small><\/span><\/a><span class=\"text-sep grues-mobils_sort_sep\">\/<\/span><a href=\"#\" data-filter=\"grues-mobils_sort\" class=\"grues-mobils_sort_button\" ><span class=\"inner_sort_button\"><span>Grues M\u00f2bils<\/span><small class=\"av-cat-count\"> 11 <\/small><\/span><\/a><\/div><\/div><\/div><div  class=' grid-sort-container isotope   no_margin-container with-title-container grid-total-odd grid-col-4 grid-links-' data-portfolio-id='1'><div data-ajax-id='2344' class=' grid-entry flex_column isotope-item all_sort no_margin post-entry post-entry-2344 grid-entry-overview grid-loop-1 grid-parity-odd  grues-mobils_sort  av_one_fourth first default_av_fullwidth '><article class='main_color inner-entry'  itemscope=\"itemscope\" itemtype=\"https:\/\/schema.org\/CreativeWork\" ><a href=\"https:\/\/gruasserrat.com\/ca\/portfolio-item\/liebherr-ltm1500-8-1\/\" title='Liebherr LTM1500-8.1'  data-rel='grid-1' class='grid-image avia-hover-fx'> <img decoding=\"async\" fetchpriority=\"high\" width=\"260\" height=\"185\" src=\"https:\/\/gruasserrat.com\/wp-content\/uploads\/2020\/06\/ltm1500-8.1-2-GSerrat-260x185.jpg\" class=\"wp-image-2322 avia-img-lazy-loading-not-2322 attachment-portfolio_small size-portfolio_small wp-post-image\" alt=\"GSerrat-LTM1500-8.1\" \/><\/a><div class='grid-content'><div class='avia-arrow'><\/div><header class=\"entry-content-header\" aria-label=\"Portfolio: Liebherr LTM1500-8.1\"><h3 class='grid-entry-title entry-title '  itemprop=\"headline\" ><a href='https:\/\/gruasserrat.com\/ca\/portfolio-item\/liebherr-ltm1500-8-1\/' title='Liebherr LTM1500-8.1'>Liebherr LTM1500-8.1<\/a><\/h3><\/header><\/div><footer class=\"entry-footer\"><\/footer><\/article><\/div><div data-ajax-id='2337' class=' grid-entry flex_column isotope-item all_sort no_margin post-entry post-entry-2337 grid-entry-overview grid-loop-2 grid-parity-even  grues-mobils_sort  av_one_fourth  default_av_fullwidth '><article class='main_color inner-entry'  itemscope=\"itemscope\" itemtype=\"https:\/\/schema.org\/CreativeWork\" ><a href=\"https:\/\/gruasserrat.com\/ca\/portfolio-item\/liebherr-ltm1300-6-2\/\" title='Liebherr LTM1300-6.2'  data-rel='grid-1' class='grid-image avia-hover-fx'> <img decoding=\"async\" fetchpriority=\"high\" width=\"260\" height=\"185\" src=\"https:\/\/gruasserrat.com\/wp-content\/uploads\/2019\/11\/LTM1300-1-1030x773-260x185.jpg\" class=\"wp-image-2028 avia-img-lazy-loading-not-2028 attachment-portfolio_small size-portfolio_small wp-post-image\" alt=\"Gruas Serrat - LTM1300-6\" \/><\/a><div class='grid-content'><div class='avia-arrow'><\/div><header class=\"entry-content-header\" aria-label=\"Portfolio: Liebherr LTM1300-6.2\"><h3 class='grid-entry-title entry-title '  itemprop=\"headline\" ><a href='https:\/\/gruasserrat.com\/ca\/portfolio-item\/liebherr-ltm1300-6-2\/' title='Liebherr LTM1300-6.2'>Liebherr LTM1300-6.2<\/a><\/h3><\/header><\/div><footer class=\"entry-footer\"><\/footer><\/article><\/div><div data-ajax-id='2331' class=' grid-entry flex_column isotope-item all_sort no_margin post-entry post-entry-2331 grid-entry-overview grid-loop-3 grid-parity-odd  grues-mobils_sort  av_one_fourth  default_av_fullwidth '><article class='main_color inner-entry'  itemscope=\"itemscope\" itemtype=\"https:\/\/schema.org\/CreativeWork\" ><a href=\"https:\/\/gruasserrat.com\/ca\/portfolio-item\/liebherr-ltm1130-5-1\/\" title='Liebherr LTM1130-5.1'  data-rel='grid-1' class='grid-image avia-hover-fx'> <img decoding=\"async\" fetchpriority=\"high\" width=\"260\" height=\"185\" src=\"https:\/\/gruasserrat.com\/wp-content\/uploads\/2019\/11\/LTM-1130-260x185.jpg\" class=\"wp-image-2049 avia-img-lazy-loading-not-2049 attachment-portfolio_small size-portfolio_small wp-post-image\" alt=\"Gruas Serrat - Liebherr LTM1130-5.1 \u20accodrive - \u20accomode\" \/><\/a><div class='grid-content'><div class='avia-arrow'><\/div><header class=\"entry-content-header\" aria-label=\"Portfolio: Liebherr LTM1130-5.1\"><h3 class='grid-entry-title entry-title '  itemprop=\"headline\" ><a href='https:\/\/gruasserrat.com\/ca\/portfolio-item\/liebherr-ltm1130-5-1\/' title='Liebherr LTM1130-5.1'>Liebherr LTM1130-5.1<\/a><\/h3><\/header><\/div><footer class=\"entry-footer\"><\/footer><\/article><\/div><div data-ajax-id='2768' class=' grid-entry flex_column isotope-item all_sort no_margin post-entry post-entry-2768 grid-entry-overview grid-loop-4 grid-parity-even  grues-mobils_sort  av_one_fourth  default_av_fullwidth '><article class='main_color inner-entry'  itemscope=\"itemscope\" itemtype=\"https:\/\/schema.org\/CreativeWork\" ><a href=\"https:\/\/gruasserrat.com\/ca\/portfolio-item\/liebherr-ltm-1095-5-1\/\" title='LIEBHERR LTM 1095-5.1'  data-rel='grid-1' class='grid-image avia-hover-fx'> <img decoding=\"async\" fetchpriority=\"high\" width=\"260\" height=\"185\" src=\"https:\/\/gruasserrat.com\/wp-content\/uploads\/2021\/07\/Gruas-Serrat-LIEBHERR-LTM-1095-5.1-a-260x185.jpg\" class=\"wp-image-2755 avia-img-lazy-loading-not-2755 attachment-portfolio_small size-portfolio_small wp-post-image\" alt=\"GSerrat - Liebherr LTM1095-5.1\" \/><\/a><div class='grid-content'><div class='avia-arrow'><\/div><header class=\"entry-content-header\" aria-label=\"Portfolio: LIEBHERR LTM 1095-5.1\"><h3 class='grid-entry-title entry-title '  itemprop=\"headline\" ><a href='https:\/\/gruasserrat.com\/ca\/portfolio-item\/liebherr-ltm-1095-5-1\/' title='LIEBHERR LTM 1095-5.1'>LIEBHERR LTM 1095-5.1<\/a><\/h3><\/header><\/div><footer class=\"entry-footer\"><\/footer><\/article><\/div><div data-ajax-id='1717' class=' grid-entry flex_column isotope-item all_sort no_margin post-entry post-entry-1717 grid-entry-overview grid-loop-5 grid-parity-odd  grues-mobils_sort  av_one_fourth first default_av_fullwidth '><article class='main_color inner-entry'  itemscope=\"itemscope\" itemtype=\"https:\/\/schema.org\/CreativeWork\" ><a href=\"https:\/\/gruasserrat.com\/ca\/portfolio-item\/anna-taulats\/\" title='Liebherr LTM 1070-4.1'  data-rel='grid-1' class='grid-image avia-hover-fx'> <img decoding=\"async\" fetchpriority=\"high\" width=\"260\" height=\"185\" src=\"https:\/\/gruasserrat.com\/wp-content\/uploads\/2019\/05\/n\u00ba25-a-260x185.jpg\" class=\"wp-image-1567 avia-img-lazy-loading-not-1567 attachment-portfolio_small size-portfolio_small wp-post-image\" alt=\"\" \/><\/a><div class='grid-content'><div class='avia-arrow'><\/div><header class=\"entry-content-header\" aria-label=\"Portfolio: Liebherr LTM 1070-4.1\"><h3 class='grid-entry-title entry-title '  itemprop=\"headline\" ><a href='https:\/\/gruasserrat.com\/ca\/portfolio-item\/anna-taulats\/' title='Liebherr LTM 1070-4.1'>Liebherr LTM 1070-4.1<\/a><\/h3><\/header><\/div><footer class=\"entry-footer\"><\/footer><\/article><\/div><div data-ajax-id='2723' class=' grid-entry flex_column isotope-item all_sort no_margin post-entry post-entry-2723 grid-entry-overview grid-loop-6 grid-parity-even  grues-mobils_sort  av_one_fourth  default_av_fullwidth '><article class='main_color inner-entry'  itemscope=\"itemscope\" itemtype=\"https:\/\/schema.org\/CreativeWork\" ><a href=\"https:\/\/gruasserrat.com\/ca\/portfolio-item\/tadano-faun-atf-65g-4\/\" title='Tadano Faun ATF 65G-4'  data-rel='grid-1' class='grid-image avia-hover-fx'> <img decoding=\"async\" fetchpriority=\"high\" width=\"260\" height=\"185\" src=\"https:\/\/gruasserrat.com\/wp-content\/uploads\/2021\/07\/19-TADANO-FAUNAATF65G-GRUAS-SERRAT-SA-260x185.jpg\" class=\"wp-image-2724 avia-img-lazy-loading-not-2724 attachment-portfolio_small size-portfolio_small wp-post-image\" alt=\"\" \/><\/a><div class='grid-content'><div class='avia-arrow'><\/div><header class=\"entry-content-header\" aria-label=\"Portfolio: Tadano Faun ATF 65G-4\"><h3 class='grid-entry-title entry-title '  itemprop=\"headline\" ><a href='https:\/\/gruasserrat.com\/ca\/portfolio-item\/tadano-faun-atf-65g-4\/' title='Tadano Faun ATF 65G-4'>Tadano Faun ATF 65G-4<\/a><\/h3><\/header><\/div><footer class=\"entry-footer\"><\/footer><\/article><\/div><div data-ajax-id='1662' class=' grid-entry flex_column isotope-item all_sort no_margin post-entry post-entry-1662 grid-entry-overview grid-loop-7 grid-parity-odd  grues-mobils_sort  av_one_fourth  default_av_fullwidth '><article class='main_color inner-entry'  itemscope=\"itemscope\" itemtype=\"https:\/\/schema.org\/CreativeWork\" ><a href=\"https:\/\/gruasserrat.com\/ca\/portfolio-item\/demag-city-40\/\" title='Demag CITY AC 40'  data-rel='grid-1' class='grid-image avia-hover-fx'> <img decoding=\"async\" fetchpriority=\"high\" width=\"260\" height=\"185\" src=\"https:\/\/gruasserrat.com\/wp-content\/uploads\/2019\/08\/Grua-Movil-DEMAG-CITY-AC40-260x185.jpg\" class=\"wp-image-1566 avia-img-lazy-loading-not-1566 attachment-portfolio_small size-portfolio_small wp-post-image\" alt=\"\" \/><\/a><div class='grid-content'><div class='avia-arrow'><\/div><header class=\"entry-content-header\" aria-label=\"Portfolio: Demag CITY AC 40\"><h3 class='grid-entry-title entry-title '  itemprop=\"headline\" ><a href='https:\/\/gruasserrat.com\/ca\/portfolio-item\/demag-city-40\/' title='Demag CITY AC 40'>Demag CITY AC 40<\/a><\/h3><\/header><\/div><footer class=\"entry-footer\"><\/footer><\/article><\/div><div data-ajax-id='2417' class=' grid-entry flex_column isotope-item all_sort no_margin post-entry post-entry-2417 grid-entry-overview grid-loop-8 grid-parity-even  grues-mobils_sort  av_one_fourth  default_av_fullwidth '><article class='main_color inner-entry'  itemscope=\"itemscope\" itemtype=\"https:\/\/schema.org\/CreativeWork\" ><a href=\"https:\/\/gruasserrat.com\/ca\/portfolio-item\/grove-gmk2035\/\" title='GROVE GMK2035'  data-rel='grid-1' class='grid-image avia-hover-fx'> <img decoding=\"async\" fetchpriority=\"high\" width=\"260\" height=\"185\" src=\"https:\/\/gruasserrat.com\/wp-content\/uploads\/2020\/06\/Gr\u00faa-Movil-GROVE-GMK-2035-2--260x185.jpg\" class=\"wp-image-2420 avia-img-lazy-loading-not-2420 attachment-portfolio_small size-portfolio_small wp-post-image\" alt=\"G Serrat - Gr\u00faa Movil GROVE GMK 2035 -2-\" \/><\/a><div class='grid-content'><div class='avia-arrow'><\/div><header class=\"entry-content-header\" aria-label=\"Portfolio: GROVE GMK2035\"><h3 class='grid-entry-title entry-title '  itemprop=\"headline\" ><a href='https:\/\/gruasserrat.com\/ca\/portfolio-item\/grove-gmk2035\/' title='GROVE GMK2035'>GROVE GMK2035<\/a><\/h3><\/header><\/div><footer class=\"entry-footer\"><\/footer><\/article><\/div><div data-ajax-id='1780' class=' grid-entry flex_column isotope-item all_sort no_margin post-entry post-entry-1780 grid-entry-overview grid-loop-9 grid-parity-odd  grues-mobils_sort  av_one_fourth first default_av_fullwidth '><article class='main_color inner-entry'  itemscope=\"itemscope\" itemtype=\"https:\/\/schema.org\/CreativeWork\" ><a href=\"https:\/\/gruasserrat.com\/ca\/portfolio-item\/liebherr-ltm-1030-2\/\" title='LIEBHERR LTM 1030\/2'  data-rel='grid-1' class='grid-image avia-hover-fx'> <img decoding=\"async\" fetchpriority=\"high\" width=\"260\" height=\"185\" src=\"https:\/\/gruasserrat.com\/wp-content\/uploads\/2019\/05\/LIEBHERR-LTM-1030-2-260x185.jpg\" class=\"wp-image-1488 avia-img-lazy-loading-not-1488 attachment-portfolio_small size-portfolio_small wp-post-image\" alt=\"\" \/><\/a><div class='grid-content'><div class='avia-arrow'><\/div><header class=\"entry-content-header\" aria-label=\"Portfolio: LIEBHERR LTM 1030\/2\"><h3 class='grid-entry-title entry-title '  itemprop=\"headline\" ><a href='https:\/\/gruasserrat.com\/ca\/portfolio-item\/liebherr-ltm-1030-2\/' title='LIEBHERR LTM 1030\/2'>LIEBHERR LTM 1030\/2<\/a><\/h3><\/header><\/div><footer class=\"entry-footer\"><\/footer><\/article><\/div><div data-ajax-id='2436' class=' grid-entry flex_column isotope-item all_sort no_margin post-entry post-entry-2436 grid-entry-overview grid-loop-10 grid-parity-even  grues-mobils_sort  av_one_fourth  default_av_fullwidth '><article class='main_color inner-entry'  itemscope=\"itemscope\" itemtype=\"https:\/\/schema.org\/CreativeWork\" ><a href=\"https:\/\/gruasserrat.com\/ca\/portfolio-item\/luna-at-35-32\/\" title='LUNA AT 35\/32'  data-rel='grid-1' class='grid-image avia-hover-fx'> <img decoding=\"async\" fetchpriority=\"high\" width=\"260\" height=\"185\" src=\"https:\/\/gruasserrat.com\/wp-content\/uploads\/2020\/06\/Luna-AT-35-12-1-FOTO-DESTACADA-260x185.jpg\" class=\"wp-image-2443 avia-img-lazy-loading-not-2443 attachment-portfolio_small size-portfolio_small wp-post-image\" alt=\"GRUAS SERRAT - LUNA AT 35\/32\" \/><\/a><div class='grid-content'><div class='avia-arrow'><\/div><header class=\"entry-content-header\" aria-label=\"Portfolio: LUNA AT 35\/32\"><h3 class='grid-entry-title entry-title '  itemprop=\"headline\" ><a href='https:\/\/gruasserrat.com\/ca\/portfolio-item\/luna-at-35-32\/' title='LUNA AT 35\/32'>LUNA AT 35\/32<\/a><\/h3><\/header><\/div><footer class=\"entry-footer\"><\/footer><\/article><\/div><div data-ajax-id='1782' class=' grid-entry flex_column isotope-item all_sort no_margin post-entry post-entry-1782 grid-entry-overview grid-loop-11 grid-parity-odd  post-entry-last  grues-mobils_sort  av_one_fourth  default_av_fullwidth '><article class='main_color inner-entry'  itemscope=\"itemscope\" itemtype=\"https:\/\/schema.org\/CreativeWork\" ><a href=\"https:\/\/gruasserrat.com\/portfolio-item\/liebherr-ltm-1025\/\" title='LIEBHERR-LTM-1025'  data-rel='grid-1' class='grid-image avia-hover-fx'> <img decoding=\"async\" fetchpriority=\"high\" width=\"260\" height=\"185\" src=\"https:\/\/gruasserrat.com\/wp-content\/uploads\/2019\/05\/LIEBHERR-LTM-1025-260x185.jpg\" class=\"wp-image-1487 avia-img-lazy-loading-not-1487 attachment-portfolio_small size-portfolio_small wp-post-image\" alt=\"Liebherr LTM 1025\" \/><\/a><div class='grid-content'><div class='avia-arrow'><\/div><header class=\"entry-content-header\" aria-label=\"Portfolio: LIEBHERR-LTM-1025\"><h3 class='grid-entry-title entry-title '  itemprop=\"headline\" >LIEBHERR-LTM-1025<\/h3><\/header><\/div><footer class=\"entry-footer\"><\/footer><\/article><\/div><\/div><\/div>   <!--   class=\"av-portfolio-grid-sorting-container\"  -->\n<\/div><\/div><\/div><!-- close content main div --><\/div><\/div><div id='after_section_1'  class='main_color av_default_container_wrap container_wrap sidebar_right'  ><div class='container av-section-cont-open' ><div class='template-page content  av-content-small alpha units'><div class='post-entry post-entry-type-page post-entry-2344'><div class='entry-content-wrapper clearfix'>\n","protected":false},"excerpt":{"rendered":"","protected":false},"author":4,"featured_media":2322,"comment_status":"open","ping_status":"closed","template":"","meta":{"footnotes":""},"tags":[86,57],"portfolio_entries":[62],"class_list":["post-2344","portfolio","type-portfolio","status-publish","has-post-thumbnail","hentry","tag-gruas-moviles-ca","tag-grues","portfolio_entries-grues-mobils"],"yoast_head":"<!-- This site is optimized with the Yoast SEO plugin v27.4 - https:\/\/yoast.com\/product\/yoast-seo-wordpress\/ -->\n<title>Liebherr LTM1500-8.1 - Gruas Serrat<\/title>\n<meta name=\"description\" content=\"Us presentem la m\u00e0quina Liebherr LTM1500-8.1 Comptem amb diferents tipus de  per poder atendre les necessitats dels nostres clients.\" \/>\n<meta name=\"robots\" content=\"index, follow, max-snippet:-1, max-image-preview:large, max-video-preview:-1\" \/>\n<link rel=\"canonical\" href=\"https:\/\/gruasserrat.com\/ca\/portfolio-item\/liebherr-ltm1500-8-1\/\" \/>\n<meta property=\"og:locale\" content=\"ca_ES\" \/>\n<meta property=\"og:type\" content=\"article\" \/>\n<meta property=\"og:title\" content=\"Liebherr LTM1500-8.1 - Gruas Serrat\" \/>\n<meta property=\"og:description\" content=\"Us presentem la m\u00e0quina Liebherr LTM1500-8.1 Comptem amb diferents tipus de  per poder atendre les necessitats dels nostres clients.\" \/>\n<meta property=\"og:url\" content=\"https:\/\/gruasserrat.com\/ca\/portfolio-item\/liebherr-ltm1500-8-1\/\" \/>\n<meta property=\"og:site_name\" content=\"Gruas Serrat\" \/>\n<meta property=\"article:modified_time\" content=\"2020-06-04T11:17:46+00:00\" \/>\n<meta property=\"og:image\" content=\"https:\/\/gruasserrat.com\/wp-content\/uploads\/2020\/06\/ltm1500-8.1-2-GSerrat.jpg\" \/>\n\t<meta property=\"og:image:width\" content=\"1200\" \/>\n\t<meta property=\"og:image:height\" content=\"900\" \/>\n\t<meta property=\"og:image:type\" content=\"image\/jpeg\" \/>\n<meta name=\"twitter:card\" content=\"summary_large_image\" \/>\n<meta name=\"twitter:label1\" content=\"Temps estimat de lectura\" \/>\n\t<meta name=\"twitter:data1\" content=\"5 minuts\" \/>\n<script type=\"application\/ld+json\" class=\"yoast-schema-graph\">{\"@context\":\"https:\\\/\\\/schema.org\",\"@graph\":[{\"@type\":\"WebPage\",\"@id\":\"https:\\\/\\\/gruasserrat.com\\\/ca\\\/portfolio-item\\\/liebherr-ltm1500-8-1\\\/\",\"url\":\"https:\\\/\\\/gruasserrat.com\\\/ca\\\/portfolio-item\\\/liebherr-ltm1500-8-1\\\/\",\"name\":\"Liebherr LTM1500-8.1 - Gruas Serrat\",\"isPartOf\":{\"@id\":\"https:\\\/\\\/gruasserrat.com\\\/#website\"},\"primaryImageOfPage\":{\"@id\":\"https:\\\/\\\/gruasserrat.com\\\/ca\\\/portfolio-item\\\/liebherr-ltm1500-8-1\\\/#primaryimage\"},\"image\":{\"@id\":\"https:\\\/\\\/gruasserrat.com\\\/ca\\\/portfolio-item\\\/liebherr-ltm1500-8-1\\\/#primaryimage\"},\"thumbnailUrl\":\"https:\\\/\\\/gruasserrat.com\\\/wp-content\\\/uploads\\\/2020\\\/06\\\/ltm1500-8.1-2-GSerrat.jpg\",\"datePublished\":\"2020-06-04T10:12:15+00:00\",\"dateModified\":\"2020-06-04T11:17:46+00:00\",\"description\":\"Us presentem la m\u00e0quina Liebherr LTM1500-8.1 Comptem amb diferents tipus de per poder atendre les necessitats dels nostres clients.\",\"breadcrumb\":{\"@id\":\"https:\\\/\\\/gruasserrat.com\\\/ca\\\/portfolio-item\\\/liebherr-ltm1500-8-1\\\/#breadcrumb\"},\"inLanguage\":\"ca\",\"potentialAction\":[{\"@type\":\"ReadAction\",\"target\":[\"https:\\\/\\\/gruasserrat.com\\\/ca\\\/portfolio-item\\\/liebherr-ltm1500-8-1\\\/\"]}]},{\"@type\":\"ImageObject\",\"inLanguage\":\"ca\",\"@id\":\"https:\\\/\\\/gruasserrat.com\\\/ca\\\/portfolio-item\\\/liebherr-ltm1500-8-1\\\/#primaryimage\",\"url\":\"https:\\\/\\\/gruasserrat.com\\\/wp-content\\\/uploads\\\/2020\\\/06\\\/ltm1500-8.1-2-GSerrat.jpg\",\"contentUrl\":\"https:\\\/\\\/gruasserrat.com\\\/wp-content\\\/uploads\\\/2020\\\/06\\\/ltm1500-8.1-2-GSerrat.jpg\",\"width\":1200,\"height\":900,\"caption\":\"GSerrat-LTM1500-8.1\"},{\"@type\":\"BreadcrumbList\",\"@id\":\"https:\\\/\\\/gruasserrat.com\\\/ca\\\/portfolio-item\\\/liebherr-ltm1500-8-1\\\/#breadcrumb\",\"itemListElement\":[{\"@type\":\"ListItem\",\"position\":1,\"name\":\"Portada\",\"item\":\"https:\\\/\\\/gruasserrat.com\\\/ca\\\/gruas-serrat\\\/\"},{\"@type\":\"ListItem\",\"position\":2,\"name\":\"Liebherr LTM1500-8.1\"}]},{\"@type\":\"WebSite\",\"@id\":\"https:\\\/\\\/gruasserrat.com\\\/#website\",\"url\":\"https:\\\/\\\/gruasserrat.com\\\/\",\"name\":\"Gruas Serrat\",\"description\":\"Alquiler de gr\u00faas I Lloguer de grues\",\"publisher\":{\"@id\":\"https:\\\/\\\/gruasserrat.com\\\/#organization\"},\"potentialAction\":[{\"@type\":\"SearchAction\",\"target\":{\"@type\":\"EntryPoint\",\"urlTemplate\":\"https:\\\/\\\/gruasserrat.com\\\/?s={search_term_string}\"},\"query-input\":{\"@type\":\"PropertyValueSpecification\",\"valueRequired\":true,\"valueName\":\"search_term_string\"}}],\"inLanguage\":\"ca\"},{\"@type\":\"Organization\",\"@id\":\"https:\\\/\\\/gruasserrat.com\\\/#organization\",\"name\":\"Gruas Serrat\",\"url\":\"https:\\\/\\\/gruasserrat.com\\\/\",\"logo\":{\"@type\":\"ImageObject\",\"inLanguage\":\"ca\",\"@id\":\"https:\\\/\\\/gruasserrat.com\\\/#\\\/schema\\\/logo\\\/image\\\/\",\"url\":\"https:\\\/\\\/gruasserrat.com\\\/wp-content\\\/uploads\\\/2019\\\/04\\\/logo-1-GS.png\",\"contentUrl\":\"https:\\\/\\\/gruasserrat.com\\\/wp-content\\\/uploads\\\/2019\\\/04\\\/logo-1-GS.png\",\"width\":416,\"height\":148,\"caption\":\"Gruas Serrat\"},\"image\":{\"@id\":\"https:\\\/\\\/gruasserrat.com\\\/#\\\/schema\\\/logo\\\/image\\\/\"}}]}<\/script>\n<!-- \/ Yoast SEO plugin. -->","yoast_head_json":{"title":"Liebherr LTM1500-8.1 - Gruas Serrat","description":"Us presentem la m\u00e0quina Liebherr LTM1500-8.1 Comptem amb diferents tipus de  per poder atendre les necessitats dels nostres clients.","robots":{"index":"index","follow":"follow","max-snippet":"max-snippet:-1","max-image-preview":"max-image-preview:large","max-video-preview":"max-video-preview:-1"},"canonical":"https:\/\/gruasserrat.com\/ca\/portfolio-item\/liebherr-ltm1500-8-1\/","og_locale":"ca_ES","og_type":"article","og_title":"Liebherr LTM1500-8.1 - Gruas Serrat","og_description":"Us presentem la m\u00e0quina Liebherr LTM1500-8.1 Comptem amb diferents tipus de  per poder atendre les necessitats dels nostres clients.","og_url":"https:\/\/gruasserrat.com\/ca\/portfolio-item\/liebherr-ltm1500-8-1\/","og_site_name":"Gruas Serrat","article_modified_time":"2020-06-04T11:17:46+00:00","og_image":[{"width":1200,"height":900,"url":"https:\/\/gruasserrat.com\/wp-content\/uploads\/2020\/06\/ltm1500-8.1-2-GSerrat.jpg","type":"image\/jpeg"}],"twitter_card":"summary_large_image","twitter_misc":{"Temps estimat de lectura":"5 minuts"},"schema":{"@context":"https:\/\/schema.org","@graph":[{"@type":"WebPage","@id":"https:\/\/gruasserrat.com\/ca\/portfolio-item\/liebherr-ltm1500-8-1\/","url":"https:\/\/gruasserrat.com\/ca\/portfolio-item\/liebherr-ltm1500-8-1\/","name":"Liebherr LTM1500-8.1 - Gruas Serrat","isPartOf":{"@id":"https:\/\/gruasserrat.com\/#website"},"primaryImageOfPage":{"@id":"https:\/\/gruasserrat.com\/ca\/portfolio-item\/liebherr-ltm1500-8-1\/#primaryimage"},"image":{"@id":"https:\/\/gruasserrat.com\/ca\/portfolio-item\/liebherr-ltm1500-8-1\/#primaryimage"},"thumbnailUrl":"https:\/\/gruasserrat.com\/wp-content\/uploads\/2020\/06\/ltm1500-8.1-2-GSerrat.jpg","datePublished":"2020-06-04T10:12:15+00:00","dateModified":"2020-06-04T11:17:46+00:00","description":"Us presentem la m\u00e0quina Liebherr LTM1500-8.1 Comptem amb diferents tipus de per poder atendre les necessitats dels nostres clients.","breadcrumb":{"@id":"https:\/\/gruasserrat.com\/ca\/portfolio-item\/liebherr-ltm1500-8-1\/#breadcrumb"},"inLanguage":"ca","potentialAction":[{"@type":"ReadAction","target":["https:\/\/gruasserrat.com\/ca\/portfolio-item\/liebherr-ltm1500-8-1\/"]}]},{"@type":"ImageObject","inLanguage":"ca","@id":"https:\/\/gruasserrat.com\/ca\/portfolio-item\/liebherr-ltm1500-8-1\/#primaryimage","url":"https:\/\/gruasserrat.com\/wp-content\/uploads\/2020\/06\/ltm1500-8.1-2-GSerrat.jpg","contentUrl":"https:\/\/gruasserrat.com\/wp-content\/uploads\/2020\/06\/ltm1500-8.1-2-GSerrat.jpg","width":1200,"height":900,"caption":"GSerrat-LTM1500-8.1"},{"@type":"BreadcrumbList","@id":"https:\/\/gruasserrat.com\/ca\/portfolio-item\/liebherr-ltm1500-8-1\/#breadcrumb","itemListElement":[{"@type":"ListItem","position":1,"name":"Portada","item":"https:\/\/gruasserrat.com\/ca\/gruas-serrat\/"},{"@type":"ListItem","position":2,"name":"Liebherr LTM1500-8.1"}]},{"@type":"WebSite","@id":"https:\/\/gruasserrat.com\/#website","url":"https:\/\/gruasserrat.com\/","name":"Gruas Serrat","description":"Alquiler de gr\u00faas I Lloguer de grues","publisher":{"@id":"https:\/\/gruasserrat.com\/#organization"},"potentialAction":[{"@type":"SearchAction","target":{"@type":"EntryPoint","urlTemplate":"https:\/\/gruasserrat.com\/?s={search_term_string}"},"query-input":{"@type":"PropertyValueSpecification","valueRequired":true,"valueName":"search_term_string"}}],"inLanguage":"ca"},{"@type":"Organization","@id":"https:\/\/gruasserrat.com\/#organization","name":"Gruas Serrat","url":"https:\/\/gruasserrat.com\/","logo":{"@type":"ImageObject","inLanguage":"ca","@id":"https:\/\/gruasserrat.com\/#\/schema\/logo\/image\/","url":"https:\/\/gruasserrat.com\/wp-content\/uploads\/2019\/04\/logo-1-GS.png","contentUrl":"https:\/\/gruasserrat.com\/wp-content\/uploads\/2019\/04\/logo-1-GS.png","width":416,"height":148,"caption":"Gruas Serrat"},"image":{"@id":"https:\/\/gruasserrat.com\/#\/schema\/logo\/image\/"}}]}},"_links":{"self":[{"href":"https:\/\/gruasserrat.com\/ca\/wp-json\/wp\/v2\/portfolio\/2344","targetHints":{"allow":["GET"]}}],"collection":[{"href":"https:\/\/gruasserrat.com\/ca\/wp-json\/wp\/v2\/portfolio"}],"about":[{"href":"https:\/\/gruasserrat.com\/ca\/wp-json\/wp\/v2\/types\/portfolio"}],"author":[{"embeddable":true,"href":"https:\/\/gruasserrat.com\/ca\/wp-json\/wp\/v2\/users\/4"}],"replies":[{"embeddable":true,"href":"https:\/\/gruasserrat.com\/ca\/wp-json\/wp\/v2\/comments?post=2344"}],"version-history":[{"count":4,"href":"https:\/\/gruasserrat.com\/ca\/wp-json\/wp\/v2\/portfolio\/2344\/revisions"}],"predecessor-version":[{"id":2350,"href":"https:\/\/gruasserrat.com\/ca\/wp-json\/wp\/v2\/portfolio\/2344\/revisions\/2350"}],"wp:featuredmedia":[{"embeddable":true,"href":"https:\/\/gruasserrat.com\/ca\/wp-json\/wp\/v2\/media\/2322"}],"wp:attachment":[{"href":"https:\/\/gruasserrat.com\/ca\/wp-json\/wp\/v2\/media?parent=2344"}],"wp:term":[{"taxonomy":"post_tag","embeddable":true,"href":"https:\/\/gruasserrat.com\/ca\/wp-json\/wp\/v2\/tags?post=2344"},{"taxonomy":"portfolio_entries","embeddable":true,"href":"https:\/\/gruasserrat.com\/ca\/wp-json\/wp\/v2\/portfolio_entries?post=2344"}],"curies":[{"name":"wp","href":"https:\/\/api.w.org\/{rel}","templated":true}]}}