{"id":2500,"date":"2020-08-17T11:10:08","date_gmt":"2020-08-17T10:10:08","guid":{"rendered":"https:\/\/gruasserrat.com\/portfolio-item\/volvo-fm12-62-con-grua-falfinger-pk44002g\/"},"modified":"2020-08-17T11:22:01","modified_gmt":"2020-08-17T10:22:01","slug":"volvo-fm12-62-con-grua-falfinger-pk44002g","status":"publish","type":"portfolio","link":"https:\/\/gruasserrat.com\/ca\/portfolio-item\/volvo-fm12-62-con-grua-falfinger-pk44002g\/","title":{"rendered":"VOLVO FM12-62 CON GRUA FALFINGER PK44002G"},"content":{"rendered":"\n<style type=\"text\/css\" data-created_by=\"avia_inline_auto\" id=\"style-css-av-av_heading-3105b5b290579182500a18f3cf13468b\">\n#top .av-special-heading.av-av_heading-3105b5b290579182500a18f3cf13468b{\npadding-bottom:10px;\n}\nbody .av-special-heading.av-av_heading-3105b5b290579182500a18f3cf13468b .av-special-heading-tag .heading-char{\nfont-size:25px;\n}\n.av-special-heading.av-av_heading-3105b5b290579182500a18f3cf13468b .av-subheading{\nfont-size:15px;\n}\n<\/style>\n<div  class='av-special-heading av-av_heading-3105b5b290579182500a18f3cf13468b av-special-heading-h3 blockquote modern-quote  avia-builder-el-0  el_before_av_hr  avia-builder-el-first '><h3 class='av-special-heading-tag '  itemprop=\"headline\"  >VOLVO FM12-62 CON GRUA FALFINGER PK44002G<\/h3><div class=\"special-heading-border\"><div class=\"special-heading-inner-border\"><\/div><\/div><\/div>\n\n<style type=\"text\/css\" data-created_by=\"avia_inline_auto\" id=\"style-css-av-3mhxj-acffa6ff4044a69b6aa2d64da6e033a8\">\n#top .hr.av-3mhxj-acffa6ff4044a69b6aa2d64da6e033a8{\nmargin-top:10px;\nmargin-bottom:10px;\n}\n.hr.av-3mhxj-acffa6ff4044a69b6aa2d64da6e033a8 .hr-inner{\nwidth:50px;\nborder-color:#efbb20;\n}\n<\/style>\n<div  class='hr av-3mhxj-acffa6ff4044a69b6aa2d64da6e033a8 hr-custom  avia-builder-el-1  el_after_av_heading  el_before_av_one_half  hr-left hr-icon-no'><span class='hr-inner inner-border-av-border-fat'><span class=\"hr-inner-style\"><\/span><\/span><\/div>\n\n<style type=\"text\/css\" data-created_by=\"avia_inline_auto\" id=\"style-css-av-14pltr-b2135857e1bdc2d032ac5be76142e9fe\">\n.flex_column.av-14pltr-b2135857e1bdc2d032ac5be76142e9fe{\nborder-radius:0px 0px 0px 0px;\npadding:0px 0px 0px 0px;\n}\n<\/style>\n<div  class='flex_column av-14pltr-b2135857e1bdc2d032ac5be76142e9fe av_one_half  avia-builder-el-2  el_after_av_hr  el_before_av_one_half  first flex_column_div av-zero-column-padding  '     ><div  class='avia-slideshow av-jvfaw4yl-81a652c0dc2fefc2211b29309c39b617 avia-slideshow-featured av_slideshow avia-slide-slider  avia-builder-el-3  avia-builder-el-no-sibling  av-slideshow-ui av-control-default av-slideshow-autoplay av-loop-endless av-loop-manual-endless av-default-height-applied avia-slideshow-1' data-slideshow-options=\"{&quot;animation&quot;:&quot;slide&quot;,&quot;autoplay&quot;:true,&quot;loop_autoplay&quot;:&quot;endless&quot;,&quot;interval&quot;:3,&quot;loop_manual&quot;:&quot;manual-endless&quot;,&quot;autoplay_stopper&quot;:false,&quot;noNavigation&quot;:false,&quot;bg_slider&quot;:false,&quot;keep_padding&quot;:false,&quot;hoverpause&quot;:false,&quot;show_slide_delay&quot;:0}\"  itemprop=\"image\" itemscope=\"itemscope\" itemtype=\"https:\/\/schema.org\/ImageObject\" ><ul class='avia-slideshow-inner ' style='padding-bottom: 41.747572815534%;'><li  class='avia-slideshow-slide av-jvfaw4yl-81a652c0dc2fefc2211b29309c39b617__0  slide-1 slide-odd'><div data-rel='slideshow-1' class='avia-slide-wrap '   ><img decoding=\"async\" fetchpriority=\"high\" class=\"wp-image-2492 avia-img-lazy-loading-not-2492\"  src=\"https:\/\/gruasserrat.com\/wp-content\/uploads\/2020\/08\/n1-1030x430.jpg\" width=\"1030\" height=\"430\" title='n1' alt='CAMION PLUMA VOLVO FM12-62 PALFINGER PK44002G  - GRUAS SERRAT'  itemprop=\"thumbnailUrl\"   \/><\/div><\/li><li  class='avia-slideshow-slide av-jvfaw4yl-81a652c0dc2fefc2211b29309c39b617__1  slide-2 slide-even'><div data-rel='slideshow-1' class='avia-slide-wrap '  title='CAMION PLUMA VOLVO FM12-62 PALFINGER PK44002G  - GRUAS SERRAT' ><img decoding=\"async\" fetchpriority=\"high\" class=\"wp-image-2494 avia-img-lazy-loading-not-2494\"  src=\"https:\/\/gruasserrat.com\/wp-content\/uploads\/2020\/08\/n1-9798DNV-1030x430.jpg\" width=\"1030\" height=\"430\" title='n1-9798DNV' alt='CAMION PLUMA VOLVO FM12-62 PALFINGER PK44002G  - GRUAS SERRAT'  itemprop=\"thumbnailUrl\"   \/><\/div><\/li><\/ul><div class='avia-slideshow-arrows avia-slideshow-controls' ><a href='#prev' class='prev-slide ' aria-hidden='true' data-av_icon='\ue87c' data-av_iconfont='entypo-fontello'  tabindex='-1'>Anterior<\/a><a href='#next' class='next-slide ' aria-hidden='true' data-av_icon='\ue87d' data-av_iconfont='entypo-fontello'  tabindex='-1'>Seg\u00fcent<\/a><\/div><div class='avia-slideshow-dots avia-slideshow-controls'><a href='#1' class='goto-slide active' >1<\/a><a href='#2' class='goto-slide ' >2<\/a><\/div><\/div><\/div>\n\n<style type=\"text\/css\" data-created_by=\"avia_inline_auto\" id=\"style-css-av-bu7m7-0a4ca9435aaf0bc69b7311f7a2b143db\">\n.flex_column.av-bu7m7-0a4ca9435aaf0bc69b7311f7a2b143db{\nborder-radius:0px 0px 0px 0px;\npadding:0px 0px 0px 0px;\n}\n<\/style>\n<div  class='flex_column av-bu7m7-0a4ca9435aaf0bc69b7311f7a2b143db av_one_half  avia-builder-el-4  el_after_av_one_half  el_before_av_section  avia-builder-el-last  flex_column_div av-zero-column-padding  '     ><section  class='av_textblock_section av-jvfas1eu-65c25fe1d6850ab84cdde868a035c547 '   itemscope=\"itemscope\" itemtype=\"https:\/\/schema.org\/CreativeWork\" ><div class='avia_textblock'  itemprop=\"text\" ><p>CARACTER\u00cdSTICAS<\/p>\n<table>\n<tbody>\n<tr>\n<td width=\"283\"><strong>Model Cami\u00f3<\/strong><\/td>\n<td width=\"283\">VOLVO FM12-62<\/td>\n<\/tr>\n<tr>\n<td width=\"283\"><strong>Model Grua<\/strong><\/td>\n<td width=\"283\">PALFINGDER PK44002G<\/td>\n<\/tr>\n<tr>\n<td width=\"283\"><strong>TARA<\/strong><\/td>\n<td width=\"283\">17560 KG<\/td>\n<\/tr>\n<tr>\n<td width=\"283\"><strong>MMA<\/strong><\/td>\n<td width=\"283\">26000 KG<\/td>\n<\/tr>\n<tr>\n<td width=\"283\"><strong>Amplada<\/strong><\/td>\n<td width=\"283\">2,500\u00a0 m<\/td>\n<\/tr>\n<tr>\n<td width=\"283\"><strong>Longitud<\/strong><\/td>\n<td width=\"283\">10.020 m<\/td>\n<\/tr>\n<tr>\n<td width=\"283\"><strong>N\u00fam. Eixos<\/strong><\/td>\n<td width=\"283\">3<\/td>\n<\/tr>\n<tr>\n<td width=\"283\"><strong>ploma<\/strong><\/td>\n<td width=\"283\">16.2 m \u2013 9.500kg a 4,1m<\/td>\n<\/tr>\n<\/tbody>\n<\/table>\n<p>DESCRIPCI\u00d3N : De f\u00e0cil conduccion y bajo consumo de combustible. Equipada con una grua hidr\u00e0ulica Palfinger 44000<\/p>\n<\/div><\/section><\/div><\/div><\/div><\/div><!-- close content main div --><\/div><\/div>\n<style type=\"text\/css\" data-created_by=\"avia_inline_auto\" id=\"style-css-av-jvfb9b4i-a57306b488081f756b67f305f0155cf7\">\n.avia-section.av-jvfb9b4i-a57306b488081f756b67f305f0155cf7 .av-parallax .av-parallax-inner{\nbackground-color:#efbb20;\nbackground-image:url(https:\/\/gruasserrat.com\/wp-content\/uploads\/2015\/10\/house-wire-model-fade-white.png);\nbackground-repeat:no-repeat;\nbackground-position:0% 0%;\nbackground-attachment:scroll;\n}\n<\/style>\n<div id='av_section_1'  class='avia-section av-jvfb9b4i-a57306b488081f756b67f305f0155cf7 main_color avia-section-default avia-no-border-styling  avia-builder-el-6  el_after_av_one_half  avia-builder-el-last  av-parallax-section avia-bg-style-parallax container_wrap sidebar_right'  data-section-bg-repeat='no-repeat'><div class='av-parallax' data-avia-parallax-ratio='0.3' ><div class='av-parallax-inner main_color avia-full-stretch'><\/div><\/div><div class='container av-section-cont-open' ><div class='template-page content  av-content-small alpha units'><div class='post-entry post-entry-type-page post-entry-2500'><div class='entry-content-wrapper clearfix'>\n\n<style type=\"text\/css\" data-created_by=\"avia_inline_auto\" id=\"style-css-av-2tioa2-34d17aaace2c2f6566e009ffb372977d\">\n#top .av-special-heading.av-2tioa2-34d17aaace2c2f6566e009ffb372977d{\npadding-bottom:10px;\n}\nbody .av-special-heading.av-2tioa2-34d17aaace2c2f6566e009ffb372977d .av-special-heading-tag .heading-char{\nfont-size:25px;\n}\n.av-special-heading.av-2tioa2-34d17aaace2c2f6566e009ffb372977d .av-subheading{\nfont-size:15px;\n}\n<\/style>\n<div  class='av-special-heading av-2tioa2-34d17aaace2c2f6566e009ffb372977d av-special-heading-h3  avia-builder-el-7  el_before_av_portfolio  avia-builder-el-no-sibling '><h3 class='av-special-heading-tag '  itemprop=\"headline\"  >OTRAS M\u00c1QUINAS<\/h3><div class=\"special-heading-border\"><div class=\"special-heading-inner-border\"><\/div><\/div><\/div>\n<div  id=\"av-sc-portfolio-1\"  class=\"av-portfolio-grid-sorting-container\"><div class='sort_width_container  av-sort-yes' data-portfolio-id='1' ><div id='js_sort_items' ><div class='sort_by_cat hidden'><a href=\"#\" data-filter=\"all_sort\" class=\"all_sort_button active_sort\"><span class=\"inner_sort_button\"><span>All<\/span><small class=\"av-cat-count\"> 3 <\/small><\/span><\/a><span class=\"text-sep camions-i-trailes-ploma_sort_sep\">\/<\/span><a href=\"#\" data-filter=\"camions-i-trailes-ploma_sort\" class=\"camions-i-trailes-ploma_sort_button\" ><span class=\"inner_sort_button\"><span>Camions i Tr\u00e0iles Ploma<\/span><small class=\"av-cat-count\"> 3 <\/small><\/span><\/a><\/div><\/div><\/div><div  class=' grid-sort-container isotope   no_margin-container with-title-container grid-total-odd grid-col-4 grid-links-' data-portfolio-id='1'><div data-ajax-id='2500' class=' grid-entry flex_column isotope-item all_sort no_margin post-entry post-entry-2500 grid-entry-overview grid-loop-1 grid-parity-odd  camions-i-trailes-ploma_sort  av_one_fourth first default_av_fullwidth '><article class='main_color inner-entry'  itemscope=\"itemscope\" itemtype=\"https:\/\/schema.org\/CreativeWork\" ><a href=\"https:\/\/gruasserrat.com\/ca\/portfolio-item\/volvo-fm12-62-con-grua-falfinger-pk44002g\/\" title='VOLVO FM12-62 CON GRUA FALFINGER PK44002G'  data-rel='grid-1' class='grid-image avia-hover-fx'> <img decoding=\"async\" fetchpriority=\"high\" width=\"260\" height=\"185\" src=\"https:\/\/gruasserrat.com\/wp-content\/uploads\/2020\/08\/n1-9798DNV-260x185.jpg\" class=\"wp-image-2494 avia-img-lazy-loading-not-2494 attachment-portfolio_small size-portfolio_small wp-post-image\" alt=\"CAMION PLUMA VOLVO FM12-62 PALFINGER PK44002G  - GRUAS SERRAT\" \/><\/a><div class='grid-content'><div class='avia-arrow'><\/div><header class=\"entry-content-header\" aria-label=\"Portfolio: VOLVO FM12-62 CON GRUA FALFINGER PK44002G\"><h3 class='grid-entry-title entry-title '  itemprop=\"headline\" ><a href='https:\/\/gruasserrat.com\/ca\/portfolio-item\/volvo-fm12-62-con-grua-falfinger-pk44002g\/' title='VOLVO FM12-62 CON GRUA FALFINGER PK44002G'>VOLVO FM12-62 CON GRUA FALFINGER PK44002G<\/a><\/h3><\/header><\/div><footer class=\"entry-footer\"><\/footer><\/article><\/div><div data-ajax-id='2482' class=' grid-entry flex_column isotope-item all_sort no_margin post-entry post-entry-2482 grid-entry-overview grid-loop-2 grid-parity-even  camions-i-trailes-ploma_sort  av_one_fourth  default_av_fullwidth '><article class='main_color inner-entry'  itemscope=\"itemscope\" itemtype=\"https:\/\/schema.org\/CreativeWork\" ><a href=\"https:\/\/gruasserrat.com\/ca\/portfolio-item\/iveco-ml180e24-fassif215\/\" title='IVECO ML180E24-FASSIF215'  data-rel='grid-1' class='grid-image avia-hover-fx'> <img decoding=\"async\" fetchpriority=\"high\" width=\"260\" height=\"185\" src=\"https:\/\/gruasserrat.com\/wp-content\/uploads\/2020\/08\/n30-9381DVZ-260x185.jpg\" class=\"wp-image-2477 avia-img-lazy-loading-not-2477 attachment-portfolio_small size-portfolio_small wp-post-image\" alt=\"30-IVECO ML180E24 \u2013 FASSI F215\" \/><\/a><div class='grid-content'><div class='avia-arrow'><\/div><header class=\"entry-content-header\" aria-label=\"Portfolio: IVECO ML180E24-FASSIF215\"><h3 class='grid-entry-title entry-title '  itemprop=\"headline\" ><a href='https:\/\/gruasserrat.com\/ca\/portfolio-item\/iveco-ml180e24-fassif215\/' title='IVECO ML180E24-FASSIF215'>IVECO ML180E24-FASSIF215<\/a><\/h3><\/header><\/div><footer class=\"entry-footer\"><\/footer><\/article><\/div><div data-ajax-id='1621' class=' grid-entry flex_column isotope-item all_sort no_margin post-entry post-entry-1621 grid-entry-overview grid-loop-3 grid-parity-odd  post-entry-last  camions-i-trailes-ploma_sort  av_one_fourth  default_av_fullwidth '><article class='main_color inner-entry'  itemscope=\"itemscope\" itemtype=\"https:\/\/schema.org\/CreativeWork\" ><a href=\"https:\/\/gruasserrat.com\/ca\/portfolio-item\/camion-pluma-fasi-f1650ral-2-28\/\" title='Cami\u00f3 Ploma Fasi F1650RAL.2.28'  data-rel='grid-1' class='grid-image avia-hover-fx'> <img decoding=\"async\" fetchpriority=\"high\" width=\"260\" height=\"185\" src=\"https:\/\/gruasserrat.com\/wp-content\/uploads\/2019\/07\/taller-reparaci\u00f3n-gruas-serrat-260x185.jpg\" class=\"wp-image-1556 avia-img-lazy-loading-not-1556 attachment-portfolio_small size-portfolio_small wp-post-image\" alt=\"\" \/><\/a><div class='grid-content'><div class='avia-arrow'><\/div><header class=\"entry-content-header\" aria-label=\"Portfolio: Cami\u00f3 Ploma Fasi F1650RAL.2.28\"><h3 class='grid-entry-title entry-title '  itemprop=\"headline\" ><a href='https:\/\/gruasserrat.com\/ca\/portfolio-item\/camion-pluma-fasi-f1650ral-2-28\/' title='Cami\u00f3 Ploma Fasi F1650RAL.2.28'>Cami\u00f3 Ploma Fasi F1650RAL.2.28<\/a><\/h3><\/header><\/div><footer class=\"entry-footer\"><\/footer><\/article><\/div><\/div><\/div>   <!--   class=\"av-portfolio-grid-sorting-container\"  -->\n<\/div><\/div><\/div><!-- close content main div --><\/div><\/div><div id='after_section_1'  class='main_color av_default_container_wrap container_wrap sidebar_right'  ><div class='container av-section-cont-open' ><div class='template-page content  av-content-small alpha units'><div class='post-entry post-entry-type-page post-entry-2500'><div class='entry-content-wrapper clearfix'><\/p>\n","protected":false},"excerpt":{"rendered":"","protected":false},"author":4,"featured_media":2494,"comment_status":"open","ping_status":"closed","template":"","meta":{"footnotes":""},"tags":[99,100,101],"portfolio_entries":[60],"class_list":["post-2500","portfolio","type-portfolio","status-publish","has-post-thumbnail","hentry","tag-camiones-ca","tag-camiones-y-traylers-ca","tag-traylers-ca","portfolio_entries-camions-i-trailes-ploma"],"yoast_head":"<!-- This site is optimized with the Yoast SEO plugin v27.4 - https:\/\/yoast.com\/product\/yoast-seo-wordpress\/ -->\n<title>VOLVO FM12-62 CON GRUA FALFINGER PK44002G - Gruas Serrat<\/title>\n<meta name=\"description\" content=\"Us presentem la m\u00e0quina VOLVO FM12-62 CON GRUA FALFINGER PK44002G Comptem amb diferents tipus de  per poder atendre les necessitats dels nostres clients.\" \/>\n<meta name=\"robots\" content=\"index, follow, max-snippet:-1, max-image-preview:large, max-video-preview:-1\" \/>\n<link rel=\"canonical\" href=\"https:\/\/gruasserrat.com\/ca\/portfolio-item\/volvo-fm12-62-con-grua-falfinger-pk44002g\/\" \/>\n<meta property=\"og:locale\" content=\"ca_ES\" \/>\n<meta property=\"og:type\" content=\"article\" \/>\n<meta property=\"og:title\" content=\"VOLVO FM12-62 CON GRUA FALFINGER PK44002G - Gruas Serrat\" \/>\n<meta property=\"og:description\" content=\"Us presentem la m\u00e0quina VOLVO FM12-62 CON GRUA FALFINGER PK44002G Comptem amb diferents tipus de  per poder atendre les necessitats dels nostres clients.\" \/>\n<meta property=\"og:url\" content=\"https:\/\/gruasserrat.com\/ca\/portfolio-item\/volvo-fm12-62-con-grua-falfinger-pk44002g\/\" \/>\n<meta property=\"og:site_name\" content=\"Gruas Serrat\" \/>\n<meta property=\"article:modified_time\" content=\"2020-08-17T10:22:01+00:00\" \/>\n<meta property=\"og:image\" content=\"https:\/\/gruasserrat.com\/wp-content\/uploads\/2020\/08\/n1-9798DNV.jpg\" \/>\n\t<meta property=\"og:image:width\" content=\"1030\" \/>\n\t<meta property=\"og:image:height\" content=\"773\" \/>\n\t<meta property=\"og:image:type\" content=\"image\/jpeg\" \/>\n<meta name=\"twitter:card\" content=\"summary_large_image\" \/>\n<meta name=\"twitter:label1\" content=\"Temps estimat de lectura\" \/>\n\t<meta name=\"twitter:data1\" content=\"4 minuts\" \/>\n<script type=\"application\/ld+json\" class=\"yoast-schema-graph\">{\"@context\":\"https:\\\/\\\/schema.org\",\"@graph\":[{\"@type\":\"WebPage\",\"@id\":\"https:\\\/\\\/gruasserrat.com\\\/ca\\\/portfolio-item\\\/volvo-fm12-62-con-grua-falfinger-pk44002g\\\/\",\"url\":\"https:\\\/\\\/gruasserrat.com\\\/ca\\\/portfolio-item\\\/volvo-fm12-62-con-grua-falfinger-pk44002g\\\/\",\"name\":\"VOLVO FM12-62 CON GRUA FALFINGER PK44002G - Gruas Serrat\",\"isPartOf\":{\"@id\":\"https:\\\/\\\/gruasserrat.com\\\/#website\"},\"primaryImageOfPage\":{\"@id\":\"https:\\\/\\\/gruasserrat.com\\\/ca\\\/portfolio-item\\\/volvo-fm12-62-con-grua-falfinger-pk44002g\\\/#primaryimage\"},\"image\":{\"@id\":\"https:\\\/\\\/gruasserrat.com\\\/ca\\\/portfolio-item\\\/volvo-fm12-62-con-grua-falfinger-pk44002g\\\/#primaryimage\"},\"thumbnailUrl\":\"https:\\\/\\\/gruasserrat.com\\\/wp-content\\\/uploads\\\/2020\\\/08\\\/n1-9798DNV.jpg\",\"datePublished\":\"2020-08-17T10:10:08+00:00\",\"dateModified\":\"2020-08-17T10:22:01+00:00\",\"description\":\"Us presentem la m\u00e0quina VOLVO FM12-62 CON GRUA FALFINGER PK44002G Comptem amb diferents tipus de per poder atendre les necessitats dels nostres clients.\",\"breadcrumb\":{\"@id\":\"https:\\\/\\\/gruasserrat.com\\\/ca\\\/portfolio-item\\\/volvo-fm12-62-con-grua-falfinger-pk44002g\\\/#breadcrumb\"},\"inLanguage\":\"ca\",\"potentialAction\":[{\"@type\":\"ReadAction\",\"target\":[\"https:\\\/\\\/gruasserrat.com\\\/ca\\\/portfolio-item\\\/volvo-fm12-62-con-grua-falfinger-pk44002g\\\/\"]}]},{\"@type\":\"ImageObject\",\"inLanguage\":\"ca\",\"@id\":\"https:\\\/\\\/gruasserrat.com\\\/ca\\\/portfolio-item\\\/volvo-fm12-62-con-grua-falfinger-pk44002g\\\/#primaryimage\",\"url\":\"https:\\\/\\\/gruasserrat.com\\\/wp-content\\\/uploads\\\/2020\\\/08\\\/n1-9798DNV.jpg\",\"contentUrl\":\"https:\\\/\\\/gruasserrat.com\\\/wp-content\\\/uploads\\\/2020\\\/08\\\/n1-9798DNV.jpg\",\"width\":1030,\"height\":773,\"caption\":\"CAMION PLUMA VOLVO FM12-62 PALFINGER PK44002G - GRUAS SERRAT\"},{\"@type\":\"BreadcrumbList\",\"@id\":\"https:\\\/\\\/gruasserrat.com\\\/ca\\\/portfolio-item\\\/volvo-fm12-62-con-grua-falfinger-pk44002g\\\/#breadcrumb\",\"itemListElement\":[{\"@type\":\"ListItem\",\"position\":1,\"name\":\"Portada\",\"item\":\"https:\\\/\\\/gruasserrat.com\\\/ca\\\/gruas-serrat\\\/\"},{\"@type\":\"ListItem\",\"position\":2,\"name\":\"VOLVO FM12-62 CON GRUA FALFINGER PK44002G\"}]},{\"@type\":\"WebSite\",\"@id\":\"https:\\\/\\\/gruasserrat.com\\\/#website\",\"url\":\"https:\\\/\\\/gruasserrat.com\\\/\",\"name\":\"Gruas Serrat\",\"description\":\"Alquiler de gr\u00faas I Lloguer de grues\",\"publisher\":{\"@id\":\"https:\\\/\\\/gruasserrat.com\\\/#organization\"},\"potentialAction\":[{\"@type\":\"SearchAction\",\"target\":{\"@type\":\"EntryPoint\",\"urlTemplate\":\"https:\\\/\\\/gruasserrat.com\\\/?s={search_term_string}\"},\"query-input\":{\"@type\":\"PropertyValueSpecification\",\"valueRequired\":true,\"valueName\":\"search_term_string\"}}],\"inLanguage\":\"ca\"},{\"@type\":\"Organization\",\"@id\":\"https:\\\/\\\/gruasserrat.com\\\/#organization\",\"name\":\"Gruas Serrat\",\"url\":\"https:\\\/\\\/gruasserrat.com\\\/\",\"logo\":{\"@type\":\"ImageObject\",\"inLanguage\":\"ca\",\"@id\":\"https:\\\/\\\/gruasserrat.com\\\/#\\\/schema\\\/logo\\\/image\\\/\",\"url\":\"https:\\\/\\\/gruasserrat.com\\\/wp-content\\\/uploads\\\/2019\\\/04\\\/logo-1-GS.png\",\"contentUrl\":\"https:\\\/\\\/gruasserrat.com\\\/wp-content\\\/uploads\\\/2019\\\/04\\\/logo-1-GS.png\",\"width\":416,\"height\":148,\"caption\":\"Gruas Serrat\"},\"image\":{\"@id\":\"https:\\\/\\\/gruasserrat.com\\\/#\\\/schema\\\/logo\\\/image\\\/\"}}]}<\/script>\n<!-- \/ Yoast SEO plugin. -->","yoast_head_json":{"title":"VOLVO FM12-62 CON GRUA FALFINGER PK44002G - Gruas Serrat","description":"Us presentem la m\u00e0quina VOLVO FM12-62 CON GRUA FALFINGER PK44002G Comptem amb diferents tipus de  per poder atendre les necessitats dels nostres clients.","robots":{"index":"index","follow":"follow","max-snippet":"max-snippet:-1","max-image-preview":"max-image-preview:large","max-video-preview":"max-video-preview:-1"},"canonical":"https:\/\/gruasserrat.com\/ca\/portfolio-item\/volvo-fm12-62-con-grua-falfinger-pk44002g\/","og_locale":"ca_ES","og_type":"article","og_title":"VOLVO FM12-62 CON GRUA FALFINGER PK44002G - Gruas Serrat","og_description":"Us presentem la m\u00e0quina VOLVO FM12-62 CON GRUA FALFINGER PK44002G Comptem amb diferents tipus de  per poder atendre les necessitats dels nostres clients.","og_url":"https:\/\/gruasserrat.com\/ca\/portfolio-item\/volvo-fm12-62-con-grua-falfinger-pk44002g\/","og_site_name":"Gruas Serrat","article_modified_time":"2020-08-17T10:22:01+00:00","og_image":[{"width":1030,"height":773,"url":"https:\/\/gruasserrat.com\/wp-content\/uploads\/2020\/08\/n1-9798DNV.jpg","type":"image\/jpeg"}],"twitter_card":"summary_large_image","twitter_misc":{"Temps estimat de lectura":"4 minuts"},"schema":{"@context":"https:\/\/schema.org","@graph":[{"@type":"WebPage","@id":"https:\/\/gruasserrat.com\/ca\/portfolio-item\/volvo-fm12-62-con-grua-falfinger-pk44002g\/","url":"https:\/\/gruasserrat.com\/ca\/portfolio-item\/volvo-fm12-62-con-grua-falfinger-pk44002g\/","name":"VOLVO FM12-62 CON GRUA FALFINGER PK44002G - Gruas Serrat","isPartOf":{"@id":"https:\/\/gruasserrat.com\/#website"},"primaryImageOfPage":{"@id":"https:\/\/gruasserrat.com\/ca\/portfolio-item\/volvo-fm12-62-con-grua-falfinger-pk44002g\/#primaryimage"},"image":{"@id":"https:\/\/gruasserrat.com\/ca\/portfolio-item\/volvo-fm12-62-con-grua-falfinger-pk44002g\/#primaryimage"},"thumbnailUrl":"https:\/\/gruasserrat.com\/wp-content\/uploads\/2020\/08\/n1-9798DNV.jpg","datePublished":"2020-08-17T10:10:08+00:00","dateModified":"2020-08-17T10:22:01+00:00","description":"Us presentem la m\u00e0quina VOLVO FM12-62 CON GRUA FALFINGER PK44002G Comptem amb diferents tipus de per poder atendre les necessitats dels nostres clients.","breadcrumb":{"@id":"https:\/\/gruasserrat.com\/ca\/portfolio-item\/volvo-fm12-62-con-grua-falfinger-pk44002g\/#breadcrumb"},"inLanguage":"ca","potentialAction":[{"@type":"ReadAction","target":["https:\/\/gruasserrat.com\/ca\/portfolio-item\/volvo-fm12-62-con-grua-falfinger-pk44002g\/"]}]},{"@type":"ImageObject","inLanguage":"ca","@id":"https:\/\/gruasserrat.com\/ca\/portfolio-item\/volvo-fm12-62-con-grua-falfinger-pk44002g\/#primaryimage","url":"https:\/\/gruasserrat.com\/wp-content\/uploads\/2020\/08\/n1-9798DNV.jpg","contentUrl":"https:\/\/gruasserrat.com\/wp-content\/uploads\/2020\/08\/n1-9798DNV.jpg","width":1030,"height":773,"caption":"CAMION PLUMA VOLVO FM12-62 PALFINGER PK44002G - GRUAS SERRAT"},{"@type":"BreadcrumbList","@id":"https:\/\/gruasserrat.com\/ca\/portfolio-item\/volvo-fm12-62-con-grua-falfinger-pk44002g\/#breadcrumb","itemListElement":[{"@type":"ListItem","position":1,"name":"Portada","item":"https:\/\/gruasserrat.com\/ca\/gruas-serrat\/"},{"@type":"ListItem","position":2,"name":"VOLVO FM12-62 CON GRUA FALFINGER PK44002G"}]},{"@type":"WebSite","@id":"https:\/\/gruasserrat.com\/#website","url":"https:\/\/gruasserrat.com\/","name":"Gruas Serrat","description":"Alquiler de gr\u00faas I Lloguer de grues","publisher":{"@id":"https:\/\/gruasserrat.com\/#organization"},"potentialAction":[{"@type":"SearchAction","target":{"@type":"EntryPoint","urlTemplate":"https:\/\/gruasserrat.com\/?s={search_term_string}"},"query-input":{"@type":"PropertyValueSpecification","valueRequired":true,"valueName":"search_term_string"}}],"inLanguage":"ca"},{"@type":"Organization","@id":"https:\/\/gruasserrat.com\/#organization","name":"Gruas Serrat","url":"https:\/\/gruasserrat.com\/","logo":{"@type":"ImageObject","inLanguage":"ca","@id":"https:\/\/gruasserrat.com\/#\/schema\/logo\/image\/","url":"https:\/\/gruasserrat.com\/wp-content\/uploads\/2019\/04\/logo-1-GS.png","contentUrl":"https:\/\/gruasserrat.com\/wp-content\/uploads\/2019\/04\/logo-1-GS.png","width":416,"height":148,"caption":"Gruas Serrat"},"image":{"@id":"https:\/\/gruasserrat.com\/#\/schema\/logo\/image\/"}}]}},"_links":{"self":[{"href":"https:\/\/gruasserrat.com\/ca\/wp-json\/wp\/v2\/portfolio\/2500","targetHints":{"allow":["GET"]}}],"collection":[{"href":"https:\/\/gruasserrat.com\/ca\/wp-json\/wp\/v2\/portfolio"}],"about":[{"href":"https:\/\/gruasserrat.com\/ca\/wp-json\/wp\/v2\/types\/portfolio"}],"author":[{"embeddable":true,"href":"https:\/\/gruasserrat.com\/ca\/wp-json\/wp\/v2\/users\/4"}],"replies":[{"embeddable":true,"href":"https:\/\/gruasserrat.com\/ca\/wp-json\/wp\/v2\/comments?post=2500"}],"version-history":[{"count":3,"href":"https:\/\/gruasserrat.com\/ca\/wp-json\/wp\/v2\/portfolio\/2500\/revisions"}],"predecessor-version":[{"id":2503,"href":"https:\/\/gruasserrat.com\/ca\/wp-json\/wp\/v2\/portfolio\/2500\/revisions\/2503"}],"wp:featuredmedia":[{"embeddable":true,"href":"https:\/\/gruasserrat.com\/ca\/wp-json\/wp\/v2\/media\/2494"}],"wp:attachment":[{"href":"https:\/\/gruasserrat.com\/ca\/wp-json\/wp\/v2\/media?parent=2500"}],"wp:term":[{"taxonomy":"post_tag","embeddable":true,"href":"https:\/\/gruasserrat.com\/ca\/wp-json\/wp\/v2\/tags?post=2500"},{"taxonomy":"portfolio_entries","embeddable":true,"href":"https:\/\/gruasserrat.com\/ca\/wp-json\/wp\/v2\/portfolio_entries?post=2500"}],"curies":[{"name":"wp","href":"https:\/\/api.w.org\/{rel}","templated":true}]}}