{"id":2723,"date":"2019-05-09T09:20:38","date_gmt":"2019-05-09T08:20:38","guid":{"rendered":"https:\/\/gruasserrat.com\/?post_type=portfolio&#038;p=2723"},"modified":"2021-07-16T12:51:31","modified_gmt":"2021-07-16T11:51:31","slug":"tadano-faun-atf-65g-4","status":"publish","type":"portfolio","link":"https:\/\/gruasserrat.com\/ca\/portfolio-item\/tadano-faun-atf-65g-4\/","title":{"rendered":"Tadano Faun ATF 65G-4"},"content":{"rendered":"\n<style type=\"text\/css\" data-created_by=\"avia_inline_auto\" id=\"style-css-av-kr6a5iek-c0fc7dda4f36465fe14ded90362533a8\">\n#top .av-special-heading.av-kr6a5iek-c0fc7dda4f36465fe14ded90362533a8{\npadding-bottom:10px;\n}\nbody .av-special-heading.av-kr6a5iek-c0fc7dda4f36465fe14ded90362533a8 .av-special-heading-tag .heading-char{\nfont-size:25px;\n}\n.av-special-heading.av-kr6a5iek-c0fc7dda4f36465fe14ded90362533a8 .av-subheading{\nfont-size:15px;\n}\n<\/style>\n<div  class='av-special-heading av-kr6a5iek-c0fc7dda4f36465fe14ded90362533a8 av-special-heading-h3 blockquote modern-quote  avia-builder-el-0  el_before_av_hr  avia-builder-el-first '><h3 class='av-special-heading-tag '  itemprop=\"headline\"  >Tadano Faun ATF 65G-4<\/h3><div class=\"special-heading-border\"><div class=\"special-heading-inner-border\"><\/div><\/div><\/div>\n\n<style type=\"text\/css\" data-created_by=\"avia_inline_auto\" id=\"style-css-av-3mhxj-acffa6ff4044a69b6aa2d64da6e033a8\">\n#top .hr.av-3mhxj-acffa6ff4044a69b6aa2d64da6e033a8{\nmargin-top:10px;\nmargin-bottom:10px;\n}\n.hr.av-3mhxj-acffa6ff4044a69b6aa2d64da6e033a8 .hr-inner{\nwidth:50px;\nborder-color:#efbb20;\n}\n<\/style>\n<div  class='hr av-3mhxj-acffa6ff4044a69b6aa2d64da6e033a8 hr-custom  avia-builder-el-1  el_after_av_heading  el_before_av_one_half  hr-left hr-icon-no'><span class='hr-inner inner-border-av-border-fat'><span class=\"hr-inner-style\"><\/span><\/span><\/div>\n\n<style type=\"text\/css\" data-created_by=\"avia_inline_auto\" id=\"style-css-av-14pltr-b2135857e1bdc2d032ac5be76142e9fe\">\n.flex_column.av-14pltr-b2135857e1bdc2d032ac5be76142e9fe{\nborder-radius:0px 0px 0px 0px;\npadding:0px 0px 0px 0px;\n}\n<\/style>\n<div  class='flex_column av-14pltr-b2135857e1bdc2d032ac5be76142e9fe av_one_half  avia-builder-el-2  el_after_av_hr  el_before_av_one_half  first flex_column_div av-zero-column-padding  '     ><p><div  class='avia-slideshow av-jvfaw4yl-81a652c0dc2fefc2211b29309c39b617 avia-slideshow-featured av_slideshow avia-slide-slider  avia-builder-el-3  el_before_av_video  avia-builder-el-first  av-slideshow-ui av-control-default av-slideshow-autoplay av-loop-endless av-loop-manual-endless av-default-height-applied avia-slideshow-1' data-slideshow-options=\"{&quot;animation&quot;:&quot;slide&quot;,&quot;autoplay&quot;:true,&quot;loop_autoplay&quot;:&quot;endless&quot;,&quot;interval&quot;:3,&quot;loop_manual&quot;:&quot;manual-endless&quot;,&quot;autoplay_stopper&quot;:false,&quot;noNavigation&quot;:false,&quot;bg_slider&quot;:false,&quot;keep_padding&quot;:false,&quot;hoverpause&quot;:false,&quot;show_slide_delay&quot;:0}\"  itemprop=\"image\" itemscope=\"itemscope\" itemtype=\"https:\/\/schema.org\/ImageObject\" ><ul class='avia-slideshow-inner ' style='padding-bottom: 41.747572815534%;'><li  class='avia-slideshow-slide av-jvfaw4yl-81a652c0dc2fefc2211b29309c39b617__0  slide-1 slide-odd'><div data-rel='slideshow-1' class='avia-slide-wrap '   ><img decoding=\"async\" fetchpriority=\"high\" class=\"wp-image-2724 avia-img-lazy-loading-not-2724\"  src=\"https:\/\/gruasserrat.com\/wp-content\/uploads\/2021\/07\/19-TADANO-FAUNAATF65G-GRUAS-SERRAT-SA-1030x430.jpg\" width=\"1030\" height=\"430\" title='19-TADANO FAUNAATF65G - GRUAS SERRAT SA' alt=''  itemprop=\"thumbnailUrl\"   \/><\/div><\/li><li  class='avia-slideshow-slide av-jvfaw4yl-81a652c0dc2fefc2211b29309c39b617__1  slide-2 slide-even'><div data-rel='slideshow-1' class='avia-slide-wrap '   ><img decoding=\"async\" fetchpriority=\"high\" class=\"wp-image-2726 avia-img-lazy-loading-not-2726\"  src=\"https:\/\/gruasserrat.com\/wp-content\/uploads\/2021\/07\/19-TADANO-FAUN-ATF65G-4-1-GRUAS-SERRAT-SA-1030x430.jpg\" width=\"1030\" height=\"430\" title='19-TADANO FAUN ATF65G-4 1-GRUAS SERRAT SA' alt=''  itemprop=\"thumbnailUrl\"   \/><\/div><\/li><\/ul><div class='avia-slideshow-arrows avia-slideshow-controls' ><a href='#prev' class='prev-slide ' aria-hidden='true' data-av_icon='\ue87c' data-av_iconfont='entypo-fontello'  tabindex='-1'>Anterior<\/a><a href='#next' class='next-slide ' aria-hidden='true' data-av_icon='\ue87d' data-av_iconfont='entypo-fontello'  tabindex='-1'>Seg\u00fcent<\/a><\/div><div class='avia-slideshow-dots avia-slideshow-controls'><a href='#1' class='goto-slide active' >1<\/a><a href='#2' class='goto-slide ' >2<\/a><\/div><\/div><br \/>\n<div  class='avia-video av-jvfb2s8j-65a0f6bd2a8405c8c38c6fcd11a44c70 avia-video-16-9 av-no-preview-image avia-video-load-always av-lazyload-immediate av-lazyload-video-embed'  itemprop=\"video\" itemtype=\"https:\/\/schema.org\/VideoObject\"  data-original_url='https:\/\/www.facebook.com\/LiebherrConstruction\/videos\/980141762185413\/'><script type='text\/html' class='av-video-tmpl'><a href=\"https:\/\/www.facebook.com\/LiebherrConstruction\/videos\/980141762185413\/\">https:\/\/www.facebook.com\/LiebherrConstruction\/videos\/980141762185413\/<\/a><\/script><div class='av-click-to-play-overlay'><div class=\"avia_playpause_icon\"><\/div><\/div><\/div><br \/>\n<div  class='avia-button-wrap avia-button-center  avia-builder-el-5  el_after_av_video  avia-builder-el-last '>\n<style type=\"text\/css\" data-created_by=\"avia_inline_auto\" id=\"style-css-av-jvfe9nhc-8ae4db8dcdb18eb730747352ab0b7df3\">\n#top #wrap_all .avia-button.av-jvfe9nhc-8ae4db8dcdb18eb730747352ab0b7df3{\ncolor:#ffffff;\ntransition:all 0.4s ease-in-out;\n}\n#top #wrap_all .avia-button.av-jvfe9nhc-8ae4db8dcdb18eb730747352ab0b7df3:hover{\ncolor:#ffffff;\ntransition:all 0.4s ease-in-out;\n}\n<\/style>\n<a href='https:\/\/gruasserrat.com\/wp-content\/uploads\/2021\/07\/ATF_65G-4_2010-2006_1-2.pdf' class='avia-color-theme-color avia-button avia-button-fullwidth av-jvfe9nhc-8ae4db8dcdb18eb730747352ab0b7df3 avia-icon_select-yes-left-icon avia-color-theme-color' target=\"_blank\" rel=\"noopener noreferrer\" aria-label=\" DESCARREGAR CAT\u00c0LEG\"><span class='avia_button_icon avia_button_icon_left' aria-hidden='true' data-av_icon='\ue82d' data-av_iconfont='entypo-fontello'><\/span><span class='avia_iconbox_title' > DESCARREGAR CAT\u00c0LEG<\/span><span class='avia_button_background avia-button avia-button-fullwidth avia-color-theme-color'><\/span><\/a><\/div><\/p><\/div>\n\n<style type=\"text\/css\" data-created_by=\"avia_inline_auto\" id=\"style-css-av-bu7m7-0a4ca9435aaf0bc69b7311f7a2b143db\">\n.flex_column.av-bu7m7-0a4ca9435aaf0bc69b7311f7a2b143db{\nborder-radius:0px 0px 0px 0px;\npadding:0px 0px 0px 0px;\n}\n<\/style>\n<div  class='flex_column av-bu7m7-0a4ca9435aaf0bc69b7311f7a2b143db av_one_half  avia-builder-el-6  el_after_av_one_half  el_before_av_section  avia-builder-el-last  flex_column_div av-zero-column-padding  '     ><section  class='av_textblock_section av-jvfas1eu-65c25fe1d6850ab84cdde868a035c547 '   itemscope=\"itemscope\" itemtype=\"https:\/\/schema.org\/CreativeWork\" ><div class='avia_textblock'  itemprop=\"text\" ><p>CARACTER\u00cdSTICAS<\/p>\n<table>\n<tbody>\n<tr>\n<td width=\"192\"><strong>Carrega m\u00e0xima<\/strong><\/td>\n<td width=\"192\">65.000 Kg<\/td>\n<\/tr>\n<tr>\n<td width=\"192\"><strong>Ploma telesc\u00f3pica<\/strong><\/td>\n<td width=\"192\">44 m<\/td>\n<\/tr>\n<tr>\n<td width=\"192\"><strong>Plom\u00ed fix<\/strong><\/td>\n<td width=\"192\">16 m<\/td>\n<\/tr>\n<tr>\n<td width=\"192\"><strong>Pes per eix<\/strong><\/td>\n<td width=\"192\">12 tn x 4<\/td>\n<\/tr>\n<tr>\n<td width=\"192\"><strong>Pes total<\/strong><\/td>\n<td width=\"192\">48 tn<\/td>\n<\/tr>\n<\/tbody>\n<\/table>\n<p>DIMENSIONS<\/p>\n<table>\n<tbody>\n<tr>\n<td width=\"288\"><strong>Altura<\/strong><\/td>\n<td width=\"288\">3,79 m<\/td>\n<\/tr>\n<tr>\n<td width=\"288\"><strong>V\u00eda<\/strong><\/td>\n<td width=\"288\">2,55 m<\/td>\n<\/tr>\n<tr>\n<td width=\"288\"><strong>Longitud<\/strong><\/td>\n<td width=\"288\">12,38 m<\/td>\n<\/tr>\n<\/tbody>\n<\/table>\n<\/div><\/section><\/div>\n<\/div><\/div><\/div><!-- close content main div --><\/div><\/div>\n<style type=\"text\/css\" data-created_by=\"avia_inline_auto\" id=\"style-css-av-jvfb9b4i-a57306b488081f756b67f305f0155cf7\">\n.avia-section.av-jvfb9b4i-a57306b488081f756b67f305f0155cf7 .av-parallax .av-parallax-inner{\nbackground-color:#efbb20;\nbackground-image:url(https:\/\/gruasserrat.com\/wp-content\/uploads\/2015\/10\/house-wire-model-fade-white.png);\nbackground-repeat:no-repeat;\nbackground-position:0% 0%;\nbackground-attachment:scroll;\n}\n<\/style>\n<div id='av_section_1'  class='avia-section av-jvfb9b4i-a57306b488081f756b67f305f0155cf7 main_color avia-section-default avia-no-border-styling  avia-builder-el-8  el_after_av_one_half  avia-builder-el-last  av-parallax-section avia-bg-style-parallax container_wrap sidebar_right'  data-section-bg-repeat='no-repeat'><div class='av-parallax' data-avia-parallax-ratio='0.3' ><div class='av-parallax-inner main_color avia-full-stretch'><\/div><\/div><div class='container av-section-cont-open' ><div class='template-page content  av-content-small alpha units'><div class='post-entry post-entry-type-page post-entry-2723'><div class='entry-content-wrapper clearfix'>\n\n<style type=\"text\/css\" data-created_by=\"avia_inline_auto\" id=\"style-css-av-368a83-2292eef95a521d4c14145bd9502ad56f\">\n#top .av-special-heading.av-368a83-2292eef95a521d4c14145bd9502ad56f{\npadding-bottom:10px;\n}\nbody .av-special-heading.av-368a83-2292eef95a521d4c14145bd9502ad56f .av-special-heading-tag .heading-char{\nfont-size:25px;\n}\n.av-special-heading.av-368a83-2292eef95a521d4c14145bd9502ad56f .av-subheading{\nfont-size:15px;\n}\n<\/style>\n<div  class='av-special-heading av-368a83-2292eef95a521d4c14145bd9502ad56f av-special-heading-h3  avia-builder-el-9  el_before_av_portfolio  avia-builder-el-no-sibling '><h3 class='av-special-heading-tag '  itemprop=\"headline\"  >OTRAS M\u00c1QUINAS<\/h3><div class=\"special-heading-border\"><div class=\"special-heading-inner-border\"><\/div><\/div><\/div>\n<div  id=\"av-sc-portfolio-1\"  class=\"av-portfolio-grid-sorting-container\"><div class='sort_width_container  av-sort-yes' data-portfolio-id='1' ><div id='js_sort_items' ><div class='sort_by_cat '><a href=\"#\" data-filter=\"all_sort\" class=\"all_sort_button active_sort\"><span class=\"inner_sort_button\"><span>All<\/span><small class=\"av-cat-count\"> 16 <\/small><\/span><\/a><span class=\"text-sep actuacions-simboliques_sort_sep\">\/<\/span><a href=\"#\" data-filter=\"actuacions-simboliques_sort\" class=\"actuacions-simboliques_sort_button\" ><span class=\"inner_sort_button\"><span>Actuacions Simb\u00f2liques<\/span><small class=\"av-cat-count\"> 2 <\/small><\/span><\/a><span class=\"text-sep camions-i-trailes-ploma_sort_sep\">\/<\/span><a href=\"#\" data-filter=\"camions-i-trailes-ploma_sort\" class=\"camions-i-trailes-ploma_sort_button\" ><span class=\"inner_sort_button\"><span>Camions i Tr\u00e0iles Ploma<\/span><small class=\"av-cat-count\"> 2 <\/small><\/span><\/a><span class=\"text-sep edificis-singulars_sort_sep\">\/<\/span><a href=\"#\" data-filter=\"edificis-singulars_sort\" class=\"edificis-singulars_sort_button\" ><span class=\"inner_sort_button\"><span>Edificis Singulars<\/span><small class=\"av-cat-count\"> 2 <\/small><\/span><\/a><span class=\"text-sep eolic_sort_sep\">\/<\/span><a href=\"#\" data-filter=\"eolic_sort\" class=\"eolic_sort_button\" ><span class=\"inner_sort_button\"><span>E\u00f2lic<\/span><small class=\"av-cat-count\"> 1 <\/small><\/span><\/a><span class=\"text-sep grues-especials-ca_sort_sep\">\/<\/span><a href=\"#\" data-filter=\"grues-especials-ca_sort\" class=\"grues-especials-ca_sort_button\" ><span class=\"inner_sort_button\"><span>Grues Especials<\/span><small class=\"av-cat-count\"> 2 <\/small><\/span><\/a><span class=\"text-sep grues-mobils_sort_sep\">\/<\/span><a href=\"#\" data-filter=\"grues-mobils_sort\" class=\"grues-mobils_sort_button\" ><span class=\"inner_sort_button\"><span>Grues M\u00f2bils<\/span><small class=\"av-cat-count\"> 3 <\/small><\/span><\/a><span class=\"text-sep industria-ca_sort_sep\">\/<\/span><a href=\"#\" data-filter=\"industria-ca_sort\" class=\"industria-ca_sort_button\" ><span class=\"inner_sort_button\"><span>Ind\u00fastria<\/span><small class=\"av-cat-count\"> 2 <\/small><\/span><\/a><span class=\"text-sep obra-civil-ca_sort_sep\">\/<\/span><a href=\"#\" data-filter=\"obra-civil-ca_sort\" class=\"obra-civil-ca_sort_button\" ><span class=\"inner_sort_button\"><span>Obra Civil<\/span><small class=\"av-cat-count\"> 1 <\/small><\/span><\/a><\/div><\/div><\/div><div  class=' grid-sort-container isotope   no_margin-container with-title-container grid-total-even grid-col-4 grid-links-' data-portfolio-id='1'><div data-ajax-id='3164' class=' grid-entry flex_column isotope-item all_sort no_margin post-entry post-entry-3164 grid-entry-overview grid-loop-1 grid-parity-odd  grues-especials-ca_sort  av_one_fourth first default_av_fullwidth '><article class='main_color inner-entry'  itemscope=\"itemscope\" itemtype=\"https:\/\/schema.org\/CreativeWork\" ><a href=\"https:\/\/gruasserrat.com\/ca\/portfolio-item\/mini-grua-spx532\/\" title='Mini Grua SPX532'  data-rel='grid-1' class='grid-image avia-hover-fx'> <img decoding=\"async\" fetchpriority=\"high\" width=\"260\" height=\"185\" src=\"https:\/\/gruasserrat.com\/wp-content\/uploads\/2024\/10\/jekko-SPX532-260x185.jpeg\" class=\"wp-image-3165 avia-img-lazy-loading-not-3165 attachment-portfolio_small size-portfolio_small wp-post-image\" alt=\"\" \/><\/a><div class='grid-content'><div class='avia-arrow'><\/div><header class=\"entry-content-header\" aria-label=\"Portfolio: Mini Grua SPX532\"><h3 class='grid-entry-title entry-title '  itemprop=\"headline\" ><a href='https:\/\/gruasserrat.com\/ca\/portfolio-item\/mini-grua-spx532\/' title='Mini Grua SPX532'>Mini Grua SPX532<\/a><\/h3><\/header><\/div><footer class=\"entry-footer\"><\/footer><\/article><\/div><div data-ajax-id='2887' class=' grid-entry flex_column isotope-item all_sort no_margin post-entry post-entry-2887 grid-entry-overview grid-loop-2 grid-parity-even   av_one_fourth  default_av_fullwidth '><article class='main_color inner-entry'  itemscope=\"itemscope\" itemtype=\"https:\/\/schema.org\/CreativeWork\" ><a href=\"https:\/\/gruasserrat.com\/ca\/portfolio-item\/tadano-faun-atf130g-5\/\" title='Tadano Faun ATF130G-5'  data-rel='grid-1' class='grid-image avia-hover-fx'> <img decoding=\"async\" fetchpriority=\"high\" width=\"260\" height=\"185\" src=\"https:\/\/gruasserrat.com\/wp-content\/uploads\/2022\/05\/TadanoFaun-ATF130G-5-GSERRAT-1-260x185.jpeg\" class=\"wp-image-2898 avia-img-lazy-loading-not-2898 attachment-portfolio_small size-portfolio_small wp-post-image\" alt=\"\" \/><\/a><div class='grid-content'><div class='avia-arrow'><\/div><header class=\"entry-content-header\" aria-label=\"Portfolio: Tadano Faun ATF130G-5\"><h3 class='grid-entry-title entry-title '  itemprop=\"headline\" ><a href='https:\/\/gruasserrat.com\/ca\/portfolio-item\/tadano-faun-atf130g-5\/' title='Tadano Faun ATF130G-5'>Tadano Faun ATF130G-5<\/a><\/h3><\/header><\/div><footer class=\"entry-footer\"><\/footer><\/article><\/div><div data-ajax-id='2833' class=' grid-entry flex_column isotope-item all_sort no_margin post-entry post-entry-2833 grid-entry-overview grid-loop-3 grid-parity-odd  grues-especials-ca_sort  av_one_fourth  default_av_fullwidth '><article class='main_color inner-entry'  itemscope=\"itemscope\" itemtype=\"https:\/\/schema.org\/CreativeWork\" ><a href=\"https:\/\/gruasserrat.com\/ca\/portfolio-item\/mk-140\/\" title='Liebherr MK 140 Plus &#8211; Grua de construcci\u00f3 m\u00f2bil'  data-rel='grid-1' class='grid-image avia-hover-fx'> <img decoding=\"async\" fetchpriority=\"high\" width=\"260\" height=\"185\" src=\"https:\/\/gruasserrat.com\/wp-content\/uploads\/2022\/03\/GRUA-MK-140-GSERRAT-13-260x185.jpg\" class=\"wp-image-2812 avia-img-lazy-loading-not-2812 attachment-portfolio_small size-portfolio_small wp-post-image\" alt=\"GRUA MK140 PLUS - GRUAS SERRAT SAU\" \/><\/a><div class='grid-content'><div class='avia-arrow'><\/div><header class=\"entry-content-header\" aria-label=\"Portfolio: Liebherr MK 140 Plus &#8211; Grua de construcci\u00f3 m\u00f2bil\"><h3 class='grid-entry-title entry-title '  itemprop=\"headline\" ><a href='https:\/\/gruasserrat.com\/ca\/portfolio-item\/mk-140\/' title='Liebherr MK 140 Plus &#8211; Grua de construcci\u00f3 m\u00f2bil'>Liebherr MK 140 Plus &#8211; Grua de construcci\u00f3 m\u00f2bil<\/a><\/h3><\/header><\/div><footer class=\"entry-footer\"><\/footer><\/article><\/div><div data-ajax-id='2798' class=' grid-entry flex_column isotope-item all_sort no_margin post-entry post-entry-2798 grid-entry-overview grid-loop-4 grid-parity-even  obra-civil-ca_sort  av_one_fourth  default_av_fullwidth '><article class='main_color inner-entry'  itemscope=\"itemscope\" itemtype=\"https:\/\/schema.org\/CreativeWork\" ><a href=\"https:\/\/gruasserrat.com\/ca\/portfolio-item\/colocacion-de-pasarela-en-la-vall-de-bianya\/\" title='Col\u00b7locaci\u00f3 de pasarel\u00b7la a la Vall de Bianya'  data-rel='grid-1' class='grid-image avia-hover-fx'> <img decoding=\"async\" fetchpriority=\"high\" width=\"260\" height=\"185\" src=\"https:\/\/gruasserrat.com\/wp-content\/uploads\/2021\/08\/3-La-Vall-de-Bianya-pasarela-Gruas-Serrat-260x185.jpeg\" class=\"wp-image-2783 avia-img-lazy-loading-not-2783 attachment-portfolio_small size-portfolio_small wp-post-image\" alt=\"\" \/><\/a><div class='grid-content'><div class='avia-arrow'><\/div><header class=\"entry-content-header\" aria-label=\"Portfolio: Col\u00b7locaci\u00f3 de pasarel\u00b7la a la Vall de Bianya\"><h3 class='grid-entry-title entry-title '  itemprop=\"headline\" ><a href='https:\/\/gruasserrat.com\/ca\/portfolio-item\/colocacion-de-pasarela-en-la-vall-de-bianya\/' title='Col\u00b7locaci\u00f3 de pasarel\u00b7la a la Vall de Bianya'>Col\u00b7locaci\u00f3 de pasarel\u00b7la a la Vall de Bianya<\/a><\/h3><\/header><\/div><footer class=\"entry-footer\"><\/footer><\/article><\/div><div data-ajax-id='2709' class=' grid-entry flex_column isotope-item all_sort no_margin post-entry post-entry-2709 grid-entry-overview grid-loop-5 grid-parity-odd  edificis-singulars_sort  av_one_fourth first default_av_fullwidth '><article class='main_color inner-entry'  itemscope=\"itemscope\" itemtype=\"https:\/\/schema.org\/CreativeWork\" ><a href=\"https:\/\/gruasserrat.com\/ca\/portfolio-item\/cupula-del-magic-badalona\/\" title='C\u00fapula del Magic Badalona'  data-rel='grid-1' class='grid-image avia-hover-fx'> <img decoding=\"async\" fetchpriority=\"high\" width=\"260\" height=\"185\" src=\"https:\/\/gruasserrat.com\/wp-content\/uploads\/2021\/06\/GSerrat-magic-Badalona-AC500-8-FD-260x185.jpg\" class=\"wp-image-2705 avia-img-lazy-loading-not-2705 attachment-portfolio_small size-portfolio_small wp-post-image\" alt=\"GSerrat - magic Badalona - AC500 -2008\" \/><\/a><div class='grid-content'><div class='avia-arrow'><\/div><header class=\"entry-content-header\" aria-label=\"Portfolio: C\u00fapula del Magic Badalona\"><h3 class='grid-entry-title entry-title '  itemprop=\"headline\" ><a href='https:\/\/gruasserrat.com\/ca\/portfolio-item\/cupula-del-magic-badalona\/' title='C\u00fapula del Magic Badalona'>C\u00fapula del Magic Badalona<\/a><\/h3><\/header><\/div><footer class=\"entry-footer\"><\/footer><\/article><\/div><div data-ajax-id='2657' class=' grid-entry flex_column isotope-item all_sort no_margin post-entry post-entry-2657 grid-entry-overview grid-loop-6 grid-parity-even  industria-ca_sort  av_one_fourth  default_av_fullwidth '><article class='main_color inner-entry'  itemscope=\"itemscope\" itemtype=\"https:\/\/schema.org\/CreativeWork\" ><a href=\"https:\/\/gruasserrat.com\/ca\/portfolio-item\/cambio-equipo-de-climatizacion\/\" title='Canvi d&#8217;un equip de climatitzaci\u00f3 a BCN'  data-rel='grid-1' class='grid-image avia-hover-fx'> <img decoding=\"async\" fetchpriority=\"high\" width=\"260\" height=\"185\" src=\"https:\/\/gruasserrat.com\/wp-content\/uploads\/2021\/04\/foto-destacada1-260x185.jpeg\" class=\"wp-image-2654 avia-img-lazy-loading-not-2654 attachment-portfolio_small size-portfolio_small wp-post-image\" alt=\"\" \/><\/a><div class='grid-content'><div class='avia-arrow'><\/div><header class=\"entry-content-header\" aria-label=\"Portfolio: Canvi d&#8217;un equip de climatitzaci\u00f3 a BCN\"><h3 class='grid-entry-title entry-title '  itemprop=\"headline\" ><a href='https:\/\/gruasserrat.com\/ca\/portfolio-item\/cambio-equipo-de-climatizacion\/' title='Canvi d&#8217;un equip de climatitzaci\u00f3 a BCN'>Canvi d&#8217;un equip de climatitzaci\u00f3 a BCN<\/a><\/h3><\/header><\/div><footer class=\"entry-footer\"><\/footer><\/article><\/div><div data-ajax-id='2611' class=' grid-entry flex_column isotope-item all_sort no_margin post-entry post-entry-2611 grid-entry-overview grid-loop-7 grid-parity-odd  actuacions-simboliques_sort  av_one_fourth  default_av_fullwidth '><article class='main_color inner-entry'  itemscope=\"itemscope\" itemtype=\"https:\/\/schema.org\/CreativeWork\" ><a href=\"https:\/\/gruasserrat.com\/ca\/portfolio-item\/nou-heliport-a-lhospital-vall-dhebron\/\" title='Nou Heliport a l&#8217;Hospital Vall d&#8217;Hebron'  data-rel='grid-1' class='grid-image avia-hover-fx'> <img decoding=\"async\" fetchpriority=\"high\" width=\"260\" height=\"185\" src=\"https:\/\/gruasserrat.com\/wp-content\/uploads\/2021\/04\/Gruas-Serrat-Heliport-Hospital-Vall-dHebron-BCN-1-260x185.jpg\" class=\"wp-image-2630 avia-img-lazy-loading-not-2630 attachment-portfolio_small size-portfolio_small wp-post-image\" alt=\"\" \/><\/a><div class='grid-content'><div class='avia-arrow'><\/div><header class=\"entry-content-header\" aria-label=\"Portfolio: Nou Heliport a l&#8217;Hospital Vall d&#8217;Hebron\"><h3 class='grid-entry-title entry-title '  itemprop=\"headline\" ><a href='https:\/\/gruasserrat.com\/ca\/portfolio-item\/nou-heliport-a-lhospital-vall-dhebron\/' title='Nou Heliport a l&#8217;Hospital Vall d&#8217;Hebron'>Nou Heliport a l&#8217;Hospital Vall d&#8217;Hebron<\/a><\/h3><\/header><\/div><footer class=\"entry-footer\"><\/footer><\/article><\/div><div data-ajax-id='2605' class=' grid-entry flex_column isotope-item all_sort no_margin post-entry post-entry-2605 grid-entry-overview grid-loop-8 grid-parity-even  edificis-singulars_sort  av_one_fourth  default_av_fullwidth '><article class='main_color inner-entry'  itemscope=\"itemscope\" itemtype=\"https:\/\/schema.org\/CreativeWork\" ><a href=\"https:\/\/gruasserrat.com\/ca\/portfolio-item\/actuacion-en-las-cases-dels-canonges\/\" title='Actuaci\u00f3 a les &#8220;Cases dels Canonges&#8221;'  data-rel='grid-1' class='grid-image avia-hover-fx'> <img decoding=\"async\" fetchpriority=\"high\" width=\"260\" height=\"185\" src=\"https:\/\/gruasserrat.com\/wp-content\/uploads\/2021\/04\/Palau-GenCAt-4-260x185.jpg\" class=\"wp-image-2595 avia-img-lazy-loading-not-2595 attachment-portfolio_small size-portfolio_small wp-post-image\" alt=\"\" \/><\/a><div class='grid-content'><div class='avia-arrow'><\/div><header class=\"entry-content-header\" aria-label=\"Portfolio: Actuaci\u00f3 a les &#8220;Cases dels Canonges&#8221;\"><h3 class='grid-entry-title entry-title '  itemprop=\"headline\" ><a href='https:\/\/gruasserrat.com\/ca\/portfolio-item\/actuacion-en-las-cases-dels-canonges\/' title='Actuaci\u00f3 a les &#8220;Cases dels Canonges&#8221;'>Actuaci\u00f3 a les &#8220;Cases dels Canonges&#8221;<\/a><\/h3><\/header><\/div><footer class=\"entry-footer\"><\/footer><\/article><\/div><div data-ajax-id='2500' class=' grid-entry flex_column isotope-item all_sort no_margin post-entry post-entry-2500 grid-entry-overview grid-loop-9 grid-parity-odd  camions-i-trailes-ploma_sort  av_one_fourth first default_av_fullwidth '><article class='main_color inner-entry'  itemscope=\"itemscope\" itemtype=\"https:\/\/schema.org\/CreativeWork\" ><a href=\"https:\/\/gruasserrat.com\/ca\/portfolio-item\/volvo-fm12-62-con-grua-falfinger-pk44002g\/\" title='VOLVO FM12-62 CON GRUA FALFINGER PK44002G'  data-rel='grid-1' class='grid-image avia-hover-fx'> <img decoding=\"async\" fetchpriority=\"high\" width=\"260\" height=\"185\" src=\"https:\/\/gruasserrat.com\/wp-content\/uploads\/2020\/08\/n1-9798DNV-260x185.jpg\" class=\"wp-image-2494 avia-img-lazy-loading-not-2494 attachment-portfolio_small size-portfolio_small wp-post-image\" alt=\"CAMION PLUMA VOLVO FM12-62 PALFINGER PK44002G  - GRUAS SERRAT\" \/><\/a><div class='grid-content'><div class='avia-arrow'><\/div><header class=\"entry-content-header\" aria-label=\"Portfolio: VOLVO FM12-62 CON GRUA FALFINGER PK44002G\"><h3 class='grid-entry-title entry-title '  itemprop=\"headline\" ><a href='https:\/\/gruasserrat.com\/ca\/portfolio-item\/volvo-fm12-62-con-grua-falfinger-pk44002g\/' title='VOLVO FM12-62 CON GRUA FALFINGER PK44002G'>VOLVO FM12-62 CON GRUA FALFINGER PK44002G<\/a><\/h3><\/header><\/div><footer class=\"entry-footer\"><\/footer><\/article><\/div><div data-ajax-id='2482' class=' grid-entry flex_column isotope-item all_sort no_margin post-entry post-entry-2482 grid-entry-overview grid-loop-10 grid-parity-even  camions-i-trailes-ploma_sort  av_one_fourth  default_av_fullwidth '><article class='main_color inner-entry'  itemscope=\"itemscope\" itemtype=\"https:\/\/schema.org\/CreativeWork\" ><a href=\"https:\/\/gruasserrat.com\/ca\/portfolio-item\/iveco-ml180e24-fassif215\/\" title='IVECO ML180E24-FASSIF215'  data-rel='grid-1' class='grid-image avia-hover-fx'> <img decoding=\"async\" fetchpriority=\"high\" width=\"260\" height=\"185\" src=\"https:\/\/gruasserrat.com\/wp-content\/uploads\/2020\/08\/n30-9381DVZ-260x185.jpg\" class=\"wp-image-2477 avia-img-lazy-loading-not-2477 attachment-portfolio_small size-portfolio_small wp-post-image\" alt=\"30-IVECO ML180E24 \u2013 FASSI F215\" \/><\/a><div class='grid-content'><div class='avia-arrow'><\/div><header class=\"entry-content-header\" aria-label=\"Portfolio: IVECO ML180E24-FASSIF215\"><h3 class='grid-entry-title entry-title '  itemprop=\"headline\" ><a href='https:\/\/gruasserrat.com\/ca\/portfolio-item\/iveco-ml180e24-fassif215\/' title='IVECO ML180E24-FASSIF215'>IVECO ML180E24-FASSIF215<\/a><\/h3><\/header><\/div><footer class=\"entry-footer\"><\/footer><\/article><\/div><div data-ajax-id='2344' class=' grid-entry flex_column isotope-item all_sort no_margin post-entry post-entry-2344 grid-entry-overview grid-loop-11 grid-parity-odd  grues-mobils_sort  av_one_fourth  default_av_fullwidth '><article class='main_color inner-entry'  itemscope=\"itemscope\" itemtype=\"https:\/\/schema.org\/CreativeWork\" ><a href=\"https:\/\/gruasserrat.com\/ca\/portfolio-item\/liebherr-ltm1500-8-1\/\" title='Liebherr LTM1500-8.1'  data-rel='grid-1' class='grid-image avia-hover-fx'> <img decoding=\"async\" fetchpriority=\"high\" width=\"260\" height=\"185\" src=\"https:\/\/gruasserrat.com\/wp-content\/uploads\/2020\/06\/ltm1500-8.1-2-GSerrat-260x185.jpg\" class=\"wp-image-2322 avia-img-lazy-loading-not-2322 attachment-portfolio_small size-portfolio_small wp-post-image\" alt=\"GSerrat-LTM1500-8.1\" \/><\/a><div class='grid-content'><div class='avia-arrow'><\/div><header class=\"entry-content-header\" aria-label=\"Portfolio: Liebherr LTM1500-8.1\"><h3 class='grid-entry-title entry-title '  itemprop=\"headline\" ><a href='https:\/\/gruasserrat.com\/ca\/portfolio-item\/liebherr-ltm1500-8-1\/' title='Liebherr LTM1500-8.1'>Liebherr LTM1500-8.1<\/a><\/h3><\/header><\/div><footer class=\"entry-footer\"><\/footer><\/article><\/div><div data-ajax-id='2337' class=' grid-entry flex_column isotope-item all_sort no_margin post-entry post-entry-2337 grid-entry-overview grid-loop-12 grid-parity-even  grues-mobils_sort  av_one_fourth  default_av_fullwidth '><article class='main_color inner-entry'  itemscope=\"itemscope\" itemtype=\"https:\/\/schema.org\/CreativeWork\" ><a href=\"https:\/\/gruasserrat.com\/ca\/portfolio-item\/liebherr-ltm1300-6-2\/\" title='Liebherr LTM1300-6.2'  data-rel='grid-1' class='grid-image avia-hover-fx'> <img decoding=\"async\" fetchpriority=\"high\" width=\"260\" height=\"185\" src=\"https:\/\/gruasserrat.com\/wp-content\/uploads\/2019\/11\/LTM1300-1-1030x773-260x185.jpg\" class=\"wp-image-2028 avia-img-lazy-loading-not-2028 attachment-portfolio_small size-portfolio_small wp-post-image\" alt=\"Gruas Serrat - LTM1300-6\" \/><\/a><div class='grid-content'><div class='avia-arrow'><\/div><header class=\"entry-content-header\" aria-label=\"Portfolio: Liebherr LTM1300-6.2\"><h3 class='grid-entry-title entry-title '  itemprop=\"headline\" ><a href='https:\/\/gruasserrat.com\/ca\/portfolio-item\/liebherr-ltm1300-6-2\/' title='Liebherr LTM1300-6.2'>Liebherr LTM1300-6.2<\/a><\/h3><\/header><\/div><footer class=\"entry-footer\"><\/footer><\/article><\/div><div data-ajax-id='2331' class=' grid-entry flex_column isotope-item all_sort no_margin post-entry post-entry-2331 grid-entry-overview grid-loop-13 grid-parity-odd  grues-mobils_sort  av_one_fourth first default_av_fullwidth '><article class='main_color inner-entry'  itemscope=\"itemscope\" itemtype=\"https:\/\/schema.org\/CreativeWork\" ><a href=\"https:\/\/gruasserrat.com\/ca\/portfolio-item\/liebherr-ltm1130-5-1\/\" title='Liebherr LTM1130-5.1'  data-rel='grid-1' class='grid-image avia-hover-fx'> <img decoding=\"async\" fetchpriority=\"high\" width=\"260\" height=\"185\" src=\"https:\/\/gruasserrat.com\/wp-content\/uploads\/2019\/11\/LTM-1130-260x185.jpg\" class=\"wp-image-2049 avia-img-lazy-loading-not-2049 attachment-portfolio_small size-portfolio_small wp-post-image\" alt=\"Gruas Serrat - Liebherr LTM1130-5.1 \u20accodrive - \u20accomode\" \/><\/a><div class='grid-content'><div class='avia-arrow'><\/div><header class=\"entry-content-header\" aria-label=\"Portfolio: Liebherr LTM1130-5.1\"><h3 class='grid-entry-title entry-title '  itemprop=\"headline\" ><a href='https:\/\/gruasserrat.com\/ca\/portfolio-item\/liebherr-ltm1130-5-1\/' title='Liebherr LTM1130-5.1'>Liebherr LTM1130-5.1<\/a><\/h3><\/header><\/div><footer class=\"entry-footer\"><\/footer><\/article><\/div><div data-ajax-id='1633' class=' grid-entry flex_column isotope-item all_sort no_margin post-entry post-entry-1633 grid-entry-overview grid-loop-14 grid-parity-even  actuacions-simboliques_sort  av_one_fourth  default_av_fullwidth '><article class='main_color inner-entry'  itemscope=\"itemscope\" itemtype=\"https:\/\/schema.org\/CreativeWork\" ><a href=\"https:\/\/gruasserrat.com\/ca\/portfolio-item\/manteniment-creuers-port-barcelona\/\" title='Manteniment Creuers al port de Barcelona'  data-rel='grid-1' class='grid-image avia-hover-fx'> <img decoding=\"async\" fetchpriority=\"high\" width=\"260\" height=\"185\" src=\"https:\/\/gruasserrat.com\/wp-content\/uploads\/2019\/11\/Creuer-al-Port-de-BCN-1-GSerrat-1200x900-260x185.jpg\" class=\"wp-image-1612 avia-img-lazy-loading-not-1612 attachment-portfolio_small size-portfolio_small wp-post-image\" alt=\"\" \/><\/a><div class='grid-content'><div class='avia-arrow'><\/div><header class=\"entry-content-header\" aria-label=\"Portfolio: Manteniment Creuers al port de Barcelona\"><h3 class='grid-entry-title entry-title '  itemprop=\"headline\" ><a href='https:\/\/gruasserrat.com\/ca\/portfolio-item\/manteniment-creuers-port-barcelona\/' title='Manteniment Creuers al port de Barcelona'>Manteniment Creuers al port de Barcelona<\/a><\/h3><\/header><\/div><footer class=\"entry-footer\"><\/footer><\/article><\/div><div data-ajax-id='1640' class=' grid-entry flex_column isotope-item all_sort no_margin post-entry post-entry-1640 grid-entry-overview grid-loop-15 grid-parity-odd  eolic_sort  av_one_fourth  default_av_fullwidth '><article class='main_color inner-entry'  itemscope=\"itemscope\" itemtype=\"https:\/\/schema.org\/CreativeWork\" ><a href=\"https:\/\/gruasserrat.com\/ca\/portfolio-item\/muntatge-molins-rubio\/\" title='Muntatge Molins a Rubi\u00f3'  data-rel='grid-1' class='grid-image avia-hover-fx'> <img decoding=\"async\" fetchpriority=\"high\" width=\"260\" height=\"185\" src=\"https:\/\/gruasserrat.com\/wp-content\/uploads\/2019\/09\/Parque-eolico-Rubio-montaje-molinos-260x185.jpg\" class=\"wp-image-1602 avia-img-lazy-loading-not-1602 attachment-portfolio_small size-portfolio_small wp-post-image\" alt=\"\" \/><\/a><div class='grid-content'><div class='avia-arrow'><\/div><header class=\"entry-content-header\" aria-label=\"Portfolio: Muntatge Molins a Rubi\u00f3\"><h3 class='grid-entry-title entry-title '  itemprop=\"headline\" ><a href='https:\/\/gruasserrat.com\/ca\/portfolio-item\/muntatge-molins-rubio\/' title='Muntatge Molins a Rubi\u00f3'>Muntatge Molins a Rubi\u00f3<\/a><\/h3><\/header><\/div><footer class=\"entry-footer\"><\/footer><\/article><\/div><div data-ajax-id='1646' class=' grid-entry flex_column isotope-item all_sort no_margin post-entry post-entry-1646 grid-entry-overview grid-loop-16 grid-parity-even  post-entry-last  industria-ca_sort  av_one_fourth  default_av_fullwidth '><article class='main_color inner-entry'  itemscope=\"itemscope\" itemtype=\"https:\/\/schema.org\/CreativeWork\" ><a href=\"https:\/\/gruasserrat.com\/ca\/portfolio-item\/recanvi-compressor-penedes\/\" title='Recanvi compressor al Pened\u00e9s'  data-rel='grid-1' class='grid-image avia-hover-fx'> <img decoding=\"async\" fetchpriority=\"high\" width=\"260\" height=\"185\" src=\"https:\/\/gruasserrat.com\/wp-content\/uploads\/2019\/09\/20180616_114204-260x185.jpg\" class=\"wp-image-1587 avia-img-lazy-loading-not-1587 attachment-portfolio_small size-portfolio_small wp-post-image\" alt=\"\" \/><\/a><div class='grid-content'><div class='avia-arrow'><\/div><header class=\"entry-content-header\" aria-label=\"Portfolio: Recanvi compressor al Pened\u00e9s\"><h3 class='grid-entry-title entry-title '  itemprop=\"headline\" ><a href='https:\/\/gruasserrat.com\/ca\/portfolio-item\/recanvi-compressor-penedes\/' title='Recanvi compressor al Pened\u00e9s'>Recanvi compressor al Pened\u00e9s<\/a><\/h3><\/header><\/div><footer class=\"entry-footer\"><\/footer><\/article><\/div><\/div><\/div>   <!--   class=\"av-portfolio-grid-sorting-container\"  --><div class='pagination-wrap  '><nav class='pagination'><span class='pagination-meta'>P\u00e0gina 1 de 3<\/span><span class='current'>1<\/span><a href='https:\/\/gruasserrat.com\/ca\/wp-json\/wp\/v2\/portfolio\/2723\/?avia-element-paging=2' class='inactive next_page' >2<\/a><a href='https:\/\/gruasserrat.com\/ca\/wp-json\/wp\/v2\/portfolio\/2723\/?avia-element-paging=3' class='inactive' >3<\/a><\/nav>\n<\/div>\n<\/div><\/div><\/div><!-- close content main div --><\/div><\/div><div id='after_section_1'  class='main_color av_default_container_wrap container_wrap sidebar_right'  ><div class='container av-section-cont-open' ><div class='template-page content  av-content-small alpha units'><div class='post-entry post-entry-type-page post-entry-2723'><div class='entry-content-wrapper clearfix'>\n","protected":false},"excerpt":{"rendered":"","protected":false},"author":4,"featured_media":2724,"comment_status":"open","ping_status":"closed","template":"","meta":{"footnotes":""},"tags":[86,57],"portfolio_entries":[62],"class_list":["post-2723","portfolio","type-portfolio","status-publish","has-post-thumbnail","hentry","tag-gruas-moviles-ca","tag-grues","portfolio_entries-grues-mobils"],"yoast_head":"<!-- This site is optimized with the Yoast SEO plugin v27.4 - https:\/\/yoast.com\/product\/yoast-seo-wordpress\/ -->\n<title>Tadano Faun ATF 65G-4 - Gruas Serrat<\/title>\n<meta name=\"description\" content=\"Us presentem la m\u00e0quina Tadano Faun ATF 65G-4 Comptem amb diferents tipus de  per poder atendre les necessitats dels nostres clients.\" \/>\n<meta name=\"robots\" content=\"index, follow, max-snippet:-1, max-image-preview:large, max-video-preview:-1\" \/>\n<link rel=\"canonical\" href=\"https:\/\/gruasserrat.com\/ca\/portfolio-item\/tadano-faun-atf-65g-4\/\" \/>\n<meta property=\"og:locale\" content=\"ca_ES\" \/>\n<meta property=\"og:type\" content=\"article\" \/>\n<meta property=\"og:title\" content=\"Tadano Faun ATF 65G-4 - Gruas Serrat\" \/>\n<meta property=\"og:description\" content=\"Us presentem la m\u00e0quina Tadano Faun ATF 65G-4 Comptem amb diferents tipus de  per poder atendre les necessitats dels nostres clients.\" \/>\n<meta property=\"og:url\" content=\"https:\/\/gruasserrat.com\/ca\/portfolio-item\/tadano-faun-atf-65g-4\/\" \/>\n<meta property=\"og:site_name\" content=\"Gruas Serrat\" \/>\n<meta property=\"article:modified_time\" content=\"2021-07-16T11:51:31+00:00\" \/>\n<meta property=\"og:image\" content=\"https:\/\/gruasserrat.com\/wp-content\/uploads\/2021\/07\/19-TADANO-FAUNAATF65G-GRUAS-SERRAT-SA.jpg\" \/>\n\t<meta property=\"og:image:width\" content=\"1030\" \/>\n\t<meta property=\"og:image:height\" content=\"773\" \/>\n\t<meta property=\"og:image:type\" content=\"image\/jpeg\" \/>\n<meta name=\"twitter:card\" content=\"summary_large_image\" \/>\n<script type=\"application\/ld+json\" class=\"yoast-schema-graph\">{\"@context\":\"https:\\\/\\\/schema.org\",\"@graph\":[{\"@type\":\"WebPage\",\"@id\":\"https:\\\/\\\/gruasserrat.com\\\/ca\\\/portfolio-item\\\/tadano-faun-atf-65g-4\\\/\",\"url\":\"https:\\\/\\\/gruasserrat.com\\\/ca\\\/portfolio-item\\\/tadano-faun-atf-65g-4\\\/\",\"name\":\"Tadano Faun ATF 65G-4 - Gruas Serrat\",\"isPartOf\":{\"@id\":\"https:\\\/\\\/gruasserrat.com\\\/#website\"},\"primaryImageOfPage\":{\"@id\":\"https:\\\/\\\/gruasserrat.com\\\/ca\\\/portfolio-item\\\/tadano-faun-atf-65g-4\\\/#primaryimage\"},\"image\":{\"@id\":\"https:\\\/\\\/gruasserrat.com\\\/ca\\\/portfolio-item\\\/tadano-faun-atf-65g-4\\\/#primaryimage\"},\"thumbnailUrl\":\"https:\\\/\\\/gruasserrat.com\\\/wp-content\\\/uploads\\\/2021\\\/07\\\/19-TADANO-FAUNAATF65G-GRUAS-SERRAT-SA.jpg\",\"datePublished\":\"2019-05-09T08:20:38+00:00\",\"dateModified\":\"2021-07-16T11:51:31+00:00\",\"description\":\"Us presentem la m\u00e0quina Tadano Faun ATF 65G-4 Comptem amb diferents tipus de per poder atendre les necessitats dels nostres clients.\",\"breadcrumb\":{\"@id\":\"https:\\\/\\\/gruasserrat.com\\\/ca\\\/portfolio-item\\\/tadano-faun-atf-65g-4\\\/#breadcrumb\"},\"inLanguage\":\"ca\",\"potentialAction\":[{\"@type\":\"ReadAction\",\"target\":[\"https:\\\/\\\/gruasserrat.com\\\/ca\\\/portfolio-item\\\/tadano-faun-atf-65g-4\\\/\"]}]},{\"@type\":\"ImageObject\",\"inLanguage\":\"ca\",\"@id\":\"https:\\\/\\\/gruasserrat.com\\\/ca\\\/portfolio-item\\\/tadano-faun-atf-65g-4\\\/#primaryimage\",\"url\":\"https:\\\/\\\/gruasserrat.com\\\/wp-content\\\/uploads\\\/2021\\\/07\\\/19-TADANO-FAUNAATF65G-GRUAS-SERRAT-SA.jpg\",\"contentUrl\":\"https:\\\/\\\/gruasserrat.com\\\/wp-content\\\/uploads\\\/2021\\\/07\\\/19-TADANO-FAUNAATF65G-GRUAS-SERRAT-SA.jpg\",\"width\":1030,\"height\":773},{\"@type\":\"BreadcrumbList\",\"@id\":\"https:\\\/\\\/gruasserrat.com\\\/ca\\\/portfolio-item\\\/tadano-faun-atf-65g-4\\\/#breadcrumb\",\"itemListElement\":[{\"@type\":\"ListItem\",\"position\":1,\"name\":\"Portada\",\"item\":\"https:\\\/\\\/gruasserrat.com\\\/ca\\\/gruas-serrat\\\/\"},{\"@type\":\"ListItem\",\"position\":2,\"name\":\"Tadano Faun ATF 65G-4\"}]},{\"@type\":\"WebSite\",\"@id\":\"https:\\\/\\\/gruasserrat.com\\\/#website\",\"url\":\"https:\\\/\\\/gruasserrat.com\\\/\",\"name\":\"Gruas Serrat\",\"description\":\"Alquiler de gr\u00faas I Lloguer de grues\",\"publisher\":{\"@id\":\"https:\\\/\\\/gruasserrat.com\\\/#organization\"},\"potentialAction\":[{\"@type\":\"SearchAction\",\"target\":{\"@type\":\"EntryPoint\",\"urlTemplate\":\"https:\\\/\\\/gruasserrat.com\\\/?s={search_term_string}\"},\"query-input\":{\"@type\":\"PropertyValueSpecification\",\"valueRequired\":true,\"valueName\":\"search_term_string\"}}],\"inLanguage\":\"ca\"},{\"@type\":\"Organization\",\"@id\":\"https:\\\/\\\/gruasserrat.com\\\/#organization\",\"name\":\"Gruas Serrat\",\"url\":\"https:\\\/\\\/gruasserrat.com\\\/\",\"logo\":{\"@type\":\"ImageObject\",\"inLanguage\":\"ca\",\"@id\":\"https:\\\/\\\/gruasserrat.com\\\/#\\\/schema\\\/logo\\\/image\\\/\",\"url\":\"https:\\\/\\\/gruasserrat.com\\\/wp-content\\\/uploads\\\/2019\\\/04\\\/logo-1-GS.png\",\"contentUrl\":\"https:\\\/\\\/gruasserrat.com\\\/wp-content\\\/uploads\\\/2019\\\/04\\\/logo-1-GS.png\",\"width\":416,\"height\":148,\"caption\":\"Gruas Serrat\"},\"image\":{\"@id\":\"https:\\\/\\\/gruasserrat.com\\\/#\\\/schema\\\/logo\\\/image\\\/\"}}]}<\/script>\n<!-- \/ Yoast SEO plugin. -->","yoast_head_json":{"title":"Tadano Faun ATF 65G-4 - Gruas Serrat","description":"Us presentem la m\u00e0quina Tadano Faun ATF 65G-4 Comptem amb diferents tipus de  per poder atendre les necessitats dels nostres clients.","robots":{"index":"index","follow":"follow","max-snippet":"max-snippet:-1","max-image-preview":"max-image-preview:large","max-video-preview":"max-video-preview:-1"},"canonical":"https:\/\/gruasserrat.com\/ca\/portfolio-item\/tadano-faun-atf-65g-4\/","og_locale":"ca_ES","og_type":"article","og_title":"Tadano Faun ATF 65G-4 - Gruas Serrat","og_description":"Us presentem la m\u00e0quina Tadano Faun ATF 65G-4 Comptem amb diferents tipus de  per poder atendre les necessitats dels nostres clients.","og_url":"https:\/\/gruasserrat.com\/ca\/portfolio-item\/tadano-faun-atf-65g-4\/","og_site_name":"Gruas Serrat","article_modified_time":"2021-07-16T11:51:31+00:00","og_image":[{"width":1030,"height":773,"url":"https:\/\/gruasserrat.com\/wp-content\/uploads\/2021\/07\/19-TADANO-FAUNAATF65G-GRUAS-SERRAT-SA.jpg","type":"image\/jpeg"}],"twitter_card":"summary_large_image","schema":{"@context":"https:\/\/schema.org","@graph":[{"@type":"WebPage","@id":"https:\/\/gruasserrat.com\/ca\/portfolio-item\/tadano-faun-atf-65g-4\/","url":"https:\/\/gruasserrat.com\/ca\/portfolio-item\/tadano-faun-atf-65g-4\/","name":"Tadano Faun ATF 65G-4 - Gruas Serrat","isPartOf":{"@id":"https:\/\/gruasserrat.com\/#website"},"primaryImageOfPage":{"@id":"https:\/\/gruasserrat.com\/ca\/portfolio-item\/tadano-faun-atf-65g-4\/#primaryimage"},"image":{"@id":"https:\/\/gruasserrat.com\/ca\/portfolio-item\/tadano-faun-atf-65g-4\/#primaryimage"},"thumbnailUrl":"https:\/\/gruasserrat.com\/wp-content\/uploads\/2021\/07\/19-TADANO-FAUNAATF65G-GRUAS-SERRAT-SA.jpg","datePublished":"2019-05-09T08:20:38+00:00","dateModified":"2021-07-16T11:51:31+00:00","description":"Us presentem la m\u00e0quina Tadano Faun ATF 65G-4 Comptem amb diferents tipus de per poder atendre les necessitats dels nostres clients.","breadcrumb":{"@id":"https:\/\/gruasserrat.com\/ca\/portfolio-item\/tadano-faun-atf-65g-4\/#breadcrumb"},"inLanguage":"ca","potentialAction":[{"@type":"ReadAction","target":["https:\/\/gruasserrat.com\/ca\/portfolio-item\/tadano-faun-atf-65g-4\/"]}]},{"@type":"ImageObject","inLanguage":"ca","@id":"https:\/\/gruasserrat.com\/ca\/portfolio-item\/tadano-faun-atf-65g-4\/#primaryimage","url":"https:\/\/gruasserrat.com\/wp-content\/uploads\/2021\/07\/19-TADANO-FAUNAATF65G-GRUAS-SERRAT-SA.jpg","contentUrl":"https:\/\/gruasserrat.com\/wp-content\/uploads\/2021\/07\/19-TADANO-FAUNAATF65G-GRUAS-SERRAT-SA.jpg","width":1030,"height":773},{"@type":"BreadcrumbList","@id":"https:\/\/gruasserrat.com\/ca\/portfolio-item\/tadano-faun-atf-65g-4\/#breadcrumb","itemListElement":[{"@type":"ListItem","position":1,"name":"Portada","item":"https:\/\/gruasserrat.com\/ca\/gruas-serrat\/"},{"@type":"ListItem","position":2,"name":"Tadano Faun ATF 65G-4"}]},{"@type":"WebSite","@id":"https:\/\/gruasserrat.com\/#website","url":"https:\/\/gruasserrat.com\/","name":"Gruas Serrat","description":"Alquiler de gr\u00faas I Lloguer de grues","publisher":{"@id":"https:\/\/gruasserrat.com\/#organization"},"potentialAction":[{"@type":"SearchAction","target":{"@type":"EntryPoint","urlTemplate":"https:\/\/gruasserrat.com\/?s={search_term_string}"},"query-input":{"@type":"PropertyValueSpecification","valueRequired":true,"valueName":"search_term_string"}}],"inLanguage":"ca"},{"@type":"Organization","@id":"https:\/\/gruasserrat.com\/#organization","name":"Gruas Serrat","url":"https:\/\/gruasserrat.com\/","logo":{"@type":"ImageObject","inLanguage":"ca","@id":"https:\/\/gruasserrat.com\/#\/schema\/logo\/image\/","url":"https:\/\/gruasserrat.com\/wp-content\/uploads\/2019\/04\/logo-1-GS.png","contentUrl":"https:\/\/gruasserrat.com\/wp-content\/uploads\/2019\/04\/logo-1-GS.png","width":416,"height":148,"caption":"Gruas Serrat"},"image":{"@id":"https:\/\/gruasserrat.com\/#\/schema\/logo\/image\/"}}]}},"_links":{"self":[{"href":"https:\/\/gruasserrat.com\/ca\/wp-json\/wp\/v2\/portfolio\/2723","targetHints":{"allow":["GET"]}}],"collection":[{"href":"https:\/\/gruasserrat.com\/ca\/wp-json\/wp\/v2\/portfolio"}],"about":[{"href":"https:\/\/gruasserrat.com\/ca\/wp-json\/wp\/v2\/types\/portfolio"}],"author":[{"embeddable":true,"href":"https:\/\/gruasserrat.com\/ca\/wp-json\/wp\/v2\/users\/4"}],"replies":[{"embeddable":true,"href":"https:\/\/gruasserrat.com\/ca\/wp-json\/wp\/v2\/comments?post=2723"}],"version-history":[{"count":8,"href":"https:\/\/gruasserrat.com\/ca\/wp-json\/wp\/v2\/portfolio\/2723\/revisions"}],"predecessor-version":[{"id":2739,"href":"https:\/\/gruasserrat.com\/ca\/wp-json\/wp\/v2\/portfolio\/2723\/revisions\/2739"}],"wp:featuredmedia":[{"embeddable":true,"href":"https:\/\/gruasserrat.com\/ca\/wp-json\/wp\/v2\/media\/2724"}],"wp:attachment":[{"href":"https:\/\/gruasserrat.com\/ca\/wp-json\/wp\/v2\/media?parent=2723"}],"wp:term":[{"taxonomy":"post_tag","embeddable":true,"href":"https:\/\/gruasserrat.com\/ca\/wp-json\/wp\/v2\/tags?post=2723"},{"taxonomy":"portfolio_entries","embeddable":true,"href":"https:\/\/gruasserrat.com\/ca\/wp-json\/wp\/v2\/portfolio_entries?post=2723"}],"curies":[{"name":"wp","href":"https:\/\/api.w.org\/{rel}","templated":true}]}}