{"id":2833,"date":"2022-03-11T14:02:14","date_gmt":"2022-03-11T13:02:14","guid":{"rendered":"https:\/\/gruasserrat.com\/portfolio-item\/mk-140\/"},"modified":"2022-03-11T14:17:44","modified_gmt":"2022-03-11T13:17:44","slug":"mk-140","status":"publish","type":"portfolio","link":"https:\/\/gruasserrat.com\/ca\/portfolio-item\/mk-140\/","title":{"rendered":"Liebherr MK 140 Plus &#8211; Grua de construcci\u00f3 m\u00f2bil"},"content":{"rendered":"\n<style type=\"text\/css\" data-created_by=\"avia_inline_auto\" id=\"style-css-av-av_heading-13087e9c52ff42d348e2f85e56f63a14\">\n#top .av-special-heading.av-av_heading-13087e9c52ff42d348e2f85e56f63a14{\npadding-bottom:10px;\n}\nbody .av-special-heading.av-av_heading-13087e9c52ff42d348e2f85e56f63a14 .av-special-heading-tag .heading-char{\nfont-size:25px;\n}\n.av-special-heading.av-av_heading-13087e9c52ff42d348e2f85e56f63a14 .av-subheading{\nfont-size:15px;\n}\n<\/style>\n<div  class='av-special-heading av-av_heading-13087e9c52ff42d348e2f85e56f63a14 av-special-heading-h3 blockquote modern-quote  avia-builder-el-0  el_before_av_hr  avia-builder-el-first '><h3 class='av-special-heading-tag '  itemprop=\"headline\"  >LIEBHERR MK 140 PLUS &#8211; GRUA DE CONSTRUCCI\u00d3 M\u00d2BIL<\/h3><div class=\"special-heading-border\"><div class=\"special-heading-inner-border\"><\/div><\/div><\/div>\n\n<style type=\"text\/css\" data-created_by=\"avia_inline_auto\" id=\"style-css-av-3mhxj-acffa6ff4044a69b6aa2d64da6e033a8\">\n#top .hr.av-3mhxj-acffa6ff4044a69b6aa2d64da6e033a8{\nmargin-top:10px;\nmargin-bottom:10px;\n}\n.hr.av-3mhxj-acffa6ff4044a69b6aa2d64da6e033a8 .hr-inner{\nwidth:50px;\nborder-color:#efbb20;\n}\n<\/style>\n<div  class='hr av-3mhxj-acffa6ff4044a69b6aa2d64da6e033a8 hr-custom  avia-builder-el-1  el_after_av_heading  el_before_av_one_half  hr-left hr-icon-no'><span class='hr-inner inner-border-av-border-fat'><span class=\"hr-inner-style\"><\/span><\/span><\/div>\n\n<style type=\"text\/css\" data-created_by=\"avia_inline_auto\" id=\"style-css-av-14pltr-b2135857e1bdc2d032ac5be76142e9fe\">\n.flex_column.av-14pltr-b2135857e1bdc2d032ac5be76142e9fe{\nborder-radius:0px 0px 0px 0px;\npadding:0px 0px 0px 0px;\n}\n<\/style>\n<div  class='flex_column av-14pltr-b2135857e1bdc2d032ac5be76142e9fe av_one_half  avia-builder-el-2  el_after_av_hr  el_before_av_one_half  first flex_column_div av-zero-column-padding  '     ><p><div  class='avia-slideshow av-jvfaw4yl-81a652c0dc2fefc2211b29309c39b617 avia-slideshow-featured av_slideshow avia-slide-slider  avia-builder-el-3  el_before_av_video  avia-builder-el-first  av-slideshow-ui av-control-default av-slideshow-autoplay av-loop-endless av-loop-manual-endless av-default-height-applied avia-slideshow-1' data-slideshow-options=\"{&quot;animation&quot;:&quot;slide&quot;,&quot;autoplay&quot;:true,&quot;loop_autoplay&quot;:&quot;endless&quot;,&quot;interval&quot;:3,&quot;loop_manual&quot;:&quot;manual-endless&quot;,&quot;autoplay_stopper&quot;:false,&quot;noNavigation&quot;:false,&quot;bg_slider&quot;:false,&quot;keep_padding&quot;:false,&quot;hoverpause&quot;:false,&quot;show_slide_delay&quot;:0}\"  itemprop=\"image\" itemscope=\"itemscope\" itemtype=\"https:\/\/schema.org\/ImageObject\" ><ul class='avia-slideshow-inner ' style='padding-bottom: 35.833333333333%;'><li  class='avia-slideshow-slide av-jvfaw4yl-81a652c0dc2fefc2211b29309c39b617__0  slide-1 slide-odd'><div data-rel='slideshow-1' class='avia-slide-wrap '   ><img decoding=\"async\" fetchpriority=\"high\" class=\"wp-image-2827 avia-img-lazy-loading-not-2827\"  src=\"https:\/\/gruasserrat.com\/wp-content\/uploads\/2022\/03\/GRUA-MK-140-GSERRAT-15-1200x430.jpg\" width=\"1200\" height=\"430\" title='GRUA MK 140 GSERRAT 15' alt=''  itemprop=\"thumbnailUrl\"   \/><\/div><\/li><li  class='avia-slideshow-slide av-jvfaw4yl-81a652c0dc2fefc2211b29309c39b617__1  slide-2 slide-even'><div data-rel='slideshow-1' class='avia-slide-wrap '   ><img decoding=\"async\" fetchpriority=\"high\" class=\"wp-image-2814 avia-img-lazy-loading-not-2814\"  src=\"https:\/\/gruasserrat.com\/wp-content\/uploads\/2022\/03\/Grua-MK-140-Serrat-11-1200x430.jpg\" width=\"1200\" height=\"430\" title='Gr\u00faa MK 140 Serrat 11' alt=''  itemprop=\"thumbnailUrl\"   \/><\/div><\/li><li  class='avia-slideshow-slide av-jvfaw4yl-81a652c0dc2fefc2211b29309c39b617__2  slide-3 slide-odd'><div data-rel='slideshow-1' class='avia-slide-wrap '   ><img decoding=\"async\" fetchpriority=\"high\" class=\"wp-image-2816 avia-img-lazy-loading-not-2816\"  src=\"https:\/\/gruasserrat.com\/wp-content\/uploads\/2022\/03\/Grua-MK-140-Serrat-12-1200x430.jpg\" width=\"1200\" height=\"430\" title='Gr\u00faa MK 140 Serrat 12' alt=''  itemprop=\"thumbnailUrl\"   \/><\/div><\/li><\/ul><div class='avia-slideshow-arrows avia-slideshow-controls' ><a href='#prev' class='prev-slide ' aria-hidden='true' data-av_icon='\ue87c' data-av_iconfont='entypo-fontello'  tabindex='-1'>Anterior<\/a><a href='#next' class='next-slide ' aria-hidden='true' data-av_icon='\ue87d' data-av_iconfont='entypo-fontello'  tabindex='-1'>Seg\u00fcent<\/a><\/div><div class='avia-slideshow-dots avia-slideshow-controls'><a href='#1' class='goto-slide active' >1<\/a><a href='#2' class='goto-slide ' >2<\/a><a href='#3' class='goto-slide ' >3<\/a><\/div><\/div><br \/>\n<div  class='avia-video av-jvfb2s8j-65a0f6bd2a8405c8c38c6fcd11a44c70 avia-video-16-9 av-no-preview-image avia-video-load-always av-lazyload-immediate av-lazyload-video-embed'  itemprop=\"video\" itemtype=\"https:\/\/schema.org\/VideoObject\"  data-original_url='https:\/\/www.facebook.com\/LiebherrConstruction\/videos\/980141762185413\/'><script type='text\/html' class='av-video-tmpl'><a href=\"https:\/\/www.facebook.com\/LiebherrConstruction\/videos\/980141762185413\/\">https:\/\/www.facebook.com\/LiebherrConstruction\/videos\/980141762185413\/<\/a><\/script><div class='av-click-to-play-overlay'><div class=\"avia_playpause_icon\"><\/div><\/div><\/div><br \/>\n<div  class='avia-button-wrap avia-button-center  avia-builder-el-5  el_after_av_video  avia-builder-el-last '>\n<style type=\"text\/css\" data-created_by=\"avia_inline_auto\" id=\"style-css-av-jvfe9nhc-b73ccd98512f7973b3d1ff58179f5789\">\n#top #wrap_all .avia-button.av-jvfe9nhc-b73ccd98512f7973b3d1ff58179f5789{\ncolor:#ffffff;\ntransition:all 0.4s ease-in-out;\n}\n#top #wrap_all .avia-button.av-jvfe9nhc-b73ccd98512f7973b3d1ff58179f5789:hover{\ncolor:#ffffff;\ntransition:all 0.4s ease-in-out;\n}\n<\/style>\n<a href='https:\/\/gruasserrat.com\/wp-content\/uploads\/2022\/03\/99.cataleg-MK140-2.pdf' class='avia-color-theme-color avia-button avia-button-fullwidth av-jvfe9nhc-b73ccd98512f7973b3d1ff58179f5789 avia-icon_select-yes-left-icon avia-color-theme-color' target=\"_blank\" rel=\"noopener noreferrer\" aria-label=\" DESCARGAR CAT\u00c1LOGO\"><span class='avia_button_icon avia_button_icon_left' aria-hidden='true' data-av_icon='\ue82d' data-av_iconfont='entypo-fontello'><\/span><span class='avia_iconbox_title' > DESCARGAR CAT\u00c1LOGO<\/span><span class='avia_button_background avia-button avia-button-fullwidth avia-color-theme-color'><\/span><\/a><\/div><\/p><\/div>\n\n<style type=\"text\/css\" data-created_by=\"avia_inline_auto\" id=\"style-css-av-bu7m7-0a4ca9435aaf0bc69b7311f7a2b143db\">\n.flex_column.av-bu7m7-0a4ca9435aaf0bc69b7311f7a2b143db{\nborder-radius:0px 0px 0px 0px;\npadding:0px 0px 0px 0px;\n}\n<\/style>\n<div  class='flex_column av-bu7m7-0a4ca9435aaf0bc69b7311f7a2b143db av_one_half  avia-builder-el-6  el_after_av_one_half  el_before_av_section  avia-builder-el-last  flex_column_div av-zero-column-padding  '     ><section  class='av_textblock_section av-jvfas1eu-65c25fe1d6850ab84cdde868a035c547 '   itemscope=\"itemscope\" itemtype=\"https:\/\/schema.org\/CreativeWork\" ><div class='avia_textblock'  itemprop=\"text\" ><p>CARACTER\u00cdSTICAS<\/p>\n<table>\n<tbody>\n<tr>\n<td width=\"192\"><strong>Carga m\u00e1xima<\/strong><\/td>\n<td width=\"192\">25.000 kg<\/td>\n<\/tr>\n<tr>\n<td width=\"192\"><strong>Pluma telesc\u00f3pica<\/strong><\/td>\n<td width=\"192\">94,4 m<\/td>\n<\/tr>\n<tr>\n<td width=\"192\"><strong>Plum\u00edn fijo<\/strong><\/td>\n<td width=\"192\">65 m<\/td>\n<\/tr>\n<tr>\n<td width=\"192\"><strong>Peso por eje<\/strong><\/td>\n<td width=\"192\">12 t<\/td>\n<\/tr>\n<tr>\n<td width=\"192\"><strong>Peso total<\/strong><\/td>\n<td width=\"192\">60 t<\/td>\n<\/tr>\n<\/tbody>\n<\/table>\n<p>DIMENSIONES<\/p>\n<table>\n<tbody>\n<tr>\n<td width=\"288\"><strong>Altura<\/strong><\/td>\n<td width=\"288\">4,00 m<\/td>\n<\/tr>\n<tr>\n<td width=\"288\"><strong>V\u00eda<\/strong><\/td>\n<td width=\"288\">3,00 m<\/td>\n<\/tr>\n<tr>\n<td width=\"288\"><strong>Longitud<\/strong><\/td>\n<td width=\"288\">16,173 m<\/td>\n<\/tr>\n<\/tbody>\n<\/table>\n<p>DESCRIPCIO DE LA GRUA:<\/p>\n<p>Alta mobilitat amb poc esfor\u00e7 log\u00edstic \u2013 arribar, fer el treball i marxar sense mitjans de transport addicionals. <strong>Enorme maniobrabilitat:<\/strong> les grues de construcci\u00f3 m\u00f2bils de Liebherr caben en pr\u00e0cticament qualsevol espai gr\u00e0cies al sistema de direcci\u00f3 activa d&#8217;eixos posteriors. <strong>Requereix poc espai<\/strong>: on l&#8217;espai \u00e9s redu\u00eft, la MK mostra els seus punts forts. La MK requereix molt poc espai durant el muntatge i funcionament.<br \/>\n<strong>Id\u00f2nia per a Treballs en<\/strong>:<br \/>\nObres de construcci\u00f3 en el centre de la ciutat i durant la nit<br \/>\nConstrucci\u00f3 d&#8217;estructures de fusta, acer i naus<br \/>\nRefineries i plantes qu\u00edmiques<br \/>\nConstrucci\u00f3 d&#8217;antenes<br \/>\nReparaci\u00f3 de sostres i jardins de sostre<br \/>\nCol\u00b7locaci\u00f3 de panells solars<br \/>\nConstrucci\u00f3 de finestres i fa\u00e7anes<br \/>\nConstrucci\u00f3 de prestatges elevats<br \/>\nConstrucci\u00f3 de vies de comunicaci\u00f3 i ponts<br \/>\nTreballs de manteniment i reparaci\u00f3<br \/>\nFabricaci\u00f3 de peces i cases prefabricades<br \/>\nTreballs de muntatge<br \/>\nPreparaci\u00f3 d&#8217;obres<br \/>\nEtc.<\/p>\n<\/div><\/section><\/div><\/div><\/div><\/div><!-- close content main div --><\/div><\/div>\n<style type=\"text\/css\" data-created_by=\"avia_inline_auto\" id=\"style-css-av-jvfb9b4i-a57306b488081f756b67f305f0155cf7\">\n.avia-section.av-jvfb9b4i-a57306b488081f756b67f305f0155cf7 .av-parallax .av-parallax-inner{\nbackground-color:#efbb20;\nbackground-image:url(https:\/\/gruasserrat.com\/wp-content\/uploads\/2015\/10\/house-wire-model-fade-white.png);\nbackground-repeat:no-repeat;\nbackground-position:0% 0%;\nbackground-attachment:scroll;\n}\n<\/style>\n<div id='av_section_1'  class='avia-section av-jvfb9b4i-a57306b488081f756b67f305f0155cf7 main_color avia-section-default avia-no-border-styling  avia-builder-el-8  el_after_av_one_half  avia-builder-el-last  av-parallax-section avia-bg-style-parallax container_wrap sidebar_right'  data-section-bg-repeat='no-repeat'><div class='av-parallax' data-avia-parallax-ratio='0.3' ><div class='av-parallax-inner main_color avia-full-stretch'><\/div><\/div><div class='container av-section-cont-open' ><div class='template-page content  av-content-small alpha units'><div class='post-entry post-entry-type-page post-entry-2833'><div class='entry-content-wrapper clearfix'>\n\n<style type=\"text\/css\" data-created_by=\"avia_inline_auto\" id=\"style-css-av-l0mentw3-240813d1f96f64c9bb9c8981222b1eae\">\n#top .av-special-heading.av-l0mentw3-240813d1f96f64c9bb9c8981222b1eae{\npadding-bottom:10px;\n}\nbody .av-special-heading.av-l0mentw3-240813d1f96f64c9bb9c8981222b1eae .av-special-heading-tag .heading-char{\nfont-size:25px;\n}\n.av-special-heading.av-l0mentw3-240813d1f96f64c9bb9c8981222b1eae .av-subheading{\nfont-size:15px;\n}\n<\/style>\n<div  class='av-special-heading av-l0mentw3-240813d1f96f64c9bb9c8981222b1eae av-special-heading-h3  avia-builder-el-9  el_before_av_portfolio  avia-builder-el-no-sibling '><h3 class='av-special-heading-tag '  itemprop=\"headline\"  >OTRAS M\u00c1QUINAS<\/h3><div class=\"special-heading-border\"><div class=\"special-heading-inner-border\"><\/div><\/div><\/div>\n<div  id=\"av-sc-portfolio-1\"  class=\"av-portfolio-grid-sorting-container\"><div class='sort_width_container  av-sort-yes' data-portfolio-id='1' ><div id='js_sort_items' ><div class='sort_by_cat hidden'><a href=\"#\" data-filter=\"all_sort\" class=\"all_sort_button active_sort\"><span class=\"inner_sort_button\"><span>All<\/span><small class=\"av-cat-count\"> 4 <\/small><\/span><\/a><span class=\"text-sep grues-especials-ca_sort_sep\">\/<\/span><a href=\"#\" data-filter=\"grues-especials-ca_sort\" class=\"grues-especials-ca_sort_button\" ><span class=\"inner_sort_button\"><span>Grues Especials<\/span><small class=\"av-cat-count\"> 4 <\/small><\/span><\/a><\/div><\/div><\/div><div  class=' grid-sort-container isotope   no_margin-container with-title-container grid-total-even grid-col-4 grid-links-' data-portfolio-id='1'><div data-ajax-id='3164' class=' grid-entry flex_column isotope-item all_sort no_margin post-entry post-entry-3164 grid-entry-overview grid-loop-1 grid-parity-odd  grues-especials-ca_sort  av_one_fourth first default_av_fullwidth '><article class='main_color inner-entry'  itemscope=\"itemscope\" itemtype=\"https:\/\/schema.org\/CreativeWork\" ><a href=\"https:\/\/gruasserrat.com\/ca\/portfolio-item\/mini-grua-spx532\/\" title='Mini Grua SPX532'  data-rel='grid-1' class='grid-image avia-hover-fx'> <img decoding=\"async\" fetchpriority=\"high\" width=\"260\" height=\"185\" src=\"https:\/\/gruasserrat.com\/wp-content\/uploads\/2024\/10\/jekko-SPX532-260x185.jpeg\" class=\"wp-image-3165 avia-img-lazy-loading-not-3165 attachment-portfolio_small size-portfolio_small wp-post-image\" alt=\"\" \/><\/a><div class='grid-content'><div class='avia-arrow'><\/div><header class=\"entry-content-header\" aria-label=\"Portfolio: Mini Grua SPX532\"><h3 class='grid-entry-title entry-title '  itemprop=\"headline\" ><a href='https:\/\/gruasserrat.com\/ca\/portfolio-item\/mini-grua-spx532\/' title='Mini Grua SPX532'>Mini Grua SPX532<\/a><\/h3><\/header><\/div><footer class=\"entry-footer\"><\/footer><\/article><\/div><div data-ajax-id='2833' class=' grid-entry flex_column isotope-item all_sort no_margin post-entry post-entry-2833 grid-entry-overview grid-loop-2 grid-parity-even  grues-especials-ca_sort  av_one_fourth  default_av_fullwidth '><article class='main_color inner-entry'  itemscope=\"itemscope\" itemtype=\"https:\/\/schema.org\/CreativeWork\" ><a href=\"https:\/\/gruasserrat.com\/ca\/portfolio-item\/mk-140\/\" title='Liebherr MK 140 Plus &#8211; Grua de construcci\u00f3 m\u00f2bil'  data-rel='grid-1' class='grid-image avia-hover-fx'> <img decoding=\"async\" fetchpriority=\"high\" width=\"260\" height=\"185\" src=\"https:\/\/gruasserrat.com\/wp-content\/uploads\/2022\/03\/GRUA-MK-140-GSERRAT-13-260x185.jpg\" class=\"wp-image-2812 avia-img-lazy-loading-not-2812 attachment-portfolio_small size-portfolio_small wp-post-image\" alt=\"GRUA MK140 PLUS - GRUAS SERRAT SAU\" \/><\/a><div class='grid-content'><div class='avia-arrow'><\/div><header class=\"entry-content-header\" aria-label=\"Portfolio: Liebherr MK 140 Plus &#8211; Grua de construcci\u00f3 m\u00f2bil\"><h3 class='grid-entry-title entry-title '  itemprop=\"headline\" ><a href='https:\/\/gruasserrat.com\/ca\/portfolio-item\/mk-140\/' title='Liebherr MK 140 Plus &#8211; Grua de construcci\u00f3 m\u00f2bil'>Liebherr MK 140 Plus &#8211; Grua de construcci\u00f3 m\u00f2bil<\/a><\/h3><\/header><\/div><footer class=\"entry-footer\"><\/footer><\/article><\/div><div data-ajax-id='1660' class=' grid-entry flex_column isotope-item all_sort no_margin post-entry post-entry-1660 grid-entry-overview grid-loop-3 grid-parity-odd  grues-especials-ca_sort  av_one_fourth  default_av_fullwidth '><article class='main_color inner-entry'  itemscope=\"itemscope\" itemtype=\"https:\/\/schema.org\/CreativeWork\" ><a href=\"https:\/\/gruasserrat.com\/ca\/portfolio-item\/grua-derrick-jaso-j1920-dc\/\" title='Grua Derrick Jasso per a treballs fins a 250 m al\u00e7ada'  data-rel='grid-1' class='grid-image avia-hover-fx'> <img decoding=\"async\" fetchpriority=\"high\" width=\"260\" height=\"185\" src=\"https:\/\/gruasserrat.com\/wp-content\/uploads\/2019\/08\/DERRICK-a-la-torre-Maphre-260x185.jpg\" class=\"wp-image-1568 avia-img-lazy-loading-not-1568 attachment-portfolio_small size-portfolio_small wp-post-image\" alt=\"\" \/><\/a><div class='grid-content'><div class='avia-arrow'><\/div><header class=\"entry-content-header\" aria-label=\"Portfolio: Grua Derrick Jasso per a treballs fins a 250 m al\u00e7ada\"><h3 class='grid-entry-title entry-title '  itemprop=\"headline\" ><a href='https:\/\/gruasserrat.com\/ca\/portfolio-item\/grua-derrick-jaso-j1920-dc\/' title='Grua Derrick Jasso per a treballs fins a 250 m al\u00e7ada'>Grua Derrick Jasso per a treballs fins a 250 m al\u00e7ada<\/a><\/h3><\/header><\/div><footer class=\"entry-footer\"><\/footer><\/article><\/div><div data-ajax-id='1664' class=' grid-entry flex_column isotope-item all_sort no_margin post-entry post-entry-1664 grid-entry-overview grid-loop-4 grid-parity-even  post-entry-last  grues-especials-ca_sort  av_one_fourth  default_av_fullwidth '><article class='main_color inner-entry'  itemscope=\"itemscope\" itemtype=\"https:\/\/schema.org\/CreativeWork\" ><a href=\"https:\/\/gruasserrat.com\/ca\/portfolio-item\/grua-liebherr-mk-88-grua-de-construccio-mobil\/\" title='GRUA LIEBHERR MK 88 &#8211; GRUA DE CONSTRUCCI\u00d3 M\u00d2BIL'  data-rel='grid-1' class='grid-image avia-hover-fx'> <img decoding=\"async\" fetchpriority=\"high\" width=\"260\" height=\"185\" src=\"https:\/\/gruasserrat.com\/wp-content\/uploads\/2019\/07\/gruas-gran-tonaje-260x185.jpg\" class=\"wp-image-1554 avia-img-lazy-loading-not-1554 attachment-portfolio_small size-portfolio_small wp-post-image\" alt=\"\" \/><\/a><div class='grid-content'><div class='avia-arrow'><\/div><header class=\"entry-content-header\" aria-label=\"Portfolio: GRUA LIEBHERR MK 88 &#8211; GRUA DE CONSTRUCCI\u00d3 M\u00d2BIL\"><h3 class='grid-entry-title entry-title '  itemprop=\"headline\" ><a href='https:\/\/gruasserrat.com\/ca\/portfolio-item\/grua-liebherr-mk-88-grua-de-construccio-mobil\/' title='GRUA LIEBHERR MK 88 &#8211; GRUA DE CONSTRUCCI\u00d3 M\u00d2BIL'>GRUA LIEBHERR MK 88 &#8211; GRUA DE CONSTRUCCI\u00d3 M\u00d2BIL<\/a><\/h3><\/header><\/div><footer class=\"entry-footer\"><\/footer><\/article><\/div><\/div><\/div>   <!--   class=\"av-portfolio-grid-sorting-container\"  -->\n<\/div><\/div><\/div><!-- close content main div --><\/div><\/div><div id='after_section_1'  class='main_color av_default_container_wrap container_wrap sidebar_right'  ><div class='container av-section-cont-open' ><div class='template-page content  av-content-small alpha units'><div class='post-entry post-entry-type-page post-entry-2833'><div class='entry-content-wrapper clearfix'><\/p>\n","protected":false},"excerpt":{"rendered":"","protected":false},"author":4,"featured_media":2812,"comment_status":"open","ping_status":"closed","template":"","meta":{"footnotes":""},"tags":[],"portfolio_entries":[68],"class_list":["post-2833","portfolio","type-portfolio","status-publish","has-post-thumbnail","hentry","portfolio_entries-grues-especials-ca"],"yoast_head":"<!-- This site is optimized with the Yoast SEO plugin v27.4 - https:\/\/yoast.com\/product\/yoast-seo-wordpress\/ -->\n<title>Liebherr MK 140 Plus - Grua de construcci\u00f3 m\u00f2bil - Gruas Serrat<\/title>\n<meta name=\"description\" content=\"Us presentem la m\u00e0quina Liebherr MK 140 Plus - Grua de construcci\u00f3 m\u00f2bil Comptem amb diferents tipus de  per poder atendre les necessitats dels nostres clients.\" \/>\n<meta name=\"robots\" content=\"index, follow, max-snippet:-1, max-image-preview:large, max-video-preview:-1\" \/>\n<link rel=\"canonical\" href=\"https:\/\/gruasserrat.com\/ca\/portfolio-item\/mk-140\/\" \/>\n<meta property=\"og:locale\" content=\"ca_ES\" \/>\n<meta property=\"og:type\" content=\"article\" \/>\n<meta property=\"og:title\" content=\"Liebherr MK 140 Plus - Grua de construcci\u00f3 m\u00f2bil - Gruas Serrat\" \/>\n<meta property=\"og:description\" content=\"Us presentem la m\u00e0quina Liebherr MK 140 Plus - Grua de construcci\u00f3 m\u00f2bil Comptem amb diferents tipus de  per poder atendre les necessitats dels nostres clients.\" \/>\n<meta property=\"og:url\" content=\"https:\/\/gruasserrat.com\/ca\/portfolio-item\/mk-140\/\" \/>\n<meta property=\"og:site_name\" content=\"Gruas Serrat\" \/>\n<meta property=\"article:modified_time\" content=\"2022-03-11T13:17:44+00:00\" \/>\n<meta property=\"og:image\" content=\"https:\/\/gruasserrat.com\/wp-content\/uploads\/2022\/03\/GRUA-MK-140-GSERRAT-13-e1647002332262.jpg\" \/>\n\t<meta property=\"og:image:width\" content=\"1200\" \/>\n\t<meta property=\"og:image:height\" content=\"900\" \/>\n\t<meta property=\"og:image:type\" content=\"image\/jpeg\" \/>\n<meta name=\"twitter:card\" content=\"summary_large_image\" \/>\n<meta name=\"twitter:label1\" content=\"Temps estimat de lectura\" \/>\n\t<meta name=\"twitter:data1\" content=\"3 minuts\" \/>\n<script type=\"application\/ld+json\" class=\"yoast-schema-graph\">{\"@context\":\"https:\\\/\\\/schema.org\",\"@graph\":[{\"@type\":\"WebPage\",\"@id\":\"https:\\\/\\\/gruasserrat.com\\\/ca\\\/portfolio-item\\\/mk-140\\\/\",\"url\":\"https:\\\/\\\/gruasserrat.com\\\/ca\\\/portfolio-item\\\/mk-140\\\/\",\"name\":\"Liebherr MK 140 Plus - Grua de construcci\u00f3 m\u00f2bil - Gruas Serrat\",\"isPartOf\":{\"@id\":\"https:\\\/\\\/gruasserrat.com\\\/#website\"},\"primaryImageOfPage\":{\"@id\":\"https:\\\/\\\/gruasserrat.com\\\/ca\\\/portfolio-item\\\/mk-140\\\/#primaryimage\"},\"image\":{\"@id\":\"https:\\\/\\\/gruasserrat.com\\\/ca\\\/portfolio-item\\\/mk-140\\\/#primaryimage\"},\"thumbnailUrl\":\"https:\\\/\\\/gruasserrat.com\\\/wp-content\\\/uploads\\\/2022\\\/03\\\/GRUA-MK-140-GSERRAT-13-e1647002332262.jpg\",\"datePublished\":\"2022-03-11T13:02:14+00:00\",\"dateModified\":\"2022-03-11T13:17:44+00:00\",\"description\":\"Us presentem la m\u00e0quina Liebherr MK 140 Plus - Grua de construcci\u00f3 m\u00f2bil Comptem amb diferents tipus de per poder atendre les necessitats dels nostres clients.\",\"breadcrumb\":{\"@id\":\"https:\\\/\\\/gruasserrat.com\\\/ca\\\/portfolio-item\\\/mk-140\\\/#breadcrumb\"},\"inLanguage\":\"ca\",\"potentialAction\":[{\"@type\":\"ReadAction\",\"target\":[\"https:\\\/\\\/gruasserrat.com\\\/ca\\\/portfolio-item\\\/mk-140\\\/\"]}]},{\"@type\":\"ImageObject\",\"inLanguage\":\"ca\",\"@id\":\"https:\\\/\\\/gruasserrat.com\\\/ca\\\/portfolio-item\\\/mk-140\\\/#primaryimage\",\"url\":\"https:\\\/\\\/gruasserrat.com\\\/wp-content\\\/uploads\\\/2022\\\/03\\\/GRUA-MK-140-GSERRAT-13-e1647002332262.jpg\",\"contentUrl\":\"https:\\\/\\\/gruasserrat.com\\\/wp-content\\\/uploads\\\/2022\\\/03\\\/GRUA-MK-140-GSERRAT-13-e1647002332262.jpg\",\"width\":1200,\"height\":900,\"caption\":\"GRUA MK140 PLUS - GRUAS SERRAT SAU\"},{\"@type\":\"BreadcrumbList\",\"@id\":\"https:\\\/\\\/gruasserrat.com\\\/ca\\\/portfolio-item\\\/mk-140\\\/#breadcrumb\",\"itemListElement\":[{\"@type\":\"ListItem\",\"position\":1,\"name\":\"Portada\",\"item\":\"https:\\\/\\\/gruasserrat.com\\\/ca\\\/gruas-serrat\\\/\"},{\"@type\":\"ListItem\",\"position\":2,\"name\":\"Liebherr MK 140 Plus &#8211; Grua de construcci\u00f3 m\u00f2bil\"}]},{\"@type\":\"WebSite\",\"@id\":\"https:\\\/\\\/gruasserrat.com\\\/#website\",\"url\":\"https:\\\/\\\/gruasserrat.com\\\/\",\"name\":\"Gruas Serrat\",\"description\":\"Alquiler de gr\u00faas I Lloguer de grues\",\"publisher\":{\"@id\":\"https:\\\/\\\/gruasserrat.com\\\/#organization\"},\"potentialAction\":[{\"@type\":\"SearchAction\",\"target\":{\"@type\":\"EntryPoint\",\"urlTemplate\":\"https:\\\/\\\/gruasserrat.com\\\/?s={search_term_string}\"},\"query-input\":{\"@type\":\"PropertyValueSpecification\",\"valueRequired\":true,\"valueName\":\"search_term_string\"}}],\"inLanguage\":\"ca\"},{\"@type\":\"Organization\",\"@id\":\"https:\\\/\\\/gruasserrat.com\\\/#organization\",\"name\":\"Gruas Serrat\",\"url\":\"https:\\\/\\\/gruasserrat.com\\\/\",\"logo\":{\"@type\":\"ImageObject\",\"inLanguage\":\"ca\",\"@id\":\"https:\\\/\\\/gruasserrat.com\\\/#\\\/schema\\\/logo\\\/image\\\/\",\"url\":\"https:\\\/\\\/gruasserrat.com\\\/wp-content\\\/uploads\\\/2019\\\/04\\\/logo-1-GS.png\",\"contentUrl\":\"https:\\\/\\\/gruasserrat.com\\\/wp-content\\\/uploads\\\/2019\\\/04\\\/logo-1-GS.png\",\"width\":416,\"height\":148,\"caption\":\"Gruas Serrat\"},\"image\":{\"@id\":\"https:\\\/\\\/gruasserrat.com\\\/#\\\/schema\\\/logo\\\/image\\\/\"}}]}<\/script>\n<!-- \/ Yoast SEO plugin. -->","yoast_head_json":{"title":"Liebherr MK 140 Plus - Grua de construcci\u00f3 m\u00f2bil - Gruas Serrat","description":"Us presentem la m\u00e0quina Liebherr MK 140 Plus - Grua de construcci\u00f3 m\u00f2bil Comptem amb diferents tipus de  per poder atendre les necessitats dels nostres clients.","robots":{"index":"index","follow":"follow","max-snippet":"max-snippet:-1","max-image-preview":"max-image-preview:large","max-video-preview":"max-video-preview:-1"},"canonical":"https:\/\/gruasserrat.com\/ca\/portfolio-item\/mk-140\/","og_locale":"ca_ES","og_type":"article","og_title":"Liebherr MK 140 Plus - Grua de construcci\u00f3 m\u00f2bil - Gruas Serrat","og_description":"Us presentem la m\u00e0quina Liebherr MK 140 Plus - Grua de construcci\u00f3 m\u00f2bil Comptem amb diferents tipus de  per poder atendre les necessitats dels nostres clients.","og_url":"https:\/\/gruasserrat.com\/ca\/portfolio-item\/mk-140\/","og_site_name":"Gruas Serrat","article_modified_time":"2022-03-11T13:17:44+00:00","og_image":[{"width":1200,"height":900,"url":"https:\/\/gruasserrat.com\/wp-content\/uploads\/2022\/03\/GRUA-MK-140-GSERRAT-13-e1647002332262.jpg","type":"image\/jpeg"}],"twitter_card":"summary_large_image","twitter_misc":{"Temps estimat de lectura":"3 minuts"},"schema":{"@context":"https:\/\/schema.org","@graph":[{"@type":"WebPage","@id":"https:\/\/gruasserrat.com\/ca\/portfolio-item\/mk-140\/","url":"https:\/\/gruasserrat.com\/ca\/portfolio-item\/mk-140\/","name":"Liebherr MK 140 Plus - Grua de construcci\u00f3 m\u00f2bil - Gruas Serrat","isPartOf":{"@id":"https:\/\/gruasserrat.com\/#website"},"primaryImageOfPage":{"@id":"https:\/\/gruasserrat.com\/ca\/portfolio-item\/mk-140\/#primaryimage"},"image":{"@id":"https:\/\/gruasserrat.com\/ca\/portfolio-item\/mk-140\/#primaryimage"},"thumbnailUrl":"https:\/\/gruasserrat.com\/wp-content\/uploads\/2022\/03\/GRUA-MK-140-GSERRAT-13-e1647002332262.jpg","datePublished":"2022-03-11T13:02:14+00:00","dateModified":"2022-03-11T13:17:44+00:00","description":"Us presentem la m\u00e0quina Liebherr MK 140 Plus - Grua de construcci\u00f3 m\u00f2bil Comptem amb diferents tipus de per poder atendre les necessitats dels nostres clients.","breadcrumb":{"@id":"https:\/\/gruasserrat.com\/ca\/portfolio-item\/mk-140\/#breadcrumb"},"inLanguage":"ca","potentialAction":[{"@type":"ReadAction","target":["https:\/\/gruasserrat.com\/ca\/portfolio-item\/mk-140\/"]}]},{"@type":"ImageObject","inLanguage":"ca","@id":"https:\/\/gruasserrat.com\/ca\/portfolio-item\/mk-140\/#primaryimage","url":"https:\/\/gruasserrat.com\/wp-content\/uploads\/2022\/03\/GRUA-MK-140-GSERRAT-13-e1647002332262.jpg","contentUrl":"https:\/\/gruasserrat.com\/wp-content\/uploads\/2022\/03\/GRUA-MK-140-GSERRAT-13-e1647002332262.jpg","width":1200,"height":900,"caption":"GRUA MK140 PLUS - GRUAS SERRAT SAU"},{"@type":"BreadcrumbList","@id":"https:\/\/gruasserrat.com\/ca\/portfolio-item\/mk-140\/#breadcrumb","itemListElement":[{"@type":"ListItem","position":1,"name":"Portada","item":"https:\/\/gruasserrat.com\/ca\/gruas-serrat\/"},{"@type":"ListItem","position":2,"name":"Liebherr MK 140 Plus &#8211; Grua de construcci\u00f3 m\u00f2bil"}]},{"@type":"WebSite","@id":"https:\/\/gruasserrat.com\/#website","url":"https:\/\/gruasserrat.com\/","name":"Gruas Serrat","description":"Alquiler de gr\u00faas I Lloguer de grues","publisher":{"@id":"https:\/\/gruasserrat.com\/#organization"},"potentialAction":[{"@type":"SearchAction","target":{"@type":"EntryPoint","urlTemplate":"https:\/\/gruasserrat.com\/?s={search_term_string}"},"query-input":{"@type":"PropertyValueSpecification","valueRequired":true,"valueName":"search_term_string"}}],"inLanguage":"ca"},{"@type":"Organization","@id":"https:\/\/gruasserrat.com\/#organization","name":"Gruas Serrat","url":"https:\/\/gruasserrat.com\/","logo":{"@type":"ImageObject","inLanguage":"ca","@id":"https:\/\/gruasserrat.com\/#\/schema\/logo\/image\/","url":"https:\/\/gruasserrat.com\/wp-content\/uploads\/2019\/04\/logo-1-GS.png","contentUrl":"https:\/\/gruasserrat.com\/wp-content\/uploads\/2019\/04\/logo-1-GS.png","width":416,"height":148,"caption":"Gruas Serrat"},"image":{"@id":"https:\/\/gruasserrat.com\/#\/schema\/logo\/image\/"}}]}},"_links":{"self":[{"href":"https:\/\/gruasserrat.com\/ca\/wp-json\/wp\/v2\/portfolio\/2833","targetHints":{"allow":["GET"]}}],"collection":[{"href":"https:\/\/gruasserrat.com\/ca\/wp-json\/wp\/v2\/portfolio"}],"about":[{"href":"https:\/\/gruasserrat.com\/ca\/wp-json\/wp\/v2\/types\/portfolio"}],"author":[{"embeddable":true,"href":"https:\/\/gruasserrat.com\/ca\/wp-json\/wp\/v2\/users\/4"}],"replies":[{"embeddable":true,"href":"https:\/\/gruasserrat.com\/ca\/wp-json\/wp\/v2\/comments?post=2833"}],"version-history":[{"count":7,"href":"https:\/\/gruasserrat.com\/ca\/wp-json\/wp\/v2\/portfolio\/2833\/revisions"}],"predecessor-version":[{"id":2842,"href":"https:\/\/gruasserrat.com\/ca\/wp-json\/wp\/v2\/portfolio\/2833\/revisions\/2842"}],"wp:featuredmedia":[{"embeddable":true,"href":"https:\/\/gruasserrat.com\/ca\/wp-json\/wp\/v2\/media\/2812"}],"wp:attachment":[{"href":"https:\/\/gruasserrat.com\/ca\/wp-json\/wp\/v2\/media?parent=2833"}],"wp:term":[{"taxonomy":"post_tag","embeddable":true,"href":"https:\/\/gruasserrat.com\/ca\/wp-json\/wp\/v2\/tags?post=2833"},{"taxonomy":"portfolio_entries","embeddable":true,"href":"https:\/\/gruasserrat.com\/ca\/wp-json\/wp\/v2\/portfolio_entries?post=2833"}],"curies":[{"name":"wp","href":"https:\/\/api.w.org\/{rel}","templated":true}]}}